{"id":2396,"date":"2025-07-09T09:37:59","date_gmt":"2025-07-09T09:37:59","guid":{"rendered":"https:\/\/nationaalarchief.cw\/educatie\/"},"modified":"2026-06-17T10:41:28","modified_gmt":"2026-06-17T10:41:28","slug":"education-folders","status":"publish","type":"page","link":"https:\/\/nationaalarchief.cw\/en\/education\/education-folders\/","title":{"rendered":"Education Folders"},"content":{"rendered":"<style>.kb-row-layout-id25_ceaec1-fd > .kt-row-column-wrap{align-content:start;}:where(.kb-row-layout-id25_ceaec1-fd > .kt-row-column-wrap) > .wp-block-kadence-column{justify-content:start;}.kb-row-layout-id25_ceaec1-fd > .kt-row-column-wrap{column-gap:var(--global-kb-gap-md, 2rem);row-gap:var(--global-kb-gap-md, 2rem);max-width:var( --global-content-width, 1700px );padding-left:var(--global-content-edge-padding);padding-right:var(--global-content-edge-padding);padding-top:var(--global-kb-spacing-3xl, 6.5rem);padding-right:var(--global-kb-spacing-5xl, 10rem);padding-bottom:var(--global-kb-spacing-3xl, 6.5rem);padding-left:var(--global-kb-spacing-5xl, 10rem);grid-template-columns:minmax(0, 1fr);}.kb-row-layout-id25_ceaec1-fd > .kt-row-layout-overlay{opacity:0.30;}@media all and (max-width: 1024px){.kb-row-layout-id25_ceaec1-fd > .kt-row-column-wrap{padding-top:var(--global-kb-spacing-xxl, 5rem);padding-right:var(--global-kb-spacing-xs, 1rem);padding-bottom:var(--global-kb-spacing-xxl, 5rem);padding-left:var(--global-kb-spacing-xs, 1rem);grid-template-columns:minmax(0, 1fr);}}@media all and (max-width: 767px){.kb-row-layout-id25_ceaec1-fd > .kt-row-column-wrap{grid-template-columns:minmax(0, 1fr);}}.kb-row-layout-id25_ceaec1-fd .kt-tab-inner-content-inner p{  margin-bottom: 24px;}<\/style><div class=\"kb-row-layout-wrap kb-row-layout-id25_ceaec1-fd alignnone wp-block-kadence-rowlayout\"><div class=\"kt-row-column-wrap kt-has-1-columns kt-row-layout-equal kt-tab-layout-inherit kt-mobile-layout-row kt-row-valign-top kb-theme-content-width\">\n<style>.kadence-column25_8298f2-e2 > .kt-inside-inner-col,.kadence-column25_8298f2-e2 > .kt-inside-inner-col:before{border-top-left-radius:0px;border-top-right-radius:0px;border-bottom-right-radius:0px;border-bottom-left-radius:0px;}.kadence-column25_8298f2-e2 > .kt-inside-inner-col{column-gap:var(--global-kb-gap-sm, 1rem);}.kadence-column25_8298f2-e2 > .kt-inside-inner-col{flex-direction:column;}.kadence-column25_8298f2-e2 > .kt-inside-inner-col > .aligncenter{width:100%;}.kadence-column25_8298f2-e2 > .kt-inside-inner-col:before{opacity:0.3;}.kadence-column25_8298f2-e2{position:relative;}@media all and (max-width: 1024px){.kadence-column25_8298f2-e2 > .kt-inside-inner-col{flex-direction:column;justify-content:center;}}@media all and (max-width: 767px){.kadence-column25_8298f2-e2 > .kt-inside-inner-col{flex-direction:column;justify-content:center;}}<\/style>\n<div class=\"wp-block-kadence-column kadence-column25_8298f2-e2\"><div class=\"kt-inside-inner-col\"><style>.kt-tabs-id25_f8d042-dd > .kt-tabs-content-wrap > .wp-block-kadence-tab{border-top:0px solid var(--global-palette7, #eeeeee);border-right:0px solid var(--global-palette7, #eeeeee);border-bottom:0px solid var(--global-palette7, #eeeeee);border-left:0px solid var(--global-palette7, #eeeeee);border-top-left-radius:0px;border-top-right-radius:0px;border-bottom-right-radius:0px;border-bottom-left-radius:0px;padding-top:0px;padding-right:0px;padding-bottom:0px;padding-left:var(--global-kb-spacing-xxl, 5rem);min-height:400px;}.wp-block-kadence-tabs .kt-tabs-id25_f8d042-dd > .kt-tabs-title-list li{margin-top:0px;margin-bottom:4px;margin-left:0px;}.wp-block-kadence-tabs .kt-tabs-id25_f8d042-dd > .kt-tabs-title-list li .kt-tab-title, .wp-block-kadence-tabs .kt-tabs-id25_f8d042-dd > .kt-tabs-content-wrap > .kt-tabs-accordion-title .kt-tab-title{font-size:var(--global-kb-font-size-md, 1.25rem);font-weight:regular;font-style:normal;border-top-width:1px;border-right-width:1px;border-bottom-width:1px;border-left-width:1px;border-top-left-radius:0px;border-top-right-radius:0px;border-bottom-right-radius:0px;border-bottom-left-radius:0px;padding-top:12px;padding-right:24px;padding-bottom:12px;padding-left:24px;border-color:rgba(141,159,186,0.2);color:var(--global-palette4, #2D3748);background:var(--global-palette7, #eeeeee);}.wp-block-kadence-tabs .kt-tabs-id25_f8d042-dd > .kt-tabs-content-wrap > .kt-tabs-accordion-title .kt-tab-title{margin-top:0px;margin-bottom:4px;margin-left:0px;}.wp-block-kadence-tabs .kt-tabs-id25_f8d042-dd > .kt-tabs-title-list li .kt-tab-title:hover, .wp-block-kadence-tabs .kt-tabs-id25_f8d042-dd > .kt-tabs-content-wrap > .kt-tabs-accordion-title .kt-tab-title:hover{color:var(--global-palette5, #444444);background:var(--global-palette6, #718096);}.wp-block-kadence-tabs .kt-tabs-id25_f8d042-dd > .kt-tabs-title-list li.kt-tab-title-active .kt-tab-title, .wp-block-kadence-tabs .kt-tabs-id25_f8d042-dd > .kt-tabs-content-wrap > .kt-tabs-accordion-title.kt-tab-title-active .kt-tab-title{border-color:var(--global-palette7, #eeeeee);color:var(--global-palette9, #ffffff);background:var(--global-palette6, #718096);}@media all and (min-width: 1025px){.wp-block-kadence-tabs .kt-tabs-id25_f8d042-dd{display:flex;}.wp-block-kadence-tabs .kt-tabs-id25_f8d042-dd > .kt-tabs-title-list{float:none;width:240px;}.wp-block-kadence-tabs .kt-tabs-id25_f8d042-dd > .kt-tabs-content-wrap{float:none;width:auto;-webkit-flex:1;flex:1;}}@media all and (max-width: 1024px){.kt-tabs-id25_f8d042-dd > .kt-tabs-content-wrap > .wp-block-kadence-tab{border-top:0px solid var(--global-palette7, #eeeeee);border-right:0px solid var(--global-palette7, #eeeeee);border-bottom:0px solid var(--global-palette7, #eeeeee);border-left:0px solid var(--global-palette7, #eeeeee);padding-left:var(--global-kb-spacing-lg, 3rem);}}@media all and (max-width: 1024px){.wp-block-kadence-tabs .kt-tabs-id25_f8d042-dd > .kt-tabs-title-list li .kt-tab-title, .wp-block-kadence-tabs .kt-tabs-id25_f8d042-dd > .kt-tabs-content-wrap > .kt-tabs-accordion-title .kt-tab-title{font-size:em;}}@media all and (min-width: 768px) and (max-width: 1024px){.wp-block-kadence-tabs .kt-tabs-id25_f8d042-dd{display:flex;}.wp-block-kadence-tabs .kt-tabs-id25_f8d042-dd > .kt-tabs-title-list{float:none;width:240px;}.wp-block-kadence-tabs .kt-tabs-id25_f8d042-dd > .kt-tabs-content-wrap{float:none;width:auto;-webkit-flex:1;flex:1;}}@media all and (max-width: 767px){.kt-tabs-id25_f8d042-dd > .kt-tabs-content-wrap > .wp-block-kadence-tab{border-top:0px solid var(--global-palette7, #eeeeee);border-right:0px solid var(--global-palette7, #eeeeee);border-bottom:0px solid var(--global-palette7, #eeeeee);border-left:0px solid var(--global-palette7, #eeeeee);padding-top:var(--global-kb-spacing-xs, 1rem);padding-bottom:var(--global-kb-spacing-sm, 1.5rem);padding-left:0px;min-height:0px;}.wp-block-kadence-tabs .kt-tabs-id25_f8d042-dd > .kt-tabs-title-list li .kt-tab-title, .wp-block-kadence-tabs .kt-tabs-id25_f8d042-dd > .kt-tabs-content-wrap > .kt-tabs-accordion-title .kt-tab-title{font-size:em;}}<\/style>\n<div class=\"wp-block-kadence-tabs alignnone\"><div class=\"kt-tabs-wrap kt-tabs-id25_f8d042-dd kt-tabs-has-23-tabs kt-active-tab-1 kt-tabs-layout-vtabs kt-tabs-tablet-layout-inherit kt-tabs-mobile-layout-accordion kt-tab-alignment-left kt-create-accordion\"><ul class=\"kt-tabs-title-list\"><li id=\"tab-overonzeeducatie\" class=\"kt-title-item kt-title-item-1 kt-tabs-svg-show-always kt-tabs-icon-side-right kt-tab-title-active\"><a href=\"#tab-overonzeeducatie\" data-tab=\"1\" class=\"kt-tab-title kt-tab-title-1 \"><span class=\"kt-title-text\">About our education<\/span><\/a><\/li><li id=\"tab-magicweddingcake\" class=\"kt-title-item kt-title-item-2 kt-tabs-svg-show-always kt-tabs-icon-side-right kt-tab-title-inactive\"><a href=\"#tab-magicweddingcake\" data-tab=\"2\" class=\"kt-tab-title kt-tab-title-2 \"><span class=\"kt-title-text\">Magic Weddingcake<\/span><\/a><\/li><li id=\"tab-curacaohistorytimeline\" class=\"kt-title-item kt-title-item-3 kt-tabs-svg-show-always kt-tabs-icon-side-right kt-tab-title-inactive\"><a href=\"#tab-curacaohistorytimeline\" data-tab=\"3\" class=\"kt-tab-title kt-tab-title-3 \"><span class=\"kt-title-text\">Curacao History Time line<\/span><\/a><\/li><li id=\"tab-gueranakorsou\" class=\"kt-title-item kt-title-item-4 kt-tabs-svg-show-always kt-tabs-icon-side-right kt-tab-title-inactive\"><a href=\"#tab-gueranakorsou\" data-tab=\"4\" class=\"kt-tab-title kt-tab-title-4 \"><span class=\"kt-title-text\">Guera na Korsou<\/span><\/a><\/li><li id=\"tab-koninginjulianabrug\" class=\"kt-title-item kt-title-item-5 kt-tabs-svg-show-always kt-tabs-icon-side-right kt-tab-title-inactive\"><a href=\"#tab-koninginjulianabrug\" data-tab=\"5\" class=\"kt-tab-title kt-tab-title-5 \"><span class=\"kt-title-text\">Koningin Julianabrug<\/span><\/a><\/li><li id=\"tab-tula\" class=\"kt-title-item kt-title-item-6 kt-tabs-svg-show-always kt-tabs-icon-side-right kt-tab-title-inactive\"><a href=\"#tab-tula\" data-tab=\"6\" class=\"kt-tab-title kt-tab-title-6 \"><span class=\"kt-title-text\">Tula<\/span><\/a><\/li><li id=\"tab-100jaarmcb\" class=\"kt-title-item kt-title-item-7 kt-tabs-svg-show-always kt-tabs-icon-side-right kt-tab-title-inactive\"><a href=\"#tab-100jaarmcb\" data-tab=\"7\" class=\"kt-tab-title kt-tab-title-7 \"><span class=\"kt-title-text\">100 jaar MCB<\/span><\/a><\/li><li id=\"tab-georgemaduroverzetsheldvancuracao\" class=\"kt-title-item kt-title-item-8 kt-tabs-svg-show-always kt-tabs-icon-side-right kt-tab-title-inactive\"><a href=\"#tab-georgemaduroverzetsheldvancuracao\" data-tab=\"8\" class=\"kt-tab-title kt-tab-title-8 \"><span class=\"kt-title-text\">George Maduro, verzetsheld van Curacao<\/span><\/a><\/li><li id=\"tab-deveroveringvancuracao\" class=\"kt-title-item kt-title-item-9 kt-tabs-svg-show-always kt-tabs-icon-side-right kt-tab-title-inactive\"><a href=\"#tab-deveroveringvancuracao\" data-tab=\"9\" class=\"kt-tab-title kt-tab-title-9 \"><span class=\"kt-title-text\">De verovering van Curacao<\/span><\/a><\/li><li id=\"tab-hetontstaanvanwillemstad\" class=\"kt-title-item kt-title-item-10 kt-tabs-svg-show-always kt-tabs-icon-side-right kt-tab-title-inactive\"><a href=\"#tab-hetontstaanvanwillemstad\" data-tab=\"10\" class=\"kt-tab-title kt-tab-title-10 \"><span class=\"kt-title-text\">Het ontstaan van Willemstad<\/span><\/a><\/li><li id=\"tab-hetopbouwenenafbrekenvandestadsmuren\" class=\"kt-title-item kt-title-item-11 kt-tabs-svg-show-always kt-tabs-icon-side-right kt-tab-title-inactive\"><a href=\"#tab-hetopbouwenenafbrekenvandestadsmuren\" data-tab=\"11\" class=\"kt-tab-title kt-tab-title-11 \"><span class=\"kt-title-text\">Het opbouwen en afbreken van de stadsmuren<\/span><\/a><\/li><li id=\"tab-dekomstvandeolieraffinaderijopcuraao\" class=\"kt-title-item kt-title-item-12 kt-tabs-svg-show-always kt-tabs-icon-side-right kt-tab-title-inactive\"><a href=\"#tab-dekomstvandeolieraffinaderijopcuraao\" data-tab=\"12\" class=\"kt-tab-title kt-tab-title-12 \"><span class=\"kt-title-text\">De komst van de olieraffinaderij op Cura\u00e7ao<\/span><\/a><\/li><li id=\"tab-30mei1969\" class=\"kt-title-item kt-title-item-13 kt-tabs-svg-show-always kt-tabs-icon-side-right kt-tab-title-inactive\"><a href=\"#tab-30mei1969\" data-tab=\"13\" class=\"kt-tab-title kt-tab-title-13 \"><span class=\"kt-title-text\">30 mei 1969<\/span><\/a><\/li><li id=\"tab-koninginemmabrug\" class=\"kt-title-item kt-title-item-14 kt-tabs-svg-show-always kt-tabs-icon-side-right kt-tab-title-inactive\"><a href=\"#tab-koninginemmabrug\" data-tab=\"14\" class=\"kt-tab-title kt-tab-title-14 \"><span class=\"kt-title-text\">Koningin Emmabrug<\/span><\/a><\/li><li id=\"tab-deinterneringskampeninwoii\" class=\"kt-title-item kt-title-item-15 kt-tabs-svg-show-always kt-tabs-icon-side-right kt-tab-title-inactive\"><a href=\"#tab-deinterneringskampeninwoii\" data-tab=\"15\" class=\"kt-tab-title kt-tab-title-15 \"><span class=\"kt-title-text\">De Interneringskampen in WOII<\/span><\/a><\/li><li id=\"tab-hetleprozengestichtopzaquito\" class=\"kt-title-item kt-title-item-16 kt-tabs-svg-show-always kt-tabs-icon-side-right kt-tab-title-inactive\"><a href=\"#tab-hetleprozengestichtopzaquito\" data-tab=\"16\" class=\"kt-tab-title kt-tab-title-16 \"><span class=\"kt-title-text\">Het Leprozengesticht op Zaquito<\/span><\/a><\/li><li id=\"tab-1stecruiseship\" class=\"kt-title-item kt-title-item-17 kt-tabs-svg-show-always kt-tabs-icon-side-right kt-tab-title-inactive\"><a href=\"#tab-1stecruiseship\" data-tab=\"17\" class=\"kt-tab-title kt-tab-title-17 \"><span class=\"kt-title-text\">1ste Cruise Ship<\/span><\/a><\/li><li id=\"tab-charleslindberghopcuracao\" class=\"kt-title-item kt-title-item-18 kt-tabs-svg-show-always kt-tabs-icon-side-right kt-tab-title-inactive\"><a href=\"#tab-charleslindberghopcuracao\" data-tab=\"18\" class=\"kt-tab-title kt-tab-title-18 \"><span class=\"kt-title-text\">Charles Lindbergh op Curacao<\/span><\/a><\/li><li id=\"tab-1stevliegtuigopcuracao\" class=\"kt-title-item kt-title-item-19 kt-tabs-svg-show-always kt-tabs-icon-side-right kt-tab-title-inactive\"><a href=\"#tab-1stevliegtuigopcuracao\" data-tab=\"19\" class=\"kt-tab-title kt-tab-title-19 \"><span class=\"kt-title-text\">1ste vliegtuig op Curacao<\/span><\/a><\/li><li id=\"tab-1stecarnavalsoptocht\" class=\"kt-title-item kt-title-item-20 kt-tabs-svg-show-always kt-tabs-icon-side-right kt-tab-title-inactive\"><a href=\"#tab-1stecarnavalsoptocht\" data-tab=\"20\" class=\"kt-tab-title kt-tab-title-20 \"><span class=\"kt-title-text\">1ste Carnavalsoptocht<\/span><\/a><\/li><li id=\"tab-1stegedruktekrantopcuracao\" class=\"kt-title-item kt-title-item-21 kt-tabs-svg-show-always kt-tabs-icon-side-right kt-tab-title-inactive\"><a href=\"#tab-1stegedruktekrantopcuracao\" data-tab=\"21\" class=\"kt-tab-title kt-tab-title-21 \"><span class=\"kt-title-text\">1ste gedrukte krant op Curacao<\/span><\/a><\/li><li id=\"tab-digitallibrarycbc\" class=\"kt-title-item kt-title-item-22 kt-tabs-svg-show-always kt-tabs-icon-side-right kt-tab-title-inactive\"><a href=\"#tab-digitallibrarycbc\" data-tab=\"22\" class=\"kt-tab-title kt-tab-title-22 \"><span class=\"kt-title-text\">Digital Library CBC<\/span><\/a><\/li><li id=\"tab-flow-sponsoreducatieprojectennationaalarchief\" class=\"kt-title-item kt-title-item-23 kt-tabs-svg-show-always kt-tabs-icon-side-right kt-tab-title-inactive\"><a href=\"#tab-flow-sponsoreducatieprojectennationaalarchief\" data-tab=\"23\" class=\"kt-tab-title kt-tab-title-23 \"><span class=\"kt-title-text\">Flow-Sponsor Educatieprojecten Nationaal Archief<\/span><\/a><\/li><\/ul><div class=\"kt-tabs-content-wrap\">\n<div class=\"wp-block-kadence-tab kt-tab-inner-content kt-inner-tab-1 kt-inner-tabb18e43-7a\"><div class=\"kt-tab-inner-content-inner\"><style>.wp-block-kadence-advancedheading.kt-adv-heading25_f1b1cc-f6, .wp-block-kadence-advancedheading.kt-adv-heading25_f1b1cc-f6[data-kb-block=\"kb-adv-heading25_f1b1cc-f6\"]{margin-bottom:var(--global-kb-spacing-xs, 1rem);font-size:var(--global-kb-font-size-sm, 0.9rem);font-style:normal;}.wp-block-kadence-advancedheading.kt-adv-heading25_f1b1cc-f6 mark.kt-highlight, .wp-block-kadence-advancedheading.kt-adv-heading25_f1b1cc-f6[data-kb-block=\"kb-adv-heading25_f1b1cc-f6\"] mark.kt-highlight{font-style:normal;color:#f76a0c;-webkit-box-decoration-break:clone;box-decoration-break:clone;padding-top:0px;padding-right:0px;padding-bottom:0px;padding-left:0px;}.wp-block-kadence-advancedheading.kt-adv-heading25_f1b1cc-f6 img.kb-inline-image, .wp-block-kadence-advancedheading.kt-adv-heading25_f1b1cc-f6[data-kb-block=\"kb-adv-heading25_f1b1cc-f6\"] img.kb-inline-image{width:150px;vertical-align:baseline;}<\/style>\n<p class=\"kt-adv-heading25_f1b1cc-f6 wp-block-kadence-advancedheading has-theme-palette-1-color has-text-color\" data-kb-block=\"kb-adv-heading25_f1b1cc-f6\">Education<\/p>\n\n\n<style>.wp-block-kadence-advancedheading.kt-adv-heading25_c75df0-0f, .wp-block-kadence-advancedheading.kt-adv-heading25_c75df0-0f[data-kb-block=\"kb-adv-heading25_c75df0-0f\"]{margin-top:0px;margin-bottom:var(--global-kb-spacing-lg, 3rem);font-style:normal;}.wp-block-kadence-advancedheading.kt-adv-heading25_c75df0-0f mark.kt-highlight, .wp-block-kadence-advancedheading.kt-adv-heading25_c75df0-0f[data-kb-block=\"kb-adv-heading25_c75df0-0f\"] mark.kt-highlight{font-style:normal;color:#f76a0c;-webkit-box-decoration-break:clone;box-decoration-break:clone;padding-top:0px;padding-right:0px;padding-bottom:0px;padding-left:0px;}.wp-block-kadence-advancedheading.kt-adv-heading25_c75df0-0f img.kb-inline-image, .wp-block-kadence-advancedheading.kt-adv-heading25_c75df0-0f[data-kb-block=\"kb-adv-heading25_c75df0-0f\"] img.kb-inline-image{width:150px;vertical-align:baseline;}<\/style>\n<h1 class=\"kt-adv-heading25_c75df0-0f wp-block-kadence-advancedheading\" data-kb-block=\"kb-adv-heading25_c75df0-0f\">About our education<\/h1>\n\n\n\n<h3 class=\"wp-block-heading\">Why do we actually preserve our history?<\/h3>\n\n\n\n<p class=\"wp-block-paragraph\"><strong>Why do we actually preserve our history?<\/strong><\/p>\n\n\n\n<p class=\"wp-block-paragraph\">In fact, every event is an event from the past. By the time you finish reading this sentence, it&#8217;s already over. It is still fresh in your memory now, but in a week, a month or a year, you will most likely have forgotten it.   The further back in the past an event lies, the more you need to use aids to remember it. If you want to &#8220;retrieve&#8221; an event from the past, you have to do research, like a detective, you have to look for clues, small (or large) things that people have left behind from the past. From there, you can \u201creconstruct\u201d the event, just as a detective solves his \u201ccase.\u201d Important traces from the past are archives, but stories from your grandparents, shards from the ground, or customs or songs from the past can also provide many clues.   <\/p>\n\n\n\n<p class=\"wp-block-paragraph\">At the National Archives, we keep the archives of the government, of important people or institutions. All these &#8220;clues&#8221; can help you answer the questions you ask about the past. <\/p>\n\n\n\n<p class=\"wp-block-paragraph\">Archives are special forms of information, they are formed in the course of a process. We call it \u201cprocess-related\u201d information. So it&#8217;s a bit different from the information in a book or in a library. That is &#8220;edited&#8221; information, information that incorporates an interpretation or thought from an author. The information from an archive is different: it is the primary source, without interpretation. We keep it to bring an event from the past back to you, exactly with the sources from that time, without &#8220;editing&#8221; or interpretation by anyone else.     <\/p>\n\n\n\n<p class=\"wp-block-paragraph\">We have selected some topics for you below regarding Cura\u00e7aoan history. Also, take a look at our <a href=\"internal-page::36\">exhibitions<\/a> on this site or the topics from the <a href=\"https:\/\/canoncuracao.cw\/\">Canon of Cura\u00e7ao<\/a>. We hope that you will be intrigued to conduct your own research using the <a href=\"internal-page::102\">primary sources<\/a> from that time itself. Feel free to drop by; consultation is free, and you will always be helped with your questions.   <\/p>\n<\/div><\/div>\n\n\n\n<div class=\"wp-block-kadence-tab kt-tab-inner-content kt-inner-tab-2 kt-inner-tab3e9288-53\"><div class=\"kt-tab-inner-content-inner\"><style>.wp-block-kadence-advancedheading.kt-adv-heading25_e4f246-b3, .wp-block-kadence-advancedheading.kt-adv-heading25_e4f246-b3[data-kb-block=\"kb-adv-heading25_e4f246-b3\"]{margin-top:0px;margin-bottom:var(--global-kb-spacing-lg, 3rem);font-style:normal;}.wp-block-kadence-advancedheading.kt-adv-heading25_e4f246-b3 mark.kt-highlight, .wp-block-kadence-advancedheading.kt-adv-heading25_e4f246-b3[data-kb-block=\"kb-adv-heading25_e4f246-b3\"] mark.kt-highlight{font-style:normal;color:#f76a0c;-webkit-box-decoration-break:clone;box-decoration-break:clone;padding-top:0px;padding-right:0px;padding-bottom:0px;padding-left:0px;}.wp-block-kadence-advancedheading.kt-adv-heading25_e4f246-b3 img.kb-inline-image, .wp-block-kadence-advancedheading.kt-adv-heading25_e4f246-b3[data-kb-block=\"kb-adv-heading25_e4f246-b3\"] img.kb-inline-image{width:150px;vertical-align:baseline;}<\/style>\n<h2 class=\"kt-adv-heading25_e4f246-b3 wp-block-kadence-advancedheading\" data-kb-block=\"kb-adv-heading25_e4f246-b3\">Magic Weddingcake<\/h2>\n\n\n<style>.kb-image25_fcccc0-be .kb-image-has-overlay:after{opacity:0.3;}<\/style>\n<figure class=\"wp-block-kadence-image kb-image25_fcccc0-be size-large\"><img loading=\"lazy\" decoding=\"async\" width=\"881\" height=\"1024\" src=\"https:\/\/nationaalarchief.cw\/wp-content\/uploads\/2025\/10\/format_magic_weddingcake_6213cc8b39d62-881x1024.jpg\" alt=\"\" class=\"kb-img wp-image-989\" srcset=\"https:\/\/nationaalarchief.cw\/wp-content\/uploads\/2025\/10\/format_magic_weddingcake_6213cc8b39d62-881x1024.jpg 881w, https:\/\/nationaalarchief.cw\/wp-content\/uploads\/2025\/10\/format_magic_weddingcake_6213cc8b39d62-258x300.jpg 258w, https:\/\/nationaalarchief.cw\/wp-content\/uploads\/2025\/10\/format_magic_weddingcake_6213cc8b39d62-768x892.jpg 768w, https:\/\/nationaalarchief.cw\/wp-content\/uploads\/2025\/10\/format_magic_weddingcake_6213cc8b39d62-1322x1536.jpg 1322w, https:\/\/nationaalarchief.cw\/wp-content\/uploads\/2025\/10\/format_magic_weddingcake_6213cc8b39d62-1763x2048.jpg 1763w, https:\/\/nationaalarchief.cw\/wp-content\/uploads\/2025\/10\/format_magic_weddingcake_6213cc8b39d62.jpg 1780w\" sizes=\"auto, (max-width: 881px) 100vw, 881px\" \/><\/figure>\n\n\n\n<p class=\"wp-block-paragraph\">When Storyana opens the door to \u201cthe Wedding Cake\u201d \u2013 the National Archives building, she enters a Time Machine and swirls into the history of Cura\u00e7ao. Indians, Spaniards, the Dutch and enslaved Africans pass her by. Listen to and watch the fantastic story of Loekie Morales <a href=\"https:\/\/youtu.be\/x1Rpoeh93XU\">\u201cthe Magic Weddingcake<\/a>\u201d, told by Marianne Tefft.  <\/p>\n\n\n\n<p class=\"wp-block-paragraph\">Published with permission of the Beyond Kultura Events Foundation.<\/p>\n<\/div><\/div>\n\n\n\n<div class=\"wp-block-kadence-tab kt-tab-inner-content kt-inner-tab-3 kt-inner-tab4930b7-af\"><div class=\"kt-tab-inner-content-inner\"><style>.wp-block-kadence-advancedheading.kt-adv-heading25_b3eb86-a4, .wp-block-kadence-advancedheading.kt-adv-heading25_b3eb86-a4[data-kb-block=\"kb-adv-heading25_b3eb86-a4\"]{margin-top:0px;margin-bottom:var(--global-kb-spacing-lg, 3rem);font-style:normal;}.wp-block-kadence-advancedheading.kt-adv-heading25_b3eb86-a4 mark.kt-highlight, .wp-block-kadence-advancedheading.kt-adv-heading25_b3eb86-a4[data-kb-block=\"kb-adv-heading25_b3eb86-a4\"] mark.kt-highlight{font-style:normal;color:#f76a0c;-webkit-box-decoration-break:clone;box-decoration-break:clone;padding-top:0px;padding-right:0px;padding-bottom:0px;padding-left:0px;}.wp-block-kadence-advancedheading.kt-adv-heading25_b3eb86-a4 img.kb-inline-image, .wp-block-kadence-advancedheading.kt-adv-heading25_b3eb86-a4[data-kb-block=\"kb-adv-heading25_b3eb86-a4\"] img.kb-inline-image{width:150px;vertical-align:baseline;}<\/style>\n<h2 class=\"kt-adv-heading25_b3eb86-a4 wp-block-kadence-advancedheading\" data-kb-block=\"kb-adv-heading25_b3eb86-a4\">Curacao History Time line<\/h2>\n\n\n<style>.kb-image25_f29afa-c4 .kb-image-has-overlay:after{opacity:0.3;}<\/style>\n<figure class=\"wp-block-kadence-image kb-image25_f29afa-c4 size-full\"><img loading=\"lazy\" decoding=\"async\" width=\"500\" height=\"375\" src=\"https:\/\/nationaalarchief.cw\/wp-content\/uploads\/2025\/12\/002-H-5-19-B-aanval-U-boten-2_homepage-educatie-Curacao-History-Time-line.jpg\" alt=\"\" class=\"kb-img wp-image-2096\" srcset=\"https:\/\/nationaalarchief.cw\/wp-content\/uploads\/2025\/12\/002-H-5-19-B-aanval-U-boten-2_homepage-educatie-Curacao-History-Time-line.jpg 500w, https:\/\/nationaalarchief.cw\/wp-content\/uploads\/2025\/12\/002-H-5-19-B-aanval-U-boten-2_homepage-educatie-Curacao-History-Time-line-300x225.jpg 300w\" sizes=\"auto, (max-width: 500px) 100vw, 500px\" \/><figcaption>De Laketanker &#8220;Pedernales&#8221; werd op 16 februari 1942 door de Duitse U-boot U-156 getorpedeerd, waarbij 8 opvarenden omkwamen.<\/figcaption><\/figure>\n\n\n\n<p class=\"wp-block-paragraph\">Explore our Timeline of Curacao History on <a href=\"https:\/\/www.curacaohistory.com\/\">this link<\/a>.<\/p>\n<\/div><\/div>\n\n\n\n<div class=\"wp-block-kadence-tab kt-tab-inner-content kt-inner-tab-4 kt-inner-taba449a9-e8\"><div class=\"kt-tab-inner-content-inner\"><style>.wp-block-kadence-advancedheading.kt-adv-heading25_4fa048-06, .wp-block-kadence-advancedheading.kt-adv-heading25_4fa048-06[data-kb-block=\"kb-adv-heading25_4fa048-06\"]{margin-top:0px;margin-bottom:var(--global-kb-spacing-lg, 3rem);font-style:normal;}.wp-block-kadence-advancedheading.kt-adv-heading25_4fa048-06 mark.kt-highlight, .wp-block-kadence-advancedheading.kt-adv-heading25_4fa048-06[data-kb-block=\"kb-adv-heading25_4fa048-06\"] mark.kt-highlight{font-style:normal;color:#f76a0c;-webkit-box-decoration-break:clone;box-decoration-break:clone;padding-top:0px;padding-right:0px;padding-bottom:0px;padding-left:0px;}.wp-block-kadence-advancedheading.kt-adv-heading25_4fa048-06 img.kb-inline-image, .wp-block-kadence-advancedheading.kt-adv-heading25_4fa048-06[data-kb-block=\"kb-adv-heading25_4fa048-06\"] img.kb-inline-image{width:150px;vertical-align:baseline;}<\/style>\n<h2 class=\"kt-adv-heading25_4fa048-06 wp-block-kadence-advancedheading\" data-kb-block=\"kb-adv-heading25_4fa048-06\">Guera na Korsou<\/h2>\n\n\n<style>.kb-image25_5438bc-4e .kb-image-has-overlay:after{opacity:0.3;}<\/style>\n<figure class=\"wp-block-kadence-image kb-image25_5438bc-4e size-full\"><img loading=\"lazy\" decoding=\"async\" width=\"346\" height=\"500\" src=\"https:\/\/nationaalarchief.cw\/wp-content\/uploads\/2025\/12\/VDL-0046_homepage-educatie-Guera-na-Korsou.jpg\" alt=\"\" class=\"kb-img wp-image-2099\" srcset=\"https:\/\/nationaalarchief.cw\/wp-content\/uploads\/2025\/12\/VDL-0046_homepage-educatie-Guera-na-Korsou.jpg 346w, https:\/\/nationaalarchief.cw\/wp-content\/uploads\/2025\/12\/VDL-0046_homepage-educatie-Guera-na-Korsou-208x300.jpg 208w\" sizes=\"auto, (max-width: 346px) 100vw, 346px\" \/><\/figure>\n\n\n\n<p class=\"wp-block-paragraph\">Bezoek de website <a href=\"https:\/\/guera-na-korsou.com\/en\/\" target=\"_blank\" rel=\"noreferrer noopener\">Guera na Korsou<\/a>.<\/p>\n\n\n\n<p class=\"wp-block-paragraph\">Of kijk ook even naar de <a href=\"https:\/\/canoncuracao.cw\/25-tweede-wereldoorlog\/\">Canon van Curacao<\/a> over het onderwerp De Tweede Wereldoorlog<\/p>\n<\/div><\/div>\n\n\n\n<div class=\"wp-block-kadence-tab kt-tab-inner-content kt-inner-tab-5 kt-inner-tab683f06-97\"><div class=\"kt-tab-inner-content-inner\"><style>.wp-block-kadence-advancedheading.kt-adv-heading25_bf6d7b-90, .wp-block-kadence-advancedheading.kt-adv-heading25_bf6d7b-90[data-kb-block=\"kb-adv-heading25_bf6d7b-90\"]{margin-top:0px;margin-bottom:var(--global-kb-spacing-lg, 3rem);font-style:normal;}.wp-block-kadence-advancedheading.kt-adv-heading25_bf6d7b-90 mark.kt-highlight, .wp-block-kadence-advancedheading.kt-adv-heading25_bf6d7b-90[data-kb-block=\"kb-adv-heading25_bf6d7b-90\"] mark.kt-highlight{font-style:normal;color:#f76a0c;-webkit-box-decoration-break:clone;box-decoration-break:clone;padding-top:0px;padding-right:0px;padding-bottom:0px;padding-left:0px;}.wp-block-kadence-advancedheading.kt-adv-heading25_bf6d7b-90 img.kb-inline-image, .wp-block-kadence-advancedheading.kt-adv-heading25_bf6d7b-90[data-kb-block=\"kb-adv-heading25_bf6d7b-90\"] img.kb-inline-image{width:150px;vertical-align:baseline;}<\/style>\n<h2 class=\"kt-adv-heading25_bf6d7b-90 wp-block-kadence-advancedheading\" data-kb-block=\"kb-adv-heading25_bf6d7b-90\">Koningin Julianabrug<\/h2>\n\n\n<style>.kb-image25_a52e45-f9 .kb-image-has-overlay:after{opacity:0.3;}<\/style>\n<figure class=\"wp-block-kadence-image kb-image25_a52e45-f9\"><img loading=\"lazy\" decoding=\"async\" width=\"665\" height=\"460\" src=\"https:\/\/nationaalarchief.cw\/wp-content\/uploads\/2025\/10\/format_jul19_02_58c0d6b336156.jpg\" alt=\"\" class=\"kb-img wp-image-1247\" srcset=\"https:\/\/nationaalarchief.cw\/wp-content\/uploads\/2025\/10\/format_jul19_02_58c0d6b336156.jpg 665w, https:\/\/nationaalarchief.cw\/wp-content\/uploads\/2025\/10\/format_jul19_02_58c0d6b336156-300x208.jpg 300w\" sizes=\"auto, (max-width: 665px) 100vw, 665px\" \/><\/figure>\n\n\n\n<p class=\"wp-block-paragraph\">De discussies voor een vaste oeververbinding stammen al van de jaren dertig. Het toegenomen scheepvaartverkeer, door de komst van de olieraffinaderij, alsmede het toegenomen autoverkeer zorgde voor lange files en wachttijden op de Handelskade. Als de Emmabrug open stond voor de scheepvaart, kon het wachten in de auto voor een \u201cfoute\u201d brug, zoals het in de volksmond werd genoemd, oplopen tot wel 45 minuten. Diverse plannen voor een vaste brug over de Annabaai of zelfs een tunnel onder de Annabaai, nabij het Water \u2013 en Riffort, werden opgesteld. In de <strong>gallery hieronder<\/strong> ziet u enkele ontwerpen die tussen 1946 en 1961 werden gemaakt. Uiteindelijk werd gekozen voor het ontwerp van een hoge stalen brug uit 1961. In 1962 werd begonnen met het grondwerk. In 1964 werden de 50 stalen secties in Nederland gebouwd. Deze werden per schip naar Cura\u00e7ao vervoerd. Nadat de bruglandhoofden in 1966 waren afgebouwd, begon het werk om de 25 secties aan de Punda-zijde te monteren. Bij het aanbrengen van sectie 23, brak op 6 november 1967 de verankerde ophanging van deze brughelft en kwam 1600 ton staal met donderend geraas naar beneden vallen, gedeeltelijk in de Annabaai. De brug was ingestort. 15 bruggenbouwers waren bij deze ramp omgekomen.            <br\/><br\/>Nadat een onderzoekscommisie had gerapporteerd over de oorzaak van de ramp werd in 1969 aangevangen met de hernieuwde montage. Nu begon men aan de Otrobanda-zijde te bouwen. In 1972 was de brug afgebouwd. Het stelsel van aanvoerwegen werd daarna afgerond. De brug werd op 2 maart 1974 opengesteld voor autoverkeer. De offici\u00eble opening vond plaats op Koninginnedag, 30 april 1974.     <\/p>\n\n\n\n<p class=\"wp-block-paragraph\"><strong>Meer informatie:<\/strong><br\/>Nationaal Archief Cura\u00e7ao. Fotocollecties: DOW, Fischer, Ter Hart, Scriwanek. <\/p>\n\n\n<style>.wp-block-kadence-advancedgallery .kb-gallery-type-grid.kb-gallery-id-25_3f088b-71{margin:-5px;}.kb-gallery-type-grid.kb-gallery-id-25_3f088b-71 .kadence-blocks-gallery-item{padding:5px;}.kb-gallery-id-25_3f088b-71 .kadence-blocks-gallery-item .kb-gal-image-radius, .kb-gallery-id-25_3f088b-71 .kb-slide-item .kb-gal-image-radius img{border-radius:0px 0px 0px 0px;;}<\/style><div class=\"kb-gallery-wrap-id-25_3f088b-71 alignnone wp-block-kadence-advancedgallery\"><ul class=\"kb-gallery-ul kb-gallery-non-static kb-gallery-type-grid kb-gallery-id-25_3f088b-71 kb-gallery-caption-style-bottom-hover kb-gallery-filter-none kb-gallery-magnific-init\" data-image-filter=\"none\" data-item-selector=\".kadence-blocks-gallery-item\" data-lightbox-caption=\"true\" data-columns-xxl=\"5\" data-columns-xl=\"5\" data-columns-md=\"5\" data-columns-sm=\"4\" data-columns-xs=\"4\" data-columns-ss=\"3\"><li class=\"kadence-blocks-gallery-item\"><div class=\"kadence-blocks-gallery-item-inner\"><figure class=\"kb-gallery-figure kb-gallery-item-has-link kadence-blocks-gallery-item-hide-caption\"><a href=\"https:\/\/nationaalarchief.cw\/wp-content\/uploads\/2025\/10\/large_luchtfoto_brug_vanuit_zee_1_58c0d556d4cb1.jpg\" class=\"kb-gallery-item-link\"   role=\"button\" aria-haspopup=\"dialog\"><div class=\"kb-gal-image-radius\"><div class=\"kb-gallery-image-contain kadence-blocks-gallery-intrinsic kb-gallery-image-ratio-land32 kb-has-image-ratio-land32\" ><img loading=\"lazy\" decoding=\"async\" src=\"https:\/\/nationaalarchief.cw\/wp-content\/uploads\/2025\/10\/large_luchtfoto_brug_vanuit_zee_1_58c0d556d4cb1-1024x679.jpg\" width=\"1024\" height=\"679\" alt=\"\" data-full-image=\"https:\/\/nationaalarchief.cw\/wp-content\/uploads\/2025\/10\/large_luchtfoto_brug_vanuit_zee_1_58c0d556d4cb1.jpg\" data-light-image=\"https:\/\/nationaalarchief.cw\/wp-content\/uploads\/2025\/10\/large_luchtfoto_brug_vanuit_zee_1_58c0d556d4cb1.jpg\" data-id=\"1249\" class=\"wp-image-1249\" srcset=\"https:\/\/nationaalarchief.cw\/wp-content\/uploads\/2025\/10\/large_luchtfoto_brug_vanuit_zee_1_58c0d556d4cb1-1024x679.jpg 1024w, https:\/\/nationaalarchief.cw\/wp-content\/uploads\/2025\/10\/large_luchtfoto_brug_vanuit_zee_1_58c0d556d4cb1-300x199.jpg 300w, https:\/\/nationaalarchief.cw\/wp-content\/uploads\/2025\/10\/large_luchtfoto_brug_vanuit_zee_1_58c0d556d4cb1-768x509.jpg 768w, https:\/\/nationaalarchief.cw\/wp-content\/uploads\/2025\/10\/large_luchtfoto_brug_vanuit_zee_1_58c0d556d4cb1.jpg 1200w\" sizes=\"auto, (max-width: 1024px) 100vw, 1024px\" \/><\/div><\/div><\/a><\/figure><\/div><\/li><li class=\"kadence-blocks-gallery-item\"><div class=\"kadence-blocks-gallery-item-inner\"><figure class=\"kb-gallery-figure kb-gallery-item-has-link kadence-blocks-gallery-item-hide-caption\"><a href=\"https:\/\/nationaalarchief.cw\/wp-content\/uploads\/2025\/10\/large_inlassen_laatste_stuk_1_58c0d54d6bb12.jpg\" class=\"kb-gallery-item-link\"   role=\"button\" aria-haspopup=\"dialog\"><div class=\"kb-gal-image-radius\"><div class=\"kb-gallery-image-contain kadence-blocks-gallery-intrinsic kb-gallery-image-ratio-land32 kb-has-image-ratio-land32\" ><img loading=\"lazy\" decoding=\"async\" src=\"https:\/\/nationaalarchief.cw\/wp-content\/uploads\/2025\/10\/large_inlassen_laatste_stuk_1_58c0d54d6bb12-1024x679.jpg\" width=\"1024\" height=\"679\" alt=\"\" data-full-image=\"https:\/\/nationaalarchief.cw\/wp-content\/uploads\/2025\/10\/large_inlassen_laatste_stuk_1_58c0d54d6bb12.jpg\" data-light-image=\"https:\/\/nationaalarchief.cw\/wp-content\/uploads\/2025\/10\/large_inlassen_laatste_stuk_1_58c0d54d6bb12.jpg\" data-id=\"1251\" class=\"wp-image-1251\" srcset=\"https:\/\/nationaalarchief.cw\/wp-content\/uploads\/2025\/10\/large_inlassen_laatste_stuk_1_58c0d54d6bb12-1024x679.jpg 1024w, https:\/\/nationaalarchief.cw\/wp-content\/uploads\/2025\/10\/large_inlassen_laatste_stuk_1_58c0d54d6bb12-300x199.jpg 300w, https:\/\/nationaalarchief.cw\/wp-content\/uploads\/2025\/10\/large_inlassen_laatste_stuk_1_58c0d54d6bb12-768x509.jpg 768w, https:\/\/nationaalarchief.cw\/wp-content\/uploads\/2025\/10\/large_inlassen_laatste_stuk_1_58c0d54d6bb12.jpg 1200w\" sizes=\"auto, (max-width: 1024px) 100vw, 1024px\" \/><\/div><\/div><\/a><\/figure><\/div><\/li><li class=\"kadence-blocks-gallery-item\"><div class=\"kadence-blocks-gallery-item-inner\"><figure class=\"kb-gallery-figure kb-gallery-item-has-link kadence-blocks-gallery-item-hide-caption\"><a href=\"https:\/\/nationaalarchief.cw\/wp-content\/uploads\/2025\/10\/large_brug_01_6203d6e1692ab.jpg\" class=\"kb-gallery-item-link\"   role=\"button\" aria-haspopup=\"dialog\"><div class=\"kb-gal-image-radius\"><div class=\"kb-gallery-image-contain kadence-blocks-gallery-intrinsic kb-gallery-image-ratio-land32 kb-has-image-ratio-land32\" ><img loading=\"lazy\" decoding=\"async\" src=\"https:\/\/nationaalarchief.cw\/wp-content\/uploads\/2025\/10\/large_brug_01_6203d6e1692ab-1024x679.jpg\" width=\"1024\" height=\"679\" alt=\"\" data-full-image=\"https:\/\/nationaalarchief.cw\/wp-content\/uploads\/2025\/10\/large_brug_01_6203d6e1692ab.jpg\" data-light-image=\"https:\/\/nationaalarchief.cw\/wp-content\/uploads\/2025\/10\/large_brug_01_6203d6e1692ab.jpg\" data-id=\"1253\" class=\"wp-image-1253\" srcset=\"https:\/\/nationaalarchief.cw\/wp-content\/uploads\/2025\/10\/large_brug_01_6203d6e1692ab-1024x679.jpg 1024w, https:\/\/nationaalarchief.cw\/wp-content\/uploads\/2025\/10\/large_brug_01_6203d6e1692ab-300x199.jpg 300w, https:\/\/nationaalarchief.cw\/wp-content\/uploads\/2025\/10\/large_brug_01_6203d6e1692ab-768x509.jpg 768w, https:\/\/nationaalarchief.cw\/wp-content\/uploads\/2025\/10\/large_brug_01_6203d6e1692ab.jpg 1200w\" sizes=\"auto, (max-width: 1024px) 100vw, 1024px\" \/><\/div><\/div><\/a><\/figure><\/div><\/li><li class=\"kadence-blocks-gallery-item\"><div class=\"kadence-blocks-gallery-item-inner\"><figure class=\"kb-gallery-figure kb-gallery-item-has-link kadence-blocks-gallery-item-hide-caption\"><a href=\"https:\/\/nationaalarchief.cw\/wp-content\/uploads\/2025\/10\/large_brug_02_6203d6e1d0d67.jpg\" class=\"kb-gallery-item-link\"   role=\"button\" aria-haspopup=\"dialog\"><div class=\"kb-gal-image-radius\"><div class=\"kb-gallery-image-contain kadence-blocks-gallery-intrinsic kb-gallery-image-ratio-land32 kb-has-image-ratio-land32\" ><img loading=\"lazy\" decoding=\"async\" src=\"https:\/\/nationaalarchief.cw\/wp-content\/uploads\/2025\/10\/large_brug_02_6203d6e1d0d67-1024x679.jpg\" width=\"1024\" height=\"679\" alt=\"\" data-full-image=\"https:\/\/nationaalarchief.cw\/wp-content\/uploads\/2025\/10\/large_brug_02_6203d6e1d0d67.jpg\" data-light-image=\"https:\/\/nationaalarchief.cw\/wp-content\/uploads\/2025\/10\/large_brug_02_6203d6e1d0d67.jpg\" data-id=\"1255\" class=\"wp-image-1255\" srcset=\"https:\/\/nationaalarchief.cw\/wp-content\/uploads\/2025\/10\/large_brug_02_6203d6e1d0d67-1024x679.jpg 1024w, https:\/\/nationaalarchief.cw\/wp-content\/uploads\/2025\/10\/large_brug_02_6203d6e1d0d67-300x199.jpg 300w, https:\/\/nationaalarchief.cw\/wp-content\/uploads\/2025\/10\/large_brug_02_6203d6e1d0d67-768x509.jpg 768w, https:\/\/nationaalarchief.cw\/wp-content\/uploads\/2025\/10\/large_brug_02_6203d6e1d0d67.jpg 1200w\" sizes=\"auto, (max-width: 1024px) 100vw, 1024px\" \/><\/div><\/div><\/a><\/figure><\/div><\/li><li class=\"kadence-blocks-gallery-item\"><div class=\"kadence-blocks-gallery-item-inner\"><figure class=\"kb-gallery-figure kb-gallery-item-has-link kadence-blocks-gallery-item-hide-caption\"><a href=\"https:\/\/nationaalarchief.cw\/wp-content\/uploads\/2025\/10\/large_jul18_05_6203d6e3865e8.jpg\" class=\"kb-gallery-item-link\"   role=\"button\" aria-haspopup=\"dialog\"><div class=\"kb-gal-image-radius\"><div class=\"kb-gallery-image-contain kadence-blocks-gallery-intrinsic kb-gallery-image-ratio-land32 kb-has-image-ratio-land32\" ><img loading=\"lazy\" decoding=\"async\" src=\"https:\/\/nationaalarchief.cw\/wp-content\/uploads\/2025\/10\/large_jul18_05_6203d6e3865e8-1024x679.jpg\" width=\"1024\" height=\"679\" alt=\"\" data-full-image=\"https:\/\/nationaalarchief.cw\/wp-content\/uploads\/2025\/10\/large_jul18_05_6203d6e3865e8.jpg\" data-light-image=\"https:\/\/nationaalarchief.cw\/wp-content\/uploads\/2025\/10\/large_jul18_05_6203d6e3865e8.jpg\" data-id=\"1257\" class=\"wp-image-1257\" srcset=\"https:\/\/nationaalarchief.cw\/wp-content\/uploads\/2025\/10\/large_jul18_05_6203d6e3865e8-1024x679.jpg 1024w, https:\/\/nationaalarchief.cw\/wp-content\/uploads\/2025\/10\/large_jul18_05_6203d6e3865e8-300x199.jpg 300w, https:\/\/nationaalarchief.cw\/wp-content\/uploads\/2025\/10\/large_jul18_05_6203d6e3865e8-768x509.jpg 768w, https:\/\/nationaalarchief.cw\/wp-content\/uploads\/2025\/10\/large_jul18_05_6203d6e3865e8.jpg 1200w\" sizes=\"auto, (max-width: 1024px) 100vw, 1024px\" \/><\/div><\/div><\/a><\/figure><\/div><\/li><li class=\"kadence-blocks-gallery-item\"><div class=\"kadence-blocks-gallery-item-inner\"><figure class=\"kb-gallery-figure kb-gallery-item-has-link kadence-blocks-gallery-item-hide-caption\"><a href=\"https:\/\/nationaalarchief.cw\/wp-content\/uploads\/2025\/10\/large_jul18_03_6203d6e23b68d.jpg\" class=\"kb-gallery-item-link\"   role=\"button\" aria-haspopup=\"dialog\"><div class=\"kb-gal-image-radius\"><div class=\"kb-gallery-image-contain kadence-blocks-gallery-intrinsic kb-gallery-image-ratio-land32 kb-has-image-ratio-land32\" ><img loading=\"lazy\" decoding=\"async\" src=\"https:\/\/nationaalarchief.cw\/wp-content\/uploads\/2025\/10\/large_jul18_03_6203d6e23b68d-1024x679.jpg\" width=\"1024\" height=\"679\" alt=\"\" data-full-image=\"https:\/\/nationaalarchief.cw\/wp-content\/uploads\/2025\/10\/large_jul18_03_6203d6e23b68d.jpg\" data-light-image=\"https:\/\/nationaalarchief.cw\/wp-content\/uploads\/2025\/10\/large_jul18_03_6203d6e23b68d.jpg\" data-id=\"1259\" class=\"wp-image-1259\" srcset=\"https:\/\/nationaalarchief.cw\/wp-content\/uploads\/2025\/10\/large_jul18_03_6203d6e23b68d-1024x679.jpg 1024w, https:\/\/nationaalarchief.cw\/wp-content\/uploads\/2025\/10\/large_jul18_03_6203d6e23b68d-300x199.jpg 300w, https:\/\/nationaalarchief.cw\/wp-content\/uploads\/2025\/10\/large_jul18_03_6203d6e23b68d-768x509.jpg 768w, https:\/\/nationaalarchief.cw\/wp-content\/uploads\/2025\/10\/large_jul18_03_6203d6e23b68d.jpg 1200w\" sizes=\"auto, (max-width: 1024px) 100vw, 1024px\" \/><\/div><\/div><\/a><\/figure><\/div><\/li><li class=\"kadence-blocks-gallery-item\"><div class=\"kadence-blocks-gallery-item-inner\"><figure class=\"kb-gallery-figure kb-gallery-item-has-link kadence-blocks-gallery-item-hide-caption\"><a href=\"https:\/\/nationaalarchief.cw\/wp-content\/uploads\/2025\/10\/large_jul18_04_6203d6e33c109.jpg\" class=\"kb-gallery-item-link\"   role=\"button\" aria-haspopup=\"dialog\"><div class=\"kb-gal-image-radius\"><div class=\"kb-gallery-image-contain kadence-blocks-gallery-intrinsic kb-gallery-image-ratio-land32 kb-has-image-ratio-land32\" ><img loading=\"lazy\" decoding=\"async\" src=\"https:\/\/nationaalarchief.cw\/wp-content\/uploads\/2025\/10\/large_jul18_04_6203d6e33c109-1024x679.jpg\" width=\"1024\" height=\"679\" alt=\"\" data-full-image=\"https:\/\/nationaalarchief.cw\/wp-content\/uploads\/2025\/10\/large_jul18_04_6203d6e33c109.jpg\" data-light-image=\"https:\/\/nationaalarchief.cw\/wp-content\/uploads\/2025\/10\/large_jul18_04_6203d6e33c109.jpg\" data-id=\"1261\" class=\"wp-image-1261\" srcset=\"https:\/\/nationaalarchief.cw\/wp-content\/uploads\/2025\/10\/large_jul18_04_6203d6e33c109-1024x679.jpg 1024w, https:\/\/nationaalarchief.cw\/wp-content\/uploads\/2025\/10\/large_jul18_04_6203d6e33c109-300x199.jpg 300w, https:\/\/nationaalarchief.cw\/wp-content\/uploads\/2025\/10\/large_jul18_04_6203d6e33c109-768x509.jpg 768w, https:\/\/nationaalarchief.cw\/wp-content\/uploads\/2025\/10\/large_jul18_04_6203d6e33c109.jpg 1200w\" sizes=\"auto, (max-width: 1024px) 100vw, 1024px\" \/><\/div><\/div><\/a><\/figure><\/div><\/li><li class=\"kadence-blocks-gallery-item\"><div class=\"kadence-blocks-gallery-item-inner\"><figure class=\"kb-gallery-figure kb-gallery-item-has-link kadence-blocks-gallery-item-hide-caption\"><a href=\"https:\/\/nationaalarchief.cw\/wp-content\/uploads\/2025\/10\/large_jul18_06_6203d6e40551d.jpg\" class=\"kb-gallery-item-link\"   role=\"button\" aria-haspopup=\"dialog\"><div class=\"kb-gal-image-radius\"><div class=\"kb-gallery-image-contain kadence-blocks-gallery-intrinsic kb-gallery-image-ratio-land32 kb-has-image-ratio-land32\" ><img loading=\"lazy\" decoding=\"async\" src=\"https:\/\/nationaalarchief.cw\/wp-content\/uploads\/2025\/10\/large_jul18_06_6203d6e40551d-1024x679.jpg\" width=\"1024\" height=\"679\" alt=\"\" data-full-image=\"https:\/\/nationaalarchief.cw\/wp-content\/uploads\/2025\/10\/large_jul18_06_6203d6e40551d.jpg\" data-light-image=\"https:\/\/nationaalarchief.cw\/wp-content\/uploads\/2025\/10\/large_jul18_06_6203d6e40551d.jpg\" data-id=\"1263\" class=\"wp-image-1263\" srcset=\"https:\/\/nationaalarchief.cw\/wp-content\/uploads\/2025\/10\/large_jul18_06_6203d6e40551d-1024x679.jpg 1024w, https:\/\/nationaalarchief.cw\/wp-content\/uploads\/2025\/10\/large_jul18_06_6203d6e40551d-300x199.jpg 300w, https:\/\/nationaalarchief.cw\/wp-content\/uploads\/2025\/10\/large_jul18_06_6203d6e40551d-768x509.jpg 768w, https:\/\/nationaalarchief.cw\/wp-content\/uploads\/2025\/10\/large_jul18_06_6203d6e40551d.jpg 1200w\" sizes=\"auto, (max-width: 1024px) 100vw, 1024px\" \/><\/div><\/div><\/a><\/figure><\/div><\/li><li class=\"kadence-blocks-gallery-item\"><div class=\"kadence-blocks-gallery-item-inner\"><figure class=\"kb-gallery-figure kb-gallery-item-has-link kadence-blocks-gallery-item-hide-caption\"><a href=\"https:\/\/nationaalarchief.cw\/wp-content\/uploads\/2025\/10\/large_jul19_14_6203d6e471c10.jpg\" class=\"kb-gallery-item-link\"   role=\"button\" aria-haspopup=\"dialog\"><div class=\"kb-gal-image-radius\"><div class=\"kb-gallery-image-contain kadence-blocks-gallery-intrinsic kb-gallery-image-ratio-land32 kb-has-image-ratio-land32\" ><img loading=\"lazy\" decoding=\"async\" src=\"https:\/\/nationaalarchief.cw\/wp-content\/uploads\/2025\/10\/large_jul19_14_6203d6e471c10-1024x679.jpg\" width=\"1024\" height=\"679\" alt=\"\" data-full-image=\"https:\/\/nationaalarchief.cw\/wp-content\/uploads\/2025\/10\/large_jul19_14_6203d6e471c10.jpg\" data-light-image=\"https:\/\/nationaalarchief.cw\/wp-content\/uploads\/2025\/10\/large_jul19_14_6203d6e471c10.jpg\" data-id=\"1265\" class=\"wp-image-1265\" srcset=\"https:\/\/nationaalarchief.cw\/wp-content\/uploads\/2025\/10\/large_jul19_14_6203d6e471c10-1024x679.jpg 1024w, https:\/\/nationaalarchief.cw\/wp-content\/uploads\/2025\/10\/large_jul19_14_6203d6e471c10-300x199.jpg 300w, https:\/\/nationaalarchief.cw\/wp-content\/uploads\/2025\/10\/large_jul19_14_6203d6e471c10-768x509.jpg 768w, https:\/\/nationaalarchief.cw\/wp-content\/uploads\/2025\/10\/large_jul19_14_6203d6e471c10.jpg 1200w\" sizes=\"auto, (max-width: 1024px) 100vw, 1024px\" \/><\/div><\/div><\/a><\/figure><\/div><\/li><li class=\"kadence-blocks-gallery-item\"><div class=\"kadence-blocks-gallery-item-inner\"><figure class=\"kb-gallery-figure kb-gallery-item-has-link kadence-blocks-gallery-item-hide-caption\"><a href=\"https:\/\/nationaalarchief.cw\/wp-content\/uploads\/2025\/10\/large_jul19_02_58c0d8cb1fb38.jpg\" class=\"kb-gallery-item-link\"   role=\"button\" aria-haspopup=\"dialog\"><div class=\"kb-gal-image-radius\"><div class=\"kb-gallery-image-contain kadence-blocks-gallery-intrinsic kb-gallery-image-ratio-land32 kb-has-image-ratio-land32\" ><img loading=\"lazy\" decoding=\"async\" src=\"https:\/\/nationaalarchief.cw\/wp-content\/uploads\/2025\/10\/large_jul19_02_58c0d8cb1fb38-1024x679.jpg\" width=\"1024\" height=\"679\" alt=\"\" data-full-image=\"https:\/\/nationaalarchief.cw\/wp-content\/uploads\/2025\/10\/large_jul19_02_58c0d8cb1fb38.jpg\" data-light-image=\"https:\/\/nationaalarchief.cw\/wp-content\/uploads\/2025\/10\/large_jul19_02_58c0d8cb1fb38.jpg\" data-id=\"1267\" class=\"wp-image-1267\" srcset=\"https:\/\/nationaalarchief.cw\/wp-content\/uploads\/2025\/10\/large_jul19_02_58c0d8cb1fb38-1024x679.jpg 1024w, https:\/\/nationaalarchief.cw\/wp-content\/uploads\/2025\/10\/large_jul19_02_58c0d8cb1fb38-300x199.jpg 300w, https:\/\/nationaalarchief.cw\/wp-content\/uploads\/2025\/10\/large_jul19_02_58c0d8cb1fb38-768x509.jpg 768w, https:\/\/nationaalarchief.cw\/wp-content\/uploads\/2025\/10\/large_jul19_02_58c0d8cb1fb38.jpg 1200w\" sizes=\"auto, (max-width: 1024px) 100vw, 1024px\" \/><\/div><\/div><\/a><\/figure><\/div><\/li><li class=\"kadence-blocks-gallery-item\"><div class=\"kadence-blocks-gallery-item-inner\"><figure class=\"kb-gallery-figure kb-gallery-item-has-link kadence-blocks-gallery-item-hide-caption\"><a href=\"https:\/\/nationaalarchief.cw\/wp-content\/uploads\/2025\/10\/large_jul19_04_58c0d553d27a8.jpg\" class=\"kb-gallery-item-link\"   role=\"button\" aria-haspopup=\"dialog\"><div class=\"kb-gal-image-radius\"><div class=\"kb-gallery-image-contain kadence-blocks-gallery-intrinsic kb-gallery-image-ratio-land32 kb-has-image-ratio-land32\" ><img loading=\"lazy\" decoding=\"async\" src=\"https:\/\/nationaalarchief.cw\/wp-content\/uploads\/2025\/10\/large_jul19_04_58c0d553d27a8-1024x679.jpg\" width=\"1024\" height=\"679\" alt=\"\" data-full-image=\"https:\/\/nationaalarchief.cw\/wp-content\/uploads\/2025\/10\/large_jul19_04_58c0d553d27a8.jpg\" data-light-image=\"https:\/\/nationaalarchief.cw\/wp-content\/uploads\/2025\/10\/large_jul19_04_58c0d553d27a8.jpg\" data-id=\"1269\" class=\"wp-image-1269\" srcset=\"https:\/\/nationaalarchief.cw\/wp-content\/uploads\/2025\/10\/large_jul19_04_58c0d553d27a8-1024x679.jpg 1024w, https:\/\/nationaalarchief.cw\/wp-content\/uploads\/2025\/10\/large_jul19_04_58c0d553d27a8-300x199.jpg 300w, https:\/\/nationaalarchief.cw\/wp-content\/uploads\/2025\/10\/large_jul19_04_58c0d553d27a8-768x509.jpg 768w, https:\/\/nationaalarchief.cw\/wp-content\/uploads\/2025\/10\/large_jul19_04_58c0d553d27a8.jpg 1200w\" sizes=\"auto, (max-width: 1024px) 100vw, 1024px\" \/><\/div><\/div><\/a><\/figure><\/div><\/li><li class=\"kadence-blocks-gallery-item\"><div class=\"kadence-blocks-gallery-item-inner\"><figure class=\"kb-gallery-figure kb-gallery-item-has-link kadence-blocks-gallery-item-hide-caption\"><a href=\"https:\/\/nationaalarchief.cw\/wp-content\/uploads\/2025\/10\/large_mei_71_6203d6e021ff3.jpg\" class=\"kb-gallery-item-link\"   role=\"button\" aria-haspopup=\"dialog\"><div class=\"kb-gal-image-radius\"><div class=\"kb-gallery-image-contain kadence-blocks-gallery-intrinsic kb-gallery-image-ratio-land32 kb-has-image-ratio-land32\" ><img loading=\"lazy\" decoding=\"async\" src=\"https:\/\/nationaalarchief.cw\/wp-content\/uploads\/2025\/10\/large_mei_71_6203d6e021ff3-1024x679.jpg\" width=\"1024\" height=\"679\" alt=\"\" data-full-image=\"https:\/\/nationaalarchief.cw\/wp-content\/uploads\/2025\/10\/large_mei_71_6203d6e021ff3.jpg\" data-light-image=\"https:\/\/nationaalarchief.cw\/wp-content\/uploads\/2025\/10\/large_mei_71_6203d6e021ff3.jpg\" data-id=\"1271\" class=\"wp-image-1271\" srcset=\"https:\/\/nationaalarchief.cw\/wp-content\/uploads\/2025\/10\/large_mei_71_6203d6e021ff3-1024x679.jpg 1024w, https:\/\/nationaalarchief.cw\/wp-content\/uploads\/2025\/10\/large_mei_71_6203d6e021ff3-300x199.jpg 300w, https:\/\/nationaalarchief.cw\/wp-content\/uploads\/2025\/10\/large_mei_71_6203d6e021ff3-768x509.jpg 768w, https:\/\/nationaalarchief.cw\/wp-content\/uploads\/2025\/10\/large_mei_71_6203d6e021ff3.jpg 1200w\" sizes=\"auto, (max-width: 1024px) 100vw, 1024px\" \/><\/div><\/div><\/a><\/figure><\/div><\/li><li class=\"kadence-blocks-gallery-item\"><div class=\"kadence-blocks-gallery-item-inner\"><figure class=\"kb-gallery-figure kb-gallery-item-has-link kadence-blocks-gallery-item-hide-caption\"><a href=\"https:\/\/nationaalarchief.cw\/wp-content\/uploads\/2025\/10\/large_5_lijkkisten3_621f9319c5d0b.jpg\" class=\"kb-gallery-item-link\"   role=\"button\" aria-haspopup=\"dialog\"><div class=\"kb-gal-image-radius\"><div class=\"kb-gallery-image-contain kadence-blocks-gallery-intrinsic kb-gallery-image-ratio-land32 kb-has-image-ratio-land32\" ><img loading=\"lazy\" decoding=\"async\" src=\"https:\/\/nationaalarchief.cw\/wp-content\/uploads\/2025\/10\/large_5_lijkkisten3_621f9319c5d0b-1024x679.jpg\" width=\"1024\" height=\"679\" alt=\"\" data-full-image=\"https:\/\/nationaalarchief.cw\/wp-content\/uploads\/2025\/10\/large_5_lijkkisten3_621f9319c5d0b.jpg\" data-light-image=\"https:\/\/nationaalarchief.cw\/wp-content\/uploads\/2025\/10\/large_5_lijkkisten3_621f9319c5d0b.jpg\" data-id=\"1273\" class=\"wp-image-1273\" srcset=\"https:\/\/nationaalarchief.cw\/wp-content\/uploads\/2025\/10\/large_5_lijkkisten3_621f9319c5d0b-1024x679.jpg 1024w, https:\/\/nationaalarchief.cw\/wp-content\/uploads\/2025\/10\/large_5_lijkkisten3_621f9319c5d0b-300x199.jpg 300w, https:\/\/nationaalarchief.cw\/wp-content\/uploads\/2025\/10\/large_5_lijkkisten3_621f9319c5d0b-768x509.jpg 768w, https:\/\/nationaalarchief.cw\/wp-content\/uploads\/2025\/10\/large_5_lijkkisten3_621f9319c5d0b.jpg 1200w\" sizes=\"auto, (max-width: 1024px) 100vw, 1024px\" \/><\/div><\/div><\/a><\/figure><\/div><\/li><li class=\"kadence-blocks-gallery-item\"><div class=\"kadence-blocks-gallery-item-inner\"><figure class=\"kb-gallery-figure kb-gallery-item-has-link kadence-blocks-gallery-item-hide-caption\"><a href=\"https:\/\/nationaalarchief.cw\/wp-content\/uploads\/2025\/10\/large_november_67_6203d6e1e5b94.jpg\" class=\"kb-gallery-item-link\"   role=\"button\" aria-haspopup=\"dialog\"><div class=\"kb-gal-image-radius\"><div class=\"kb-gallery-image-contain kadence-blocks-gallery-intrinsic kb-gallery-image-ratio-land32 kb-has-image-ratio-land32\" ><img loading=\"lazy\" decoding=\"async\" src=\"https:\/\/nationaalarchief.cw\/wp-content\/uploads\/2025\/10\/large_november_67_6203d6e1e5b94-1024x679.jpg\" width=\"1024\" height=\"679\" alt=\"\" data-full-image=\"https:\/\/nationaalarchief.cw\/wp-content\/uploads\/2025\/10\/large_november_67_6203d6e1e5b94.jpg\" data-light-image=\"https:\/\/nationaalarchief.cw\/wp-content\/uploads\/2025\/10\/large_november_67_6203d6e1e5b94.jpg\" data-id=\"1275\" class=\"wp-image-1275\" srcset=\"https:\/\/nationaalarchief.cw\/wp-content\/uploads\/2025\/10\/large_november_67_6203d6e1e5b94-1024x679.jpg 1024w, https:\/\/nationaalarchief.cw\/wp-content\/uploads\/2025\/10\/large_november_67_6203d6e1e5b94-300x199.jpg 300w, https:\/\/nationaalarchief.cw\/wp-content\/uploads\/2025\/10\/large_november_67_6203d6e1e5b94-768x509.jpg 768w, https:\/\/nationaalarchief.cw\/wp-content\/uploads\/2025\/10\/large_november_67_6203d6e1e5b94.jpg 1200w\" sizes=\"auto, (max-width: 1024px) 100vw, 1024px\" \/><\/div><\/div><\/a><\/figure><\/div><\/li><li class=\"kadence-blocks-gallery-item\"><div class=\"kadence-blocks-gallery-item-inner\"><figure class=\"kb-gallery-figure kb-gallery-item-has-link kadence-blocks-gallery-item-hide-caption\"><a href=\"https:\/\/nationaalarchief.cw\/wp-content\/uploads\/2025\/10\/large_close_up_van_gestorte_brug_1_6203fa9da85bc.jpg\" class=\"kb-gallery-item-link\"   role=\"button\" aria-haspopup=\"dialog\"><div class=\"kb-gal-image-radius\"><div class=\"kb-gallery-image-contain kadence-blocks-gallery-intrinsic kb-gallery-image-ratio-land32 kb-has-image-ratio-land32\" ><img loading=\"lazy\" decoding=\"async\" src=\"https:\/\/nationaalarchief.cw\/wp-content\/uploads\/2025\/10\/large_close_up_van_gestorte_brug_1_6203fa9da85bc-1024x679.jpg\" width=\"1024\" height=\"679\" alt=\"\" data-full-image=\"https:\/\/nationaalarchief.cw\/wp-content\/uploads\/2025\/10\/large_close_up_van_gestorte_brug_1_6203fa9da85bc.jpg\" data-light-image=\"https:\/\/nationaalarchief.cw\/wp-content\/uploads\/2025\/10\/large_close_up_van_gestorte_brug_1_6203fa9da85bc.jpg\" data-id=\"1277\" class=\"wp-image-1277\" srcset=\"https:\/\/nationaalarchief.cw\/wp-content\/uploads\/2025\/10\/large_close_up_van_gestorte_brug_1_6203fa9da85bc-1024x679.jpg 1024w, https:\/\/nationaalarchief.cw\/wp-content\/uploads\/2025\/10\/large_close_up_van_gestorte_brug_1_6203fa9da85bc-300x199.jpg 300w, https:\/\/nationaalarchief.cw\/wp-content\/uploads\/2025\/10\/large_close_up_van_gestorte_brug_1_6203fa9da85bc-768x509.jpg 768w, https:\/\/nationaalarchief.cw\/wp-content\/uploads\/2025\/10\/large_close_up_van_gestorte_brug_1_6203fa9da85bc.jpg 1200w\" sizes=\"auto, (max-width: 1024px) 100vw, 1024px\" \/><\/div><\/div><\/a><\/figure><\/div><\/li><li class=\"kadence-blocks-gallery-item\"><div class=\"kadence-blocks-gallery-item-inner\"><figure class=\"kb-gallery-figure kb-gallery-item-has-link kadence-blocks-gallery-item-hide-caption\"><a href=\"https:\/\/nationaalarchief.cw\/wp-content\/uploads\/2025\/10\/large_gestorde_brug_in_water_1_58c0d53c56b5b.jpg\" class=\"kb-gallery-item-link\"   role=\"button\" aria-haspopup=\"dialog\"><div class=\"kb-gal-image-radius\"><div class=\"kb-gallery-image-contain kadence-blocks-gallery-intrinsic kb-gallery-image-ratio-land32 kb-has-image-ratio-land32\" ><img loading=\"lazy\" decoding=\"async\" src=\"https:\/\/nationaalarchief.cw\/wp-content\/uploads\/2025\/10\/large_gestorde_brug_in_water_1_58c0d53c56b5b-1024x679.jpg\" width=\"1024\" height=\"679\" alt=\"\" data-full-image=\"https:\/\/nationaalarchief.cw\/wp-content\/uploads\/2025\/10\/large_gestorde_brug_in_water_1_58c0d53c56b5b.jpg\" data-light-image=\"https:\/\/nationaalarchief.cw\/wp-content\/uploads\/2025\/10\/large_gestorde_brug_in_water_1_58c0d53c56b5b.jpg\" data-id=\"1279\" class=\"wp-image-1279\" srcset=\"https:\/\/nationaalarchief.cw\/wp-content\/uploads\/2025\/10\/large_gestorde_brug_in_water_1_58c0d53c56b5b-1024x679.jpg 1024w, https:\/\/nationaalarchief.cw\/wp-content\/uploads\/2025\/10\/large_gestorde_brug_in_water_1_58c0d53c56b5b-300x199.jpg 300w, https:\/\/nationaalarchief.cw\/wp-content\/uploads\/2025\/10\/large_gestorde_brug_in_water_1_58c0d53c56b5b-768x509.jpg 768w, https:\/\/nationaalarchief.cw\/wp-content\/uploads\/2025\/10\/large_gestorde_brug_in_water_1_58c0d53c56b5b.jpg 1200w\" sizes=\"auto, (max-width: 1024px) 100vw, 1024px\" \/><\/div><\/div><\/a><\/figure><\/div><\/li><li class=\"kadence-blocks-gallery-item\"><div class=\"kadence-blocks-gallery-item-inner\"><figure class=\"kb-gallery-figure kb-gallery-item-has-link kadence-blocks-gallery-item-hide-caption\"><a href=\"https:\/\/nationaalarchief.cw\/wp-content\/uploads\/2025\/10\/large_beeld_vanuit_motetwerf_op_de_brugaan_punda_zijde_1_58c0d52d23dea.jpg\" class=\"kb-gallery-item-link\"   role=\"button\" aria-haspopup=\"dialog\"><div class=\"kb-gal-image-radius\"><div class=\"kb-gallery-image-contain kadence-blocks-gallery-intrinsic kb-gallery-image-ratio-land32 kb-has-image-ratio-land32\" ><img loading=\"lazy\" decoding=\"async\" src=\"https:\/\/nationaalarchief.cw\/wp-content\/uploads\/2025\/10\/large_beeld_vanuit_motetwerf_op_de_brugaan_punda_zijde_1_58c0d52d23dea-1024x679.jpg\" width=\"1024\" height=\"679\" alt=\"\" data-full-image=\"https:\/\/nationaalarchief.cw\/wp-content\/uploads\/2025\/10\/large_beeld_vanuit_motetwerf_op_de_brugaan_punda_zijde_1_58c0d52d23dea.jpg\" data-light-image=\"https:\/\/nationaalarchief.cw\/wp-content\/uploads\/2025\/10\/large_beeld_vanuit_motetwerf_op_de_brugaan_punda_zijde_1_58c0d52d23dea.jpg\" data-id=\"1281\" class=\"wp-image-1281\" srcset=\"https:\/\/nationaalarchief.cw\/wp-content\/uploads\/2025\/10\/large_beeld_vanuit_motetwerf_op_de_brugaan_punda_zijde_1_58c0d52d23dea-1024x679.jpg 1024w, https:\/\/nationaalarchief.cw\/wp-content\/uploads\/2025\/10\/large_beeld_vanuit_motetwerf_op_de_brugaan_punda_zijde_1_58c0d52d23dea-300x199.jpg 300w, https:\/\/nationaalarchief.cw\/wp-content\/uploads\/2025\/10\/large_beeld_vanuit_motetwerf_op_de_brugaan_punda_zijde_1_58c0d52d23dea-768x509.jpg 768w, https:\/\/nationaalarchief.cw\/wp-content\/uploads\/2025\/10\/large_beeld_vanuit_motetwerf_op_de_brugaan_punda_zijde_1_58c0d52d23dea.jpg 1200w\" sizes=\"auto, (max-width: 1024px) 100vw, 1024px\" \/><\/div><\/div><\/a><\/figure><\/div><\/li><li class=\"kadence-blocks-gallery-item\"><div class=\"kadence-blocks-gallery-item-inner\"><figure class=\"kb-gallery-figure kb-gallery-item-has-link kadence-blocks-gallery-item-hide-caption\"><a href=\"https:\/\/nationaalarchief.cw\/wp-content\/uploads\/2025\/10\/large_aanbouw_okt_67_6203d6df68238.jpg\" class=\"kb-gallery-item-link\"   role=\"button\" aria-haspopup=\"dialog\"><div class=\"kb-gal-image-radius\"><div class=\"kb-gallery-image-contain kadence-blocks-gallery-intrinsic kb-gallery-image-ratio-land32 kb-has-image-ratio-land32\" ><img loading=\"lazy\" decoding=\"async\" src=\"https:\/\/nationaalarchief.cw\/wp-content\/uploads\/2025\/10\/large_aanbouw_okt_67_6203d6df68238-1024x679.jpg\" width=\"1024\" height=\"679\" alt=\"\" data-full-image=\"https:\/\/nationaalarchief.cw\/wp-content\/uploads\/2025\/10\/large_aanbouw_okt_67_6203d6df68238.jpg\" data-light-image=\"https:\/\/nationaalarchief.cw\/wp-content\/uploads\/2025\/10\/large_aanbouw_okt_67_6203d6df68238.jpg\" data-id=\"1283\" class=\"wp-image-1283\" srcset=\"https:\/\/nationaalarchief.cw\/wp-content\/uploads\/2025\/10\/large_aanbouw_okt_67_6203d6df68238-1024x679.jpg 1024w, https:\/\/nationaalarchief.cw\/wp-content\/uploads\/2025\/10\/large_aanbouw_okt_67_6203d6df68238-300x199.jpg 300w, https:\/\/nationaalarchief.cw\/wp-content\/uploads\/2025\/10\/large_aanbouw_okt_67_6203d6df68238-768x509.jpg 768w, https:\/\/nationaalarchief.cw\/wp-content\/uploads\/2025\/10\/large_aanbouw_okt_67_6203d6df68238.jpg 1200w\" sizes=\"auto, (max-width: 1024px) 100vw, 1024px\" \/><\/div><\/div><\/a><\/figure><\/div><\/li><li class=\"kadence-blocks-gallery-item\"><div class=\"kadence-blocks-gallery-item-inner\"><figure class=\"kb-gallery-figure kb-gallery-item-has-link kadence-blocks-gallery-item-hide-caption\"><a href=\"https:\/\/nationaalarchief.cw\/wp-content\/uploads\/2025\/10\/large_12_aanbrengen_sectie_brug_1_6203fd1455d2e.jpg\" class=\"kb-gallery-item-link\"   role=\"button\" aria-haspopup=\"dialog\"><div class=\"kb-gal-image-radius\"><div class=\"kb-gallery-image-contain kadence-blocks-gallery-intrinsic kb-gallery-image-ratio-land32 kb-has-image-ratio-land32\" ><img loading=\"lazy\" decoding=\"async\" src=\"https:\/\/nationaalarchief.cw\/wp-content\/uploads\/2025\/10\/large_12_aanbrengen_sectie_brug_1_6203fd1455d2e-1024x679.jpg\" width=\"1024\" height=\"679\" alt=\"\" data-full-image=\"https:\/\/nationaalarchief.cw\/wp-content\/uploads\/2025\/10\/large_12_aanbrengen_sectie_brug_1_6203fd1455d2e.jpg\" data-light-image=\"https:\/\/nationaalarchief.cw\/wp-content\/uploads\/2025\/10\/large_12_aanbrengen_sectie_brug_1_6203fd1455d2e.jpg\" data-id=\"1285\" class=\"wp-image-1285\" srcset=\"https:\/\/nationaalarchief.cw\/wp-content\/uploads\/2025\/10\/large_12_aanbrengen_sectie_brug_1_6203fd1455d2e-1024x679.jpg 1024w, https:\/\/nationaalarchief.cw\/wp-content\/uploads\/2025\/10\/large_12_aanbrengen_sectie_brug_1_6203fd1455d2e-300x199.jpg 300w, https:\/\/nationaalarchief.cw\/wp-content\/uploads\/2025\/10\/large_12_aanbrengen_sectie_brug_1_6203fd1455d2e-768x509.jpg 768w, https:\/\/nationaalarchief.cw\/wp-content\/uploads\/2025\/10\/large_12_aanbrengen_sectie_brug_1_6203fd1455d2e.jpg 1200w\" sizes=\"auto, (max-width: 1024px) 100vw, 1024px\" \/><\/div><\/div><\/a><\/figure><\/div><\/li><li class=\"kadence-blocks-gallery-item\"><div class=\"kadence-blocks-gallery-item-inner\"><figure class=\"kb-gallery-figure kb-gallery-item-has-link kadence-blocks-gallery-item-hide-caption\"><a href=\"https:\/\/nationaalarchief.cw\/wp-content\/uploads\/2025\/10\/large_11_werkleui_secties_6203fd13a4977.jpg\" class=\"kb-gallery-item-link\"   role=\"button\" aria-haspopup=\"dialog\"><div class=\"kb-gal-image-radius\"><div class=\"kb-gallery-image-contain kadence-blocks-gallery-intrinsic kb-gallery-image-ratio-land32 kb-has-image-ratio-land32\" ><img loading=\"lazy\" decoding=\"async\" src=\"https:\/\/nationaalarchief.cw\/wp-content\/uploads\/2025\/10\/large_11_werkleui_secties_6203fd13a4977-1024x679.jpg\" width=\"1024\" height=\"679\" alt=\"\" data-full-image=\"https:\/\/nationaalarchief.cw\/wp-content\/uploads\/2025\/10\/large_11_werkleui_secties_6203fd13a4977.jpg\" data-light-image=\"https:\/\/nationaalarchief.cw\/wp-content\/uploads\/2025\/10\/large_11_werkleui_secties_6203fd13a4977.jpg\" data-id=\"1287\" class=\"wp-image-1287\" srcset=\"https:\/\/nationaalarchief.cw\/wp-content\/uploads\/2025\/10\/large_11_werkleui_secties_6203fd13a4977-1024x679.jpg 1024w, https:\/\/nationaalarchief.cw\/wp-content\/uploads\/2025\/10\/large_11_werkleui_secties_6203fd13a4977-300x199.jpg 300w, https:\/\/nationaalarchief.cw\/wp-content\/uploads\/2025\/10\/large_11_werkleui_secties_6203fd13a4977-768x509.jpg 768w, https:\/\/nationaalarchief.cw\/wp-content\/uploads\/2025\/10\/large_11_werkleui_secties_6203fd13a4977.jpg 1200w\" sizes=\"auto, (max-width: 1024px) 100vw, 1024px\" \/><\/div><\/div><\/a><\/figure><\/div><\/li><li class=\"kadence-blocks-gallery-item\"><div class=\"kadence-blocks-gallery-item-inner\"><figure class=\"kb-gallery-figure kb-gallery-item-has-link kadence-blocks-gallery-item-hide-caption\"><a href=\"https:\/\/nationaalarchief.cw\/wp-content\/uploads\/2025\/10\/large_10_secties3_6203fd131c854.jpg\" class=\"kb-gallery-item-link\"   role=\"button\" aria-haspopup=\"dialog\"><div class=\"kb-gal-image-radius\"><div class=\"kb-gallery-image-contain kadence-blocks-gallery-intrinsic kb-gallery-image-ratio-land32 kb-has-image-ratio-land32\" ><img loading=\"lazy\" decoding=\"async\" src=\"https:\/\/nationaalarchief.cw\/wp-content\/uploads\/2025\/10\/large_10_secties3_6203fd131c854-1024x679.jpg\" width=\"1024\" height=\"679\" alt=\"\" data-full-image=\"https:\/\/nationaalarchief.cw\/wp-content\/uploads\/2025\/10\/large_10_secties3_6203fd131c854.jpg\" data-light-image=\"https:\/\/nationaalarchief.cw\/wp-content\/uploads\/2025\/10\/large_10_secties3_6203fd131c854.jpg\" data-id=\"1289\" class=\"wp-image-1289\" srcset=\"https:\/\/nationaalarchief.cw\/wp-content\/uploads\/2025\/10\/large_10_secties3_6203fd131c854-1024x679.jpg 1024w, https:\/\/nationaalarchief.cw\/wp-content\/uploads\/2025\/10\/large_10_secties3_6203fd131c854-300x199.jpg 300w, https:\/\/nationaalarchief.cw\/wp-content\/uploads\/2025\/10\/large_10_secties3_6203fd131c854-768x509.jpg 768w, https:\/\/nationaalarchief.cw\/wp-content\/uploads\/2025\/10\/large_10_secties3_6203fd131c854.jpg 1200w\" sizes=\"auto, (max-width: 1024px) 100vw, 1024px\" \/><\/div><\/div><\/a><\/figure><\/div><\/li><li class=\"kadence-blocks-gallery-item\"><div class=\"kadence-blocks-gallery-item-inner\"><figure class=\"kb-gallery-figure kb-gallery-item-has-link kadence-blocks-gallery-item-hide-caption\"><a href=\"https:\/\/nationaalarchief.cw\/wp-content\/uploads\/2025\/10\/large_09_aanleveren_secties_6203fd129de1d.jpg\" class=\"kb-gallery-item-link\"   role=\"button\" aria-haspopup=\"dialog\"><div class=\"kb-gal-image-radius\"><div class=\"kb-gallery-image-contain kadence-blocks-gallery-intrinsic kb-gallery-image-ratio-land32 kb-has-image-ratio-land32\" ><img loading=\"lazy\" decoding=\"async\" src=\"https:\/\/nationaalarchief.cw\/wp-content\/uploads\/2025\/10\/large_09_aanleveren_secties_6203fd129de1d-1024x679.jpg\" width=\"1024\" height=\"679\" alt=\"\" data-full-image=\"https:\/\/nationaalarchief.cw\/wp-content\/uploads\/2025\/10\/large_09_aanleveren_secties_6203fd129de1d.jpg\" data-light-image=\"https:\/\/nationaalarchief.cw\/wp-content\/uploads\/2025\/10\/large_09_aanleveren_secties_6203fd129de1d.jpg\" data-id=\"1291\" class=\"wp-image-1291\" srcset=\"https:\/\/nationaalarchief.cw\/wp-content\/uploads\/2025\/10\/large_09_aanleveren_secties_6203fd129de1d-1024x679.jpg 1024w, https:\/\/nationaalarchief.cw\/wp-content\/uploads\/2025\/10\/large_09_aanleveren_secties_6203fd129de1d-300x199.jpg 300w, https:\/\/nationaalarchief.cw\/wp-content\/uploads\/2025\/10\/large_09_aanleveren_secties_6203fd129de1d-768x509.jpg 768w, https:\/\/nationaalarchief.cw\/wp-content\/uploads\/2025\/10\/large_09_aanleveren_secties_6203fd129de1d.jpg 1200w\" sizes=\"auto, (max-width: 1024px) 100vw, 1024px\" \/><\/div><\/div><\/a><\/figure><\/div><\/li><li class=\"kadence-blocks-gallery-item\"><div class=\"kadence-blocks-gallery-item-inner\"><figure class=\"kb-gallery-figure kb-gallery-item-has-link kadence-blocks-gallery-item-hide-caption\"><a href=\"https:\/\/nationaalarchief.cw\/wp-content\/uploads\/2025\/10\/large_08_secties_2_6203fd11bf064.jpg\" class=\"kb-gallery-item-link\"   role=\"button\" aria-haspopup=\"dialog\"><div class=\"kb-gal-image-radius\"><div class=\"kb-gallery-image-contain kadence-blocks-gallery-intrinsic kb-gallery-image-ratio-land32 kb-has-image-ratio-land32\" ><img loading=\"lazy\" decoding=\"async\" src=\"https:\/\/nationaalarchief.cw\/wp-content\/uploads\/2025\/10\/large_08_secties_2_6203fd11bf064-1024x679.jpg\" width=\"1024\" height=\"679\" alt=\"\" data-full-image=\"https:\/\/nationaalarchief.cw\/wp-content\/uploads\/2025\/10\/large_08_secties_2_6203fd11bf064.jpg\" data-light-image=\"https:\/\/nationaalarchief.cw\/wp-content\/uploads\/2025\/10\/large_08_secties_2_6203fd11bf064.jpg\" data-id=\"1293\" class=\"wp-image-1293\" srcset=\"https:\/\/nationaalarchief.cw\/wp-content\/uploads\/2025\/10\/large_08_secties_2_6203fd11bf064-1024x679.jpg 1024w, https:\/\/nationaalarchief.cw\/wp-content\/uploads\/2025\/10\/large_08_secties_2_6203fd11bf064-300x199.jpg 300w, https:\/\/nationaalarchief.cw\/wp-content\/uploads\/2025\/10\/large_08_secties_2_6203fd11bf064-768x509.jpg 768w, https:\/\/nationaalarchief.cw\/wp-content\/uploads\/2025\/10\/large_08_secties_2_6203fd11bf064.jpg 1200w\" sizes=\"auto, (max-width: 1024px) 100vw, 1024px\" \/><\/div><\/div><\/a><\/figure><\/div><\/li><li class=\"kadence-blocks-gallery-item\"><div class=\"kadence-blocks-gallery-item-inner\"><figure class=\"kb-gallery-figure kb-gallery-item-has-link kadence-blocks-gallery-item-hide-caption\"><a href=\"https:\/\/nationaalarchief.cw\/wp-content\/uploads\/2025\/10\/large_07_eerste_stuk_6203fd11e993b.jpg\" class=\"kb-gallery-item-link\"   role=\"button\" aria-haspopup=\"dialog\"><div class=\"kb-gal-image-radius\"><div class=\"kb-gallery-image-contain kadence-blocks-gallery-intrinsic kb-gallery-image-ratio-land32 kb-has-image-ratio-land32\" ><img loading=\"lazy\" decoding=\"async\" src=\"https:\/\/nationaalarchief.cw\/wp-content\/uploads\/2025\/10\/large_07_eerste_stuk_6203fd11e993b-1024x679.jpg\" width=\"1024\" height=\"679\" alt=\"\" data-full-image=\"https:\/\/nationaalarchief.cw\/wp-content\/uploads\/2025\/10\/large_07_eerste_stuk_6203fd11e993b.jpg\" data-light-image=\"https:\/\/nationaalarchief.cw\/wp-content\/uploads\/2025\/10\/large_07_eerste_stuk_6203fd11e993b.jpg\" data-id=\"1295\" class=\"wp-image-1295\" srcset=\"https:\/\/nationaalarchief.cw\/wp-content\/uploads\/2025\/10\/large_07_eerste_stuk_6203fd11e993b-1024x679.jpg 1024w, https:\/\/nationaalarchief.cw\/wp-content\/uploads\/2025\/10\/large_07_eerste_stuk_6203fd11e993b-300x199.jpg 300w, https:\/\/nationaalarchief.cw\/wp-content\/uploads\/2025\/10\/large_07_eerste_stuk_6203fd11e993b-768x509.jpg 768w, https:\/\/nationaalarchief.cw\/wp-content\/uploads\/2025\/10\/large_07_eerste_stuk_6203fd11e993b.jpg 1200w\" sizes=\"auto, (max-width: 1024px) 100vw, 1024px\" \/><\/div><\/div><\/a><\/figure><\/div><\/li><li class=\"kadence-blocks-gallery-item\"><div class=\"kadence-blocks-gallery-item-inner\"><figure class=\"kb-gallery-figure kb-gallery-item-has-link kadence-blocks-gallery-item-hide-caption\"><a href=\"https:\/\/nationaalarchief.cw\/wp-content\/uploads\/2025\/10\/large_06_fundering2_6203fd114303a.jpg\" class=\"kb-gallery-item-link\"   role=\"button\" aria-haspopup=\"dialog\"><div class=\"kb-gal-image-radius\"><div class=\"kb-gallery-image-contain kadence-blocks-gallery-intrinsic kb-gallery-image-ratio-land32 kb-has-image-ratio-land32\" ><img loading=\"lazy\" decoding=\"async\" src=\"https:\/\/nationaalarchief.cw\/wp-content\/uploads\/2025\/10\/large_06_fundering2_6203fd114303a-1024x679.jpg\" width=\"1024\" height=\"679\" alt=\"\" data-full-image=\"https:\/\/nationaalarchief.cw\/wp-content\/uploads\/2025\/10\/large_06_fundering2_6203fd114303a.jpg\" data-light-image=\"https:\/\/nationaalarchief.cw\/wp-content\/uploads\/2025\/10\/large_06_fundering2_6203fd114303a.jpg\" data-id=\"1297\" class=\"wp-image-1297\" srcset=\"https:\/\/nationaalarchief.cw\/wp-content\/uploads\/2025\/10\/large_06_fundering2_6203fd114303a-1024x679.jpg 1024w, https:\/\/nationaalarchief.cw\/wp-content\/uploads\/2025\/10\/large_06_fundering2_6203fd114303a-300x199.jpg 300w, https:\/\/nationaalarchief.cw\/wp-content\/uploads\/2025\/10\/large_06_fundering2_6203fd114303a-768x509.jpg 768w, https:\/\/nationaalarchief.cw\/wp-content\/uploads\/2025\/10\/large_06_fundering2_6203fd114303a.jpg 1200w\" sizes=\"auto, (max-width: 1024px) 100vw, 1024px\" \/><\/div><\/div><\/a><\/figure><\/div><\/li><li class=\"kadence-blocks-gallery-item\"><div class=\"kadence-blocks-gallery-item-inner\"><figure class=\"kb-gallery-figure kb-gallery-item-has-link kadence-blocks-gallery-item-hide-caption\"><a href=\"https:\/\/nationaalarchief.cw\/wp-content\/uploads\/2025\/10\/large_05_bouw_landhoofd_1_6203fd1060cbc.jpg\" class=\"kb-gallery-item-link\"   role=\"button\" aria-haspopup=\"dialog\"><div class=\"kb-gal-image-radius\"><div class=\"kb-gallery-image-contain kadence-blocks-gallery-intrinsic kb-gallery-image-ratio-land32 kb-has-image-ratio-land32\" ><img loading=\"lazy\" decoding=\"async\" src=\"https:\/\/nationaalarchief.cw\/wp-content\/uploads\/2025\/10\/large_05_bouw_landhoofd_1_6203fd1060cbc-1024x679.jpg\" width=\"1024\" height=\"679\" alt=\"\" data-full-image=\"https:\/\/nationaalarchief.cw\/wp-content\/uploads\/2025\/10\/large_05_bouw_landhoofd_1_6203fd1060cbc.jpg\" data-light-image=\"https:\/\/nationaalarchief.cw\/wp-content\/uploads\/2025\/10\/large_05_bouw_landhoofd_1_6203fd1060cbc.jpg\" data-id=\"1299\" class=\"wp-image-1299\" srcset=\"https:\/\/nationaalarchief.cw\/wp-content\/uploads\/2025\/10\/large_05_bouw_landhoofd_1_6203fd1060cbc-1024x679.jpg 1024w, https:\/\/nationaalarchief.cw\/wp-content\/uploads\/2025\/10\/large_05_bouw_landhoofd_1_6203fd1060cbc-300x199.jpg 300w, https:\/\/nationaalarchief.cw\/wp-content\/uploads\/2025\/10\/large_05_bouw_landhoofd_1_6203fd1060cbc-768x509.jpg 768w, https:\/\/nationaalarchief.cw\/wp-content\/uploads\/2025\/10\/large_05_bouw_landhoofd_1_6203fd1060cbc.jpg 1200w\" sizes=\"auto, (max-width: 1024px) 100vw, 1024px\" \/><\/div><\/div><\/a><\/figure><\/div><\/li><li class=\"kadence-blocks-gallery-item\"><div class=\"kadence-blocks-gallery-item-inner\"><figure class=\"kb-gallery-figure kb-gallery-item-has-link kadence-blocks-gallery-item-hide-caption\"><a href=\"https:\/\/nationaalarchief.cw\/wp-content\/uploads\/2025\/10\/large_04_fundering_6203fd0f3fb30.jpg\" class=\"kb-gallery-item-link\"   role=\"button\" aria-haspopup=\"dialog\"><div class=\"kb-gal-image-radius\"><div class=\"kb-gallery-image-contain kadence-blocks-gallery-intrinsic kb-gallery-image-ratio-land32 kb-has-image-ratio-land32\" ><img loading=\"lazy\" decoding=\"async\" src=\"https:\/\/nationaalarchief.cw\/wp-content\/uploads\/2025\/10\/large_04_fundering_6203fd0f3fb30-1024x679.jpg\" width=\"1024\" height=\"679\" alt=\"\" data-full-image=\"https:\/\/nationaalarchief.cw\/wp-content\/uploads\/2025\/10\/large_04_fundering_6203fd0f3fb30.jpg\" data-light-image=\"https:\/\/nationaalarchief.cw\/wp-content\/uploads\/2025\/10\/large_04_fundering_6203fd0f3fb30.jpg\" data-id=\"1301\" class=\"wp-image-1301\" srcset=\"https:\/\/nationaalarchief.cw\/wp-content\/uploads\/2025\/10\/large_04_fundering_6203fd0f3fb30-1024x679.jpg 1024w, https:\/\/nationaalarchief.cw\/wp-content\/uploads\/2025\/10\/large_04_fundering_6203fd0f3fb30-300x199.jpg 300w, https:\/\/nationaalarchief.cw\/wp-content\/uploads\/2025\/10\/large_04_fundering_6203fd0f3fb30-768x509.jpg 768w, https:\/\/nationaalarchief.cw\/wp-content\/uploads\/2025\/10\/large_04_fundering_6203fd0f3fb30.jpg 1200w\" sizes=\"auto, (max-width: 1024px) 100vw, 1024px\" \/><\/div><\/div><\/a><\/figure><\/div><\/li><li class=\"kadence-blocks-gallery-item\"><div class=\"kadence-blocks-gallery-item-inner\"><figure class=\"kb-gallery-figure kb-gallery-item-has-link kadence-blocks-gallery-item-hide-caption\"><a href=\"https:\/\/nationaalarchief.cw\/wp-content\/uploads\/2025\/10\/large_model_61_1_6203d6e4c701c.jpg\" class=\"kb-gallery-item-link\"   role=\"button\" aria-haspopup=\"dialog\"><div class=\"kb-gal-image-radius\"><div class=\"kb-gallery-image-contain kadence-blocks-gallery-intrinsic kb-gallery-image-ratio-land32 kb-has-image-ratio-land32\" ><img loading=\"lazy\" decoding=\"async\" src=\"https:\/\/nationaalarchief.cw\/wp-content\/uploads\/2025\/10\/large_model_61_1_6203d6e4c701c-1024x679.jpg\" width=\"1024\" height=\"679\" alt=\"\" data-full-image=\"https:\/\/nationaalarchief.cw\/wp-content\/uploads\/2025\/10\/large_model_61_1_6203d6e4c701c.jpg\" data-light-image=\"https:\/\/nationaalarchief.cw\/wp-content\/uploads\/2025\/10\/large_model_61_1_6203d6e4c701c.jpg\" data-id=\"1303\" class=\"wp-image-1303\" srcset=\"https:\/\/nationaalarchief.cw\/wp-content\/uploads\/2025\/10\/large_model_61_1_6203d6e4c701c-1024x679.jpg 1024w, https:\/\/nationaalarchief.cw\/wp-content\/uploads\/2025\/10\/large_model_61_1_6203d6e4c701c-300x199.jpg 300w, https:\/\/nationaalarchief.cw\/wp-content\/uploads\/2025\/10\/large_model_61_1_6203d6e4c701c-768x509.jpg 768w, https:\/\/nationaalarchief.cw\/wp-content\/uploads\/2025\/10\/large_model_61_1_6203d6e4c701c.jpg 1200w\" sizes=\"auto, (max-width: 1024px) 100vw, 1024px\" \/><\/div><\/div><\/a><\/figure><\/div><\/li><li class=\"kadence-blocks-gallery-item\"><div class=\"kadence-blocks-gallery-item-inner\"><figure class=\"kb-gallery-figure kb-gallery-item-has-link kadence-blocks-gallery-item-hide-caption\"><a href=\"https:\/\/nationaalarchief.cw\/wp-content\/uploads\/2025\/10\/large_brugmodellen_59_61_1_58c0d532b1f9d.jpg\" class=\"kb-gallery-item-link\"   role=\"button\" aria-haspopup=\"dialog\"><div class=\"kb-gal-image-radius\"><div class=\"kb-gallery-image-contain kadence-blocks-gallery-intrinsic kb-gallery-image-ratio-land32 kb-has-image-ratio-land32\" ><img loading=\"lazy\" decoding=\"async\" src=\"https:\/\/nationaalarchief.cw\/wp-content\/uploads\/2025\/10\/large_brugmodellen_59_61_1_58c0d532b1f9d-1024x679.jpg\" width=\"1024\" height=\"679\" alt=\"\" data-full-image=\"https:\/\/nationaalarchief.cw\/wp-content\/uploads\/2025\/10\/large_brugmodellen_59_61_1_58c0d532b1f9d.jpg\" data-light-image=\"https:\/\/nationaalarchief.cw\/wp-content\/uploads\/2025\/10\/large_brugmodellen_59_61_1_58c0d532b1f9d.jpg\" data-id=\"1305\" class=\"wp-image-1305\" srcset=\"https:\/\/nationaalarchief.cw\/wp-content\/uploads\/2025\/10\/large_brugmodellen_59_61_1_58c0d532b1f9d-1024x679.jpg 1024w, https:\/\/nationaalarchief.cw\/wp-content\/uploads\/2025\/10\/large_brugmodellen_59_61_1_58c0d532b1f9d-300x199.jpg 300w, https:\/\/nationaalarchief.cw\/wp-content\/uploads\/2025\/10\/large_brugmodellen_59_61_1_58c0d532b1f9d-768x509.jpg 768w, https:\/\/nationaalarchief.cw\/wp-content\/uploads\/2025\/10\/large_brugmodellen_59_61_1_58c0d532b1f9d.jpg 1200w\" sizes=\"auto, (max-width: 1024px) 100vw, 1024px\" \/><\/div><\/div><\/a><\/figure><\/div><\/li><li class=\"kadence-blocks-gallery-item\"><div class=\"kadence-blocks-gallery-item-inner\"><figure class=\"kb-gallery-figure kb-gallery-item-has-link kadence-blocks-gallery-item-hide-caption\"><a href=\"https:\/\/nationaalarchief.cw\/wp-content\/uploads\/2025\/10\/large_brugmodellen_47_48_621f9f95602f0.jpg\" class=\"kb-gallery-item-link\"   role=\"button\" aria-haspopup=\"dialog\"><div class=\"kb-gal-image-radius\"><div class=\"kb-gallery-image-contain kadence-blocks-gallery-intrinsic kb-gallery-image-ratio-land32 kb-has-image-ratio-land32\" ><img loading=\"lazy\" decoding=\"async\" src=\"https:\/\/nationaalarchief.cw\/wp-content\/uploads\/2025\/10\/large_brugmodellen_47_48_621f9f95602f0-1024x679.jpg\" width=\"1024\" height=\"679\" alt=\"\" data-full-image=\"https:\/\/nationaalarchief.cw\/wp-content\/uploads\/2025\/10\/large_brugmodellen_47_48_621f9f95602f0.jpg\" data-light-image=\"https:\/\/nationaalarchief.cw\/wp-content\/uploads\/2025\/10\/large_brugmodellen_47_48_621f9f95602f0.jpg\" data-id=\"1307\" class=\"wp-image-1307\" srcset=\"https:\/\/nationaalarchief.cw\/wp-content\/uploads\/2025\/10\/large_brugmodellen_47_48_621f9f95602f0-1024x679.jpg 1024w, https:\/\/nationaalarchief.cw\/wp-content\/uploads\/2025\/10\/large_brugmodellen_47_48_621f9f95602f0-300x199.jpg 300w, https:\/\/nationaalarchief.cw\/wp-content\/uploads\/2025\/10\/large_brugmodellen_47_48_621f9f95602f0-768x509.jpg 768w, https:\/\/nationaalarchief.cw\/wp-content\/uploads\/2025\/10\/large_brugmodellen_47_48_621f9f95602f0.jpg 1200w\" sizes=\"auto, (max-width: 1024px) 100vw, 1024px\" \/><\/div><\/div><\/a><\/figure><\/div><\/li><li class=\"kadence-blocks-gallery-item\"><div class=\"kadence-blocks-gallery-item-inner\"><figure class=\"kb-gallery-figure kb-gallery-item-has-link kadence-blocks-gallery-item-hide-caption\"><a href=\"https:\/\/nationaalarchief.cw\/wp-content\/uploads\/2025\/10\/large_brugmodellen_46_47_621f9e56881ac.jpg\" class=\"kb-gallery-item-link\"   role=\"button\" aria-haspopup=\"dialog\"><div class=\"kb-gal-image-radius\"><div class=\"kb-gallery-image-contain kadence-blocks-gallery-intrinsic kb-gallery-image-ratio-land32 kb-has-image-ratio-land32\" ><img loading=\"lazy\" decoding=\"async\" src=\"https:\/\/nationaalarchief.cw\/wp-content\/uploads\/2025\/10\/large_brugmodellen_46_47_621f9e56881ac-1024x679.jpg\" width=\"1024\" height=\"679\" alt=\"\" data-full-image=\"https:\/\/nationaalarchief.cw\/wp-content\/uploads\/2025\/10\/large_brugmodellen_46_47_621f9e56881ac.jpg\" data-light-image=\"https:\/\/nationaalarchief.cw\/wp-content\/uploads\/2025\/10\/large_brugmodellen_46_47_621f9e56881ac.jpg\" data-id=\"1309\" class=\"wp-image-1309\" srcset=\"https:\/\/nationaalarchief.cw\/wp-content\/uploads\/2025\/10\/large_brugmodellen_46_47_621f9e56881ac-1024x679.jpg 1024w, https:\/\/nationaalarchief.cw\/wp-content\/uploads\/2025\/10\/large_brugmodellen_46_47_621f9e56881ac-300x199.jpg 300w, https:\/\/nationaalarchief.cw\/wp-content\/uploads\/2025\/10\/large_brugmodellen_46_47_621f9e56881ac-768x509.jpg 768w, https:\/\/nationaalarchief.cw\/wp-content\/uploads\/2025\/10\/large_brugmodellen_46_47_621f9e56881ac.jpg 1200w\" sizes=\"auto, (max-width: 1024px) 100vw, 1024px\" \/><\/div><\/div><\/a><\/figure><\/div><\/li><li class=\"kadence-blocks-gallery-item\"><div class=\"kadence-blocks-gallery-item-inner\"><figure class=\"kb-gallery-figure kb-gallery-item-has-link kadence-blocks-gallery-item-hide-caption\"><a href=\"https:\/\/nationaalarchief.cw\/wp-content\/uploads\/2025\/10\/large_jul19_08_6203d6e42f83b.jpg\" class=\"kb-gallery-item-link\"   role=\"button\" aria-haspopup=\"dialog\"><div class=\"kb-gal-image-radius\"><div class=\"kb-gallery-image-contain kadence-blocks-gallery-intrinsic kb-gallery-image-ratio-land32 kb-has-image-ratio-land32\" ><img loading=\"lazy\" decoding=\"async\" src=\"https:\/\/nationaalarchief.cw\/wp-content\/uploads\/2025\/10\/large_jul19_08_6203d6e42f83b-1024x679.jpg\" width=\"1024\" height=\"679\" alt=\"\" data-full-image=\"https:\/\/nationaalarchief.cw\/wp-content\/uploads\/2025\/10\/large_jul19_08_6203d6e42f83b.jpg\" data-light-image=\"https:\/\/nationaalarchief.cw\/wp-content\/uploads\/2025\/10\/large_jul19_08_6203d6e42f83b.jpg\" data-id=\"1311\" class=\"wp-image-1311\" srcset=\"https:\/\/nationaalarchief.cw\/wp-content\/uploads\/2025\/10\/large_jul19_08_6203d6e42f83b-1024x679.jpg 1024w, https:\/\/nationaalarchief.cw\/wp-content\/uploads\/2025\/10\/large_jul19_08_6203d6e42f83b-300x199.jpg 300w, https:\/\/nationaalarchief.cw\/wp-content\/uploads\/2025\/10\/large_jul19_08_6203d6e42f83b-768x509.jpg 768w, https:\/\/nationaalarchief.cw\/wp-content\/uploads\/2025\/10\/large_jul19_08_6203d6e42f83b.jpg 1200w\" sizes=\"auto, (max-width: 1024px) 100vw, 1024px\" \/><\/div><\/div><\/a><\/figure><\/div><\/li><li class=\"kadence-blocks-gallery-item\"><div class=\"kadence-blocks-gallery-item-inner\"><figure class=\"kb-gallery-figure kb-gallery-item-has-link kadence-blocks-gallery-item-hide-caption\"><a href=\"https:\/\/nationaalarchief.cw\/wp-content\/uploads\/2025\/10\/large_laatste_foto_6203fd1538dbc.jpg\" class=\"kb-gallery-item-link\"   role=\"button\" aria-haspopup=\"dialog\"><div class=\"kb-gal-image-radius\"><div class=\"kb-gallery-image-contain kadence-blocks-gallery-intrinsic kb-gallery-image-ratio-land32 kb-has-image-ratio-land32\" ><img loading=\"lazy\" decoding=\"async\" src=\"https:\/\/nationaalarchief.cw\/wp-content\/uploads\/2025\/10\/large_laatste_foto_6203fd1538dbc-1024x679.jpg\" width=\"1024\" height=\"679\" alt=\"\" data-full-image=\"https:\/\/nationaalarchief.cw\/wp-content\/uploads\/2025\/10\/large_laatste_foto_6203fd1538dbc.jpg\" data-light-image=\"https:\/\/nationaalarchief.cw\/wp-content\/uploads\/2025\/10\/large_laatste_foto_6203fd1538dbc.jpg\" data-id=\"1313\" class=\"wp-image-1313\" srcset=\"https:\/\/nationaalarchief.cw\/wp-content\/uploads\/2025\/10\/large_laatste_foto_6203fd1538dbc-1024x679.jpg 1024w, https:\/\/nationaalarchief.cw\/wp-content\/uploads\/2025\/10\/large_laatste_foto_6203fd1538dbc-300x199.jpg 300w, https:\/\/nationaalarchief.cw\/wp-content\/uploads\/2025\/10\/large_laatste_foto_6203fd1538dbc-768x509.jpg 768w, https:\/\/nationaalarchief.cw\/wp-content\/uploads\/2025\/10\/large_laatste_foto_6203fd1538dbc.jpg 1200w\" sizes=\"auto, (max-width: 1024px) 100vw, 1024px\" \/><\/div><\/div><\/a><\/figure><\/div><\/li><\/ul><\/div>\n\n\n<h3 class=\"wp-block-heading\">Queen Juliana bridge<\/h3>\n\n\n\n<p class=\"wp-block-paragraph\">Discussions for a fixed connection between Punda and Otrobanda started in the thirties. As a result of the booming oil refinery, increased shipping and increased traffic caused serious traffic jams on \u201cde Handelskade\u201d. Waiting time in the traffic jam could run up to 45 minutes. Various plans for a permanent bridge over the Anna Bay or even a tunnel under the Anna Bay, were made up between 1946-1961. The picture gallery shows some designs that were made. The 1961-design was finally approved. The groundbreaking began in 1962. In 1964, the 50 steel sections were built in the Netherlands and were shipped to Cura\u00e7ao. After construction of the concrete abutments, the mounting of the steel sections began in 1966. Construction started with the 25 sections on the Punda side. When applying section 23, the construction collapsed on November 6, 1967. 1600 tons of steel came thundering down, partially in the Anna Bay. The bridge had collapsed. 15 bridge builders had perished in this disaster.             <\/p>\n\n\n\n<p class=\"wp-block-paragraph\">After an inquiry into the causes of collapse, the rebuilding started in 1969 and finished in 1972. Roads and additional works were completed two years later. The bridge was opened to traffic on March 2, 1974. The official opening took place on Queen&#8217;s Day, April 30, 1974.   <\/p>\n\n\n\n<p class=\"has--font-size wp-block-paragraph\"><strong>More info at:<\/strong><br\/>National Archives Cura\u00e7ao. Photos: collection DOW, Fischer, Ter Hart, Scriwanek. <\/p>\n<\/div><\/div>\n\n\n\n<div class=\"wp-block-kadence-tab kt-tab-inner-content kt-inner-tab-6 kt-inner-tabda6901-30\"><div class=\"kt-tab-inner-content-inner\"><style>.wp-block-kadence-advancedheading.kt-adv-heading25_f65d27-d0, .wp-block-kadence-advancedheading.kt-adv-heading25_f65d27-d0[data-kb-block=\"kb-adv-heading25_f65d27-d0\"]{margin-top:0px;margin-bottom:var(--global-kb-spacing-lg, 3rem);font-style:normal;}.wp-block-kadence-advancedheading.kt-adv-heading25_f65d27-d0 mark.kt-highlight, .wp-block-kadence-advancedheading.kt-adv-heading25_f65d27-d0[data-kb-block=\"kb-adv-heading25_f65d27-d0\"] mark.kt-highlight{font-style:normal;color:#f76a0c;-webkit-box-decoration-break:clone;box-decoration-break:clone;padding-top:0px;padding-right:0px;padding-bottom:0px;padding-left:0px;}.wp-block-kadence-advancedheading.kt-adv-heading25_f65d27-d0 img.kb-inline-image, .wp-block-kadence-advancedheading.kt-adv-heading25_f65d27-d0[data-kb-block=\"kb-adv-heading25_f65d27-d0\"] img.kb-inline-image{width:150px;vertical-align:baseline;}<\/style>\n<h2 class=\"kt-adv-heading25_f65d27-d0 wp-block-kadence-advancedheading\" data-kb-block=\"kb-adv-heading25_f65d27-d0\">Tula<\/h2>\n\n\n\n<h3 class=\"wp-block-heading\">Tula was de aanvoerder van de grote slavenopstand van 1795 op Cura\u00e7ao. Wat weten we over Tula? <\/h3>\n\n\n\n<p class=\"wp-block-paragraph\">Tula droeg de bijnaam van \u201cRigaud\u201d, genoemd naar de Ha\u00eftiaanse generaal Benoit Joseph Rigaud, \u00e9\u00e9n van de helden van de Ha\u00eftiaanse revolutie. Het is niet bekend waar Tula vandaan kwam, maar hij was goed op de hoogte van de situatie in Ha\u00efti, waar een slavenopstand onder leiding van Toussaint het koloniale regime had overgenomen. Hij was op de hoogte van de Franse Revolutie en de revolutionaire idealen: vrijheid, gelijkheid en broederschap. Hij wist dat het revolutionaire regime in Frankrijk een groot deel van Europa had bezet en dat dit regime de slavernij in de Franse koloni\u00ebn wilde afschaffen. Onder de opstandelingen werd een brief van generaal Rigaud aangehaald, waarbij vrijheid aan alle slaven werd beloofd, die onder Frans gezag vielen. Nu Nederland onder Frans gezag (1795-1801) was komen te vallen zou de slavernij ook hier spoedig afgeschaft worden, zo was de overtuiging van Tula.     <\/p>\n\n\n\n<p class=\"wp-block-paragraph\">Tula was slaaf van plantage Knip, eigendom van Casper Lodewijk van Uijtrecht. Van zijn persoonlijk leven is weinig bekend of bewaard gebleven in documenten. Dominee Bosch die in 1816 op Cura\u00e7ao aankwam, schreef dat hij mensen had gesproken die Tula in leven hadden gekend. Zij herinnerden hem als een man van sterk postuur en welbespraakt.   <\/p>\n\n\n\n<p class=\"wp-block-paragraph\">Pater Jacobus Schinck, die in 1795 door het koloniaal bestuur als bemiddelaar naar de opstandige slaven werd gestuurd, is de enige die met Tula gesproken heeft, waarvan optekening in de overheidsarchieven is terug te vinden. Zijn relaas start op 19 augustus als hij om half negen s-avonds kapitein Tula krijgt te spreken bij Porto Mari: <br\/><em>\u201cWij zijn al teveel mishandeld, wij zoeken niemand kwaad te doen, maar zoeken onze vrijheid, de Franse negers hebben hun vrijheid gekregen, Holland is ingenomen door de Fransen, vervolgens moeten wij ook hier vrij zijn\u201d<\/em><\/p>\n\n\n\n<p class=\"wp-block-paragraph\">Dit zijn Tula\u2019s woorden die ons bekend zijn, via Pater Schinck. Hij vervolgt: <br\/><em>\u201cHeer Pater, komen alle mensen niet voort uit een vader Adam en Eva? Heb ik kwalijk gedaan dat ik 22 van mijn medebroeders verlost heb uit hun boeien, waarin zij onrechtvaardig geworpen waren? De Franse vrijheid heeft ons gediend tot torment. Als iemand van ons gestraft werd, werd hem telkens tegengeworpen \u2018zoek jij ook je vrijheid?\u2019 Eens werd ik vastgebonden. Ik riep zonder ophouden genade voor een arme slaaf. Toen ik uiteindelijk losgelaten werd liep het bloed uit mijn mond. Ik viel op de knie\u00ebn en riep tot God, Oh God almachtig is het Uw wil dat wij zo mishandeld worden? Ah Pater, zelf een dier wordt beter behandeld dan wij. Als een beest een poot gebroken heeft wordt het verzorgd.\u201d <\/em>(Paula, Bronnen, Slavenopstand, 269)<\/p>\n\n\n\n<p class=\"wp-block-paragraph\">Terwijl Pater Schinck de voorstellen van het gouvernement over bracht op Tula, hoorde de heer van der Grijp \u2013 een door de rebellen gevangen genomen ruiter \u2013 de rebellen met elkaar in het Frans praten \u201c<em>Le cur\u00e9 vient ici pour nous cajoler<\/em>\u201d (\u201c<em>De priester komt hier om ons te vleien<\/em>\u201d). Ook hoorde Schinck dat er \u2018s nachts in de kamer naast hem zachtjes Franse revolutionaire liedjes werden gezongen. <\/p>\n\n\n\n<p class=\"wp-block-paragraph\">Nadat de opstand was neergeslagen werd Tula ter dood veroordeeld. De executie van het vonnis vond plaats op 3 oktober 1795 bij het Rif. Hier staat nu het monument dat hem de eer geeft als strijder voor vrijheid. (zie foto in gallery). De afgebeelde brief is het bericht van C.L. van Uijtrecht (plantage Knip) aan de Gouverneur, waarin hij vermeld dat <em>&#8220;mijn slaven zijn des morgen gekomen en weigeren int algemeenen diensten te doen. Wat verder haare intentien is weet ik niet. Met haast en waare achtinge&#8221;<\/em>, 17 augustus 1795. OAC- Nationaal Archief.     <\/p>\n\n\n\n<p class=\"wp-block-paragraph\"><strong>Meer informatie:<\/strong><br\/>Nationaal Archief Cura\u00e7ao of kijk ook even op de <a href=\"https:\/\/canoncuracao.cw\/7-tula\/\">Canon van Curacao<\/a><\/p>\n\n\n\n<h3 class=\"wp-block-heading\">Tula was the captain of the great slave revolt of 1795 in Cura\u00e7ao. What do we know about Tula? <\/h3>\n\n\n\n<p class=\"wp-block-paragraph\">Tula bore the nickname of &#8220;Rigaud&#8221;, named after the Haitian General Benoit Joseph Rigaud, one of the heroes of the Haitian revolution. It is not known where Tula came from, but he was well aware of the situation in Haiti, where a slave revolt led by Toussaint had taken over the Colonial regime. He was aware of the French Revolution and the revolutionary ideals: liberty, equality and fraternity. He knew that the French revolutionary regime had occupied a large part of Europe and that this regime wanted to abolish slavery in the French colonies. Among the insurgents a letter from General Rigaud was cited, in which freedom was promised to all slaves, which came under French rule. Now that the Netherlands was placed under French rule (1795-1801) slavery would soon be abolished here, so was Tula&#8217;s conviction.     <br\/><br\/>Tula was a slave worker on plantation \u201cKnip\u201d, owned by Casper Lodewijk van Uijtrecht. Little is known of his personal life, neither preserved in documents. Reverend Bosch, who arrived in 1816 on Cura\u00e7ao, wrote that he had spoken to people that had known Tula in life. They remembered him as a man of strong stature and articulate.   <br\/><br\/>Father Jacobus Schinck, who was sent during the revolt in 1795 by the colonial government as a mediator to the rebellious slaves, is the only one who has spoken with Tula, whose recordings are preserved in the government archives. His story starts on August 19 when he spoke with Captain Tula at Plantation house \u201cPorto Mari\u201d at half past eight in the evening. <br\/><br\/><em>&#8220;We have been abused too much, we do not seek to harm anyone, we are just seeking our freedom. French Negroes gained their freedom, Holland was occupied by the French, then we must be free here <\/em>&#8220;<\/p>\n\n\n\n<p class=\"wp-block-paragraph\">These are Tula&#8217;s words, recorded by reverend Schinck. He continues: <br\/><em>&#8220;Sir, Father, do not all the people stem from a common father Adam and Eve? Did I do wrong by releasing 22 of my brothers from their confinement, which they were unjustly thrown into?. French freedom has served us as torment. When one of us was punished, they constantly invoked against us, &#8220;Do you seek your freedom as well?&#8221; Once I was tied. I cried incessantly \u2018mercy for a poor slave\u2019. When I was finally released, blood ran out of my mouth. I fell on my knees and cried out \u2018Oh God Almighty is it your will that we are so mistreated\u2019? Ah, Father, even an animal is treated better than us. If an animal has a broken leg, it is taken care of.      <\/em>&#8221; (Paula, Bronnen, Slavenopstand, 269)<\/p>\n\n\n\n<p class=\"wp-block-paragraph\">As Father Schinck conveyed the proposals of the government to Tula, Mr. van der Grijp &#8211; a horseman captured by the rebels -, heard the rebels talk in French<em> &#8220;Le cur\u00e9 vient ici pour nous cajoler<\/em>&#8221; (<em>&#8220;The priest comes here to flatter us&#8221;<\/em>). Schinck also heard the rebellions sang French revolutionary songs at night, softly, in the next-door room. <\/p>\n\n\n\n<p class=\"wp-block-paragraph\">After the revolt was beaten down Tula was sentenced to death. The execution took place on October 3, 1795 at the Reef. Here stands the monument that gives him the honor as a warrior for freedom (see photo in gallery). The illustrated letter is the message from C. L. van Uijtrecht (plantation Knip) to the government, in which he stated that his slaves, <em>&#8220;refuse to do service (..) what their intentions are, I do not know,&#8221;<\/em> August, 17, 1795 OAC National Archives Cura\u00e7ao.   <\/p>\n\n\n\n<p class=\"wp-block-paragraph\"><strong>More info:<\/strong><br\/>National Archives Curacao or take a look at the <a href=\"https:\/\/canoncuracao.cw\/7-tula\/\">Canon of Curacao<\/a><\/p>\n\n\n\n<h3 class=\"wp-block-heading\">Foto&#8217;s<\/h3>\n\n\n<style>.wp-block-kadence-advancedgallery .kb-gallery-type-grid.kb-gallery-id-25_86f6f5-4a{margin:-5px;}.kb-gallery-type-grid.kb-gallery-id-25_86f6f5-4a .kadence-blocks-gallery-item{padding:5px;}.kb-gallery-id-25_86f6f5-4a .kadence-blocks-gallery-item .kb-gal-image-radius, .kb-gallery-id-25_86f6f5-4a .kb-slide-item .kb-gal-image-radius img{border-radius:0px 0px 0px 0px;;}<\/style><div class=\"kb-gallery-wrap-id-25_86f6f5-4a alignnone wp-block-kadence-advancedgallery\"><ul class=\"kb-gallery-ul kb-gallery-non-static kb-gallery-type-grid kb-gallery-id-25_86f6f5-4a kb-gallery-caption-style-bottom-hover kb-gallery-filter-none kb-gallery-magnific-init\" data-image-filter=\"none\" data-item-selector=\".kadence-blocks-gallery-item\" data-lightbox-caption=\"true\" data-columns-xxl=\"5\" data-columns-xl=\"5\" data-columns-md=\"5\" data-columns-sm=\"4\" data-columns-xs=\"4\" data-columns-ss=\"3\"><li class=\"kadence-blocks-gallery-item\"><div class=\"kadence-blocks-gallery-item-inner\"><figure class=\"kb-gallery-figure kb-gallery-item-has-link kadence-blocks-gallery-item-hide-caption\"><a href=\"https:\/\/nationaalarchief.cw\/wp-content\/uploads\/2025\/10\/large_dsc_7030_small_58c0dc9413d4e.jpg\" class=\"kb-gallery-item-link\"   role=\"button\" aria-haspopup=\"dialog\"><div class=\"kb-gal-image-radius\"><div class=\"kb-gallery-image-contain kadence-blocks-gallery-intrinsic kb-gallery-image-ratio-land32 kb-has-image-ratio-land32\" ><img loading=\"lazy\" decoding=\"async\" src=\"https:\/\/nationaalarchief.cw\/wp-content\/uploads\/2025\/10\/large_dsc_7030_small_58c0dc9413d4e-1024x679.jpg\" width=\"1024\" height=\"679\" alt=\"\" data-full-image=\"https:\/\/nationaalarchief.cw\/wp-content\/uploads\/2025\/10\/large_dsc_7030_small_58c0dc9413d4e.jpg\" data-light-image=\"https:\/\/nationaalarchief.cw\/wp-content\/uploads\/2025\/10\/large_dsc_7030_small_58c0dc9413d4e.jpg\" data-id=\"1317\" class=\"wp-image-1317\" srcset=\"https:\/\/nationaalarchief.cw\/wp-content\/uploads\/2025\/10\/large_dsc_7030_small_58c0dc9413d4e-1024x679.jpg 1024w, https:\/\/nationaalarchief.cw\/wp-content\/uploads\/2025\/10\/large_dsc_7030_small_58c0dc9413d4e-300x199.jpg 300w, https:\/\/nationaalarchief.cw\/wp-content\/uploads\/2025\/10\/large_dsc_7030_small_58c0dc9413d4e-768x509.jpg 768w, https:\/\/nationaalarchief.cw\/wp-content\/uploads\/2025\/10\/large_dsc_7030_small_58c0dc9413d4e.jpg 1200w\" sizes=\"auto, (max-width: 1024px) 100vw, 1024px\" \/><\/div><\/div><\/a><\/figure><\/div><\/li><li class=\"kadence-blocks-gallery-item\"><div class=\"kadence-blocks-gallery-item-inner\"><figure class=\"kb-gallery-figure kb-gallery-item-has-link kadence-blocks-gallery-item-hide-caption\"><a href=\"https:\/\/nationaalarchief.cw\/wp-content\/uploads\/2025\/10\/large_tekst_01_nl_hana_1051201_137_opstand_tula_1795_6213dee07cced.jpg\" class=\"kb-gallery-item-link\"   role=\"button\" aria-haspopup=\"dialog\"><div class=\"kb-gal-image-radius\"><div class=\"kb-gallery-image-contain kadence-blocks-gallery-intrinsic kb-gallery-image-ratio-land32 kb-has-image-ratio-land32\" ><img loading=\"lazy\" decoding=\"async\" src=\"https:\/\/nationaalarchief.cw\/wp-content\/uploads\/2025\/10\/large_tekst_01_nl_hana_1051201_137_opstand_tula_1795_6213dee07cced-1024x679.jpg\" width=\"1024\" height=\"679\" alt=\"\" data-full-image=\"https:\/\/nationaalarchief.cw\/wp-content\/uploads\/2025\/10\/large_tekst_01_nl_hana_1051201_137_opstand_tula_1795_6213dee07cced.jpg\" data-light-image=\"https:\/\/nationaalarchief.cw\/wp-content\/uploads\/2025\/10\/large_tekst_01_nl_hana_1051201_137_opstand_tula_1795_6213dee07cced.jpg\" data-id=\"1319\" class=\"wp-image-1319\" srcset=\"https:\/\/nationaalarchief.cw\/wp-content\/uploads\/2025\/10\/large_tekst_01_nl_hana_1051201_137_opstand_tula_1795_6213dee07cced-1024x679.jpg 1024w, https:\/\/nationaalarchief.cw\/wp-content\/uploads\/2025\/10\/large_tekst_01_nl_hana_1051201_137_opstand_tula_1795_6213dee07cced-300x199.jpg 300w, https:\/\/nationaalarchief.cw\/wp-content\/uploads\/2025\/10\/large_tekst_01_nl_hana_1051201_137_opstand_tula_1795_6213dee07cced-768x509.jpg 768w, https:\/\/nationaalarchief.cw\/wp-content\/uploads\/2025\/10\/large_tekst_01_nl_hana_1051201_137_opstand_tula_1795_6213dee07cced.jpg 1200w\" sizes=\"auto, (max-width: 1024px) 100vw, 1024px\" \/><\/div><\/div><\/a><\/figure><\/div><\/li><\/ul><\/div><\/div><\/div>\n\n\n\n<div class=\"wp-block-kadence-tab kt-tab-inner-content kt-inner-tab-7 kt-inner-tab25_4f0c02-4c\"><div class=\"kt-tab-inner-content-inner\"><style>.wp-block-kadence-advancedheading.kt-adv-heading25_cc1d8b-05, .wp-block-kadence-advancedheading.kt-adv-heading25_cc1d8b-05[data-kb-block=\"kb-adv-heading25_cc1d8b-05\"]{font-style:normal;}.wp-block-kadence-advancedheading.kt-adv-heading25_cc1d8b-05 mark.kt-highlight, .wp-block-kadence-advancedheading.kt-adv-heading25_cc1d8b-05[data-kb-block=\"kb-adv-heading25_cc1d8b-05\"] mark.kt-highlight{font-style:normal;color:#f76a0c;-webkit-box-decoration-break:clone;box-decoration-break:clone;padding-top:0px;padding-right:0px;padding-bottom:0px;padding-left:0px;}.wp-block-kadence-advancedheading.kt-adv-heading25_cc1d8b-05 img.kb-inline-image, .wp-block-kadence-advancedheading.kt-adv-heading25_cc1d8b-05[data-kb-block=\"kb-adv-heading25_cc1d8b-05\"] img.kb-inline-image{width:150px;vertical-align:baseline;}<\/style>\n<h2 class=\"kt-adv-heading25_cc1d8b-05 wp-block-kadence-advancedheading\" data-kb-block=\"kb-adv-heading25_cc1d8b-05\">100 jaar MCB<\/h2>\n\n\n<style>.kb-image25_9184fd-dc .kb-image-has-overlay:after{opacity:0.3;}<\/style>\n<figure class=\"wp-block-kadence-image kb-image25_9184fd-dc size-full\"><img loading=\"lazy\" decoding=\"async\" width=\"921\" height=\"715\" src=\"https:\/\/nationaalarchief.cw\/wp-content\/uploads\/2025\/10\/format_balie_eerste_bank_1_58c0e5de09145.jpg\" alt=\"\" class=\"kb-img wp-image-1323\" srcset=\"https:\/\/nationaalarchief.cw\/wp-content\/uploads\/2025\/10\/format_balie_eerste_bank_1_58c0e5de09145.jpg 921w, https:\/\/nationaalarchief.cw\/wp-content\/uploads\/2025\/10\/format_balie_eerste_bank_1_58c0e5de09145-300x233.jpg 300w, https:\/\/nationaalarchief.cw\/wp-content\/uploads\/2025\/10\/format_balie_eerste_bank_1_58c0e5de09145-768x596.jpg 768w\" sizes=\"auto, (max-width: 921px) 100vw, 921px\" \/><\/figure>\n\n\n\n<h3 class=\"wp-block-heading\">100 jaar Maduro&#8217;s Bank 1916-2016<\/h3>\n\n\n\n<p class=\"wp-block-paragraph\">In 1916 werd de Maduro\u2019s Bank opgericht. Het was een lang gekoesterde wens van de handelsfirma S.E.L. Maduro &amp; Sons om een circulatiebank te mogen oprichten. De firma verleende al bankactiviteiten, zoals het verstrekken van leningen en het uitgeven van waardepapieren. In 1901 en nogmaals in 1906 hadden de Maduro\u2019s een verzoek ingediend om een offici\u00eble bank op te richten. Dat verzoek werd toen afgewezen. De Nederlandse regering zag liever een Nederlandse kredietverstrekker aan het werk in de kolonie.     <br\/><br\/>Dit alles veranderde in 1916. De Bataafsche Petroleum Maatschappij was al bezig met de voorbereidingen om een raffinaderij te bouwen op Cura\u00e7ao en op 20 oktober van dat jaar werd de NV Cura\u00e7aosche Petroleum Maatschappij, de C.P.M. opgericht. <\/p>\n\n\n\n<p class=\"wp-block-paragraph\">Met de komst van het oliebedrijf was uitbreiding en modernisering van het bankwezen een noodzaak geworden. Op 22 september 1916 dienden de Maduro\u2019s opnieuw een rekest in met het verzoek een bank te mogen oprichten met emissierecht. Al op 30 september meldde de Amigoe de aanstaande oprichting van de nieuwe bank van de Maduro\u2019s. De gouverneur keurde nu de statuten van de nieuwe Maduro\u2019s Bank meteen goed en liet de instelling haar werkzaamheden met ingang van 1 januari 1917 aanvangen. Ze konden in de bank dezelfde zaken voortzetten die zij al meer dan dertig jaar in hun handelshuis deden. De Maduro\u2019s Bank werd de eerste commerci\u00eble bank van de kolonie Cura\u00e7ao.     <\/p>\n\n\n\n<p class=\"wp-block-paragraph\">Het kapitaal van f 1 miljoen werd voor driekwart gestort door leden van de familie Maduro, firmanten van de firma S.E.L. Maduro &amp; Sons. De overige f. 250.000 werd ingebracht door J.J. Alvares Correa, van het bedrijf Correa Hermanos &amp; Cia. Daarmee werd hij de grootste individuele aandeelhouder. Jojo Correa werd ook met de dagelijkse leiding van de nieuwe bank belast.   <\/p>\n\n\n\n<p class=\"wp-block-paragraph\">Vanaf haar oprichting was de Maduro\u2019s Bank betrokken bij de verschillende ontwikkelingen in de economie van Cura\u00e7ao. De bank zou gedurende haar bestaan leningen verschaffen aan entrepreneurs die bereid waren het risico te nemen om bedrijven op te richten die voor werkgelegenheid en welvaart op Cura\u00e7ao konden zorgen. <\/p>\n\n\n\n<p class=\"wp-block-paragraph\">De enorme groei die de Cura\u00e7aose economie doormaakte door de komst van het oliebedrijf was belangrijk voor de groei van de Maduro\u2019s Bank. Ze hadden onderhandeld dat een percentage van alle transacties van het oliebedrijf via hun bank zou verlopen. Werkgelegenheid bij de Shell bereikte in 1929 11.000 arbeidsplaatsen op een totale bevolking van 44.000 en de betaalrol van de raffinaderij steeg tot f. 24 miljoen, ruim vijf keer zoveel als de totale overheidsinkomsten van Cura\u00e7ao. Dit alles had een diepgaand effect op de economie van het eiland. De economische opleving van de jaren twintig had ertoe geleid dat op 1 juli 1927 nog een commerci\u00eble bank, de Curiel\u2019s Bank, haar deuren voor het publiek had geopend. De firma Morris E. Curiel &amp; Sons verrichtte reeds jarenlang financi\u00eble activiteiten, in het bijzonder wisseltransacties. Het was dus maar een kleine stap deze onder te brengen in een afzonderlijke instelling.      <br\/><br\/>Het kapitaal van de bank bedroeg f. 500.000. Van het oude handelshuis nam zij voor f. 1,7 miljoen aan deposito\u2019s over. Het ingelegde bedrag was eind 1929 al tot f. 3,7 miljoen gestegen.  <\/p>\n\n\n\n<p class=\"wp-block-paragraph\">Tussen 1931 en 1935 was er als gevolg van de economische wereldcrisis, een recessie in alle sectoren van onze economie: de olieraffinaderij ontsloeg 50% van zijn werknemers, invoer daalde tot 60% en de inkomsten van de overheid van Cura\u00e7ao verminderde met 20%. In Punda veranderden vele zaken van eigenaars, anderen sloten hun deuren of gingen bankroet. Leningen konden in de crisisjaren moeilijker worden opgevorderd. Om in deze moeilijke tijd financieel sterker te staan besloten de Maduro\u2019s Bank en de Curiel\u2019s Bank een fusie aan te gaan. Per 1 januari 1932 ontstond de nieuwe bank, de Maduro &amp; Curiel\u2019s Bank.    <br\/><br\/>In de Tweede Wereldoorlog werd de Cura\u00e7aose gulden losgekoppeld van de Nederlandse gulden. De Cura\u00e7aose gulden kreeg een onafhankelijke status. De Cura\u00e7aose Muntregeling van 1942 werd op 3 september 1943 van kracht verklaard. Vanaf die dag kon officieel worden gesproken van het Cura\u00e7aose muntstelsel.   <\/p>\n\n\n\n<p class=\"wp-block-paragraph\">In de oorlogsjaren liepen de kasgelden bij de Maduro &amp; Curiel\u2019s Bank op van f. 2.6 miljoen in 1940 tot f. 22,4 miljoen in 1944 omdat er toen geen of weinig aantrekkelijke investeringsmogelijkheden bestonden. Bij gebrek aan beleggingsmogelijkheden verlaagde de bank de rente voor haar cli\u00ebnten en deponeerde uiteindelijk meer dan 20 miljoen renteloos in de kluis van de Cura\u00e7aosche Bank. <\/p>\n\n\n\n<p class=\"wp-block-paragraph\">In de oorlogsjaren nam Venezuela een wet aan die voor de Cura\u00e7aose raffinaderij nadelig was. De Cura\u00e7aose raffinaderij mocht alleen nog maar Venezolaanse olie verwerken uit de bestaande concessies. Olie uit nieuwe wingebieden mocht niet meer op Cura\u00e7ao verwerkt worden. Shell was daardoor gedwongen een nieuwe raffinaderij op Paraguan\u00e1 in Venezuela te bouwen: \u201cEl Cardon\u201d. De raffinaderij op Cura\u00e7ao kon alleen nog maar gemoderniseerd worden, maar kon niet worden uitgebreid.    <\/p>\n\n\n\n<p class=\"wp-block-paragraph\">De raffinaderij begon met reorganiseren en automatiseren. Cura\u00e7ao begon een beleid toe te passen van \u201cdiversifi\u00ebring\u201d van de economie. Om minder afhankelijk te zijn van alleen de raffinaderij werd ingezet op hotelbouw en nieuwe industrie\u00ebn. De MCB-bank heeft hierin actief geparticipeerd met het verstrekken van leningen en startkapitaal voor ondernemers. Voorbeelden zijn: het Cura\u00e7ao Intercontinental Hotel aan de ingang van de haven in Punda, het Cura\u00e7ao Hilton en Flamboyant Beach Hotel, Country Inn, San Marco, Holiday Inn en Arthur Former te Parasasa, de Antilliaanse Verffabriek, de Amstel brouwerij, de Antilliaanse Luchtvaart Maatschappij, de Dok Maatschappij, de komst van Texas Instruments.    <br\/><br\/>De werkgelegenheid bij de raffinaderij bereikte in 1952 nog een hoogtepunt van 12.600 man. De gevolgen van de reorganisatie en automatisering werden duidelijk zichtbaar in de periode na 1957 toen het lokale personeelsbestand in het tijdsbestek van 10 jaren daalde van ruim 12.000 tot slechts 4.500 man waarbij de onderaannemers inbegrepen. De totale hoeveelheid inkomsten die de olie-industrie in omloop bracht, daalde overeenkomstig: f. 63,5 miljoen in 1955, dan weer omhoog naar 83 miljoen in 1957 en daarna een jaarlijkse achteruitgang naar minder dan f. 58 miljoen in 1968.  <\/p>\n\n\n\n<p class=\"wp-block-paragraph\">Bij de onlusten van 30 mei 1969 was de MCB-bank niet direct doelwit van de plunderingen geweest. Daags na de revolte van mei 1969 nam Cedric Ritchie, Chief General Manager van de Bank of Nova Scotia (BNS), contact op met het management van de MCB en bood volledige steun aan in het geval de MCB problemen zou ondervinden als gevolg van de revolte. De geste legde de fundering voor een op wederzijds vertrouwen gebaseerde samenwerking. Zestien maanden later, in oktober 1970, werd een associatie gesloten met de Bank of Nova Scotia uit Canada. Tegelijkertijd werd ook een samenwerking aangegaan met de Bank Mees &amp; Hope uit Nederland, waarbij de aandelenverhouding als volgt werd verdeeld: 30% van de aandelen kwam in handen van de Nova Scotia Bank en 10% kwam toe aan Bank Mees &amp; Hope, 60% bleef in eigendom van de originele aandeelhouders. De MCB transformeerde in een hypermoderne internationaal geori\u00ebnteerde bank met vele innoverende producten en diensten. Tegelijkertijd werd het lokale karakter van de bank juist versterkt. MCB werd een \u201cBanko Amigu\u201d, een bank voor iedereen met veel persoonlijke aandacht.       <\/p>\n\n\n\n<p class=\"wp-block-paragraph\">In 1975 werden de aandelen van de Bank Mees &amp; Hope weer terug gekocht nadat Mees &amp; Hope overgenomen was door een concurrerende Nederlandse bank. De 10% teruggekochte aandelen werden verdeeld onder de bestaande aandeelhouders op zo\u2019n manier dat de verhouding als volgt werd vastgesteld: 51% voor de originele aandeelhouders en 49% voor BNS. Sinds 1975 is het management in handen van drie directeuren, waarvan \u00e9\u00e9n door BNS wordt benoemd.  <\/p>\n\n\n\n<p class=\"wp-block-paragraph\">Niet alleen de MCB onderging sinds 1970 een metamorfose, de gehele financi\u00eble sector op Cura\u00e7ao veranderde vanaf het eind van de jaren zestig van een klein, voornamelijk lokaal opererende sector naar een internationale geori\u00ebnteerde branche waarin buitenlandse banken een steeds grotere rol speelden. Vooral de internationaal opererende offshore sector deed het goed en genereerde enorme belastingopbrengsten voor het land. Tussen 1970 en 1995 bracht die sector zo\u2019n 4,5 miljard gulden aan belastingrevenuen op. De MCB participeerde in deze sector met de MCB Trust Company en met AMACO NV.   <\/p>\n\n\n\n<p class=\"wp-block-paragraph\">Ook de MCB investeerde in de toeristenindustrie in de jaren zeventig en tachtig. Al in het vorige decennium had de MCB een belangrijk aandeel gehad in de komst van het Hazeleger hotel en het Hilton project. In de twee decennia die hierop volgden initieerde de MCB twee grote nieuwe projecten in het Hilton-gebied. De bouw van het International Trade Center (ITC) in 1984 en de bouw van een kwaliteitshotel direct naast het Hilton hotel en tegenover het ITC: het Sonesta hotel, waarvan de eerste plannen in 1989 werden gepresenteerd. In 1992 werd het project voltooid. Het hotel zou in 1999 overgaan naar de Marriott keten.     <\/p>\n\n\n\n<p class=\"wp-block-paragraph\">Rond de eeuwwisseling werd de economie van Cura\u00e7ao drastisch gesaneerd. Door oplopende overheidstekorten was de Antilliaanse regering genoodzaakt de hulp van het Internationaal Monetair Fonds (IMF) in te roepen en zette een strikt liberaal saneringsbeleid in. Daardoor kromp de economie. Bedrijven als de Antilliaanse Luchtvaart Maatschappij moesten sluiten, een groot deel van het ambtenarenapparaat werd verkleind. Het veroorzaakte een emigratiestroom naar vooral Nederland. Het bevolkingsaantal nam af. Na het staatkundig referendum van 2005 werd een nieuw traject ingeslagen dat leidde tot de vorming van het Land Cura\u00e7ao en sanering van de overheidsschuld. Voor de MCB betekende dit in principe dat er in plaats van te beleggen in overheidsobligaties nu ruimte kwam om in nieuwe projecten te investeren. Hopelijk voor Cura\u00e7ao dient zich weer een megaproject aan, zoals 100 jaar geleden, misschien weer op het zelfde terrein aan het Schottegat?        <\/p>\n\n\n\n<p class=\"wp-block-paragraph\"><em>Deze tekst mag alleen worden overgenomen met vermelding van de bron: Nationaal Archief Curacao<\/em><\/p>\n\n\n\n<h3 class=\"wp-block-heading\">Foto&#8217;s<\/h3>\n\n\n<style>.wp-block-kadence-advancedgallery .kb-gallery-type-grid.kb-gallery-id-25_7e6123-c1{margin:-5px;}.kb-gallery-type-grid.kb-gallery-id-25_7e6123-c1 .kadence-blocks-gallery-item{padding:5px;}.kb-gallery-id-25_7e6123-c1 .kadence-blocks-gallery-item .kb-gal-image-radius, .kb-gallery-id-25_7e6123-c1 .kb-slide-item .kb-gal-image-radius img{border-radius:0px 0px 0px 0px;;}<\/style><div class=\"kb-gallery-wrap-id-25_7e6123-c1 alignnone wp-block-kadence-advancedgallery\"><ul class=\"kb-gallery-ul kb-gallery-non-static kb-gallery-type-grid kb-gallery-id-25_7e6123-c1 kb-gallery-caption-style-bottom-hover kb-gallery-filter-none kb-gallery-magnific-init\" data-image-filter=\"none\" data-item-selector=\".kadence-blocks-gallery-item\" data-lightbox-caption=\"true\" data-columns-xxl=\"5\" data-columns-xl=\"5\" data-columns-md=\"5\" data-columns-sm=\"4\" data-columns-xs=\"4\" data-columns-ss=\"3\"><li class=\"kadence-blocks-gallery-item\"><div class=\"kadence-blocks-gallery-item-inner\"><figure class=\"kb-gallery-figure kb-gallery-item-has-link kadence-blocks-gallery-item-hide-caption\"><a href=\"https:\/\/nationaalarchief.cw\/wp-content\/uploads\/2025\/10\/large_balie_eerste_bank_1_58c0e649510a9.jpg\" class=\"kb-gallery-item-link\"   role=\"button\" aria-haspopup=\"dialog\"><div class=\"kb-gal-image-radius\"><div class=\"kb-gallery-image-contain kadence-blocks-gallery-intrinsic kb-gallery-image-ratio-land32 kb-has-image-ratio-land32\" ><img loading=\"lazy\" decoding=\"async\" src=\"https:\/\/nationaalarchief.cw\/wp-content\/uploads\/2025\/10\/large_balie_eerste_bank_1_58c0e649510a9-1024x679.jpg\" width=\"1024\" height=\"679\" alt=\"\" data-full-image=\"https:\/\/nationaalarchief.cw\/wp-content\/uploads\/2025\/10\/large_balie_eerste_bank_1_58c0e649510a9.jpg\" data-light-image=\"https:\/\/nationaalarchief.cw\/wp-content\/uploads\/2025\/10\/large_balie_eerste_bank_1_58c0e649510a9.jpg\" data-id=\"1325\" class=\"wp-image-1325\" srcset=\"https:\/\/nationaalarchief.cw\/wp-content\/uploads\/2025\/10\/large_balie_eerste_bank_1_58c0e649510a9-1024x679.jpg 1024w, https:\/\/nationaalarchief.cw\/wp-content\/uploads\/2025\/10\/large_balie_eerste_bank_1_58c0e649510a9-300x199.jpg 300w, https:\/\/nationaalarchief.cw\/wp-content\/uploads\/2025\/10\/large_balie_eerste_bank_1_58c0e649510a9-768x509.jpg 768w, https:\/\/nationaalarchief.cw\/wp-content\/uploads\/2025\/10\/large_balie_eerste_bank_1_58c0e649510a9.jpg 1200w\" sizes=\"auto, (max-width: 1024px) 100vw, 1024px\" \/><\/div><\/div><\/a><\/figure><\/div><\/li><li class=\"kadence-blocks-gallery-item\"><div class=\"kadence-blocks-gallery-item-inner\"><figure class=\"kb-gallery-figure kb-gallery-item-has-link kadence-blocks-gallery-item-hide-caption\"><a href=\"https:\/\/nationaalarchief.cw\/wp-content\/uploads\/2025\/10\/large_morris_curiel_1_58c0e64ab6bf8.jpg\" class=\"kb-gallery-item-link\"   role=\"button\" aria-haspopup=\"dialog\"><div class=\"kb-gal-image-radius\"><div class=\"kb-gallery-image-contain kadence-blocks-gallery-intrinsic kb-gallery-image-ratio-land32 kb-has-image-ratio-land32\" ><img loading=\"lazy\" decoding=\"async\" src=\"https:\/\/nationaalarchief.cw\/wp-content\/uploads\/2025\/10\/large_morris_curiel_1_58c0e64ab6bf8-1024x679.jpg\" width=\"1024\" height=\"679\" alt=\"\" data-full-image=\"https:\/\/nationaalarchief.cw\/wp-content\/uploads\/2025\/10\/large_morris_curiel_1_58c0e64ab6bf8.jpg\" data-light-image=\"https:\/\/nationaalarchief.cw\/wp-content\/uploads\/2025\/10\/large_morris_curiel_1_58c0e64ab6bf8.jpg\" data-id=\"1327\" class=\"wp-image-1327\" srcset=\"https:\/\/nationaalarchief.cw\/wp-content\/uploads\/2025\/10\/large_morris_curiel_1_58c0e64ab6bf8-1024x679.jpg 1024w, https:\/\/nationaalarchief.cw\/wp-content\/uploads\/2025\/10\/large_morris_curiel_1_58c0e64ab6bf8-300x199.jpg 300w, https:\/\/nationaalarchief.cw\/wp-content\/uploads\/2025\/10\/large_morris_curiel_1_58c0e64ab6bf8-768x509.jpg 768w, https:\/\/nationaalarchief.cw\/wp-content\/uploads\/2025\/10\/large_morris_curiel_1_58c0e64ab6bf8.jpg 1200w\" sizes=\"auto, (max-width: 1024px) 100vw, 1024px\" \/><\/div><\/div><\/a><\/figure><\/div><\/li><li class=\"kadence-blocks-gallery-item\"><div class=\"kadence-blocks-gallery-item-inner\"><figure class=\"kb-gallery-figure kb-gallery-item-has-link kadence-blocks-gallery-item-hide-caption\"><a href=\"https:\/\/nationaalarchief.cw\/wp-content\/uploads\/2025\/10\/large_shon_jojo_58c0e64be0ea8.jpg\" class=\"kb-gallery-item-link\"   role=\"button\" aria-haspopup=\"dialog\"><div class=\"kb-gal-image-radius\"><div class=\"kb-gallery-image-contain kadence-blocks-gallery-intrinsic kb-gallery-image-ratio-land32 kb-has-image-ratio-land32\" ><img loading=\"lazy\" decoding=\"async\" src=\"https:\/\/nationaalarchief.cw\/wp-content\/uploads\/2025\/10\/large_shon_jojo_58c0e64be0ea8-1024x679.jpg\" width=\"1024\" height=\"679\" alt=\"\" data-full-image=\"https:\/\/nationaalarchief.cw\/wp-content\/uploads\/2025\/10\/large_shon_jojo_58c0e64be0ea8.jpg\" data-light-image=\"https:\/\/nationaalarchief.cw\/wp-content\/uploads\/2025\/10\/large_shon_jojo_58c0e64be0ea8.jpg\" data-id=\"1329\" class=\"wp-image-1329\" srcset=\"https:\/\/nationaalarchief.cw\/wp-content\/uploads\/2025\/10\/large_shon_jojo_58c0e64be0ea8-1024x679.jpg 1024w, https:\/\/nationaalarchief.cw\/wp-content\/uploads\/2025\/10\/large_shon_jojo_58c0e64be0ea8-300x199.jpg 300w, https:\/\/nationaalarchief.cw\/wp-content\/uploads\/2025\/10\/large_shon_jojo_58c0e64be0ea8-768x509.jpg 768w, https:\/\/nationaalarchief.cw\/wp-content\/uploads\/2025\/10\/large_shon_jojo_58c0e64be0ea8.jpg 1200w\" sizes=\"auto, (max-width: 1024px) 100vw, 1024px\" \/><\/div><\/div><\/a><\/figure><\/div><\/li><li class=\"kadence-blocks-gallery-item\"><div class=\"kadence-blocks-gallery-item-inner\"><figure class=\"kb-gallery-figure kb-gallery-item-has-link kadence-blocks-gallery-item-hide-caption\"><a href=\"https:\/\/nationaalarchief.cw\/wp-content\/uploads\/2025\/10\/large_potret_jojo_corea_58c0e64850d94.jpg\" class=\"kb-gallery-item-link\"   role=\"button\" aria-haspopup=\"dialog\"><div class=\"kb-gal-image-radius\"><div class=\"kb-gallery-image-contain kadence-blocks-gallery-intrinsic kb-gallery-image-ratio-land32 kb-has-image-ratio-land32\" ><img loading=\"lazy\" decoding=\"async\" src=\"https:\/\/nationaalarchief.cw\/wp-content\/uploads\/2025\/10\/large_potret_jojo_corea_58c0e64850d94-1024x679.jpg\" width=\"1024\" height=\"679\" alt=\"\" data-full-image=\"https:\/\/nationaalarchief.cw\/wp-content\/uploads\/2025\/10\/large_potret_jojo_corea_58c0e64850d94.jpg\" data-light-image=\"https:\/\/nationaalarchief.cw\/wp-content\/uploads\/2025\/10\/large_potret_jojo_corea_58c0e64850d94.jpg\" data-id=\"1331\" class=\"wp-image-1331\" srcset=\"https:\/\/nationaalarchief.cw\/wp-content\/uploads\/2025\/10\/large_potret_jojo_corea_58c0e64850d94-1024x679.jpg 1024w, https:\/\/nationaalarchief.cw\/wp-content\/uploads\/2025\/10\/large_potret_jojo_corea_58c0e64850d94-300x199.jpg 300w, https:\/\/nationaalarchief.cw\/wp-content\/uploads\/2025\/10\/large_potret_jojo_corea_58c0e64850d94-768x509.jpg 768w, https:\/\/nationaalarchief.cw\/wp-content\/uploads\/2025\/10\/large_potret_jojo_corea_58c0e64850d94.jpg 1200w\" sizes=\"auto, (max-width: 1024px) 100vw, 1024px\" \/><\/div><\/div><\/a><\/figure><\/div><\/li><\/ul><\/div><\/div><\/div>\n\n\n\n<div class=\"wp-block-kadence-tab kt-tab-inner-content kt-inner-tab-8 kt-inner-tabe298df-96\"><div class=\"kt-tab-inner-content-inner\"><style>.wp-block-kadence-advancedheading.kt-adv-heading25_e7e4b2-d5, .wp-block-kadence-advancedheading.kt-adv-heading25_e7e4b2-d5[data-kb-block=\"kb-adv-heading25_e7e4b2-d5\"]{margin-top:0px;margin-bottom:var(--global-kb-spacing-lg, 3rem);font-style:normal;}.wp-block-kadence-advancedheading.kt-adv-heading25_e7e4b2-d5 mark.kt-highlight, .wp-block-kadence-advancedheading.kt-adv-heading25_e7e4b2-d5[data-kb-block=\"kb-adv-heading25_e7e4b2-d5\"] mark.kt-highlight{font-style:normal;color:#f76a0c;-webkit-box-decoration-break:clone;box-decoration-break:clone;padding-top:0px;padding-right:0px;padding-bottom:0px;padding-left:0px;}.wp-block-kadence-advancedheading.kt-adv-heading25_e7e4b2-d5 img.kb-inline-image, .wp-block-kadence-advancedheading.kt-adv-heading25_e7e4b2-d5[data-kb-block=\"kb-adv-heading25_e7e4b2-d5\"] img.kb-inline-image{width:150px;vertical-align:baseline;}<\/style>\n<h2 class=\"kt-adv-heading25_e7e4b2-d5 wp-block-kadence-advancedheading\" data-kb-block=\"kb-adv-heading25_e7e4b2-d5\">George Maduro, verzetsheld van Curacao<\/h2>\n\n\n<style>.kb-image25_b1d086-1d .kb-image-has-overlay:after{opacity:0.3;}<\/style>\n<figure class=\"wp-block-kadence-image kb-image25_b1d086-1d size-large\"><img loading=\"lazy\" decoding=\"async\" width=\"736\" height=\"1024\" src=\"https:\/\/nationaalarchief.cw\/wp-content\/uploads\/2025\/10\/format_george_maduro_2_large_58c0ea371aaf3-736x1024.jpg\" alt=\"\" class=\"kb-img wp-image-1334\" srcset=\"https:\/\/nationaalarchief.cw\/wp-content\/uploads\/2025\/10\/format_george_maduro_2_large_58c0ea371aaf3-736x1024.jpg 736w, https:\/\/nationaalarchief.cw\/wp-content\/uploads\/2025\/10\/format_george_maduro_2_large_58c0ea371aaf3-216x300.jpg 216w, https:\/\/nationaalarchief.cw\/wp-content\/uploads\/2025\/10\/format_george_maduro_2_large_58c0ea371aaf3-768x1069.jpg 768w, https:\/\/nationaalarchief.cw\/wp-content\/uploads\/2025\/10\/format_george_maduro_2_large_58c0ea371aaf3.jpg 794w\" sizes=\"auto, (max-width: 736px) 100vw, 736px\" \/><\/figure>\n\n\n\n<h2 class=\"wp-block-heading\">George John Lionel Maduro<\/h2>\n\n\n\n<p class=\"wp-block-paragraph\">George werd geboren op 15 juli 1916 op Cura\u00e7ao. Zijn vader Josua Maduro (1891-1964) en zijn moeder Rebecca Deborah \u201cBeca\u201d Maduro (1895-1992) waren neef en nicht en kwamen uit de welgestelde familie Levy Maduro. Hun opa was de beroemde oprichter van de firma S.E.L. Maduro &amp; Sons, Salomon Elias Levy Maduro (1814-1893). George was als mannelijke erfopvolger van de 4e generatie, voorbestemd om als directeur van dit Cura\u00e7aos Sephardische handelshuis op te treden. Zijn opvoeding stond in het teken hiervan en al op zijn 10e werd hij door zijn ouders naar een Nederland gestuurd, waar hij anderhalf jaar basisschool, Lyceum en daarna het Gymnasium volgde.    <\/p>\n\n\n\n<h3 class=\"wp-block-heading\"><br\/>Studie<\/h3>\n\n\n\n<p class=\"wp-block-paragraph\">Op zijn 18e werd George ingeschreven bij de Universiteit van Leiden als rechtenstudent. Dat was in het jaar 1934. George woonde eerst aan het Noordeinde 52 in Leiden, later met een aantal mede-studenten aan het adres Stille Rijn 11 in Leiden.  <br\/><br\/>George kreeg niet de kans zijn opleiding te voltooien, hij was geen mr. in de rechten toen hij in concentratiekamp Dachau stierf. Zijn studietijd werd vaak onderbroken door zijn militaire dienstplicht die daar dwars doorheen liep. Een van de vrienden die George bij de Cavalerie ontmoette was Oncko van Wttewaal van Stoetwegen, met wie hij later in verzet zou gaan. De dienstplicht duurde twee jaar en werd vervuld in drie periodes: een eerste periode van twaalf maanden en dan twee periodes van zes maanden, met daartussen groot verlof. Al met al is hij tussen 1936-1939 met zijn dienstplicht bezig. Reden waarom hij nog niet was afgestudeerd toen de oorlog uitbrak en hij werd opgeroepen bij de mobilisatie van het Nederlandse leger.     <\/p>\n\n\n\n<h3 class=\"wp-block-heading\"><br\/>Dienstplicht<\/h3>\n\n\n\n<p class=\"wp-block-paragraph\">De eerste periode van George\u2019s dienstplicht \u2013 de periode van twaalf maanden &#8211; liep van 5 oktober 1936 tot en met 3 oktober 1937. Hij werd ingelijfd bij de Koninklijke Landmacht Regiment Huzaren als gewoon dienstplichtige van de lichting 1936 uit de gemeente Leiden. Op 3 okt 1937 kreeg hij de rang van Wachtmeester. Vervolgens werd hij in de eerste vervolgperiode van zes maanden opgeroepen op 1 januari 1938 \u2013 4 juli 1938. Na die periode had hij de rang van Kornet. Op 4 augustus 1938 ging hij op vakantie naar de Verenigde Staten, waar zijn ouders tijdelijk woonden. Na de zomer van 1938 hebben zijn ouders hem niet meer in leven gezien. In januari 1939 werd het leger gereorganiseerd en werd hij ingedeeld bij het 4e Regiment Huzaren. Van 2 januari 1939 &#8211; 4 juli 1939 werd hij voor zijn laatste zes maanden opgeroepen. Zijn tante Ita, oom Henry (da Costa Gomez) en zijn nichtjes Lenny en Ena kwamen daarna nog een laatste keer naar Nederland en gingen samen met George naar Parijs.         <br\/><br\/>Op 28 augustus 1939 mobiliseerde Nederland zijn leger. George melde zich op 29 augustus 1939 en werd aangesteld als reserve-tweede luitenant bij het 4e Regiment Huzaren. (KB 21 november 1939, no. 30). Ook zijn vriend Oncko werd opgeroepen.   <\/p>\n\n\n\n<h3 class=\"wp-block-heading\"><br\/>Oorlog &#8211; Universiteit van Leiden: haard van verzet<\/h3>\n\n\n\n<p class=\"wp-block-paragraph\">Aan de Leidse universiteit doceerde Prof Eduard Meijers \u2013 een van de meest aanzienlijke rechtsgeleerden uit Nederland. In november 1940 werd hij door de Duitse bezetter gedwongen ontslag te nemen omdat hij Joods was. Meijers&#8217; oud-promovendus Rudolph Cleveringa hield op 26 november 1940 zijn beroemde protestrede hiertegen. De Leidse studenten kopieerden deze rede en verspreiden het naar alle Nederlandse Universiteiten. Cleveringa werd gearresteerd. De Leidse studenten, waaronder ook Eric Hazelhoff Roelfzema (\u201cSoldaat van Oranje\u201d), hielden een proteststaking. De Duitse bezetter \u201contsloeg\u201d daarop alle Leidse studenten en sloot de Leidse Universiteit. Erik Hazelhoff Roelfzema schreef in februari 1941 in zijn eentje het zogeheten &#8216;Leids manifest&#8217;, waarin de Leidse studenten zich tegen de \u201cnumerus clausus&#8221; keerden waarmee de Duitsers joodse studenten van de universiteiten wilden weren.       <br\/><br\/>Erik Hazelhoff Roelfzema vluchtte in juni 1941 naar Engeland. Voordat hij vertrok nam hij contact op met George Maduro om hem te vragen met hem mee naar Engeland te vluchten. George gaf op dat moment aan in Nederland te zullen blijven. Volgens Roelfzema omdat \u201c<em>zijn verloofde een trekpleister met grote kracht was<\/em>\u201d.   <\/p>\n\n\n\n<h3 class=\"wp-block-heading\"><br\/>Willemsorde<\/h3>\n\n\n\n<p class=\"wp-block-paragraph\">Het Duitse aanvalsplan om Nederland te bezetten Operatie \u201cFAL GELB\u201d was erop gericht zo snel mogelijk Den Haag binnen te vallen met luchtlandingstroepen, de regering en koningin in gijzeling te nemen en daarmee de capitulatie af te dwingen. De bedoeling was dat de strijd niet langer dan \u00e9\u00e9n dag zou duren. De slag om Den Haag mislukte echter voor de Duitsers. De vliegvelden rond Den Haag, Ypenburg, Ockenburg en Valkenburg werden weliswaar ingenomen, maar de Nederlandse stijdkrachten konden ze terug veroveren. Bij de landing werden Duitse vliegtuigen in groten getale uitgeschakeld. Ca. 1.400 Duitse soldaten werden krijgsgevangen genomen. Het doel van de operatie werd zo bekend en de Koningin en Regering werden in allerijl naar Engeland overgebracht.      <br\/><br\/>In deze \u201cslag om Den Haag\u201d speelde George een heldenrol, waarvoor hij na de oorlog postuum de Militaire Willemsorde heeft gekregen.<br\/><br\/>In de nacht van 9 op 10 mei werden Duitse parachutisten gedropt om alvast strategische posities in te nemen: een daarvan was Villa Dorrepaal, vanwege het bruggetje over de Vliet die toegang geeft naar Den Haag. Elf Duitse parachutisten werden in de nacht van 9 op 10 mei in nabije omgeving van deze villa gedropt. Zeven verschansten zich in de villa en hielden de tolbrug onder vuur, vier parachutisten bevonden zich buiten de villa. George kreeg bevel erop af te gaan, hij gaf de situatie door en werd gevraagd of de villa in te nemen was. George gaf aan dat dat wel te doen was. Hij had veertien man tot zijn beschikking (vijftien met hemzelf, ze hadden slechts \u00e9\u00e9n lichte mitrailleur bij zich). George stelde de miltrailleur op verschillende posities op en liet van verschillende hoeken op de villa schieten, om de vijand het idee te geven dat ze met zwaar geschut waren ingesloten. Hij liet dekkingsvuur openen en bij het vijfde schot rende hij als eerste de brug over, op dat moment werd nog uit de villa geschoten. Hoe dichter hij bij de villa kwam hoe minder er geschoten werd. In de villa aangekomen bleek dat de Duitsers zich in de kelder schuil hielden en gaven aan zich niet over te geven. Ze losten een schot naar boven. Er werd teruggeschoten, door een sergeant uit George groep, \u00e9\u00e9n Duitser raakte gewond waarna ze zich over gaven.           <\/p>\n\n\n\n<h3 class=\"wp-block-heading\"><br\/>Verzet<\/h3>\n\n\n\n<p class=\"wp-block-paragraph\">Nederland capituleerde na het bombardement op Rotterdam. Beroepsmilitairen moesten de \u201cVerklaring op Erewoord\u201d tekenen. De meeste deden dat, de negenenzestig (69) die dat niet deden werden onmiddellijk naar een krijgsgevangenkamp afgevoerd. Dienstplichtigen en reserve personeel, zoals George, moesten zich laten registreren, met als doel later toch als krijgsgevangene te worden afgevoerd. George weigerde te tekenen. Hij werd in augustus 1940 twee weken in hechtenis genomen (Scheveningen \u2013 &#8220;Hotel Oranje&#8221;) vanwege een incident in de meidagen van 1940, waarbij een van de militairen uit zijn groep betrokken was bij een schietincident toen de groep een erop uit gestuurd was om een spion op te pakken. De Duitsers wilden de naam van de schutter uit George&#8217;s groep weten. George weigerde namen te noemen. Hij sloot zich aan bij het verzet, Leidse groep, kreeg valse identiteitspapieren en deed verzetswerk.        <\/p>\n\n\n\n<h3 class=\"wp-block-heading\"><br\/>Onderduiken<\/h3>\n\n\n\n<p class=\"wp-block-paragraph\">Toen Erik Hazelhoff Roelfzema in juni 1941 naar Engeland vluchtte en contact opnam met George om hem te vragen mee te gaan, wees hij dit af. Hij gaf aan in een brief aan zijn ouders dat hij geen plannen had om te vluchten. Zijn vader zegt daarover in een van de correspondentiestukken: <em>\u201cZijn verloofde was een trekpleister met grote kracht\u201d<\/em>  <\/p>\n\n\n\n<h3 class=\"wp-block-heading\"><br\/>Wie was zijn vriendin?<\/h3>\n\n\n\n<p class=\"wp-block-paragraph\">Hedda Ingrid de Haseth M\u00f6ller (21-2-1919)<\/p>\n\n\n\n<p class=\"wp-block-paragraph\">George zat ondergedoken in Den Haag op verschillende adressen. Maar waar hij de meeste tijd doorbracht was bij Christine Wilhelmine Isabelle Wttewaall van Stoetwegen, de zus van zijn vriend Oncko. Zij woonde op de Statenlaan in Den Haag.  <br\/><br\/>Christine Wilhelmine Isabelle Wttewaall van Stoetwegen is zeer bekend: direct na de oorlog werd ze lid van de Tweede Kamer, had zitting in de parlementaire enqu\u00eate commissie over de Nederlandse regering in ballingschap. Fractieleider van de CHU. Stond bekend als de freule, de rode freule (vanwege haar stemgedrag) of de oranje freule (ze had goede banden met het Koningshuis, was bevriend met Juliana). George noemde haar &#8220;Bob&#8221;.   <\/p>\n\n\n\n<p class=\"wp-block-paragraph\">Na de dood van George heeft ze gecorrespondeerd met de ouders van George (1945-1946). Die correspondentiestukken zijn na haar dood (1987) in het bezit gekomen van haar executeur-testamentair (Jonkheer Reneke Alexander van Swinderen, haar oom \u2013 broer van haar moeder). Zijn dochter, Henriette van Swinderen, heeft de stukken gevonden en overgedragen aan mw. Marjori Da Costa Gomez-Brandao in 2001. Daarna zijn ze beland in de Mongui Maduro Bibliotheek op Cura\u00e7ao.    <\/p>\n\n\n\n<p class=\"wp-block-paragraph\">Christine Wttewaal van Stoetwegen zegt over George&#8217; vriendin <em>\u201cIk vond het wel een aardig meisje toen maar allerminst een vrouw voor George. Ze maakte geen verliefde indruk en er waren voortdurend haken en oogen\u201d.<\/em><br\/><br\/>De vriendschap werd be\u00ebindigd toen George zijn tweede gevangenschap doormaakte in Scheveningen (eind juni 1941 \u2013 19 december 1941). Op de dag dat hij vrij kwam is Hedda getrouwd met . J.H.D. van der Kwast, directeur-generaal bij het ministerie van Economische Zaken, later algemeen directeur van de Koninklijke Jaarbeurs.  <\/p>\n\n\n\n<p class=\"wp-block-paragraph\"><br\/><strong>Onderduikadressen in Den Haag:<\/strong><br\/>George had verschillende onderduikadressen, o.a. Statenlaan 95, Wassenaarseweg 98, Frederik Hendriklaan 111, Wassenaarseweg en Laan van Meerdervoort. Hij verbleef ook bij adressen van vrienden en het adres in Leiden. <\/p>\n\n\n\n<h3 class=\"wp-block-heading\"><br\/>Hoe kwam hij aan geld?<\/h3>\n\n\n\n<p class=\"wp-block-paragraph\">Eerst via een accountant van zijn ouders, later in de oorlog was dat niet meer mogelijk. Hij leende wat bij \u201cBob\u201d en heeft op een gegeven moment via speculatie verdiend. Dat ging via een vriend van Oncko. Oncko woonde op de Laan van Meerdervoort 52, Den Haag. Maar zat ondergedoken in Amsterdam bij de firma Numan en Hansen, een makelaar in effecten. Oncko kende Jan van Boetzelaar, zoon van de firmant van deze firma goed. George leende 4.000 gulden bij hem, kocht een aandeel Koninklijke Olie, die door mw. Anna van Vredenburgh naar Belgi\u00eb mee werd genomen en daar verkocht. George kreeg toen 68.000 francs in handen. (1 franc was 8 cent \u2013 winst = 1.440 gulden) (N.B.: ook Jan van Boetzelaar is omgekomen in Duitse gevangenschap).         <br\/><br\/>Met de winst op zijn aandeel Shell heeft hij o.a. zijn vlucht naar Belgi\u00eb (route naar Engeland) betaald in 1943.<\/p>\n\n\n\n<h3 class=\"wp-block-heading\"><br\/>Hoe zag onderduikleven eruit?<\/h3>\n\n\n\n<p class=\"wp-block-paragraph\">Hij begaf zich wel op straat, kwam ook in de trein. Hij had valse identiteitspapieren. Als hij bijvoorbeeld met \u201coom Bob\u201d in de trein reisde, zorgden ze dat ze niet bij elkaar zaten, maar elkaar wel in de gaten konden houden. Ze konden elkaar waarschuwen als ze controles zagen. Hij had geen sleutel bij zich van de Statenlaan, hoewel hij daar het meest zat bij \u201coom Bob\u201d (mocht nooit met sleutel op zich gevonden worden). Als hij op onderduikadres aankwam en er was niemand dan melde hij zich bij de buren (een gepensioneerd militair \u2013 overste Weyerman, met echtgenote, een echtpaar op leeftijd).     <\/p>\n\n\n\n<h3 class=\"wp-block-heading\"><br\/>Verzetswerk<\/h3>\n\n\n\n<p class=\"wp-block-paragraph\">Van hem zijn toch verzetsdaden bekend geworden \u2013 die zijn bekend geworden via een Amerikaanse luitenant, piloot van een B17 bommenwerper (\u201cFlying Fortress\u201d) die hij in Brussel ontmoette, op zijn vluchtpoging naar Engeland. Deze Lt. Rothery Mc Keegan vertelde dat toen hij samen met George en Oncko zat te kaarten \u201cBridge\u201d dat hij als verzetsman samen met Oncko, s nachts wapens uit Duitse barakken stal voor de ondergrondse organisatie en hij voerde spionageactiviteiten uit, m.n. het verzamelen van inlichtingen over mogelijke doelen, waarmee de RAF deze kon bombarderen.  <\/p>\n\n\n\n<h3 class=\"wp-block-heading\"><br\/>Vlucht naar Engeland mislukt<\/h3>\n\n\n\n<p class=\"wp-block-paragraph\">Oncko en George vluchtten afzonderlijk naar Belgi\u00eb. Oncko eerst, ze ontmoeten elkaar in Antwerpen op een afgesproken plaats. Vlak voor George vertrok bezocht hij nog Dr. H.M. Alvares Correa in Amsterdam en deelde hem mee dat hij van plan was om de route van Ernest Cohen Henriques te volgen, die via Spanje naar Cura\u00e7ao was gevlucht. (met als doel zijn ouders te informeren) \u2013 Cohen Henriquez kwam in november aan op Cura\u00e7ao.   <br\/><br\/>Op 2 juni 1943 gaat Oncko naar Belgi\u00eb. Oncko zat al een week ondergedoken bij mw. Lies van Altena, een contact die hij via de ondergrondse relaties had gekregen. Verschillende lijnen werden besproken. Uiteindelijk bood een lijn zich aan via dhr. Wolters, directeur van de firma Sinfina uit Brussel. Oncko en George moesten hun eigen naam opgeven, wat ze gedaan hadden, en hun contacten in Engeland. Dit werd via een geheime zender getest. Ondertussen hadden ze een andere route ontdekt waar alleen vliegers over heen gingen. (Later bleek dit dezelfde lijn te zijn).         <br\/><br\/>De gene die deze route leidde was \u201cthe Chief\u201d, Oncko en George noemden hem \u201cde Turk\u201d (vanwege zijn Zuid Europees uiterlijk). Eerst werden ze opgehaald om naar een huis gebracht te worden in Brussel waar ze door de Chief opgehaald zouden worden voor vertrek. In het huis in Brussel kwamen ze twee Engelssprekenden tegen, Lt. Mc Keegan (eerder genoemd) en Lt. Jones die zeiden dat s \u2019ochtends een transport met vliegers was vertrokken en dat zij te veel waren en over waren gebleven. Ze wachten op het volgende transport. Dat duurde enkele dagen.      <br\/><br\/>De zaterdag daarop werden ze door de Chief in gedeelten naar de trein gebracht, waar ze besproken plaatsen hadden. Oncko en George gingen echter na een poosje in de gang staan  <em>\u201cdaar de zenuwspanning haast te groot was\u201d. Negen mensen die geen Frans spraken op vijandelijk gebied\u201d <\/em>. Verschillende mensen viel dat op. George rookte de ene sigaret na de andere. In Charleville (N-Frankrijk, net over de grens) moesten ze overstappen op de trein naar Parijs. Daar moesten ze een uur op de aansluiting naar Parijs wachten. De begeleider zei dat ze het station zouden uitgaan om te eten. Ze zouden dan door een andere \u201cpasseur\u201d worden begeleid. Die bracht hen naar een leeg huis. Hier werden ze op de tweede etage overvallen door de S.D. met tommy guns. Het was zaterdagmidag half drie.        <\/p>\n\n\n\n<p class=\"wp-block-paragraph\">Op dinsdag werden George en Oncko naar Saarbr\u00fccken gebracht. (aldus het verslag van Oncko in juni 1945 als hij net terug komt uit concentratiekamp Sachsenhausen). <\/p>\n\n\n\n<p class=\"wp-block-paragraph\">Toen hij werd weggeleid door de Gestapo gaf George zijn gouden ring aan Lt. Mc Keegan, hij dacht namelijk dat hij gelijk ge\u00ebxecuteerd zou worden. Mc Keegan nam later ook contact op met de ouders van George en gaf een gelijkluidend relaas.  <\/p>\n\n\n\n<h3 class=\"wp-block-heading\"><br\/>Saarbr\u00fccken<\/h3>\n\n\n\n<p class=\"wp-block-paragraph\">Oncko en George zaten 46 weken met elkaar in Saarbr\u00fccken gevangen (\u201csonderform, einselhaft, ohne begunstigung\u201d, met het plakaat \u201chalsmisdadigers\u201dop de celdeur). Dat hield in: speciale bewaking, apart wandelen, niet naar de kerk, niet scheren zonder bewaking. Oncko en George zaten zes cellen van elkaar af en de gevangenisautoriteiten hadden opdracht om de twee streng gescheiden te houden. Niet gezamenlijk baden, wandelen etc. Oncko moest langs zijn cel lopen om naar buiten te komen. George had echter een potlood gekregen \/ geregeld en schreef op een papiertje wat Oncko moest zeggen bij verhoor. Op maandag 21 oktober werden ze voor het eerst verhoord. Toevalligerwijs hadden ze de zaterdag daarvoor een invaller wachtmeester op de gang die ze gezamenlijk liet baden, waardoor ze met elkaar konden afspreken wat te zeggen bij verhoor.        George werd s&#8217; morgens de hele ochtend verhoord, Oncko de hele middag. <em>\u201cmijn verhoor was natuurlijk zwaarder daar ze mij verhoorden met het papier van George in de hand en daar allerlei strikvragen uit trachten te concluderen. Ik maakte maar \u00e9\u00e9n fout, waar George zich danig over opwond, maar wat goed uitgevallen is. Ze begrepen niet dat George en ik niet gelijk in Belgi\u00eb waren aangekomen en in Nederland elkaar maar eenmaal hadden gezien  <\/em>.<em> \u201cIk was namelijk ondergedoken in Amsterdam\u201d.<\/em> In november kwam een luitenant van de Gestapo uit Brussel om te kijken of ik of George de verbindingsmensen waren geweest tussen Belgi\u00eb en Holland. <em>&#8220;Dit verhoor was aanzienlijk onaangenamer daar deze man alles over ons wist<\/em>\u201d<em> George speelde hoog spel. De Gestapo vertelde dat hij over twee dagen terug zou komen maar is verder nooit meer geweest.&#8221; <\/em><\/p>\n\n\n\n<h3 class=\"wp-block-heading\"><br\/>Honger oedeem<\/h3>\n\n\n\n<p class=\"wp-block-paragraph\"><em>\u201cToen we in Saarbr\u00fccken in maart of april 1944 gewogen werden, wogen we allebei nog maar 59 kilo\u201c<\/em> aldus Oncko. George gaf aan dat hij \u201cwater in zijn knie\u00ebn had en hij het aan zijn hart had\u201d, verschijnselen van honger oedeem. <\/p>\n\n\n\n<p class=\"wp-block-paragraph\">In 1944 werd Saarbr\u00fccken gebombardeerd door de Amerikanen. Op 11 mei 1944; \u2018s avonds om 7 uur werden vijf voltreffers (een kettingbom) op de gevangenis geworpen. Oncko:<em> \u201cHet was net voor het eten, George zat te lezen toen het gebeurde en zat ongeveer 30 meter van de inslag. Twee vleugels werden zwaar beschadigd, de onze had toevallig niets\u201d<\/em>. Alle cellen werden opengegooid. Oncko rende naar George zijn cel maar hij was al weg stond in het puin en zei Oncko dat dat het immoreel was te vluchtten, omdat er mensen onder het puin lagen te gillen. George en Oncko hebben er twee Polen uit het puin gegraven.     <\/p>\n\n\n\n<p class=\"wp-block-paragraph\">De bombardementen hielden aan. Op een dag toen Saarbr\u00fccken wederom hevig gebombardeerd werd en het personeel in de schuilkelders ging heeft een Pool George zijn celdeur opengemaakt. Hij ging direct naar de cel van Oncko en ze hebben geprobeerd te vluchten, George had zijn burgerkleren aan, Oncko zijn gevangenis kleren.   George gaf zijn jas aan Oncko om niet op te vallen, ze kwamen tot buiten de muur totdat de directeur voor ze stond met getrokken pistool. <em>\u201cWe hebben ons eruit gepraat door te zeggen dat we naar de schuilkelder zochten\u201d.<\/em><\/p>\n\n\n\n<h3 class=\"wp-block-heading\"><br\/>Dachau<\/h3>\n\n\n\n<p class=\"wp-block-paragraph\">Eind juli 1944 gaat Oncko naar Sachsenhaussen (bij Berlijn) George zit nog een paar maanden extra in Saarbr\u00fccken, waar hij erg verzwakt. In november 1944 gaat hij naar Dachau. <br\/><br\/>George kwam op 25 november 1944 al ziek aan in Dachau. Hij werd in een quarantaine barak (blok 17) geplaatst. Aldus het verslag van een Fransman Arnold Jaeger die met zijn ouders correspondeerde.  <br\/><br\/>Na het quarantaine blok werd hij later overgebracht naar blok 23. Daar verloor Arnold hem uit het oog omdat hij \u2013zoals velen \u2013 besmet werd met tyfus. Doordat hij al verzwakt was kwam hij de tyfusbesmetting niet meer te boven. Hij stierf 9 februari 1945. Op 17 april werd Dachau bevrijd.    <br\/><br\/>De bevestiging van George dood kregen zijnouders pas maanden na de oorlog.<br\/><br\/>De overlijdensakte van het kamp Dachau werd op 9 oktober 1945 door het Amerikaanse War Department naar Josua en Beca gestuurd:<br\/>\u201c<em>Hereby it is certified that the former prisoner of the concentration camp Dachau Mr. Maduro George, born 15 July 1916 at Cura\u00e7ao, arrived in Dachau 25 November 1944, ex prisoner nr. 133401, died 9 February 45 and was cremated in the crematorium of the camp&#8221;.<\/em><\/p>\n\n\n\n<p class=\"wp-block-paragraph\">De vader van George had samen met de vader van Ernest Cohen Henriquez (J. Cohen Henriquez) op 4 september 1942 een verzoekschrift aan de Koningin gestuurd om de uitwisseling te bewerkstelligen tussen George en Ernest tegen een aantal op Bonaire ge\u00efnterneerde Duitsers. Hierop is de Nederlandse regering niet ingegaan, hoewel de Duitse autoriteiten daarin wel interesse toonden, aldus de Zweedse diplomaten die namens zijn ouders bemiddelden: <br\/><em>\u201cThe question had been brought up about an exchange of Germans interned in Cura\u00e7ao against Cura\u00e7ao-Dutchmen and the German authorities have declared their willingness in principle to liberate your son in connection with the proposed exchange, which is still the object of study<\/em>\u201d.<\/p>\n\n\n\n<p class=\"wp-block-paragraph\">Ter nagedachtenis aan hun zoon hebben Beca en Josua het startkapitaal gedoneerd om de miniatuurstad Madurodam op te zetten. Het werd naar hun zoon George vernoemd. <\/p>\n\n\n\n<p class=\"wp-block-paragraph\"><em>Deze tekst mag alleen worden overgenomen met vermelding van de bron: Nationaal Archief Cura\u00e7ao.<\/em><\/p>\n\n\n\n<p class=\"wp-block-paragraph\">In 2016 werd een uitgebreide biografie met heel veel nieuwe informatie en details over George Maduro gepubliceerd door auteur Katleen Brandt-Carey. Het boek is uitgegeven door Spectrum. <\/p>\n\n\n\n<h3 class=\"wp-block-heading\">Foto&#8217;s<\/h3>\n\n\n<style>.wp-block-kadence-advancedgallery .kb-gallery-type-grid.kb-gallery-id-25_24e6d7-15{margin:-5px;}.kb-gallery-type-grid.kb-gallery-id-25_24e6d7-15 .kadence-blocks-gallery-item{padding:5px;}.kb-gallery-id-25_24e6d7-15 .kadence-blocks-gallery-item .kb-gal-image-radius, .kb-gallery-id-25_24e6d7-15 .kb-slide-item .kb-gal-image-radius img{border-radius:0px 0px 0px 0px;;}<\/style><div class=\"kb-gallery-wrap-id-25_24e6d7-15 alignnone wp-block-kadence-advancedgallery\"><ul class=\"kb-gallery-ul kb-gallery-non-static kb-gallery-type-grid kb-gallery-id-25_24e6d7-15 kb-gallery-caption-style-bottom-hover kb-gallery-filter-none kb-gallery-magnific-init\" data-image-filter=\"none\" data-item-selector=\".kadence-blocks-gallery-item\" data-lightbox-caption=\"true\" data-columns-xxl=\"5\" data-columns-xl=\"5\" data-columns-md=\"5\" data-columns-sm=\"4\" data-columns-xs=\"4\" data-columns-ss=\"3\"><li class=\"kadence-blocks-gallery-item\"><div class=\"kadence-blocks-gallery-item-inner\"><figure class=\"kb-gallery-figure kb-gallery-item-has-link kadence-blocks-gallery-item-hide-caption\"><a href=\"https:\/\/nationaalarchief.cw\/wp-content\/uploads\/2025\/10\/large_tolbr_en_villa_58c0e82132e14.jpg\" class=\"kb-gallery-item-link\"   role=\"button\" aria-haspopup=\"dialog\"><div class=\"kb-gal-image-radius\"><div class=\"kb-gallery-image-contain kadence-blocks-gallery-intrinsic kb-gallery-image-ratio-land32 kb-has-image-ratio-land32\" ><img loading=\"lazy\" decoding=\"async\" src=\"https:\/\/nationaalarchief.cw\/wp-content\/uploads\/2025\/10\/large_tolbr_en_villa_58c0e82132e14-1024x679.jpg\" width=\"1024\" height=\"679\" alt=\"\" data-full-image=\"https:\/\/nationaalarchief.cw\/wp-content\/uploads\/2025\/10\/large_tolbr_en_villa_58c0e82132e14.jpg\" data-light-image=\"https:\/\/nationaalarchief.cw\/wp-content\/uploads\/2025\/10\/large_tolbr_en_villa_58c0e82132e14.jpg\" data-id=\"1337\" class=\"wp-image-1337\" srcset=\"https:\/\/nationaalarchief.cw\/wp-content\/uploads\/2025\/10\/large_tolbr_en_villa_58c0e82132e14-1024x679.jpg 1024w, https:\/\/nationaalarchief.cw\/wp-content\/uploads\/2025\/10\/large_tolbr_en_villa_58c0e82132e14-300x199.jpg 300w, https:\/\/nationaalarchief.cw\/wp-content\/uploads\/2025\/10\/large_tolbr_en_villa_58c0e82132e14-768x509.jpg 768w, https:\/\/nationaalarchief.cw\/wp-content\/uploads\/2025\/10\/large_tolbr_en_villa_58c0e82132e14.jpg 1200w\" sizes=\"auto, (max-width: 1024px) 100vw, 1024px\" \/><\/div><\/div><\/a><\/figure><\/div><\/li><li class=\"kadence-blocks-gallery-item\"><div class=\"kadence-blocks-gallery-item-inner\"><figure class=\"kb-gallery-figure kb-gallery-item-has-link kadence-blocks-gallery-item-hide-caption\"><a href=\"https:\/\/nationaalarchief.cw\/wp-content\/uploads\/2025\/10\/large_oom_bob_58c0e822d24e3.jpg\" class=\"kb-gallery-item-link\"   role=\"button\" aria-haspopup=\"dialog\"><div class=\"kb-gal-image-radius\"><div class=\"kb-gallery-image-contain kadence-blocks-gallery-intrinsic kb-gallery-image-ratio-land32 kb-has-image-ratio-land32\" ><img loading=\"lazy\" decoding=\"async\" src=\"https:\/\/nationaalarchief.cw\/wp-content\/uploads\/2025\/10\/large_oom_bob_58c0e822d24e3-1024x679.jpg\" width=\"1024\" height=\"679\" alt=\"\" data-full-image=\"https:\/\/nationaalarchief.cw\/wp-content\/uploads\/2025\/10\/large_oom_bob_58c0e822d24e3.jpg\" data-light-image=\"https:\/\/nationaalarchief.cw\/wp-content\/uploads\/2025\/10\/large_oom_bob_58c0e822d24e3.jpg\" data-id=\"1339\" class=\"wp-image-1339\" srcset=\"https:\/\/nationaalarchief.cw\/wp-content\/uploads\/2025\/10\/large_oom_bob_58c0e822d24e3-1024x679.jpg 1024w, https:\/\/nationaalarchief.cw\/wp-content\/uploads\/2025\/10\/large_oom_bob_58c0e822d24e3-300x199.jpg 300w, https:\/\/nationaalarchief.cw\/wp-content\/uploads\/2025\/10\/large_oom_bob_58c0e822d24e3-768x509.jpg 768w, https:\/\/nationaalarchief.cw\/wp-content\/uploads\/2025\/10\/large_oom_bob_58c0e822d24e3.jpg 1200w\" sizes=\"auto, (max-width: 1024px) 100vw, 1024px\" \/><\/div><\/div><\/a><\/figure><\/div><\/li><li class=\"kadence-blocks-gallery-item\"><div class=\"kadence-blocks-gallery-item-inner\"><figure class=\"kb-gallery-figure kb-gallery-item-has-link kadence-blocks-gallery-item-hide-caption\"><a href=\"https:\/\/nationaalarchief.cw\/wp-content\/uploads\/2025\/10\/large_nederland_xxx_erik_hazelhoff_roelfzema_58c0e82766725.jpg\" class=\"kb-gallery-item-link\"   role=\"button\" aria-haspopup=\"dialog\"><div class=\"kb-gal-image-radius\"><div class=\"kb-gallery-image-contain kadence-blocks-gallery-intrinsic kb-gallery-image-ratio-land32 kb-has-image-ratio-land32\" ><img loading=\"lazy\" decoding=\"async\" src=\"https:\/\/nationaalarchief.cw\/wp-content\/uploads\/2025\/10\/large_nederland_xxx_erik_hazelhoff_roelfzema_58c0e82766725-1024x679.jpg\" width=\"1024\" height=\"679\" alt=\"\" data-full-image=\"https:\/\/nationaalarchief.cw\/wp-content\/uploads\/2025\/10\/large_nederland_xxx_erik_hazelhoff_roelfzema_58c0e82766725.jpg\" data-light-image=\"https:\/\/nationaalarchief.cw\/wp-content\/uploads\/2025\/10\/large_nederland_xxx_erik_hazelhoff_roelfzema_58c0e82766725.jpg\" data-id=\"1341\" class=\"wp-image-1341\" srcset=\"https:\/\/nationaalarchief.cw\/wp-content\/uploads\/2025\/10\/large_nederland_xxx_erik_hazelhoff_roelfzema_58c0e82766725-1024x679.jpg 1024w, https:\/\/nationaalarchief.cw\/wp-content\/uploads\/2025\/10\/large_nederland_xxx_erik_hazelhoff_roelfzema_58c0e82766725-300x199.jpg 300w, https:\/\/nationaalarchief.cw\/wp-content\/uploads\/2025\/10\/large_nederland_xxx_erik_hazelhoff_roelfzema_58c0e82766725-768x509.jpg 768w, https:\/\/nationaalarchief.cw\/wp-content\/uploads\/2025\/10\/large_nederland_xxx_erik_hazelhoff_roelfzema_58c0e82766725.jpg 1200w\" sizes=\"auto, (max-width: 1024px) 100vw, 1024px\" \/><\/div><\/div><\/a><\/figure><\/div><\/li><li class=\"kadence-blocks-gallery-item\"><div class=\"kadence-blocks-gallery-item-inner\"><figure class=\"kb-gallery-figure kb-gallery-item-has-link kadence-blocks-gallery-item-hide-caption\"><a href=\"https:\/\/nationaalarchief.cw\/wp-content\/uploads\/2025\/10\/large_george_maduro_2_large_58c0e82571600.jpg\" class=\"kb-gallery-item-link\"   role=\"button\" aria-haspopup=\"dialog\"><div class=\"kb-gal-image-radius\"><div class=\"kb-gallery-image-contain kadence-blocks-gallery-intrinsic kb-gallery-image-ratio-land32 kb-has-image-ratio-land32\" ><img loading=\"lazy\" decoding=\"async\" src=\"https:\/\/nationaalarchief.cw\/wp-content\/uploads\/2025\/10\/large_george_maduro_2_large_58c0e82571600-1024x679.jpg\" width=\"1024\" height=\"679\" alt=\"\" data-full-image=\"https:\/\/nationaalarchief.cw\/wp-content\/uploads\/2025\/10\/large_george_maduro_2_large_58c0e82571600.jpg\" data-light-image=\"https:\/\/nationaalarchief.cw\/wp-content\/uploads\/2025\/10\/large_george_maduro_2_large_58c0e82571600.jpg\" data-id=\"1343\" class=\"wp-image-1343\" srcset=\"https:\/\/nationaalarchief.cw\/wp-content\/uploads\/2025\/10\/large_george_maduro_2_large_58c0e82571600-1024x679.jpg 1024w, https:\/\/nationaalarchief.cw\/wp-content\/uploads\/2025\/10\/large_george_maduro_2_large_58c0e82571600-300x199.jpg 300w, https:\/\/nationaalarchief.cw\/wp-content\/uploads\/2025\/10\/large_george_maduro_2_large_58c0e82571600-768x509.jpg 768w, https:\/\/nationaalarchief.cw\/wp-content\/uploads\/2025\/10\/large_george_maduro_2_large_58c0e82571600.jpg 1200w\" sizes=\"auto, (max-width: 1024px) 100vw, 1024px\" \/><\/div><\/div><\/a><\/figure><\/div><\/li><\/ul><\/div><\/div><\/div>\n\n\n\n<div class=\"wp-block-kadence-tab kt-tab-inner-content kt-inner-tab-9 kt-inner-tab25_70e61f-21\"><div class=\"kt-tab-inner-content-inner\"><style>.wp-block-kadence-advancedheading.kt-adv-heading25_4df8da-9a, .wp-block-kadence-advancedheading.kt-adv-heading25_4df8da-9a[data-kb-block=\"kb-adv-heading25_4df8da-9a\"]{margin-top:0px;margin-bottom:var(--global-kb-spacing-lg, 3rem);font-style:normal;}.wp-block-kadence-advancedheading.kt-adv-heading25_4df8da-9a mark.kt-highlight, .wp-block-kadence-advancedheading.kt-adv-heading25_4df8da-9a[data-kb-block=\"kb-adv-heading25_4df8da-9a\"] mark.kt-highlight{font-style:normal;color:#f76a0c;-webkit-box-decoration-break:clone;box-decoration-break:clone;padding-top:0px;padding-right:0px;padding-bottom:0px;padding-left:0px;}.wp-block-kadence-advancedheading.kt-adv-heading25_4df8da-9a img.kb-inline-image, .wp-block-kadence-advancedheading.kt-adv-heading25_4df8da-9a[data-kb-block=\"kb-adv-heading25_4df8da-9a\"] img.kb-inline-image{width:150px;vertical-align:baseline;}<\/style>\n<h2 class=\"kt-adv-heading25_4df8da-9a wp-block-kadence-advancedheading\" data-kb-block=\"kb-adv-heading25_4df8da-9a\">De verovering van Curacao<\/h2>\n\n\n<style>.kb-image25_1dcf63-87 .kb-image-has-overlay:after{opacity:0.3;}<\/style>\n<figure class=\"wp-block-kadence-image kb-image25_1dcf63-87 size-full\"><img loading=\"lazy\" decoding=\"async\" width=\"915\" height=\"532\" src=\"https:\/\/nationaalarchief.cw\/wp-content\/uploads\/2025\/10\/format_h2_van_walbeeck_verovert_cur_58c0f25f735ef.jpg\" alt=\"\" class=\"kb-img wp-image-1354\" srcset=\"https:\/\/nationaalarchief.cw\/wp-content\/uploads\/2025\/10\/format_h2_van_walbeeck_verovert_cur_58c0f25f735ef.jpg 915w, https:\/\/nationaalarchief.cw\/wp-content\/uploads\/2025\/10\/format_h2_van_walbeeck_verovert_cur_58c0f25f735ef-300x174.jpg 300w, https:\/\/nationaalarchief.cw\/wp-content\/uploads\/2025\/10\/format_h2_van_walbeeck_verovert_cur_58c0f25f735ef-768x447.jpg 768w\" sizes=\"auto, (max-width: 915px) 100vw, 915px\" \/><\/figure>\n\n\n\n<h3 class=\"wp-block-heading\">De verovering van Cura\u00e7ao 1634<\/h3>\n\n\n\n<p class=\"wp-block-paragraph\">Nederland was vanaf 1560 tot 1640 verwikkeld in een oorlog met Spanje, om hun onafhankelijkheid te verkrijgen. Mede door deze strijd, die veel kapitaal, schepen en manschappen vereiste, namen de Nederlanders aanvankelijk niet deel aan de ontdekkingsreizen en ze hadden zich v\u00f3\u00f3r 1580 nog niet in het Caribisch gebied vertoond. Dit veranderde toen in 1580 Spanje Portugal veroverde en de vereniging met Portugal (1580-1640) een feit was. Portugal mocht van Spanje geen handel meer drijven met Nederland, waarmee het in oorlog was. Nederland handelde vooral met Portugal in zout en de Nederlanders zagen zich gedwongen elders zout te halen. Zout was in die dagen heel belangrijk voor het conserveren van voedsel, met name vis. In 1585 kwamen de eerste Nederlandse schepen voor de Venezolaanse kust, zout ophalen bij de zoutpannen van Punto Araya, tegenover Cura\u00e7ao. Nadat de Nederlanders na een kortstondig verblijf op St. Maarten werden verdreven, gingen de Heren XIX, de bestuurders van de West Indische Compagnie (WIC), bestaande uit 19 personen, nadenken over een goede verdedigbare basis in het Caribisch gebied, van waaruit alle operaties konden plaatsvinden. Het oog viel op Cura\u00e7ao, omdat het goede verdedigbare havens had en het lag gunstig ten opzichte van Venezuela en de toenmalige handelsroutes. Van hieruit zou bovendien (de aanvoerlijnen van) vijand Spanje bestreden kunnen worden.          <br\/><br\/>Tijdens de vergadering van 6 april 1634 gaven de bewindhebbers van de WIC goedkeuring aan de veroveringsplannen. Er werd een expeditie uitgerust onder leiding van Johan van Walbeeck en Pierre Le Grand. De expeditie bestond uit 180 matrozen en 225 soldaten. Op 28 juli 1634 slaagden zij erin de haven van Cura\u00e7ao binnen te zeilen. De Spanjaarden gaven zich spoedig over. Bij de overgave werd bepaald dat het grootste deel van de indianen, ongeveer 400 in aantal en de 32 Spanjaarden vrije aftocht hadden. Ze werden naar Coro, Venezuela gestuurd. Op 21 augustus was de capitulatie een feit.       <\/p>\n\n\n\n<p class=\"wp-block-paragraph\">De manier waarop de verovering van Cura\u00e7ao door de Hollanders op de Spanjaarden in 1634 zich afspeelde is het best te zien op de illustratie die door de Ruesta werd getekend. Het origineel van deze kaart wordt bewaard in het Archivo General de Indias, Sevilla in Spanje. <br\/><br\/>De tekening laat een \u201cArmada Oladesa\u201d zien van 7 schepen die de Annabaai zijn binnengevaren en naar het Westen van het Schottegat voeren. De ingang van de Annabaai werd door de Spanjaarden slechts verdedigd vanuit de Oostzijde (punda-kant) door een platform (V). De soldaten verlieten de schepen in sloepen en gingen aan wal bij het schiereiland van Asiento. Vandaar uit vertrokken ze over land in de richting van \u201cPos Cabai\u201d, waar een Spaanse versterking stond. Op de kaart staat een \u201ccastillo\u201d getekend, met slotgrachten erom heen. (De omschrijving is \u201ccastillo en el sitio de la Higuera\u201d). Interessant is dat er op de kaart 2 \u201cpoblacions\u201d (dorpjes, met kerkjes) staan aangegeven. De Poblacion van Sta. Anna, staat getekend in Bandariba ongeveer ter hoogte van Matancia \/ Rio Canario. In Bandabou staat de poblacion van Asencion getekend. Hier moeten de Indianen hebben gewoond.           Het zijn waterrijke gebieden. <\/p>\n\n\n\n<p class=\"wp-block-paragraph\">Kijk ook even naar de <a href=\"https:\/\/canoncuracao.cw\/3-verovering-van-curacao-door-de-wic-en-de-komst-van-de-hollanders\/\">Canon van Curacao<\/a> over dit onderwerp.<\/p>\n\n\n\n<p class=\"wp-block-paragraph\"><strong>Publicatie:<\/strong><br\/>De bewoners van Curacao, vijf eeuwen van lief en leed. Gibbes\/ Romer-Kenepa\/ Scriwanek <\/p>\n\n\n\n<p class=\"wp-block-paragraph\"><em>Foto&#8217;s in gallery:<\/em><br\/>1. Situatie schets van de verovering door Van Walbeeck getekend door Franciscoo de Ruesta (1634)<br\/>2. <em>Afbeelding uit de 18e eeuw van de verovering van Johan van Walbeeck.<\/em><br\/>3. <em>Het West Indisch Huis in Amsterdam, zitplaats van de Kamer van Amsterdam van de WIC.<\/em><\/p>\n\n\n\n<h3 class=\"wp-block-heading\">Johan van Walbeeck and the conquest of Cura\u00e7ao<\/h3>\n\n\n\n<p class=\"wp-block-paragraph\">The Netherlands, in order to obtain their independence, was engaged in a war with Spain from 1560 to 1640. Partly because of this war, which required a lot of resources, ships and men, the Dutch did not participate in the first exploration, like Portugal and Spain. Their ships were not seen in the Caribbean before 1580. This changed in 1580 when Spain conquered Portugal and the union with Portugal (1580-1640) was established. Portugal was not allowed to trade with the Netherlands, Spains enemy. The Portugal-Netherlands trade was mainly in salt and the Dutch were forced to look for other areas to get their salt. Salt was very important for the preservation of food, particularly fish in those days. In 1585 the first Dutch ships sailed off the Venezuelan coast, where they came to collect salt from the salt pans of Punto Araya, near Cura\u00e7ao. After the Dutch were expelled from St. Maarten, the \u201cHeeren XIX\u201d, the directors of the West India Company (WIC), consisting of 19 people, began considering the possibility of maintaining a well defensible basis in the Caribbean, from which all operations could take place. The option of Cura\u00e7ao was on the table, because of the well defensible harbors. It was conveniently positioned to Venezuela and the trade routes. It could be used as a marine base to attack (supply lines of) enemy Spain.            <br\/><br\/>At the meeting on April 6, 1634 the directors of the WIC approved the plan of conquest. An expedition force was formed, led by Johan van Walbeeck and Pierre Le Grand. The expedition consisted of 180 sailors and 225 soldiers. On July 29, 1634 they conquered Curacao. The Spaniards surrendered with the agreement that the majority of Indians, about 400 in number and 32 Spaniards would be free to leave. They were sent to Coro, Venezuela. On August 21, the capitulation was a fact.      <\/p>\n\n\n\n<p class=\"wp-block-paragraph\"><em>Deze tekst mag alleen worden overgenomen met vermelding van de bron: Nationaal Archief Cura\u00e7ao.<\/em><\/p>\n\n\n\n<h3 class=\"wp-block-heading\">Foto&#8217;s<\/h3>\n\n\n<style>.wp-block-kadence-advancedgallery .kb-gallery-type-grid.kb-gallery-id-25_2701ca-09{margin:-5px;}.kb-gallery-type-grid.kb-gallery-id-25_2701ca-09 .kadence-blocks-gallery-item{padding:5px;}.kb-gallery-id-25_2701ca-09 .kadence-blocks-gallery-item .kb-gal-image-radius, .kb-gallery-id-25_2701ca-09 .kb-slide-item .kb-gal-image-radius img{border-radius:0px 0px 0px 0px;;}<\/style><div class=\"kb-gallery-wrap-id-25_2701ca-09 alignnone wp-block-kadence-advancedgallery\"><ul class=\"kb-gallery-ul kb-gallery-non-static kb-gallery-type-grid kb-gallery-id-25_2701ca-09 kb-gallery-caption-style-bottom-hover kb-gallery-filter-none kb-gallery-magnific-init\" data-image-filter=\"none\" data-item-selector=\".kadence-blocks-gallery-item\" data-lightbox-caption=\"true\" data-columns-xxl=\"5\" data-columns-xl=\"5\" data-columns-md=\"5\" data-columns-sm=\"4\" data-columns-xs=\"4\" data-columns-ss=\"3\"><li class=\"kadence-blocks-gallery-item\"><div class=\"kadence-blocks-gallery-item-inner\"><figure class=\"kb-gallery-figure kb-gallery-item-has-link kadence-blocks-gallery-item-hide-caption\"><a href=\"https:\/\/nationaalarchief.cw\/wp-content\/uploads\/2025\/10\/large_h2_8_a_dam_58c0f1fa2348b.jpg\" class=\"kb-gallery-item-link\"   role=\"button\" aria-haspopup=\"dialog\"><div class=\"kb-gal-image-radius\"><div class=\"kb-gallery-image-contain kadence-blocks-gallery-intrinsic kb-gallery-image-ratio-land32 kb-has-image-ratio-land32\" ><img loading=\"lazy\" decoding=\"async\" src=\"https:\/\/nationaalarchief.cw\/wp-content\/uploads\/2025\/10\/large_h2_8_a_dam_58c0f1fa2348b-1024x679.jpg\" width=\"1024\" height=\"679\" alt=\"\" data-full-image=\"https:\/\/nationaalarchief.cw\/wp-content\/uploads\/2025\/10\/large_h2_8_a_dam_58c0f1fa2348b.jpg\" data-light-image=\"https:\/\/nationaalarchief.cw\/wp-content\/uploads\/2025\/10\/large_h2_8_a_dam_58c0f1fa2348b.jpg\" data-id=\"1347\" class=\"wp-image-1347\" srcset=\"https:\/\/nationaalarchief.cw\/wp-content\/uploads\/2025\/10\/large_h2_8_a_dam_58c0f1fa2348b-1024x679.jpg 1024w, https:\/\/nationaalarchief.cw\/wp-content\/uploads\/2025\/10\/large_h2_8_a_dam_58c0f1fa2348b-300x199.jpg 300w, https:\/\/nationaalarchief.cw\/wp-content\/uploads\/2025\/10\/large_h2_8_a_dam_58c0f1fa2348b-768x509.jpg 768w, https:\/\/nationaalarchief.cw\/wp-content\/uploads\/2025\/10\/large_h2_8_a_dam_58c0f1fa2348b.jpg 1200w\" sizes=\"auto, (max-width: 1024px) 100vw, 1024px\" \/><\/div><\/div><\/a><\/figure><\/div><\/li><li class=\"kadence-blocks-gallery-item\"><div class=\"kadence-blocks-gallery-item-inner\"><figure class=\"kb-gallery-figure kb-gallery-item-has-link kadence-blocks-gallery-item-hide-caption\"><a href=\"https:\/\/nationaalarchief.cw\/wp-content\/uploads\/2025\/10\/large_verovering_curacao_1634_58c0f1f80d92b.jpg\" class=\"kb-gallery-item-link\"   role=\"button\" aria-haspopup=\"dialog\"><div class=\"kb-gal-image-radius\"><div class=\"kb-gallery-image-contain kadence-blocks-gallery-intrinsic kb-gallery-image-ratio-land32 kb-has-image-ratio-land32\" ><img loading=\"lazy\" decoding=\"async\" src=\"https:\/\/nationaalarchief.cw\/wp-content\/uploads\/2025\/10\/large_verovering_curacao_1634_58c0f1f80d92b-1024x679.jpg\" width=\"1024\" height=\"679\" alt=\"\" data-full-image=\"https:\/\/nationaalarchief.cw\/wp-content\/uploads\/2025\/10\/large_verovering_curacao_1634_58c0f1f80d92b.jpg\" data-light-image=\"https:\/\/nationaalarchief.cw\/wp-content\/uploads\/2025\/10\/large_verovering_curacao_1634_58c0f1f80d92b.jpg\" data-id=\"1349\" class=\"wp-image-1349\" srcset=\"https:\/\/nationaalarchief.cw\/wp-content\/uploads\/2025\/10\/large_verovering_curacao_1634_58c0f1f80d92b-1024x679.jpg 1024w, https:\/\/nationaalarchief.cw\/wp-content\/uploads\/2025\/10\/large_verovering_curacao_1634_58c0f1f80d92b-300x199.jpg 300w, https:\/\/nationaalarchief.cw\/wp-content\/uploads\/2025\/10\/large_verovering_curacao_1634_58c0f1f80d92b-768x509.jpg 768w, https:\/\/nationaalarchief.cw\/wp-content\/uploads\/2025\/10\/large_verovering_curacao_1634_58c0f1f80d92b.jpg 1200w\" sizes=\"auto, (max-width: 1024px) 100vw, 1024px\" \/><\/div><\/div><\/a><\/figure><\/div><\/li><li class=\"kadence-blocks-gallery-item\"><div class=\"kadence-blocks-gallery-item-inner\"><figure class=\"kb-gallery-figure kb-gallery-item-has-link kadence-blocks-gallery-item-hide-caption\"><a href=\"https:\/\/nationaalarchief.cw\/wp-content\/uploads\/2025\/10\/large_h2_van_walbeeck_verovert_cur_58c0f1f8e2fcf.jpg\" class=\"kb-gallery-item-link\"   role=\"button\" aria-haspopup=\"dialog\"><div class=\"kb-gal-image-radius\"><div class=\"kb-gallery-image-contain kadence-blocks-gallery-intrinsic kb-gallery-image-ratio-land32 kb-has-image-ratio-land32\" ><img loading=\"lazy\" decoding=\"async\" src=\"https:\/\/nationaalarchief.cw\/wp-content\/uploads\/2025\/10\/large_h2_van_walbeeck_verovert_cur_58c0f1f8e2fcf-1024x679.jpg\" width=\"1024\" height=\"679\" alt=\"\" data-full-image=\"https:\/\/nationaalarchief.cw\/wp-content\/uploads\/2025\/10\/large_h2_van_walbeeck_verovert_cur_58c0f1f8e2fcf.jpg\" data-light-image=\"https:\/\/nationaalarchief.cw\/wp-content\/uploads\/2025\/10\/large_h2_van_walbeeck_verovert_cur_58c0f1f8e2fcf.jpg\" data-id=\"1351\" class=\"wp-image-1351\" srcset=\"https:\/\/nationaalarchief.cw\/wp-content\/uploads\/2025\/10\/large_h2_van_walbeeck_verovert_cur_58c0f1f8e2fcf-1024x679.jpg 1024w, https:\/\/nationaalarchief.cw\/wp-content\/uploads\/2025\/10\/large_h2_van_walbeeck_verovert_cur_58c0f1f8e2fcf-300x199.jpg 300w, https:\/\/nationaalarchief.cw\/wp-content\/uploads\/2025\/10\/large_h2_van_walbeeck_verovert_cur_58c0f1f8e2fcf-768x509.jpg 768w, https:\/\/nationaalarchief.cw\/wp-content\/uploads\/2025\/10\/large_h2_van_walbeeck_verovert_cur_58c0f1f8e2fcf.jpg 1200w\" sizes=\"auto, (max-width: 1024px) 100vw, 1024px\" \/><\/div><\/div><\/a><\/figure><\/div><\/li><\/ul><\/div><\/div><\/div>\n\n\n\n<div class=\"wp-block-kadence-tab kt-tab-inner-content kt-inner-tab-10 kt-inner-tab25_a818eb-4a\"><div class=\"kt-tab-inner-content-inner\"><style>.wp-block-kadence-advancedheading.kt-adv-heading25_78eb33-2a, .wp-block-kadence-advancedheading.kt-adv-heading25_78eb33-2a[data-kb-block=\"kb-adv-heading25_78eb33-2a\"]{margin-top:0px;margin-bottom:var(--global-kb-spacing-lg, 3rem);font-style:normal;}.wp-block-kadence-advancedheading.kt-adv-heading25_78eb33-2a mark.kt-highlight, .wp-block-kadence-advancedheading.kt-adv-heading25_78eb33-2a[data-kb-block=\"kb-adv-heading25_78eb33-2a\"] mark.kt-highlight{font-style:normal;color:#f76a0c;-webkit-box-decoration-break:clone;box-decoration-break:clone;padding-top:0px;padding-right:0px;padding-bottom:0px;padding-left:0px;}.wp-block-kadence-advancedheading.kt-adv-heading25_78eb33-2a img.kb-inline-image, .wp-block-kadence-advancedheading.kt-adv-heading25_78eb33-2a[data-kb-block=\"kb-adv-heading25_78eb33-2a\"] img.kb-inline-image{width:150px;vertical-align:baseline;}<\/style>\n<h2 class=\"kt-adv-heading25_78eb33-2a wp-block-kadence-advancedheading\" data-kb-block=\"kb-adv-heading25_78eb33-2a\">Het ontstaan van Willemstad<\/h2>\n\n\n<style>.kb-image25_f42168-80 .kb-image-has-overlay:after{opacity:0.3;}<\/style>\n<figure class=\"wp-block-kadence-image kb-image25_f42168-80 size-full\"><img loading=\"lazy\" decoding=\"async\" width=\"899\" height=\"606\" src=\"https:\/\/nationaalarchief.cw\/wp-content\/uploads\/2025\/10\/format_1634x_58c0f38fd7817.jpg\" alt=\"\" class=\"kb-img wp-image-1358\" srcset=\"https:\/\/nationaalarchief.cw\/wp-content\/uploads\/2025\/10\/format_1634x_58c0f38fd7817.jpg 899w, https:\/\/nationaalarchief.cw\/wp-content\/uploads\/2025\/10\/format_1634x_58c0f38fd7817-300x202.jpg 300w, https:\/\/nationaalarchief.cw\/wp-content\/uploads\/2025\/10\/format_1634x_58c0f38fd7817-768x518.jpg 768w\" sizes=\"auto, (max-width: 899px) 100vw, 899px\" \/><\/figure>\n\n\n\n<p class=\"wp-block-paragraph\">De vroegste ontwikkeling van Willemstad is het best te reconstrueren door middel van kaarten. De eerste kaart hiernaast in de gallery dateert uit 1634 (Grondtekeninge), daarna een kaart uit 1707 en vervolgens een kaart van 1737. In 1634, ten tijde van de verovering door de Nederlanders op de Spanjaarden van het eiland Cura\u00e7ao was \u201cde Punt\u201d (Punda) niet meer dan een vlak terrein, een schiereilandje van 7 hectare, begroeid met wat cactussen en struiken. In 1707 zag het er heel anders uit: Fort Amsterdam was gebouwd, ten noorden daarvan lag een stad, aan drie zijden ervan beschermd door een stadsmuur, met daarbinnen nauwe straatjes en steegen met verdiepingshuizen, veelal voorzien van een galerij.   <br\/><br\/>Het bestuur en hoofdmacht van het garnizoen ging zich daar vestigen, waardoor het de belangrijkste plek op Cura\u00e7ao werd. Direct na de verovering van Cura\u00e7ao door de Hollanders werd hun kamp opgeslagen in het gebied waar nu de landhuizen Koningsplein en Pos Cabai liggen. Dat was juli 1634. Op de Punt werden wat verdedigingswerken opgebouwd. In maart 1635 begon men met de bouw van Fort Amsterdam. Het aantal inwoners bedroeg toen (oktober 1634): 50 Indianen en 412 \u201ckoppen\u201d, waarvan de meeste militairen en matrozen. In 1651 kwam een eerste groep Joden onder leiding van Joa d Yllan aan en in 1659 kwam een relatief grote groep Joden onder leiding van Isaac da Costa over om zich te vestigen op Cura\u00e7ao. Aanvankelijk vestigden zij zich ten noorden van het Schottegat bij Plantage De Hoop of het \u201cJoodse Kwartier\u201d en begonnen met landbouw. Vrij snel besloten ze zich toe te leggen op handelsactiviteiten en bouwden en kochten (pak)huizen in \u201cPunda\u201d, nabij het Fort. De eerste bewijzen voor de bouw van pakhuizen voor \u201cnegotianten\u201d stammen uit 1664. In 1665 waren er 600 blanke bewoners op Cura\u00e7ao, volgens directeur Matthias Beck.          <br\/><br\/>Het eerste slavenschip \u201cde Bontekoe\u201d voer in 1657 met 191 Afrikanen de Annabaai binnen. In het midden van de jaren zestig van de 17e eeuw kwam een regelmatige stroom van slavenschepen aan die via Cura\u00e7ao doorverkocht werden. Daarvan bleef een aantal op het eiland achter om op plantages en in de stad te werken. In 1717 werd een aantal van 135 vaste slaven \u201cachter het Fort\u201d genoemd. In die tijd kende de stad 214 panden.    <br\/><br\/>Belangrijk voor de ontwikkeling tot stad was de beslissing van de Staten Generaal om \u2013 na de opheffing van de eerste West Indische Compagnie &#8211; de haven van Cura\u00e7ao tot \u201copen haven\u201d te verklaren. Op 20 april 1675 werd dat besluit genomen. De haven werd opengesteld voor andere landen en particulieren om hier slaven of goederen te kopen. Dit besluit was van belang voor de ontwikkeling van Willemstad tot havenstad. Bij het Waaigat werd een deel van de binnenhaven gedempt en werden de stadmuren van het Fort tot het Waaigat doorgetrokken.    <br\/><br\/>Deze muren bleven bijna 2 eeuwen het stadsbeeld bepalen. Ze werden in de jaren 1861-1864 gesloopt. Destijds had Otrobanda al meer inwoners dan Punda. De eerste wijken buiten de stadmuren waren Pietermaai en Scharloo. Bij het begin van de 20e eeuw, bij de opkomst van de stoomvaart, kreeg de haven van Willemstad weer een opleving doordat het zich tot kolen bunkerplaats ontwikkelde. Met de komst van de raffinaderij in 1915 brak een geheel nieuw tijdperk aan.     <\/p>\n\n\n\n<p class=\"wp-block-paragraph\"><strong>Meer info:<\/strong><br\/>Nationaal Archief Curacao of kijk ook even op <a href=\"https:\/\/canoncuracao.cw\/10-ontwikkeling-willemstad\/\">Canon 10<\/a> van de <a href=\"https:\/\/canoncuracao.cw\/\">Canon van Curacao<\/a><\/p>\n\n\n\n<p class=\"wp-block-paragraph\"><strong>Publicatie:<\/strong><br\/><em>Van Punt en Snoa<\/em> &#8211; B. Buddingh<\/p>\n\n\n\n<h3 class=\"wp-block-heading\">Willemstad<\/h3>\n\n\n\n<p class=\"wp-block-paragraph\">In 1634, at the time of the conquest by the Dutch on the Spanish of the island of Cura\u00e7ao, &#8220;De Punt&#8221; (Punda) was no more than a flat surface, a peninsula of 7 acres, covered with cactuses and shrubs. In 1707 it looked quite different: Fort Amsterdam was built and north of it a city has emerged. The city was protected by a wall on three sides. Inside the wall you could see a series of narrow streets and alleys with storey houses, often with a gallery.   <br\/><br\/>The Construction of Fort Amsterdam began in March 1635. With the establishment of Government and garrison there, it became the most important place in Curacao. Merchants, many of them Jewish settlers, started to build their store houses north of Fort Amsterdam from 1664 onwards. The big boost for the city came after the Dutch declared the harbor an \u201copen harbor\u201d in 1675. That was after the dissolution of the First West Indian Company (WIC) and at the establishment of the second WIC. Willemstad was open for every country or individual to buy and sell products and \u2026 slaves. The first slave ship &#8220;the Bontekoe&#8221; entered the Annabaai in 1657 with 191 Africans on board. In the mid-sixties of the 17th century, a steady stream of slave ships arrived. Willemstad developed as a transit port. In 1717 a number of 135 slaves lived in the city, &#8220;behind the Fort.&#8221; The city had 214 constructions in that period. City walls were erected from the Fort to the Waaigat after 1675. They were demolished in the years 1861-1864, due to rapid growth of the population. By then the other side of the Annabaai, Otrobanda, had more inhabitants then Punda. Pietermaai en Scharloo were the first neighborhoods outside Punda, outside the former city walls. At the start of the new century, with the advent of steam navigation, the Curacao harbor could develop as coal bunkering place. With the arrival of the Refinery in 1915 a new era started for Willemstad.                <\/p>\n\n\n\n<p class=\"wp-block-paragraph\"><strong>More info:<\/strong><br\/>National Archives Curacao or <a href=\"https:\/\/canoncuracao.cw\/10-ontwikkeling-willemstad\/\">Canon Curacao<\/a><\/p>\n\n\n\n<p class=\"wp-block-paragraph\"><strong>Publication:<\/strong><br\/><em>Van Punt en Snoa<\/em> &#8211; B. Buddingh<\/p>\n\n\n\n<p class=\"wp-block-paragraph\"><em>Deze tekst mag alleen worden overgenomen met vermelding van de bron: Nationaal Archief Cura\u00e7ao.<\/em><\/p>\n<\/div><\/div>\n\n\n\n<div class=\"wp-block-kadence-tab kt-tab-inner-content kt-inner-tab-11 kt-inner-tab25_3be1aa-e5\"><div class=\"kt-tab-inner-content-inner\"><style>.wp-block-kadence-advancedheading.kt-adv-heading25_9440a5-a7, .wp-block-kadence-advancedheading.kt-adv-heading25_9440a5-a7[data-kb-block=\"kb-adv-heading25_9440a5-a7\"]{margin-top:0px;margin-bottom:var(--global-kb-spacing-lg, 3rem);font-style:normal;}.wp-block-kadence-advancedheading.kt-adv-heading25_9440a5-a7 mark.kt-highlight, .wp-block-kadence-advancedheading.kt-adv-heading25_9440a5-a7[data-kb-block=\"kb-adv-heading25_9440a5-a7\"] mark.kt-highlight{font-style:normal;color:#f76a0c;-webkit-box-decoration-break:clone;box-decoration-break:clone;padding-top:0px;padding-right:0px;padding-bottom:0px;padding-left:0px;}.wp-block-kadence-advancedheading.kt-adv-heading25_9440a5-a7 img.kb-inline-image, .wp-block-kadence-advancedheading.kt-adv-heading25_9440a5-a7[data-kb-block=\"kb-adv-heading25_9440a5-a7\"] img.kb-inline-image{width:150px;vertical-align:baseline;}<\/style>\n<h2 class=\"kt-adv-heading25_9440a5-a7 wp-block-kadence-advancedheading\" data-kb-block=\"kb-adv-heading25_9440a5-a7\">Het opbouwen en afbreken van de stadsmuren<\/h2>\n\n\n<style>.kb-image25_aa32ae-4c .kb-image-has-overlay:after{opacity:0.3;}<\/style>\n<figure class=\"wp-block-kadence-image kb-image25_aa32ae-4c\"><img loading=\"lazy\" decoding=\"async\" width=\"892\" height=\"553\" src=\"https:\/\/nationaalarchief.cw\/wp-content\/uploads\/2025\/10\/format_voorduinx_58c0f99b46fb3.jpg\" alt=\"\" class=\"kb-img wp-image-1361\" srcset=\"https:\/\/nationaalarchief.cw\/wp-content\/uploads\/2025\/10\/format_voorduinx_58c0f99b46fb3.jpg 892w, https:\/\/nationaalarchief.cw\/wp-content\/uploads\/2025\/10\/format_voorduinx_58c0f99b46fb3-300x186.jpg 300w, https:\/\/nationaalarchief.cw\/wp-content\/uploads\/2025\/10\/format_voorduinx_58c0f99b46fb3-768x476.jpg 768w\" sizes=\"auto, (max-width: 892px) 100vw, 892px\" \/><\/figure>\n\n\n\n<p class=\"wp-block-paragraph\">De directe opvolger van Johan van Walbeeck als directeur van de WIC op Cura\u00e7ao was Jacob Pietersz Tolck. Zijn bestuursperiode liep van 1639-1641. Tolck is begonnen met de bouw van een muur vanaf het Fort Amsterdam, dat tussen 1635 en 1639 werd gebouwd, tot aan het Waaigat. Daarvoor liet hij het vijfde bastion van het Fort (aan de zeezijde) afbreken en met het materiaal een muur optrekken. Dit deel diende als eerste gedeelte van de latere stadsmuur. Na 1674 werd de stadsmuur doorgetrokken langs het Waaigat tot aan de St. Annabaai toe. Op de hoek Waaigat \/ Sint Annabaai werd Fort Oranje gebouwd, dat samen met Fort Amsterdam, de Handelskade (waar geen muur was) moest beschermen. Zie kleurentekening, afbeelding 1. Dit is een tekening uit ca. 1860, van G.W.C. Voorduin. Hierop is de ingang van het Waaigat te zien met de stadsmuur en een deel van Fort Oranje.          <\/p>\n\n\n\n<p class=\"wp-block-paragraph\">In 1864 werd de stadsmuur gesloopt. De muur had geen functie als verdedigingswerk meer en stond stadsuitbreiding in de weg. Belangrijker nog: op de plek van de Noordelijke stadsmuur konden nieuwe kades worden aangelegd. Degenen die de concessie voor het afbreken aanvroegen en ook kregen, waren de concurrenten van Jacob Abraham Jesurun, die vrijwel alle werven aan de Annabaai in bezit had. Met het afbreken van de muren en het aanleggen van nieuwe kades aan de Waaigat-zijde werd het monopolie van Jacob Abraham Jesurun doorbroken. Het zorgde voor grote spanningen in de Joodse gemeenschap.     <\/p>\n\n\n\n<p class=\"wp-block-paragraph\">De concessie voor het afbreken van de Noordelijke stadsmuren werd in 1864 gegeven aan de in 1860 speciaal voor dit doel gevormde maatschappij van S.E.L. Maduro, Abraham Jacob Senior, Jeudah Senior, Elias Jesurun Henriquez en Abraham Capriles. Met het puin van de stadsmuren werd inderdaad een deel van het Waaigat gedempt en op de aldus ontstane kade (de De Ruyterkade nu: Sha Capileskade) nieuwe werven en pakhuizen neergezet. Op de tweede illustratie zijn de nieuwe werven te zien. Tevens is op deze foto de Van den Brandhof brug te zien die op 7 juli 1883 werd geopend.   <br\/><br\/>Het zakelijke conflict tussen de groep Jesurun en de groep S.E.L. Maduro zorgde voor een splitsing in de Joodse gemeenschap. In 1864 splitste de liberale gereformeerde groep rond Jacob Abraham Jesurun zich van de Joodse gemeente Mikv\u00e9 Isra\u00ebl af en werd de Gemeente Emanu-el opgericht. De Tempel werd op 12 september 1865 opgeleverd. De nieuwe Vrijzinnig Isra\u00eblitische Gemeente Emanu-el onder leiding van Jacob Abraham Jesurun had 105 leden. Op 12 mei 1865 werd Emanu-el door de Minister van Koloni\u00ebn erkend. De scheiding tussen de gereformeerde gemeenschap Emanu-el en de meer conservatief ingestelde gemeente Mikv\u00e9 Isra\u00ebl zou een eeuw duren.     <\/p>\n\n\n\n<p class=\"wp-block-paragraph\">Jacob Abraham Jesurun overleed in 1875. Rond de eeuwwisseling verkocht de firma Jesurun zijn meeste werven aan de Handel en Industrie Maatschappij later beter bekend onder de naam Cura\u00e7aose Handels Maatschappij (CHM) of Cura\u00e7ao Trading Company (CTC). <\/p>\n\n\n\n<p class=\"wp-block-paragraph\"><strong>Publicatie:<\/strong><br\/>Scriwanek De Momon Cyclus, 2012<\/p>\n\n\n\n<p class=\"wp-block-paragraph\"><em>Foto&#8217;s in gallery:<br\/>1. G.W.C. Voorduin, ca. 1860. Gezichtspunt op de Noordelijke stadsmuur &#8211; hoek Waaigat &#8211; Annabaai.<br\/>2: Stadsmuur bij Fort Amsterdam. <\/em><\/p>\n\n\n\n<p class=\"wp-block-paragraph\"><em>3. Gezichtspunt vanuit de toren van de Tempel (in aanbouw?), richting Wilhelminaplein. De Oostelijke stadsmuur is hier goed te zien. Het sluit de ingang van de Breedestraat af en daar is ook de stadspoort te zien. (Op de foto erna is de muur geel ingetekend).   <\/em><\/p>\n\n\n\n<p class=\"wp-block-paragraph\"><em>4. Gezichtspunt vanuit ongeveer de huidige Kathedraal (Pietermaai) richting Punda, rechts Waaigat, links daarvan het oefenterrein van de Schutterij. Goed te zien de Oostelijke stadsmuren. <\/em><\/p>\n\n\n\n<p class=\"wp-block-paragraph\"><br\/>Johan van Walbeeck\u2019s successor as director of the WIC on Cura\u00e7ao was Jacob Pietersz Tolck. His tenure ran from 1639 to 1641. Tolck has started the construction of a wall from the Fort Amsterdam, which was built between 1635 and 1639, up to the Waaigat. To do so, he demolished the fifth bastion of the Fort (on the sea side) and with that material, build up the wall. This wall served as the first part of the later city wall. After 1674 the city wall was pulled along the Waaigat down to the St. Anna Bay. Fort Orange was constructed at the corner Waaigat \/ St. Anna Bay, which together with Fort Amsterdam, protected the Handelskade (where there was no wall). See color drawing, Figure 1. This is a drawing from 1860, of G.W.C. Voorduin. It shows the entrance to the Waaigat with the city wall and part of Fort Orange.           <\/p>\n\n\n\n<p class=\"wp-block-paragraph\">In 1864 the Northern city wall was demolished. The wall had no proper function for defense and was hindering urban expansion. More importantly, new quays could be built on the site of the Northern city wall. Those who applied for the concession for demolition, were competitors of Jacob Abraham Jesurun, who held virtually all quays at the Anna Bay. By breaking down the walls and the construction of new quays at the Waaigat-side, his monopoly was broken. It caused great tension in the Jewish community.     <\/p>\n\n\n\n<p class=\"wp-block-paragraph\">The concession for the breakdown of the Northern city walls was given in 1864 to a group of entrepeneurs: S.E.L.. Maduro, Abraham Jacob Senior, Jeudah Senior, Elias Jesurun Henriquez en Abraham Capriles. The new quay that was constructed at the entrance of the Waaigat, (the Ruyterkade now: Sha Capileskade) served as wharf for the Maduro-group. They built warehouses on the spot. The second illustration shows the new wharf. Also on this photo: the Van den Brandhof bridge that was opened on July 7, 1883.     <br\/><br\/>The business conflict between the group S.E.L. Maduro and the group Jesurun caused a split in the Jewish community. In 1864 the liberal group around Jacob Abraham Jesurun split from the Jewish Congregation Mikv\u00e9 Israel and founded the new Congregation Emanu-el with a new Synagogue: the Temple. The Temple was completed on September 12, 1865. The new Liberal Jewish Congregation Emanu-el led by Jacob Abraham Jesurun had 105 members. On May 12, 1865 Emanu-el was recognized by the Minister of Colonies. The separation between the Reformed community Emanu-el and the more conservative congregation Mikv\u00e9 Israel would last a century.     <\/p>\n\n\n\n<p class=\"wp-block-paragraph\">Jacob Abraham Jesurun died in 1875. Around the turn of the century the Jesurun firm sold the majority of its quays to the Curacao Trading Company. <\/p>\n\n\n\n<p class=\"wp-block-paragraph\"><em>Deze tekst en foto&#8217;s mogen alleen worden overgenomen met vermelding van de bron: Nationaal Archief Cura\u00e7ao.<\/em><\/p>\n\n\n\n<h3 class=\"wp-block-heading\">Foto&#8217;s<\/h3>\n\n\n<style>.wp-block-kadence-advancedgallery .kb-gallery-type-grid.kb-gallery-id-25_0826c0-3b{margin:-5px;}.kb-gallery-type-grid.kb-gallery-id-25_0826c0-3b .kadence-blocks-gallery-item{padding:5px;}.kb-gallery-id-25_0826c0-3b .kadence-blocks-gallery-item .kb-gal-image-radius, .kb-gallery-id-25_0826c0-3b .kb-slide-item .kb-gal-image-radius img{border-radius:0px 0px 0px 0px;;}<\/style><div class=\"kb-gallery-wrap-id-25_0826c0-3b alignnone wp-block-kadence-advancedgallery\"><ul class=\"kb-gallery-ul kb-gallery-non-static kb-gallery-type-grid kb-gallery-id-25_0826c0-3b kb-gallery-caption-style-bottom-hover kb-gallery-filter-none kb-gallery-magnific-init\" data-image-filter=\"none\" data-item-selector=\".kadence-blocks-gallery-item\" data-lightbox-caption=\"true\" data-columns-xxl=\"5\" data-columns-xl=\"5\" data-columns-md=\"5\" data-columns-sm=\"4\" data-columns-xs=\"4\" data-columns-ss=\"3\"><li class=\"kadence-blocks-gallery-item\"><div class=\"kadence-blocks-gallery-item-inner\"><figure class=\"kb-gallery-figure kb-gallery-item-has-link kadence-blocks-gallery-item-hide-caption\"><a href=\"https:\/\/nationaalarchief.cw\/wp-content\/uploads\/2025\/10\/format_voorduinx_58c0f99b46fb3-1.jpg\" class=\"kb-gallery-item-link\"   role=\"button\" aria-haspopup=\"dialog\"><div class=\"kb-gal-image-radius\"><div class=\"kb-gallery-image-contain kadence-blocks-gallery-intrinsic kb-gallery-image-ratio-land32 kb-has-image-ratio-land32\" ><img loading=\"lazy\" decoding=\"async\" src=\"https:\/\/nationaalarchief.cw\/wp-content\/uploads\/2025\/10\/format_voorduinx_58c0f99b46fb3-1.jpg\" width=\"892\" height=\"553\" alt=\"\" data-full-image=\"https:\/\/nationaalarchief.cw\/wp-content\/uploads\/2025\/10\/format_voorduinx_58c0f99b46fb3-1.jpg\" data-light-image=\"https:\/\/nationaalarchief.cw\/wp-content\/uploads\/2025\/10\/format_voorduinx_58c0f99b46fb3-1.jpg\" data-id=\"1363\" class=\"wp-image-1363\" srcset=\"https:\/\/nationaalarchief.cw\/wp-content\/uploads\/2025\/10\/format_voorduinx_58c0f99b46fb3-1.jpg 892w, https:\/\/nationaalarchief.cw\/wp-content\/uploads\/2025\/10\/format_voorduinx_58c0f99b46fb3-1-300x186.jpg 300w, https:\/\/nationaalarchief.cw\/wp-content\/uploads\/2025\/10\/format_voorduinx_58c0f99b46fb3-1-768x476.jpg 768w\" sizes=\"auto, (max-width: 892px) 100vw, 892px\" \/><\/div><\/div><\/a><\/figure><\/div><\/li><li class=\"kadence-blocks-gallery-item\"><div class=\"kadence-blocks-gallery-item-inner\"><figure class=\"kb-gallery-figure kb-gallery-item-has-link kadence-blocks-gallery-item-hide-caption\"><a href=\"https:\/\/nationaalarchief.cw\/wp-content\/uploads\/2025\/10\/large_fort_amsterdam_met_ommuring_58c0fa578d709.jpg\" class=\"kb-gallery-item-link\"   role=\"button\" aria-haspopup=\"dialog\"><div class=\"kb-gal-image-radius\"><div class=\"kb-gallery-image-contain kadence-blocks-gallery-intrinsic kb-gallery-image-ratio-land32 kb-has-image-ratio-land32\" ><img loading=\"lazy\" decoding=\"async\" src=\"https:\/\/nationaalarchief.cw\/wp-content\/uploads\/2025\/10\/large_fort_amsterdam_met_ommuring_58c0fa578d709-1024x679.jpg\" width=\"1024\" height=\"679\" alt=\"\" data-full-image=\"https:\/\/nationaalarchief.cw\/wp-content\/uploads\/2025\/10\/large_fort_amsterdam_met_ommuring_58c0fa578d709.jpg\" data-light-image=\"https:\/\/nationaalarchief.cw\/wp-content\/uploads\/2025\/10\/large_fort_amsterdam_met_ommuring_58c0fa578d709.jpg\" data-id=\"1365\" class=\"wp-image-1365\" srcset=\"https:\/\/nationaalarchief.cw\/wp-content\/uploads\/2025\/10\/large_fort_amsterdam_met_ommuring_58c0fa578d709-1024x679.jpg 1024w, https:\/\/nationaalarchief.cw\/wp-content\/uploads\/2025\/10\/large_fort_amsterdam_met_ommuring_58c0fa578d709-300x199.jpg 300w, https:\/\/nationaalarchief.cw\/wp-content\/uploads\/2025\/10\/large_fort_amsterdam_met_ommuring_58c0fa578d709-768x509.jpg 768w, https:\/\/nationaalarchief.cw\/wp-content\/uploads\/2025\/10\/large_fort_amsterdam_met_ommuring_58c0fa578d709.jpg 1200w\" sizes=\"auto, (max-width: 1024px) 100vw, 1024px\" \/><\/div><\/div><\/a><\/figure><\/div><\/li><li class=\"kadence-blocks-gallery-item\"><div class=\"kadence-blocks-gallery-item-inner\"><figure class=\"kb-gallery-figure kb-gallery-item-has-link kadence-blocks-gallery-item-hide-caption\"><a href=\"https:\/\/nationaalarchief.cw\/wp-content\/uploads\/2025\/10\/large_foto_102_stadsmuur_58f611804b330.jpg\" class=\"kb-gallery-item-link\"   role=\"button\" aria-haspopup=\"dialog\"><div class=\"kb-gal-image-radius\"><div class=\"kb-gallery-image-contain kadence-blocks-gallery-intrinsic kb-gallery-image-ratio-land32 kb-has-image-ratio-land32\" ><img loading=\"lazy\" decoding=\"async\" src=\"https:\/\/nationaalarchief.cw\/wp-content\/uploads\/2025\/10\/large_foto_102_stadsmuur_58f611804b330-1024x679.jpg\" width=\"1024\" height=\"679\" alt=\"\" data-full-image=\"https:\/\/nationaalarchief.cw\/wp-content\/uploads\/2025\/10\/large_foto_102_stadsmuur_58f611804b330.jpg\" data-light-image=\"https:\/\/nationaalarchief.cw\/wp-content\/uploads\/2025\/10\/large_foto_102_stadsmuur_58f611804b330.jpg\" data-id=\"1367\" class=\"wp-image-1367\" srcset=\"https:\/\/nationaalarchief.cw\/wp-content\/uploads\/2025\/10\/large_foto_102_stadsmuur_58f611804b330-1024x679.jpg 1024w, https:\/\/nationaalarchief.cw\/wp-content\/uploads\/2025\/10\/large_foto_102_stadsmuur_58f611804b330-300x199.jpg 300w, https:\/\/nationaalarchief.cw\/wp-content\/uploads\/2025\/10\/large_foto_102_stadsmuur_58f611804b330-768x509.jpg 768w, https:\/\/nationaalarchief.cw\/wp-content\/uploads\/2025\/10\/large_foto_102_stadsmuur_58f611804b330.jpg 1200w\" sizes=\"auto, (max-width: 1024px) 100vw, 1024px\" \/><\/div><\/div><\/a><\/figure><\/div><\/li><li class=\"kadence-blocks-gallery-item\"><div class=\"kadence-blocks-gallery-item-inner\"><figure class=\"kb-gallery-figure kb-gallery-item-has-link kadence-blocks-gallery-item-hide-caption\"><a href=\"https:\/\/nationaalarchief.cw\/wp-content\/uploads\/2025\/10\/large_stadsmuur_geel_58f658c705ea5.jpg\" class=\"kb-gallery-item-link\"   role=\"button\" aria-haspopup=\"dialog\"><div class=\"kb-gal-image-radius\"><div class=\"kb-gallery-image-contain kadence-blocks-gallery-intrinsic kb-gallery-image-ratio-land32 kb-has-image-ratio-land32\" ><img loading=\"lazy\" decoding=\"async\" src=\"https:\/\/nationaalarchief.cw\/wp-content\/uploads\/2025\/10\/large_stadsmuur_geel_58f658c705ea5-1024x679.jpg\" width=\"1024\" height=\"679\" alt=\"\" data-full-image=\"https:\/\/nationaalarchief.cw\/wp-content\/uploads\/2025\/10\/large_stadsmuur_geel_58f658c705ea5.jpg\" data-light-image=\"https:\/\/nationaalarchief.cw\/wp-content\/uploads\/2025\/10\/large_stadsmuur_geel_58f658c705ea5.jpg\" data-id=\"1369\" class=\"wp-image-1369\" srcset=\"https:\/\/nationaalarchief.cw\/wp-content\/uploads\/2025\/10\/large_stadsmuur_geel_58f658c705ea5-1024x679.jpg 1024w, https:\/\/nationaalarchief.cw\/wp-content\/uploads\/2025\/10\/large_stadsmuur_geel_58f658c705ea5-300x199.jpg 300w, https:\/\/nationaalarchief.cw\/wp-content\/uploads\/2025\/10\/large_stadsmuur_geel_58f658c705ea5-768x509.jpg 768w, https:\/\/nationaalarchief.cw\/wp-content\/uploads\/2025\/10\/large_stadsmuur_geel_58f658c705ea5.jpg 1200w\" sizes=\"auto, (max-width: 1024px) 100vw, 1024px\" \/><\/div><\/div><\/a><\/figure><\/div><\/li><li class=\"kadence-blocks-gallery-item\"><div class=\"kadence-blocks-gallery-item-inner\"><figure class=\"kb-gallery-figure kb-gallery-item-has-link kadence-blocks-gallery-item-hide-caption\"><a href=\"https:\/\/nationaalarchief.cw\/wp-content\/uploads\/2025\/10\/large_foto_179_stadsmuur_001_58f611820aed8.jpg\" class=\"kb-gallery-item-link\"   role=\"button\" aria-haspopup=\"dialog\"><div class=\"kb-gal-image-radius\"><div class=\"kb-gallery-image-contain kadence-blocks-gallery-intrinsic kb-gallery-image-ratio-land32 kb-has-image-ratio-land32\" ><img loading=\"lazy\" decoding=\"async\" src=\"https:\/\/nationaalarchief.cw\/wp-content\/uploads\/2025\/10\/large_foto_179_stadsmuur_001_58f611820aed8-1024x679.jpg\" width=\"1024\" height=\"679\" alt=\"\" data-full-image=\"https:\/\/nationaalarchief.cw\/wp-content\/uploads\/2025\/10\/large_foto_179_stadsmuur_001_58f611820aed8.jpg\" data-light-image=\"https:\/\/nationaalarchief.cw\/wp-content\/uploads\/2025\/10\/large_foto_179_stadsmuur_001_58f611820aed8.jpg\" data-id=\"1371\" class=\"wp-image-1371\" srcset=\"https:\/\/nationaalarchief.cw\/wp-content\/uploads\/2025\/10\/large_foto_179_stadsmuur_001_58f611820aed8-1024x679.jpg 1024w, https:\/\/nationaalarchief.cw\/wp-content\/uploads\/2025\/10\/large_foto_179_stadsmuur_001_58f611820aed8-300x199.jpg 300w, https:\/\/nationaalarchief.cw\/wp-content\/uploads\/2025\/10\/large_foto_179_stadsmuur_001_58f611820aed8-768x509.jpg 768w, https:\/\/nationaalarchief.cw\/wp-content\/uploads\/2025\/10\/large_foto_179_stadsmuur_001_58f611820aed8.jpg 1200w\" sizes=\"auto, (max-width: 1024px) 100vw, 1024px\" \/><\/div><\/div><\/a><\/figure><\/div><\/li><\/ul><\/div><\/div><\/div>\n\n\n\n<div class=\"wp-block-kadence-tab kt-tab-inner-content kt-inner-tab-12 kt-inner-tab25_0763ea-cc\"><div class=\"kt-tab-inner-content-inner\"><style>.wp-block-kadence-advancedheading.kt-adv-heading25_694c99-a3, .wp-block-kadence-advancedheading.kt-adv-heading25_694c99-a3[data-kb-block=\"kb-adv-heading25_694c99-a3\"]{margin-top:0px;margin-bottom:var(--global-kb-spacing-lg, 3rem);font-style:normal;}.wp-block-kadence-advancedheading.kt-adv-heading25_694c99-a3 mark.kt-highlight, .wp-block-kadence-advancedheading.kt-adv-heading25_694c99-a3[data-kb-block=\"kb-adv-heading25_694c99-a3\"] mark.kt-highlight{font-style:normal;color:#f76a0c;-webkit-box-decoration-break:clone;box-decoration-break:clone;padding-top:0px;padding-right:0px;padding-bottom:0px;padding-left:0px;}.wp-block-kadence-advancedheading.kt-adv-heading25_694c99-a3 img.kb-inline-image, .wp-block-kadence-advancedheading.kt-adv-heading25_694c99-a3[data-kb-block=\"kb-adv-heading25_694c99-a3\"] img.kb-inline-image{width:150px;vertical-align:baseline;}<\/style>\n<h2 class=\"kt-adv-heading25_694c99-a3 wp-block-kadence-advancedheading\" data-kb-block=\"kb-adv-heading25_694c99-a3\">De komst van de olieraffinaderij op Cura\u00e7ao<\/h2>\n\n\n<style>.kb-image25_9b885f-8b .kb-image-has-overlay:after{opacity:0.3;}<\/style>\n<figure class=\"wp-block-kadence-image kb-image25_9b885f-8b\"><img loading=\"lazy\" decoding=\"async\" width=\"904\" height=\"407\" src=\"https:\/\/nationaalarchief.cw\/wp-content\/uploads\/2025\/10\/format_begin_shell_1_58c0fce7e9822.jpg\" alt=\"\" class=\"kb-img wp-image-1375\" srcset=\"https:\/\/nationaalarchief.cw\/wp-content\/uploads\/2025\/10\/format_begin_shell_1_58c0fce7e9822.jpg 904w, https:\/\/nationaalarchief.cw\/wp-content\/uploads\/2025\/10\/format_begin_shell_1_58c0fce7e9822-300x135.jpg 300w, https:\/\/nationaalarchief.cw\/wp-content\/uploads\/2025\/10\/format_begin_shell_1_58c0fce7e9822-768x346.jpg 768w\" sizes=\"auto, (max-width: 904px) 100vw, 904px\" \/><\/figure>\n\n\n\n<h3 class=\"wp-block-heading\">De verovering van Cura\u00e7ao 1634<\/h3>\n\n\n\n<p class=\"wp-block-paragraph\">Nederland was vanaf 1560 tot 1640 verwikkeld in een oorlog met Spanje, om hun onafhankelijkheid te verkrijgen. Mede door deze strijd, die veel kapitaal, schepen en manschappen vereiste, namen de Nederlanders aanvankelijk niet deel aan de ontdekkingsreizen en ze hadden zich v\u00f3\u00f3r 1580 nog niet in het Caribisch gebied vertoond. Dit veranderde toen in 1580 Spanje Portugal veroverde en de vereniging met Portugal (1580-1640) een feit was. Portugal mocht van Spanje geen handel meer drijven met Nederland, waarmee het in oorlog was. Nederland handelde vooral met Portugal in zout en de Nederlanders zagen zich gedwongen elders zout te halen. Zout was in die dagen heel belangrijk voor het conserveren van voedsel, met name vis. In 1585 kwamen de eerste Nederlandse schepen voor de Venezolaanse kust, zout ophalen bij de zoutpannen van Punto Araya, tegenover Cura\u00e7ao. Nadat de Nederlanders na een kortstondig verblijf op St. Maarten werden verdreven, gingen de Heren XIX, de bestuurders van de West Indische Compagnie (WIC), bestaande uit 19 personen, nadenken over een goede verdedigbare basis in het Caribisch gebied, van waaruit alle operaties konden plaatsvinden. Het oog viel op Cura\u00e7ao, omdat het goede verdedigbare havens had en het lag gunstig ten opzichte van Venezuela en de toenmalige handelsroutes. Van hieruit zou bovendien (de aanvoerlijnen van) vijand Spanje bestreden kunnen worden.          <br\/><br\/>Tijdens de vergadering van 6 april 1634 gaven de bewindhebbers van de WIC goedkeuring aan de veroveringsplannen. Er werd een expeditie uitgerust onder leiding van Johan van Walbeeck en Pierre Le Grand. De expeditie bestond uit 180 matrozen en 225 soldaten. Op 28 juli 1634 slaagden zij erin de haven van Cura\u00e7ao binnen te zeilen. De Spanjaarden gaven zich spoedig over. Bij de overgave werd bepaald dat het grootste deel van de indianen, ongeveer 400 in aantal en de 32 Spanjaarden vrije aftocht hadden. Ze werden naar Coro, Venezuela gestuurd. Op 21 augustus was de capitulatie een feit.       <\/p>\n\n\n\n<p class=\"wp-block-paragraph\">De manier waarop de verovering van Cura\u00e7ao door de Hollanders op de Spanjaarden in 1634 zich afspeelde is het best te zien op de illustratie die door de Ruesta werd getekend. Het origineel van deze kaart wordt bewaard in het Archivo General de Indias, Sevilla in Spanje. <br\/><br\/>De tekening laat een \u201cArmada Oladesa\u201d zien van 7 schepen die de Annabaai zijn binnengevaren en naar het Westen van het Schottegat voeren. De ingang van de Annabaai werd door de Spanjaarden slechts verdedigd vanuit de Oostzijde (punda-kant) door een platform (V). De soldaten verlieten de schepen in sloepen en gingen aan wal bij het schiereiland van Asiento. Vandaar uit vertrokken ze over land in de richting van \u201cPos Cabai\u201d, waar een Spaanse versterking stond. Op de kaart staat een \u201ccastillo\u201d getekend, met slotgrachten erom heen. (De omschrijving is \u201ccastillo en el sitio de la Higuera\u201d). Interessant is dat er op de kaart 2 \u201cpoblacions\u201d (dorpjes, met kerkjes) staan aangegeven. De Poblacion van Sta. Anna, staat getekend in Bandariba ongeveer ter hoogte van Matancia \/ Rio Canario. In Bandabou staat de poblacion van Asencion getekend. Hier moeten de Indianen hebben gewoond.           Het zijn waterrijke gebieden. <\/p>\n\n\n\n<p class=\"wp-block-paragraph\">Kijk ook even naar de <a href=\"https:\/\/canoncuracao.cw\/3-verovering-van-curacao-door-de-wic-en-de-komst-van-de-hollanders\/\">Canon van Curacao<\/a> over dit onderwerp.<\/p>\n\n\n\n<p class=\"wp-block-paragraph\"><strong>Publicatie:<\/strong><br\/>De bewoners van Curacao, vijf eeuwen van lief en leed. Gibbes\/ Romer-Kenepa\/ Scriwanek <\/p>\n\n\n\n<p class=\"wp-block-paragraph\"><em>Foto&#8217;s in gallery:<\/em><br\/>1. Situatie schets van de verovering door Van Walbeeck getekend door Franciscoo de Ruesta (1634)<br\/>2. <em>Afbeelding uit de 18e eeuw van de verovering van Johan van Walbeeck.<\/em><br\/>3. <em>Het West Indisch Huis in Amsterdam, zitplaats van de Kamer van Amsterdam van de WIC.<\/em><\/p>\n\n\n\n<h3 class=\"wp-block-heading\">Johan van Walbeeck and the conquest of Cura\u00e7ao<\/h3>\n\n\n\n<p class=\"wp-block-paragraph\">The Netherlands, in order to obtain their independence, was engaged in a war with Spain from 1560 to 1640. Partly because of this war, which required a lot of resources, ships and men, the Dutch did not participate in the first exploration, like Portugal and Spain. Their ships were not seen in the Caribbean before 1580. This changed in 1580 when Spain conquered Portugal and the union with Portugal (1580-1640) was established. Portugal was not allowed to trade with the Netherlands, Spains enemy. The Portugal-Netherlands trade was mainly in salt and the Dutch were forced to look for other areas to get their salt. Salt was very important for the preservation of food, particularly fish in those days. In 1585 the first Dutch ships sailed off the Venezuelan coast, where they came to collect salt from the salt pans of Punto Araya, near Cura\u00e7ao. After the Dutch were expelled from St. Maarten, the \u201cHeeren XIX\u201d, the directors of the West India Company (WIC), consisting of 19 people, began considering the possibility of maintaining a well defensible basis in the Caribbean, from which all operations could take place. The option of Cura\u00e7ao was on the table, because of the well defensible harbors. It was conveniently positioned to Venezuela and the trade routes. It could be used as a marine base to attack (supply lines of) enemy Spain.            <br\/><br\/>At the meeting on April 6, 1634 the directors of the WIC approved the plan of conquest. An expedition force was formed, led by Johan van Walbeeck and Pierre Le Grand. The expedition consisted of 180 sailors and 225 soldiers. On July 29, 1634 they conquered Curacao. The Spaniards surrendered with the agreement that the majority of Indians, about 400 in number and 32 Spaniards would be free to leave. They were sent to Coro, Venezuela. On August 21, the capitulation was a fact.      <\/p>\n\n\n\n<p class=\"wp-block-paragraph\"><em>Deze tekst mag alleen worden overgenomen met vermelding van de bron: Nationaal Archief Cura\u00e7ao.<\/em><\/p>\n\n\n\n<h3 class=\"wp-block-heading\">Foto&#8217;s<\/h3>\n\n\n<style>.wp-block-kadence-advancedgallery .kb-gallery-type-grid.kb-gallery-id-25_2dede3-a0{margin:-5px;}.kb-gallery-type-grid.kb-gallery-id-25_2dede3-a0 .kadence-blocks-gallery-item{padding:5px;}.kb-gallery-id-25_2dede3-a0 .kadence-blocks-gallery-item .kb-gal-image-radius, .kb-gallery-id-25_2dede3-a0 .kb-slide-item .kb-gal-image-radius img{border-radius:0px 0px 0px 0px;;}<\/style><div class=\"kb-gallery-wrap-id-25_2dede3-a0 alignnone wp-block-kadence-advancedgallery\"><ul class=\"kb-gallery-ul kb-gallery-non-static kb-gallery-type-grid kb-gallery-id-25_2dede3-a0 kb-gallery-caption-style-bottom-hover kb-gallery-filter-none kb-gallery-magnific-init\" data-image-filter=\"none\" data-item-selector=\".kadence-blocks-gallery-item\" data-lightbox-caption=\"true\" data-columns-xxl=\"5\" data-columns-xl=\"5\" data-columns-md=\"5\" data-columns-sm=\"4\" data-columns-xs=\"4\" data-columns-ss=\"3\"><li class=\"kadence-blocks-gallery-item\"><div class=\"kadence-blocks-gallery-item-inner\"><figure class=\"kb-gallery-figure kb-gallery-item-has-link kadence-blocks-gallery-item-hide-caption\"><a href=\"https:\/\/nationaalarchief.cw\/wp-content\/uploads\/2025\/10\/large_bouwwerkzaamheden_shellx_58c0fd9f3add6.jpg\" class=\"kb-gallery-item-link\"   role=\"button\" aria-haspopup=\"dialog\"><div class=\"kb-gal-image-radius\"><div class=\"kb-gallery-image-contain kadence-blocks-gallery-intrinsic kb-gallery-image-ratio-land32 kb-has-image-ratio-land32\" ><img loading=\"lazy\" decoding=\"async\" src=\"https:\/\/nationaalarchief.cw\/wp-content\/uploads\/2025\/10\/large_bouwwerkzaamheden_shellx_58c0fd9f3add6-1024x679.jpg\" width=\"1024\" height=\"679\" alt=\"\" data-full-image=\"https:\/\/nationaalarchief.cw\/wp-content\/uploads\/2025\/10\/large_bouwwerkzaamheden_shellx_58c0fd9f3add6.jpg\" data-light-image=\"https:\/\/nationaalarchief.cw\/wp-content\/uploads\/2025\/10\/large_bouwwerkzaamheden_shellx_58c0fd9f3add6.jpg\" data-id=\"1377\" class=\"wp-image-1377\" srcset=\"https:\/\/nationaalarchief.cw\/wp-content\/uploads\/2025\/10\/large_bouwwerkzaamheden_shellx_58c0fd9f3add6-1024x679.jpg 1024w, https:\/\/nationaalarchief.cw\/wp-content\/uploads\/2025\/10\/large_bouwwerkzaamheden_shellx_58c0fd9f3add6-300x199.jpg 300w, https:\/\/nationaalarchief.cw\/wp-content\/uploads\/2025\/10\/large_bouwwerkzaamheden_shellx_58c0fd9f3add6-768x509.jpg 768w, https:\/\/nationaalarchief.cw\/wp-content\/uploads\/2025\/10\/large_bouwwerkzaamheden_shellx_58c0fd9f3add6.jpg 1200w\" sizes=\"auto, (max-width: 1024px) 100vw, 1024px\" \/><\/div><\/div><\/a><\/figure><\/div><\/li><li class=\"kadence-blocks-gallery-item\"><div class=\"kadence-blocks-gallery-item-inner\"><figure class=\"kb-gallery-figure kb-gallery-item-has-link kadence-blocks-gallery-item-hide-caption\"><a href=\"https:\/\/nationaalarchief.cw\/wp-content\/uploads\/2025\/10\/large_begin_shell_1_58c0fda0b05f4.jpg\" class=\"kb-gallery-item-link\"   role=\"button\" aria-haspopup=\"dialog\"><div class=\"kb-gal-image-radius\"><div class=\"kb-gallery-image-contain kadence-blocks-gallery-intrinsic kb-gallery-image-ratio-land32 kb-has-image-ratio-land32\" ><img loading=\"lazy\" decoding=\"async\" src=\"https:\/\/nationaalarchief.cw\/wp-content\/uploads\/2025\/10\/large_begin_shell_1_58c0fda0b05f4-1024x679.jpg\" width=\"1024\" height=\"679\" alt=\"\" data-full-image=\"https:\/\/nationaalarchief.cw\/wp-content\/uploads\/2025\/10\/large_begin_shell_1_58c0fda0b05f4.jpg\" data-light-image=\"https:\/\/nationaalarchief.cw\/wp-content\/uploads\/2025\/10\/large_begin_shell_1_58c0fda0b05f4.jpg\" data-id=\"1379\" class=\"wp-image-1379\" srcset=\"https:\/\/nationaalarchief.cw\/wp-content\/uploads\/2025\/10\/large_begin_shell_1_58c0fda0b05f4-1024x679.jpg 1024w, https:\/\/nationaalarchief.cw\/wp-content\/uploads\/2025\/10\/large_begin_shell_1_58c0fda0b05f4-300x199.jpg 300w, https:\/\/nationaalarchief.cw\/wp-content\/uploads\/2025\/10\/large_begin_shell_1_58c0fda0b05f4-768x509.jpg 768w, https:\/\/nationaalarchief.cw\/wp-content\/uploads\/2025\/10\/large_begin_shell_1_58c0fda0b05f4.jpg 1200w\" sizes=\"auto, (max-width: 1024px) 100vw, 1024px\" \/><\/div><\/div><\/a><\/figure><\/div><\/li><\/ul><\/div><\/div><\/div>\n\n\n\n<div class=\"wp-block-kadence-tab kt-tab-inner-content kt-inner-tab-13 kt-inner-tab25_50547c-77\"><div class=\"kt-tab-inner-content-inner\"><style>.wp-block-kadence-advancedheading.kt-adv-heading25_fa109b-c6, .wp-block-kadence-advancedheading.kt-adv-heading25_fa109b-c6[data-kb-block=\"kb-adv-heading25_fa109b-c6\"]{margin-top:0px;margin-bottom:var(--global-kb-spacing-lg, 3rem);font-style:normal;}.wp-block-kadence-advancedheading.kt-adv-heading25_fa109b-c6 mark.kt-highlight, .wp-block-kadence-advancedheading.kt-adv-heading25_fa109b-c6[data-kb-block=\"kb-adv-heading25_fa109b-c6\"] mark.kt-highlight{font-style:normal;color:#f76a0c;-webkit-box-decoration-break:clone;box-decoration-break:clone;padding-top:0px;padding-right:0px;padding-bottom:0px;padding-left:0px;}.wp-block-kadence-advancedheading.kt-adv-heading25_fa109b-c6 img.kb-inline-image, .wp-block-kadence-advancedheading.kt-adv-heading25_fa109b-c6[data-kb-block=\"kb-adv-heading25_fa109b-c6\"] img.kb-inline-image{width:150px;vertical-align:baseline;}<\/style>\n<h2 class=\"kt-adv-heading25_fa109b-c6 wp-block-kadence-advancedheading\" data-kb-block=\"kb-adv-heading25_fa109b-c6\">30 mei 1969<\/h2>\n\n\n<style>.kb-image25_bbbac2-cd .kb-image-has-overlay:after{opacity:0.3;}<\/style>\n<figure class=\"wp-block-kadence-image kb-image25_bbbac2-cd\"><img loading=\"lazy\" decoding=\"async\" width=\"909\" height=\"431\" src=\"https:\/\/nationaalarchief.cw\/wp-content\/uploads\/2025\/10\/format_01_stakers_met_borden_voor_shell_terein_6_mei_1_medium_58c1113acb07d.jpg\" alt=\"\" class=\"kb-img wp-image-1381\" srcset=\"https:\/\/nationaalarchief.cw\/wp-content\/uploads\/2025\/10\/format_01_stakers_met_borden_voor_shell_terein_6_mei_1_medium_58c1113acb07d.jpg 909w, https:\/\/nationaalarchief.cw\/wp-content\/uploads\/2025\/10\/format_01_stakers_met_borden_voor_shell_terein_6_mei_1_medium_58c1113acb07d-300x142.jpg 300w, https:\/\/nationaalarchief.cw\/wp-content\/uploads\/2025\/10\/format_01_stakers_met_borden_voor_shell_terein_6_mei_1_medium_58c1113acb07d-768x364.jpg 768w\" sizes=\"auto, (max-width: 909px) 100vw, 909px\" \/><\/figure>\n\n\n\n<p class=\"wp-block-paragraph\">De raffinaderij, de grootste werkgever op Cura\u00e7ao in 1969, werkte met een aantal aannemersbedrijven. Wescar, Werkspoor Caribbean, was daar een van. De arbeiders van de aannemersbedrijven kregen minder betaald dan de Shell-arbeiders, voor het zelfde werk. Toen de Collectieve Arbeidsovereenkomst (CAO) van Wescar op 6 mei afliep en er over een nieuwe overeenkomst onderhandeld moest worden, eisten de Wescar arbeiders \u201cequal pay, for equal work\u201d. De Wescar directie gaf echter niet of onvoldoende toe. Ewald Ong A Kwie, voorzitter van de vakbond \u201cDe Cura\u00e7aosche Federatie van Werknemers (C.F.W.), die de Wescar arbeiders vertegenwoordigde, ging over tot een staking. Toen de Wecar directie dreigde de stakers te ontslaan, riep hij op tot een solidariteitsstaking. De solidariteitsbetuigingen waren groter dan verwacht. Alle overige onderaannemers van Shell demonstreerden tijdens hun lunchpauze en andere vakbonden zoals de Algemene Haven Unie (AHU) en de metaalwerkers (CADMU) betuigden hun steun. Op de avond van 29 mei kwamen de vakbonden bijeen in de Casa Sindical op Pietermaai om te besluiten of er een algemene staking zou worden uitgeroepen. Op die avond waren er al arbeiders die passerende auto\u2019s molesteerden. Politie moest er aan te pas komen om de rust te herstellen op Pietermaai. De volgende dag, 30 mei, zou een solidariteitsstaking worden gehouden. Bij de ingang van het Shell terrein \u201cPost V\u201d verzamelden de stakers zich. Ook de leiders van de Havenarbeiders, Wilson \u201cPapa\u201d Godett en Amador Nita waren aanwezig bij Post V. Het trio Ong A Kwie, Godett en Nita, waren de leiders die de stakende massa van zo\u2019n 4.000, later 5.000 mensen in goede banen moesten leiden, op weg naar het regeringscentrum, Fort Amsterdam. De menigte was echter niet in bedwang te houden. Al bij Post V werd een auto en drums in brand gestoken.        <br\/><br\/>Henderson Supermarket aan de Schottegatweg werd geplunderd, waarbij de stakers met grote hoeveelheden alcohol op weg gingen. \u201cRespect\u201d en \u201cerkenning\u201d was de inzet geworden, het recht op gelijk loon werd slechts de aanleiding. Bij het hooggelegen Parera stond een politiekordon de massa op te wachten. Hier ging het mis. De frontlinie van de politie werd zodanig bekogeld met stenen en flessen dat ze zich terugtrokken in zuidelijke richting, naar de (hellende) Kerkhofweg. De demonstranten staken een achtergelaten politie vrachtauto in brand, waarmee een van hen, Manuel Gutierrez, de auto naar beneden, op de politiemannen inreed en een dodelijk schot kreeg.     <br\/><br\/>Een andere demonstrant, Orlando Gerardina werd, vermoedelijk door een afgeketste politiekogel, dodelijk geraakt. Ook Wilson \u201cPapa\u201d Godett werd geraakt door een politiekogel. Hij werd gewond afgevoerd naar het ziekenhuis, o.a. door Ong A Kwie en Nita, waardoor de woedende menigte zonder leiders voor Punda stond. Een groot aantal winkels in Punda en Otrobanda werd in brand gestoken door een razende menigte. Fort Amsterdam was hermetisch afgesloten en werd beschermd door militairen. 60 panden werden vernield door brand. Ongeveer 100 winkels werden ernstig beschadigd en geplunderd. De totale schade werd op ca. 50 miljoen Antilliaanse gulden geschat.       <br\/><br\/>30 mei 1969 had grote gevolgen. De emancipatie van de Afro-Cura\u00e7ao\u00ebnaar kwam in een stroomversnelling, de roep van Nederland om naar onafhankelijkheid te werken werd luider, Aruba\u2019s Status Aparte kwam dichterbij, minimum loon en arbeidswetgeving werd strak gereguleerd. <\/p>\n\n\n\n<p class=\"wp-block-paragraph\"><strong>meer info:<\/strong><br\/><a href=\"http:\/\/www.nationalarchives.cw\/collectie\/virtual-expo-May%2030,%201969\" target=\"_blank\" rel=\"noreferrer noopener\">http:\/\/www.nationalarchives.cw\/collectie\/virtual-expo-30-mei-1969<\/a><br\/><\/p>\n\n\n\n<p class=\"wp-block-paragraph\">Of kijk ook even op de <a href=\"https:\/\/canoncuracao.cw\/30-dertig-mei-1969\/\">Canon van Curacao<\/a><\/p>\n\n\n\n<h3 class=\"wp-block-heading\">May 30, 1969<\/h3>\n\n\n\n<p class=\"wp-block-paragraph\">The refinery, the largest employer in Cura\u00e7ao in 1969, worked with a number of contractors. Wescar, Werkspoor Caribbean, was one of them. The workers of the contractors were paid less than the Shell workers, for equal labor.  <br\/><br\/>When the Labor Agreement (CAO) of Wescar expired on May 6 and a new agreement had to be negotiated, the Wescar workers demanded &#8220;equal pay, for equal work&#8221;. The Wescar management however did not or at least insufficiently meet their demands. Ewald A Kwie Ong, president of the union &#8220;The Curacao Federation of Workers (CFW), which represented Wescar workers, went on a strike and called for a solidarity strike. He received a large amount of support. All subcontractors of Shell and other unions such as the General Port Union (AHU) and the metal workers (CADMU) expressed their support. On the evening of May 29 the unions met at the Casa Sindical in Pietermaai to decide whether a general strike would be declared. On that night the first signs of unrest were expressed when some passing cars were molested. The next day, May 30, a solidarity strike was announced. At &#8220;Post V&#8221;, one of Shell\u2019s entrances to the plant, the strikers gathered. The leaders of the Dockers, Wilson &#8220;Papa&#8221; Godett and Amador Nita were also present at Post V. The trio Ong A Kwie, Godett and Nita had to lead a striking mass of about 4.000, later 5.000 people to the center of government, Fort Amsterdam. At the beginning of the march, a car and some drums were set on fire. Henderson Supermarket at the Schottegatweg was ransacked, leaving the strikers with large amounts of alcohol. &#8220;Respect&#8221; and &#8220;recognition&#8221; had become the motive, the right to equal pay the underlying slogan. At Parera a police cordon was set up to halt the masses. It all went amiss here.    <br\/><br\/>The front line of the police was pelted with stones and bottles; so they decided to retreat southwards, towards the Kerkhofweg. The protesters looted an abandoned police truck, set it on fire, which one of them, Manuel Gutierrez, crashed into the police. He got killed by a police shot. Another protester, Orlando Gerardina, was probably fatally hit by a ricochets police bullet. Wilson &#8220;Papa&#8221; Godett was also hit by a police bullet. He was injured and taken to hospital. When Ong A Kwie and Nita left the scene to take Godett to Hospital, the angry mob was left at the entrance of Punda, without leaders. A large number of shops in Punda and Otrobanda was set on fire. Fort Amsterdam was sealed and protected by soldiers. 60 buildings were destroyed by fire. Around 100 shops were damaged and looted. The total damage was estimated at about 50 million Antillean guilders.           <br\/><br\/>May 30, 1969 had a significant impact. The emancipation of Afro-Cura\u00e7aoans gained momentum, the call of the Netherlands to direct the Islands to Independence became louder, Aruba&#8217;s call for Status Aparte emerged more prominent, minimum wage and labor was tightly regulated. <\/p>\n\n\n\n<p class=\"wp-block-paragraph\"><strong>More info:<\/strong><br\/><a href=\"http:\/\/www.nationalarchives.cw\/collectie\/virtual-expo-May%2030,%201969\" target=\"_blank\" rel=\"noreferrer noopener\">http:\/\/www.nationalarchives.cw\/collectie\/virtual-expo-May 30, 1969<\/a><\/p>\n\n\n\n<p class=\"wp-block-paragraph\">Or <a href=\"https:\/\/canoncuracao.cw\/30-dertig-mei-1969\/\">Canon Curacao<\/a><\/p>\n\n\n\n<p class=\"wp-block-paragraph\"><em>Deze tekst mag alleen worden overgenomen met vermelding van de bron: Nationaal Archief Cura\u00e7ao.<\/em><\/p>\n\n\n\n<h3 class=\"wp-block-heading\">Foto&#8217;s<\/h3>\n\n\n<style>.wp-block-kadence-advancedgallery .kb-gallery-type-grid.kb-gallery-id-25_601127-51{margin:-5px;}.kb-gallery-type-grid.kb-gallery-id-25_601127-51 .kadence-blocks-gallery-item{padding:5px;}.kb-gallery-id-25_601127-51 .kadence-blocks-gallery-item .kb-gal-image-radius, .kb-gallery-id-25_601127-51 .kb-slide-item .kb-gal-image-radius img{border-radius:0px 0px 0px 0px;;}<\/style><div class=\"kb-gallery-wrap-id-25_601127-51 alignnone wp-block-kadence-advancedgallery\"><ul class=\"kb-gallery-ul kb-gallery-non-static kb-gallery-type-grid kb-gallery-id-25_601127-51 kb-gallery-caption-style-bottom-hover kb-gallery-filter-none kb-gallery-magnific-init\" data-image-filter=\"none\" data-item-selector=\".kadence-blocks-gallery-item\" data-lightbox-caption=\"true\" data-columns-xxl=\"5\" data-columns-xl=\"5\" data-columns-md=\"5\" data-columns-sm=\"4\" data-columns-xs=\"4\" data-columns-ss=\"3\"><li class=\"kadence-blocks-gallery-item\"><div class=\"kadence-blocks-gallery-item-inner\"><figure class=\"kb-gallery-figure kb-gallery-item-has-link kadence-blocks-gallery-item-hide-caption\"><a href=\"https:\/\/nationaalarchief.cw\/wp-content\/uploads\/2025\/10\/large_01_schade1_medium_58c1109a4cded.jpg\" class=\"kb-gallery-item-link\"   role=\"button\" aria-haspopup=\"dialog\"><div class=\"kb-gal-image-radius\"><div class=\"kb-gallery-image-contain kadence-blocks-gallery-intrinsic kb-gallery-image-ratio-land32 kb-has-image-ratio-land32\" ><img loading=\"lazy\" decoding=\"async\" src=\"https:\/\/nationaalarchief.cw\/wp-content\/uploads\/2025\/10\/large_01_schade1_medium_58c1109a4cded-1024x679.jpg\" width=\"1024\" height=\"679\" alt=\"\" data-full-image=\"https:\/\/nationaalarchief.cw\/wp-content\/uploads\/2025\/10\/large_01_schade1_medium_58c1109a4cded.jpg\" data-light-image=\"https:\/\/nationaalarchief.cw\/wp-content\/uploads\/2025\/10\/large_01_schade1_medium_58c1109a4cded.jpg\" data-id=\"1383\" class=\"wp-image-1383\" srcset=\"https:\/\/nationaalarchief.cw\/wp-content\/uploads\/2025\/10\/large_01_schade1_medium_58c1109a4cded-1024x679.jpg 1024w, https:\/\/nationaalarchief.cw\/wp-content\/uploads\/2025\/10\/large_01_schade1_medium_58c1109a4cded-300x199.jpg 300w, https:\/\/nationaalarchief.cw\/wp-content\/uploads\/2025\/10\/large_01_schade1_medium_58c1109a4cded-768x509.jpg 768w, https:\/\/nationaalarchief.cw\/wp-content\/uploads\/2025\/10\/large_01_schade1_medium_58c1109a4cded.jpg 1200w\" sizes=\"auto, (max-width: 1024px) 100vw, 1024px\" \/><\/div><\/div><\/a><\/figure><\/div><\/li><li class=\"kadence-blocks-gallery-item\"><div class=\"kadence-blocks-gallery-item-inner\"><figure class=\"kb-gallery-figure kb-gallery-item-has-link kadence-blocks-gallery-item-hide-caption\"><a href=\"https:\/\/nationaalarchief.cw\/wp-content\/uploads\/2025\/10\/large_02_kop_van_de_mars_medium_58c1109fc6eed.jpg\" class=\"kb-gallery-item-link\"   role=\"button\" aria-haspopup=\"dialog\"><div class=\"kb-gal-image-radius\"><div class=\"kb-gallery-image-contain kadence-blocks-gallery-intrinsic kb-gallery-image-ratio-land32 kb-has-image-ratio-land32\" ><img loading=\"lazy\" decoding=\"async\" src=\"https:\/\/nationaalarchief.cw\/wp-content\/uploads\/2025\/10\/large_02_kop_van_de_mars_medium_58c1109fc6eed-1024x679.jpg\" width=\"1024\" height=\"679\" alt=\"\" data-full-image=\"https:\/\/nationaalarchief.cw\/wp-content\/uploads\/2025\/10\/large_02_kop_van_de_mars_medium_58c1109fc6eed.jpg\" data-light-image=\"https:\/\/nationaalarchief.cw\/wp-content\/uploads\/2025\/10\/large_02_kop_van_de_mars_medium_58c1109fc6eed.jpg\" data-id=\"1385\" class=\"wp-image-1385\" srcset=\"https:\/\/nationaalarchief.cw\/wp-content\/uploads\/2025\/10\/large_02_kop_van_de_mars_medium_58c1109fc6eed-1024x679.jpg 1024w, https:\/\/nationaalarchief.cw\/wp-content\/uploads\/2025\/10\/large_02_kop_van_de_mars_medium_58c1109fc6eed-300x199.jpg 300w, https:\/\/nationaalarchief.cw\/wp-content\/uploads\/2025\/10\/large_02_kop_van_de_mars_medium_58c1109fc6eed-768x509.jpg 768w, https:\/\/nationaalarchief.cw\/wp-content\/uploads\/2025\/10\/large_02_kop_van_de_mars_medium_58c1109fc6eed.jpg 1200w\" sizes=\"auto, (max-width: 1024px) 100vw, 1024px\" \/><\/div><\/div><\/a><\/figure><\/div><\/li><li class=\"kadence-blocks-gallery-item\"><div class=\"kadence-blocks-gallery-item-inner\"><figure class=\"kb-gallery-figure kb-gallery-item-has-link kadence-blocks-gallery-item-hide-caption\"><a href=\"https:\/\/nationaalarchief.cw\/wp-content\/uploads\/2025\/10\/large_03_luchtfoto_van_brand_in_willemstad_lr_medium_58c110a5891c7.jpg\" class=\"kb-gallery-item-link\"   role=\"button\" aria-haspopup=\"dialog\"><div class=\"kb-gal-image-radius\"><div class=\"kb-gallery-image-contain kadence-blocks-gallery-intrinsic kb-gallery-image-ratio-land32 kb-has-image-ratio-land32\" ><img loading=\"lazy\" decoding=\"async\" src=\"https:\/\/nationaalarchief.cw\/wp-content\/uploads\/2025\/10\/large_03_luchtfoto_van_brand_in_willemstad_lr_medium_58c110a5891c7-1024x679.jpg\" width=\"1024\" height=\"679\" alt=\"\" data-full-image=\"https:\/\/nationaalarchief.cw\/wp-content\/uploads\/2025\/10\/large_03_luchtfoto_van_brand_in_willemstad_lr_medium_58c110a5891c7.jpg\" data-light-image=\"https:\/\/nationaalarchief.cw\/wp-content\/uploads\/2025\/10\/large_03_luchtfoto_van_brand_in_willemstad_lr_medium_58c110a5891c7.jpg\" data-id=\"1387\" class=\"wp-image-1387\" srcset=\"https:\/\/nationaalarchief.cw\/wp-content\/uploads\/2025\/10\/large_03_luchtfoto_van_brand_in_willemstad_lr_medium_58c110a5891c7-1024x679.jpg 1024w, https:\/\/nationaalarchief.cw\/wp-content\/uploads\/2025\/10\/large_03_luchtfoto_van_brand_in_willemstad_lr_medium_58c110a5891c7-300x199.jpg 300w, https:\/\/nationaalarchief.cw\/wp-content\/uploads\/2025\/10\/large_03_luchtfoto_van_brand_in_willemstad_lr_medium_58c110a5891c7-768x509.jpg 768w, https:\/\/nationaalarchief.cw\/wp-content\/uploads\/2025\/10\/large_03_luchtfoto_van_brand_in_willemstad_lr_medium_58c110a5891c7.jpg 1200w\" sizes=\"auto, (max-width: 1024px) 100vw, 1024px\" \/><\/div><\/div><\/a><\/figure><\/div><\/li><li class=\"kadence-blocks-gallery-item\"><div class=\"kadence-blocks-gallery-item-inner\"><figure class=\"kb-gallery-figure kb-gallery-item-has-link kadence-blocks-gallery-item-hide-caption\"><a href=\"https:\/\/nationaalarchief.cw\/wp-content\/uploads\/2025\/10\/large_04_brand_heerenstraat_medium_58c110a681ba1.jpg\" class=\"kb-gallery-item-link\"   role=\"button\" aria-haspopup=\"dialog\"><div class=\"kb-gal-image-radius\"><div class=\"kb-gallery-image-contain kadence-blocks-gallery-intrinsic kb-gallery-image-ratio-land32 kb-has-image-ratio-land32\" ><img loading=\"lazy\" decoding=\"async\" src=\"https:\/\/nationaalarchief.cw\/wp-content\/uploads\/2025\/10\/large_04_brand_heerenstraat_medium_58c110a681ba1-1024x679.jpg\" width=\"1024\" height=\"679\" alt=\"\" data-full-image=\"https:\/\/nationaalarchief.cw\/wp-content\/uploads\/2025\/10\/large_04_brand_heerenstraat_medium_58c110a681ba1.jpg\" data-light-image=\"https:\/\/nationaalarchief.cw\/wp-content\/uploads\/2025\/10\/large_04_brand_heerenstraat_medium_58c110a681ba1.jpg\" data-id=\"1389\" class=\"wp-image-1389\" srcset=\"https:\/\/nationaalarchief.cw\/wp-content\/uploads\/2025\/10\/large_04_brand_heerenstraat_medium_58c110a681ba1-1024x679.jpg 1024w, https:\/\/nationaalarchief.cw\/wp-content\/uploads\/2025\/10\/large_04_brand_heerenstraat_medium_58c110a681ba1-300x199.jpg 300w, https:\/\/nationaalarchief.cw\/wp-content\/uploads\/2025\/10\/large_04_brand_heerenstraat_medium_58c110a681ba1-768x509.jpg 768w, https:\/\/nationaalarchief.cw\/wp-content\/uploads\/2025\/10\/large_04_brand_heerenstraat_medium_58c110a681ba1.jpg 1200w\" sizes=\"auto, (max-width: 1024px) 100vw, 1024px\" \/><\/div><\/div><\/a><\/figure><\/div><\/li><li class=\"kadence-blocks-gallery-item\"><div class=\"kadence-blocks-gallery-item-inner\"><figure class=\"kb-gallery-figure kb-gallery-item-has-link kadence-blocks-gallery-item-hide-caption\"><a href=\"https:\/\/nationaalarchief.cw\/wp-content\/uploads\/2025\/10\/large_05_auto_brand_medium_58c110a7bc6f8.jpg\" class=\"kb-gallery-item-link\"   role=\"button\" aria-haspopup=\"dialog\"><div class=\"kb-gal-image-radius\"><div class=\"kb-gallery-image-contain kadence-blocks-gallery-intrinsic kb-gallery-image-ratio-land32 kb-has-image-ratio-land32\" ><img loading=\"lazy\" decoding=\"async\" src=\"https:\/\/nationaalarchief.cw\/wp-content\/uploads\/2025\/10\/large_05_auto_brand_medium_58c110a7bc6f8-1024x679.jpg\" width=\"1024\" height=\"679\" alt=\"\" data-full-image=\"https:\/\/nationaalarchief.cw\/wp-content\/uploads\/2025\/10\/large_05_auto_brand_medium_58c110a7bc6f8.jpg\" data-light-image=\"https:\/\/nationaalarchief.cw\/wp-content\/uploads\/2025\/10\/large_05_auto_brand_medium_58c110a7bc6f8.jpg\" data-id=\"1391\" class=\"wp-image-1391\" srcset=\"https:\/\/nationaalarchief.cw\/wp-content\/uploads\/2025\/10\/large_05_auto_brand_medium_58c110a7bc6f8-1024x679.jpg 1024w, https:\/\/nationaalarchief.cw\/wp-content\/uploads\/2025\/10\/large_05_auto_brand_medium_58c110a7bc6f8-300x199.jpg 300w, https:\/\/nationaalarchief.cw\/wp-content\/uploads\/2025\/10\/large_05_auto_brand_medium_58c110a7bc6f8-768x509.jpg 768w, https:\/\/nationaalarchief.cw\/wp-content\/uploads\/2025\/10\/large_05_auto_brand_medium_58c110a7bc6f8.jpg 1200w\" sizes=\"auto, (max-width: 1024px) 100vw, 1024px\" \/><\/div><\/div><\/a><\/figure><\/div><\/li><li class=\"kadence-blocks-gallery-item\"><div class=\"kadence-blocks-gallery-item-inner\"><figure class=\"kb-gallery-figure kb-gallery-item-has-link kadence-blocks-gallery-item-hide-caption\"><a href=\"https:\/\/nationaalarchief.cw\/wp-content\/uploads\/2025\/10\/large_05_ong_a_kwie_op_30_mei_medium_58c110aec1586.jpg\" class=\"kb-gallery-item-link\"   role=\"button\" aria-haspopup=\"dialog\"><div class=\"kb-gal-image-radius\"><div class=\"kb-gallery-image-contain kadence-blocks-gallery-intrinsic kb-gallery-image-ratio-land32 kb-has-image-ratio-land32\" ><img loading=\"lazy\" decoding=\"async\" src=\"https:\/\/nationaalarchief.cw\/wp-content\/uploads\/2025\/10\/large_05_ong_a_kwie_op_30_mei_medium_58c110aec1586-1024x679.jpg\" width=\"1024\" height=\"679\" alt=\"\" data-full-image=\"https:\/\/nationaalarchief.cw\/wp-content\/uploads\/2025\/10\/large_05_ong_a_kwie_op_30_mei_medium_58c110aec1586.jpg\" data-light-image=\"https:\/\/nationaalarchief.cw\/wp-content\/uploads\/2025\/10\/large_05_ong_a_kwie_op_30_mei_medium_58c110aec1586.jpg\" data-id=\"1393\" class=\"wp-image-1393\" srcset=\"https:\/\/nationaalarchief.cw\/wp-content\/uploads\/2025\/10\/large_05_ong_a_kwie_op_30_mei_medium_58c110aec1586-1024x679.jpg 1024w, https:\/\/nationaalarchief.cw\/wp-content\/uploads\/2025\/10\/large_05_ong_a_kwie_op_30_mei_medium_58c110aec1586-300x199.jpg 300w, https:\/\/nationaalarchief.cw\/wp-content\/uploads\/2025\/10\/large_05_ong_a_kwie_op_30_mei_medium_58c110aec1586-768x509.jpg 768w, https:\/\/nationaalarchief.cw\/wp-content\/uploads\/2025\/10\/large_05_ong_a_kwie_op_30_mei_medium_58c110aec1586.jpg 1200w\" sizes=\"auto, (max-width: 1024px) 100vw, 1024px\" \/><\/div><\/div><\/a><\/figure><\/div><\/li><li class=\"kadence-blocks-gallery-item\"><div class=\"kadence-blocks-gallery-item-inner\"><figure class=\"kb-gallery-figure kb-gallery-item-has-link kadence-blocks-gallery-item-hide-caption\"><a href=\"https:\/\/nationaalarchief.cw\/wp-content\/uploads\/2025\/10\/large_01_stakers_met_borden_voor_shell_terein_6_mei_1_medium_58c11098eae91.jpg\" class=\"kb-gallery-item-link\"   role=\"button\" aria-haspopup=\"dialog\"><div class=\"kb-gal-image-radius\"><div class=\"kb-gallery-image-contain kadence-blocks-gallery-intrinsic kb-gallery-image-ratio-land32 kb-has-image-ratio-land32\" ><img loading=\"lazy\" decoding=\"async\" src=\"https:\/\/nationaalarchief.cw\/wp-content\/uploads\/2025\/10\/large_01_stakers_met_borden_voor_shell_terein_6_mei_1_medium_58c11098eae91-1024x679.jpg\" width=\"1024\" height=\"679\" alt=\"\" data-full-image=\"https:\/\/nationaalarchief.cw\/wp-content\/uploads\/2025\/10\/large_01_stakers_met_borden_voor_shell_terein_6_mei_1_medium_58c11098eae91.jpg\" data-light-image=\"https:\/\/nationaalarchief.cw\/wp-content\/uploads\/2025\/10\/large_01_stakers_met_borden_voor_shell_terein_6_mei_1_medium_58c11098eae91.jpg\" data-id=\"1395\" class=\"wp-image-1395\" srcset=\"https:\/\/nationaalarchief.cw\/wp-content\/uploads\/2025\/10\/large_01_stakers_met_borden_voor_shell_terein_6_mei_1_medium_58c11098eae91-1024x679.jpg 1024w, https:\/\/nationaalarchief.cw\/wp-content\/uploads\/2025\/10\/large_01_stakers_met_borden_voor_shell_terein_6_mei_1_medium_58c11098eae91-300x199.jpg 300w, https:\/\/nationaalarchief.cw\/wp-content\/uploads\/2025\/10\/large_01_stakers_met_borden_voor_shell_terein_6_mei_1_medium_58c11098eae91-768x509.jpg 768w, https:\/\/nationaalarchief.cw\/wp-content\/uploads\/2025\/10\/large_01_stakers_met_borden_voor_shell_terein_6_mei_1_medium_58c11098eae91.jpg 1200w\" sizes=\"auto, (max-width: 1024px) 100vw, 1024px\" \/><\/div><\/div><\/a><\/figure><\/div><\/li><\/ul><\/div><\/div><\/div>\n\n\n\n<div class=\"wp-block-kadence-tab kt-tab-inner-content kt-inner-tab-14 kt-inner-tab25_6d5ccc-93\"><div class=\"kt-tab-inner-content-inner\"><style>.wp-block-kadence-advancedheading.kt-adv-heading25_08026f-fb, .wp-block-kadence-advancedheading.kt-adv-heading25_08026f-fb[data-kb-block=\"kb-adv-heading25_08026f-fb\"]{margin-top:0px;margin-bottom:var(--global-kb-spacing-lg, 3rem);font-style:normal;}.wp-block-kadence-advancedheading.kt-adv-heading25_08026f-fb mark.kt-highlight, .wp-block-kadence-advancedheading.kt-adv-heading25_08026f-fb[data-kb-block=\"kb-adv-heading25_08026f-fb\"] mark.kt-highlight{font-style:normal;color:#f76a0c;-webkit-box-decoration-break:clone;box-decoration-break:clone;padding-top:0px;padding-right:0px;padding-bottom:0px;padding-left:0px;}.wp-block-kadence-advancedheading.kt-adv-heading25_08026f-fb img.kb-inline-image, .wp-block-kadence-advancedheading.kt-adv-heading25_08026f-fb[data-kb-block=\"kb-adv-heading25_08026f-fb\"] img.kb-inline-image{width:150px;vertical-align:baseline;}<\/style>\n<h2 class=\"kt-adv-heading25_08026f-fb wp-block-kadence-advancedheading\" data-kb-block=\"kb-adv-heading25_08026f-fb\">Koningin Emmabrug<\/h2>\n\n\n<style>.kb-image25_45aab5-7a .kb-image-has-overlay:after{opacity:0.3;}<\/style>\n<figure class=\"wp-block-kadence-image kb-image25_45aab5-7a\"><img loading=\"lazy\" decoding=\"async\" width=\"931\" height=\"435\" src=\"https:\/\/nationaalarchief.cw\/wp-content\/uploads\/2025\/10\/format_historisch_1_58c103da1b3d1.jpg\" alt=\"\" class=\"kb-img wp-image-1399\" srcset=\"https:\/\/nationaalarchief.cw\/wp-content\/uploads\/2025\/10\/format_historisch_1_58c103da1b3d1.jpg 931w, https:\/\/nationaalarchief.cw\/wp-content\/uploads\/2025\/10\/format_historisch_1_58c103da1b3d1-300x140.jpg 300w, https:\/\/nationaalarchief.cw\/wp-content\/uploads\/2025\/10\/format_historisch_1_58c103da1b3d1-768x359.jpg 768w\" sizes=\"auto, (max-width: 931px) 100vw, 931px\" \/><\/figure>\n\n\n\n<p class=\"wp-block-paragraph\">De pontonbrug die Punda met Otrobanda verbindt, werd in 1888 opgeleverd. Daar gingen jaren van discussies aan vooraf. De verbinding tussen de twee stadswijken werd tot die tijd verzorgd door \u201cyola\u2019s\u201d, kleine pontjes zoals de gondels uit Veneti\u00eb, waarin je overgezet kon worden. In 1868, zo werd gemeten, lieten op een doordeweekse dag ongeveer 4.000 mensen zich op deze wijze vervoeren, over de Annabaai. Gouverneur De Rouville kwam dat jaar met het idee voor een vaste oeververbinding, maar dat stuitte op grote bezwaren. Een vaste verbinding, zo werd geredeneerd, mocht in geen geval de scheepvaart hinderen. Leonard Burlington Smith, de Amerikaanse consul op Cura\u00e7ao had dit lang overdacht en kwam in 1886 met een uitgewerkt plan voor een drijvende brug. Een pontonbrug die open kon draaien om scheepvaart ongehinderd doorgang te geven en de overtocht tussen Punda en Otrobanda voor voetgangers mogelijk kon maken. Hij richtte zich tot het gouvernement om toestemming te krijgen om deze brug te bouwen en exploiteren. In 1887 leverde hij de tekeningen in, waarvoor hij de uiteindelijke toestemming kreeg. Op 30 april 1888 schreef L.B. Smith aan gouverneur Van den Brandhof dat de werkzaamheden klaar waren om ge\u00efnspecteerd te worden en de opening op 8 mei 1888 kon plaatsvinden. Smith vroeg de gouverneur tevens een naam te geven aan de brug. Het werd de \u201cKoningin Emmabrug\u201d. Op 8 mei 1888 konden er voor het eerst mensen tussen Punda en Otrobanda lopen. De brug kreeg de bijnaam \u201cSwinging Old Lady\u201d en is een van de meest bijzondere bezienswaardigheden van Cura\u00e7ao. De brug van 1888 had houten pontons en lag in het verlengde van de Breedestraat in Punda, naar de Breedestraat van Otrobanda. Later werd de brug 18 m. meer noordwaarts verplaatst.                <br\/><br\/>De exploitatie, en ook het onderhoud van de brug werd tot 1900 ter hand genomen door L.B. Smith. In 1900 was het de Handel- en Industriemaatschappij Cura\u00e7ao (HIMC) die dat overnam. In 1930 nam de overheid de exploitatie op zich, uitgevoerd door de Dienst Openbare Werken (DOW). In 1966 richtte de DOW de Haven en Loodsdienst op, die ook de Emmabrug onder haar hoede nam. De Haven en Loodsdienst ging in 1982 over in de Cura\u00e7ao Ports Authority (CPA). Deze is tot heden de exploitant van de brug. De brug is diverse malen gerestaureerd. De meest ingrijpende restauraties vonden plaats in 1939 en in 2005-2006. In 1935 werd de brug gesloten voor auto\u2019s zwaarder dan 2000 kilo. Met de opening van de Julianabrug in 1974 werd de Emmabrug gesloten voor alle auto\u2019s.         <\/p>\n\n\n\n<p class=\"wp-block-paragraph\"><strong>Meer informatie:<\/strong><br\/>Nationaal Archief Cura\u00e7ao<\/p>\n\n\n\n<p class=\"wp-block-paragraph\"><strong>Publicatie:<\/strong><br\/><em>The Centennial of the Queen Emmabridge<\/em> (1988) &#8211; N.C. R\u00f6mer-Kenepa<\/p>\n\n\n\n<p class=\"wp-block-paragraph\"><strong>Publicatie:<\/strong><br\/><em>Come and meet me on the Potoonbridge<\/em> (2005) &#8211; G. Isenia-Francisca<br\/><\/p>\n\n\n\n<h3 class=\"wp-block-heading\">Queen Emma Pontoon bridge<\/h3>\n\n\n\n<p class=\"wp-block-paragraph\">The pontoon bridge that connects Punda and Otrobanda, was completed in 1888, after years of discussions. Till then, the connection between the two city districts was provided by \u201cyola\u2019s\u201d; small ferries like the gondolas of Venice. In 1868, as was documented, about 4,000 people crossed the Annabay daily, in this manner. That year, Governor De Rouville launched the idea of building a bridge to connect Punda and Otrobanda. It was met with fierce opposition. A fixed connection, as was argued, would hinder the passing of shipping. Leonard Burlington Smith, the American consul in Curacao had thought this over and came with a detailed plan in 1886 for a floating bridge. A swinging pontoon bridge would give shipping unhindered passage and would give pedestrians the possibility to cross the Annabay. In 1887 he gained final approval for his plans. On April 30, 1888 L.B. Smith wrote to Governor Van den Brandhof that the work was ready to be inspected. Opening was scheduled for May 8, 1888. He asked the governor to give an appropriate name to the bridge. It was named the \u201cQueen Emma Bridge.\u201d The bridge was nicknamed \u201cSwinging Old Lady\u201d and became one of the most extraordinary landmarks of Curacao. The bridge of 1888 had wooden pontoons and was in many ways an extension of the Breedestraat in Punda, to the Breedestraat in Otrobanda. Later, the bridge was moved 18 m. further north.               <br\/><br\/>Up to 1900, maintenance of the bridge was a responsibility of L.B. Smith. Nowadays Cura\u00e7ao Ports Authority (CPA) is the maintenance officer. With the opening of the Juliana Bridge in 1974, the Emma Bridge was closed to all vehicles.  <\/p>\n\n\n\n<p class=\"wp-block-paragraph\"><strong>More info at:<\/strong><br\/>National Archives Cura\u00e7ao<\/p>\n\n\n\n<p class=\"wp-block-paragraph\"><strong>Publicatie:<\/strong><br\/>The Centennial of the Queen Emmabridge (1988) &#8211; N.C. R\u00f6mer-Kenepa<\/p>\n\n\n\n<p class=\"wp-block-paragraph\"><strong>Publicatie:<\/strong><br\/>Come and meet me on the Potoonbridge (2005) &#8211; G. Isenia-Francisca<\/p>\n\n\n\n<p class=\"wp-block-paragraph\"><em>Deze tekst mag alleen worden overgenomen met vermelding van de bron: Nationaal Archief Cura\u00e7ao.<\/em><\/p>\n\n\n\n<h3 class=\"wp-block-heading\">Foto&#8217;s<\/h3>\n\n\n<style>.wp-block-kadence-advancedgallery .kb-gallery-type-grid.kb-gallery-id-25_ab36cc-a2{margin:-5px;}.kb-gallery-type-grid.kb-gallery-id-25_ab36cc-a2 .kadence-blocks-gallery-item{padding:5px;}.kb-gallery-id-25_ab36cc-a2 .kadence-blocks-gallery-item .kb-gal-image-radius, .kb-gallery-id-25_ab36cc-a2 .kb-slide-item .kb-gal-image-radius img{border-radius:0px 0px 0px 0px;;}<\/style><div class=\"kb-gallery-wrap-id-25_ab36cc-a2 alignnone wp-block-kadence-advancedgallery\"><ul class=\"kb-gallery-ul kb-gallery-non-static kb-gallery-type-grid kb-gallery-id-25_ab36cc-a2 kb-gallery-caption-style-bottom-hover kb-gallery-filter-none kb-gallery-magnific-init\" data-image-filter=\"none\" data-item-selector=\".kadence-blocks-gallery-item\" data-lightbox-caption=\"true\" data-columns-xxl=\"5\" data-columns-xl=\"5\" data-columns-md=\"5\" data-columns-sm=\"4\" data-columns-xs=\"4\" data-columns-ss=\"3\"><li class=\"kadence-blocks-gallery-item\"><div class=\"kadence-blocks-gallery-item-inner\"><figure class=\"kb-gallery-figure kb-gallery-item-has-link kadence-blocks-gallery-item-hide-caption\"><a href=\"https:\/\/nationaalarchief.cw\/wp-content\/uploads\/2025\/10\/format_historisch_1_58c103da1b3d1.jpg\" class=\"kb-gallery-item-link\"   role=\"button\" aria-haspopup=\"dialog\"><div class=\"kb-gal-image-radius\"><div class=\"kb-gallery-image-contain kadence-blocks-gallery-intrinsic kb-gallery-image-ratio-land32 kb-has-image-ratio-land32\" ><img loading=\"lazy\" decoding=\"async\" src=\"https:\/\/nationaalarchief.cw\/wp-content\/uploads\/2025\/10\/format_historisch_1_58c103da1b3d1.jpg\" width=\"931\" height=\"435\" alt=\"\" data-full-image=\"https:\/\/nationaalarchief.cw\/wp-content\/uploads\/2025\/10\/format_historisch_1_58c103da1b3d1.jpg\" data-light-image=\"https:\/\/nationaalarchief.cw\/wp-content\/uploads\/2025\/10\/format_historisch_1_58c103da1b3d1.jpg\" data-id=\"1399\" class=\"wp-image-1399\" srcset=\"https:\/\/nationaalarchief.cw\/wp-content\/uploads\/2025\/10\/format_historisch_1_58c103da1b3d1.jpg 931w, https:\/\/nationaalarchief.cw\/wp-content\/uploads\/2025\/10\/format_historisch_1_58c103da1b3d1-300x140.jpg 300w, https:\/\/nationaalarchief.cw\/wp-content\/uploads\/2025\/10\/format_historisch_1_58c103da1b3d1-768x359.jpg 768w\" sizes=\"auto, (max-width: 931px) 100vw, 931px\" \/><\/div><\/div><\/a><\/figure><\/div><\/li><li class=\"kadence-blocks-gallery-item\"><div class=\"kadence-blocks-gallery-item-inner\"><figure class=\"kb-gallery-figure kb-gallery-item-has-link kadence-blocks-gallery-item-hide-caption\"><a href=\"https:\/\/nationaalarchief.cw\/wp-content\/uploads\/2025\/10\/large_k1a_small_58c1035973834.jpg\" class=\"kb-gallery-item-link\"   role=\"button\" aria-haspopup=\"dialog\"><div class=\"kb-gal-image-radius\"><div class=\"kb-gallery-image-contain kadence-blocks-gallery-intrinsic kb-gallery-image-ratio-land32 kb-has-image-ratio-land32\" ><img loading=\"lazy\" decoding=\"async\" src=\"https:\/\/nationaalarchief.cw\/wp-content\/uploads\/2025\/10\/large_k1a_small_58c1035973834-1024x679.jpg\" width=\"1024\" height=\"679\" alt=\"\" data-full-image=\"https:\/\/nationaalarchief.cw\/wp-content\/uploads\/2025\/10\/large_k1a_small_58c1035973834.jpg\" data-light-image=\"https:\/\/nationaalarchief.cw\/wp-content\/uploads\/2025\/10\/large_k1a_small_58c1035973834.jpg\" data-id=\"1401\" class=\"wp-image-1401\" srcset=\"https:\/\/nationaalarchief.cw\/wp-content\/uploads\/2025\/10\/large_k1a_small_58c1035973834-1024x679.jpg 1024w, https:\/\/nationaalarchief.cw\/wp-content\/uploads\/2025\/10\/large_k1a_small_58c1035973834-300x199.jpg 300w, https:\/\/nationaalarchief.cw\/wp-content\/uploads\/2025\/10\/large_k1a_small_58c1035973834-768x509.jpg 768w, https:\/\/nationaalarchief.cw\/wp-content\/uploads\/2025\/10\/large_k1a_small_58c1035973834.jpg 1200w\" sizes=\"auto, (max-width: 1024px) 100vw, 1024px\" \/><\/div><\/div><\/a><\/figure><\/div><\/li><li class=\"kadence-blocks-gallery-item\"><div class=\"kadence-blocks-gallery-item-inner\"><figure class=\"kb-gallery-figure kb-gallery-item-has-link kadence-blocks-gallery-item-hide-caption\"><a href=\"https:\/\/nationaalarchief.cw\/wp-content\/uploads\/2025\/10\/large_leonard_burlington_smith_40x50_58c103549263a.jpg\" class=\"kb-gallery-item-link\"   role=\"button\" aria-haspopup=\"dialog\"><div class=\"kb-gal-image-radius\"><div class=\"kb-gallery-image-contain kadence-blocks-gallery-intrinsic kb-gallery-image-ratio-land32 kb-has-image-ratio-land32\" ><img loading=\"lazy\" decoding=\"async\" src=\"https:\/\/nationaalarchief.cw\/wp-content\/uploads\/2025\/10\/large_leonard_burlington_smith_40x50_58c103549263a-1024x679.jpg\" width=\"1024\" height=\"679\" alt=\"\" data-full-image=\"https:\/\/nationaalarchief.cw\/wp-content\/uploads\/2025\/10\/large_leonard_burlington_smith_40x50_58c103549263a.jpg\" data-light-image=\"https:\/\/nationaalarchief.cw\/wp-content\/uploads\/2025\/10\/large_leonard_burlington_smith_40x50_58c103549263a.jpg\" data-id=\"1403\" class=\"wp-image-1403\" srcset=\"https:\/\/nationaalarchief.cw\/wp-content\/uploads\/2025\/10\/large_leonard_burlington_smith_40x50_58c103549263a-1024x679.jpg 1024w, https:\/\/nationaalarchief.cw\/wp-content\/uploads\/2025\/10\/large_leonard_burlington_smith_40x50_58c103549263a-300x199.jpg 300w, https:\/\/nationaalarchief.cw\/wp-content\/uploads\/2025\/10\/large_leonard_burlington_smith_40x50_58c103549263a-768x509.jpg 768w, https:\/\/nationaalarchief.cw\/wp-content\/uploads\/2025\/10\/large_leonard_burlington_smith_40x50_58c103549263a.jpg 1200w\" sizes=\"auto, (max-width: 1024px) 100vw, 1024px\" \/><\/div><\/div><\/a><\/figure><\/div><\/li><\/ul><\/div><\/div><\/div>\n\n\n\n<div class=\"wp-block-kadence-tab kt-tab-inner-content kt-inner-tab-15 kt-inner-tab25_c55137-8a\"><div class=\"kt-tab-inner-content-inner\"><style>.wp-block-kadence-advancedheading.kt-adv-heading25_3a3f99-72, .wp-block-kadence-advancedheading.kt-adv-heading25_3a3f99-72[data-kb-block=\"kb-adv-heading25_3a3f99-72\"]{margin-top:0px;margin-bottom:var(--global-kb-spacing-lg, 3rem);font-style:normal;}.wp-block-kadence-advancedheading.kt-adv-heading25_3a3f99-72 mark.kt-highlight, .wp-block-kadence-advancedheading.kt-adv-heading25_3a3f99-72[data-kb-block=\"kb-adv-heading25_3a3f99-72\"] mark.kt-highlight{font-style:normal;color:#f76a0c;-webkit-box-decoration-break:clone;box-decoration-break:clone;padding-top:0px;padding-right:0px;padding-bottom:0px;padding-left:0px;}.wp-block-kadence-advancedheading.kt-adv-heading25_3a3f99-72 img.kb-inline-image, .wp-block-kadence-advancedheading.kt-adv-heading25_3a3f99-72[data-kb-block=\"kb-adv-heading25_3a3f99-72\"] img.kb-inline-image{width:150px;vertical-align:baseline;}<\/style>\n<h2 class=\"kt-adv-heading25_3a3f99-72 wp-block-kadence-advancedheading\" data-kb-block=\"kb-adv-heading25_3a3f99-72\">De Interneringskampen in WOII<\/h2>\n\n\n\n<h3 class=\"wp-block-heading\">Interneringskampen in de Tweede Wereldoorlog op de Nederlandse Antillen<\/h3>\n\n\n\n<p class=\"wp-block-paragraph\">Van mei 1940 tot februari 1947 zijn diverse groepen uit Cura\u00e7ao en Aruba ge\u00efnterneerd geweest. Personen die als een \u201dgevaar voor de rust en veiligheid in het Gebiedsdeel \u201c waren aangemerkt werden op grond van de wet PB 1940, no. 38, in hechtenis genomen om gedurende de oorlogsperiode of een deel daarvan, ge\u00efnterneerd te worden. De interneringen vonden plaats op last van de Procureur Generaal, zonder tussenkomst van een rechter. Vanaf het uitbreken van de oorlog in 1939 werden daartoe voorbereidingen getroffen ingeval Nederland onverhoopt bezet zou worden. Voor de plaats van het interneringskamp werd Bonaire uitgezocht. De lijst met te arresteren personen werd ruim van te voren opgesteld.     <br\/><br\/>Het belangrijkste en grootste kamp, \u201cPlaya Pariba\u201d, even ten zuiden van Kralendijk, werd in oktober 1940 opgeleverd.<br\/><br\/>Er hebben echter meerdere locaties als oorlogsinterneringskamp dienst gedaan. De locaties waren: <\/p>\n\n\n\n<ul class=\"wp-block-list\">\n<li>3 Schoolgebouwen op Bonaire van mei tot en met oktober 1940;<\/li>\n\n\n\n<li>Het genoemde kamp Playa Pariba op Bonaire sinds oktober 1940 tot en met februari 1947;<\/li>\n\n\n\n<li>Kamp Guatemala, op de gelijknamige plantage te Bonaire sinds maart 1941 tot mei 1945;<\/li>\n\n\n\n<li>Het voormalige quarantainegebouw Plantersrust, op Mundo Nobo te Cura\u00e7ao van november 1941 tot mei 1945;<\/li>\n\n\n\n<li>Een Shell barak te Suffisant, Cura\u00e7ao, van november 1941 tot 1943;<\/li>\n\n\n\n<li>De politiecellen aan het Wilhelminaplein en Rio Canario op Cura\u00e7ao, respectievelijk van mei tot oktober 1940 en van december 1941 tot januari 1942.<\/li>\n<\/ul>\n\n\n\n<p class=\"wp-block-paragraph\">Er zijn 2 groepen ge\u00efnterneerd tijdens de oorlog. Allereerst de heterogene groep die aanvankelijk als \u201cgevaar voor rust en veiligheid\u201d werd aangemerkt. Ten tweede was er de groep Joodse vluchtelingen.  <\/p>\n\n\n\n<p class=\"wp-block-paragraph\">De eerste groep die in de dagen na 10 mei 1940 werd opgepakt was samengesteld uit:<\/p>\n\n\n\n<ul class=\"wp-block-list\">\n<li>Alle Duitsers en Oostenrijkers die op op 11 mei 1940 op Cura\u00e7ao en Aruba woonden. Dit betroffen 202 individuen, onder hen bevonden zich ook Duitse Joden; <\/li>\n\n\n\n<li>Alle Duitse schepelingen die zich op 11 mei 1940 in de havens van Willemstad of Oranjestad aan boord van een Duits schip bevonden. Dit betrof 220 individuen. Ze zijn later naar een Engels kamp op Jamaica vervoerd;  <\/li>\n\n\n\n<li>Een twintigtal als NSB\u2019ers bestempelde Nederlanders. Zij werden allereerst in een speciale politiecel aan het Wilhelminaplein te Cura\u00e7ao opgesloten voordat ze naar Playa Pariba gingen; <\/li>\n\n\n\n<li>Een zestal Italianen. Zij werden voor korte tijd ge\u00efnterneerd nadat de Nederlandse Regering had verklaard zich in staat van oorlog met Itali\u00eb te beschouwen. Van 22 december 1941 tot 14 januari 1942 werd deze groep in de politiecellen van Rio Canario ge\u00efnterneerd. Daarna werden ze, met beperkingen, vrijgelaten.   <\/li>\n<\/ul>\n\n\n\n<p class=\"wp-block-paragraph\">De tweede groep, de groep Joodse vluchtelingen die per boot naar Willemstad waren uitgeweken, zijn in twee verschillende schepen aangekomen.<\/p>\n\n\n\n<ul class=\"wp-block-list\">\n<li>Het Nederlandse schip m.s. \u201cCrijnssen\u201d bracht in juli 1940 17 Joodse vluchtelingen;<\/li>\n\n\n\n<li>Het Spaanse schip s.s. \u201cCabo de Hornos\u201d kon in november 1941 86 Joodse vluchtelingen aan wal zetten. Beide keren konden de vluchtelingen pas na de nodige tegenwerking vanuit Willemstad en na intensief diplomatiek verkeer voet aan wal zetten. De groep die met de m.s. \u201cCrijnssen\u201d aankwam werd vanaf 6 juli 1940 naar kamp Playa Pariba en in maart 1941 naar kamp Guatemala overgebracht. In het laatste kamp gold een minder strikt regime. In augustus 1941 werden ze in beperkte vrijheid gesteld, een jaar later waren ze vrij om te remigreren.    <\/li>\n<\/ul>\n\n\n\n<p class=\"wp-block-paragraph\">Voor de grote groep van de \u201cCabo de Hornos\u201d werden op Cura\u00e7ao aparte interneringskampen ingesteld. De locatie te Suffisant had voorheen als tijdelijke huisvesting gediend voor pas aangekomen Shell-gastarbeiders. Het werd nu ingericht als huisvesting van de mannelijke \u201cCabo de Hornos\u201d vluchtelingen. Voor de vrouwen en kinderen werd het voormalige quarantainegebouw Plantersrust te Mundo Nobo uitgekozen. De groep van oorspronkelijk 86 \u201cCabo de Hornos\u201d vluchtelingen is vrij snel verminderd. Een aantal landen had zich bereid verklaard deze Joodse vluchtelingen asiel te verlenen, waaronder de Verenigde Staten, Cuba en Colombia. In december 1941 was hun aantal gedaald tot 76; twee jaar later zaten er nog maar 11 in Plantersrust. Deze laatste groep bleef daar tot het eind van de oorlog. Voor het eind van 1945 zijn er nog eens 6 vertrokken.        <\/p>\n\n\n\n<p class=\"wp-block-paragraph\"><strong>Publicatie:<\/strong><br\/>&#8220;Wuiven vanaf de Waranda&#8221; door Junnes St. Jago, Utrecht, 2007 <\/p>\n\n\n\n<p class=\"wp-block-paragraph\"><em><strong>Foto&#8217;s in gallery:<\/strong><br\/>nterneringskamp op Bonaire<\/em><\/p>\n\n\n\n<h3 class=\"wp-block-heading\"><br\/>Prisoner Camps in World War II in the Netherlands Antilles<\/h3>\n\n\n\n<p class=\"wp-block-paragraph\">From May 1940 to February 1947 several groups from Curacao and Aruba have been interned. Persons who were considered as a &#8220;threat to peace and security&#8221; were taken into custody during the war period. These custodies were based on the law: PB 1940 no. 38 and took place on the orders of the Attorney General, without the intervention of a judge. From the outbreak of war in 1939, preparations were made for this purpose in case the Netherlands would be occupied. Bonaire was chosen for the site of the prisoner camp. The list of people had been prepared well in advance.     <br\/><br\/>The most important and largest camp, &#8220;Playa Pariba&#8221;, just North of Bonaire, was completed in October 1940.<br\/><br\/>However, there were more camps which served as prisoners camps. The locations were: <\/p>\n\n\n\n<ul class=\"wp-block-list\">\n<li>3 School buildings on Bonaire from May to October 1940;<\/li>\n\n\n\n<li>The camp Playa Pariba on Bonaire since October 1940 to February 1947;<\/li>\n\n\n\n<li>Camp Guatemala, on the same plantation in Bonaire since March 1941 to May 1945;<\/li>\n\n\n\n<li>The former quarantine building Plantersrust at Mundo Nobo in Cura\u00e7ao from November 1941 to May 1945;<\/li>\n\n\n\n<li>A Shell barrack in Suffisant, Curacao, from November 1941 until 1943;<\/li>\n\n\n\n<li>The police cells at the Wilhelminaplein and Rio Canario, Curacao, from May to October 1940 and from December 1941 to January 1942.<\/li>\n<\/ul>\n\n\n\n<p class=\"wp-block-paragraph\">There are two groups interned during the war. Firstly, the heterogeneous group that was initially identified as a &#8220;threat to peace and security.&#8221; Secondly, there was the group of Jewish refugees.  <\/p>\n\n\n\n<p class=\"wp-block-paragraph\">The first group consisted of:<\/p>\n\n\n\n<ul class=\"wp-block-list\">\n<li>All Germans and Austrians who lived in Curacao and Aruba on May 11, 1940. This affected 202 individuals, among them were also German Jews; <\/li>\n\n\n\n<li>All German sailors who were in the port of Willemstad, or Oranjestad aboard a German ship on May 11, 1940. This included 220 individuals. They were transported to an English camp in Jamaica later on;  <\/li>\n\n\n\n<li>Twenty individuals labeled as Dutch \u201cNSB-ers\u201d (Dutch political group sympathetic to the Nazi\u2019s). They were first detained in a special police cell at the Wilhelminaplein in Cura\u00e7ao before they were sent to Playa Pariba; <\/li>\n\n\n\n<li>Six Italians. They were interned for a short time after the Dutch Government had declared that it considered itself at war with Italy. From December 22, 1941 to January 14, 1942 this group was detained in the police cells at Rio Canario. After January 14, 1942 they were released with limitations.   <\/li>\n<\/ul>\n\n\n\n<p class=\"wp-block-paragraph\">The second group, the group of Jewish refugees who had fled to Willemstad by boat, arrived in two boats.<\/p>\n\n\n\n<ul class=\"wp-block-list\">\n<li>The Dutch ship m.s. &#8220;Crijnssen&#8221; brought 17 Jewish refugees in July 1940;<\/li>\n\n\n\n<li>The Spanish ship s.s. &#8220;Cabo de Hornos&#8221; put 86 Jewish refugees ashore in November 1941. Both ships encountered opposition from Willemstad and only after intense diplomatic negotiations, the refugees were allowed on shore. The M.S. &#8220;Crijnssen&#8221;- group was transferred to the Playa Pariba camp on July 6, 1940. In March 1941, they were transferred to Camp Guatemala. This camp was subject to a less strict regime. In August 1941 they were given limited freedom, a year later they were free to re-emigrate.     <\/li>\n<\/ul>\n\n\n\n<p class=\"wp-block-paragraph\">Separate internment camps were instituted in Curacao for the large group of &#8220;Cabo de Hornos&#8221; refugees. The location Suffisant had previously served as temporary housing for newly arrived Shell immigrants. It was now used for housing the male &#8220;Cabo de Hornos&#8221; refugees. For the women and children, the former quarantine building Plantersrust to Mundo Nobo was chosen. The number of originally 86 &#8220;Cabo de Hornos&#8221; refugees quickly reduced. A number of countries had agreed to provide these Jewish refugees asylum, including the United States, Cuba and Colombia. In December 1941 the number had fallen to 76; two years later there were only 11 in Plantersrust. The latter group remained there until the end of the war. Before the end of 1945 another 6 left.        <\/p>\n\n\n\n<p class=\"wp-block-paragraph\"><em>Deze tekst mag alleen worden overgenomen met vermelding van de bron: Nationaal Archief Cura\u00e7ao.<\/em><\/p>\n\n\n\n<h3 class=\"wp-block-heading\">Foto&#8217;s<\/h3>\n\n\n<style>.wp-block-kadence-advancedgallery .kb-gallery-type-grid.kb-gallery-id-25_f6766b-00{margin:-5px;}.kb-gallery-type-grid.kb-gallery-id-25_f6766b-00 .kadence-blocks-gallery-item{padding:5px;}.kb-gallery-id-25_f6766b-00 .kadence-blocks-gallery-item .kb-gal-image-radius, .kb-gallery-id-25_f6766b-00 .kb-slide-item .kb-gal-image-radius img{border-radius:0px 0px 0px 0px;;}<\/style><div class=\"kb-gallery-wrap-id-25_f6766b-00 alignnone wp-block-kadence-advancedgallery\"><ul class=\"kb-gallery-ul kb-gallery-non-static kb-gallery-type-grid kb-gallery-id-25_f6766b-00 kb-gallery-caption-style-bottom-hover kb-gallery-filter-none kb-gallery-magnific-init\" data-image-filter=\"none\" data-item-selector=\".kadence-blocks-gallery-item\" data-lightbox-caption=\"true\" data-columns-xxl=\"5\" data-columns-xl=\"5\" data-columns-md=\"5\" data-columns-sm=\"4\" data-columns-xs=\"4\" data-columns-ss=\"3\"><li class=\"kadence-blocks-gallery-item\"><div class=\"kadence-blocks-gallery-item-inner\"><figure class=\"kb-gallery-figure kb-gallery-item-has-link kadence-blocks-gallery-item-hide-caption\"><a href=\"https:\/\/nationaalarchief.cw\/wp-content\/uploads\/2025\/10\/large_interneringskamp_bonaire_2_58c17487e8fd8.jpg\" class=\"kb-gallery-item-link\"   role=\"button\" aria-haspopup=\"dialog\"><div class=\"kb-gal-image-radius\"><div class=\"kb-gallery-image-contain kadence-blocks-gallery-intrinsic kb-gallery-image-ratio-land32 kb-has-image-ratio-land32\" ><img loading=\"lazy\" decoding=\"async\" src=\"https:\/\/nationaalarchief.cw\/wp-content\/uploads\/2025\/10\/large_interneringskamp_bonaire_2_58c17487e8fd8-1024x679.jpg\" width=\"1024\" height=\"679\" alt=\"\" data-full-image=\"https:\/\/nationaalarchief.cw\/wp-content\/uploads\/2025\/10\/large_interneringskamp_bonaire_2_58c17487e8fd8.jpg\" data-light-image=\"https:\/\/nationaalarchief.cw\/wp-content\/uploads\/2025\/10\/large_interneringskamp_bonaire_2_58c17487e8fd8.jpg\" data-id=\"1405\" class=\"wp-image-1405\" srcset=\"https:\/\/nationaalarchief.cw\/wp-content\/uploads\/2025\/10\/large_interneringskamp_bonaire_2_58c17487e8fd8-1024x679.jpg 1024w, https:\/\/nationaalarchief.cw\/wp-content\/uploads\/2025\/10\/large_interneringskamp_bonaire_2_58c17487e8fd8-300x199.jpg 300w, https:\/\/nationaalarchief.cw\/wp-content\/uploads\/2025\/10\/large_interneringskamp_bonaire_2_58c17487e8fd8-768x509.jpg 768w, https:\/\/nationaalarchief.cw\/wp-content\/uploads\/2025\/10\/large_interneringskamp_bonaire_2_58c17487e8fd8.jpg 1200w\" sizes=\"auto, (max-width: 1024px) 100vw, 1024px\" \/><\/div><\/div><\/a><\/figure><\/div><\/li><li class=\"kadence-blocks-gallery-item\"><div class=\"kadence-blocks-gallery-item-inner\"><figure class=\"kb-gallery-figure kb-gallery-item-has-link kadence-blocks-gallery-item-hide-caption\"><a href=\"https:\/\/nationaalarchief.cw\/wp-content\/uploads\/2025\/10\/large_interneringskamp_bonaire_1_58c17487b4510.jpg\" class=\"kb-gallery-item-link\"   role=\"button\" aria-haspopup=\"dialog\"><div class=\"kb-gal-image-radius\"><div class=\"kb-gallery-image-contain kadence-blocks-gallery-intrinsic kb-gallery-image-ratio-land32 kb-has-image-ratio-land32\" ><img loading=\"lazy\" decoding=\"async\" src=\"https:\/\/nationaalarchief.cw\/wp-content\/uploads\/2025\/10\/large_interneringskamp_bonaire_1_58c17487b4510-1024x679.jpg\" width=\"1024\" height=\"679\" alt=\"\" data-full-image=\"https:\/\/nationaalarchief.cw\/wp-content\/uploads\/2025\/10\/large_interneringskamp_bonaire_1_58c17487b4510.jpg\" data-light-image=\"https:\/\/nationaalarchief.cw\/wp-content\/uploads\/2025\/10\/large_interneringskamp_bonaire_1_58c17487b4510.jpg\" data-id=\"1407\" class=\"wp-image-1407\" srcset=\"https:\/\/nationaalarchief.cw\/wp-content\/uploads\/2025\/10\/large_interneringskamp_bonaire_1_58c17487b4510-1024x679.jpg 1024w, https:\/\/nationaalarchief.cw\/wp-content\/uploads\/2025\/10\/large_interneringskamp_bonaire_1_58c17487b4510-300x199.jpg 300w, https:\/\/nationaalarchief.cw\/wp-content\/uploads\/2025\/10\/large_interneringskamp_bonaire_1_58c17487b4510-768x509.jpg 768w, https:\/\/nationaalarchief.cw\/wp-content\/uploads\/2025\/10\/large_interneringskamp_bonaire_1_58c17487b4510.jpg 1200w\" sizes=\"auto, (max-width: 1024px) 100vw, 1024px\" \/><\/div><\/div><\/a><\/figure><\/div><\/li><\/ul><\/div><\/div><\/div>\n\n\n\n<div class=\"wp-block-kadence-tab kt-tab-inner-content kt-inner-tab-16 kt-inner-tab25_4bad33-d3\"><div class=\"kt-tab-inner-content-inner\"><style>.wp-block-kadence-advancedheading.kt-adv-heading25_b72df3-fc, .wp-block-kadence-advancedheading.kt-adv-heading25_b72df3-fc[data-kb-block=\"kb-adv-heading25_b72df3-fc\"]{margin-top:0px;margin-bottom:var(--global-kb-spacing-lg, 3rem);font-style:normal;}.wp-block-kadence-advancedheading.kt-adv-heading25_b72df3-fc mark.kt-highlight, .wp-block-kadence-advancedheading.kt-adv-heading25_b72df3-fc[data-kb-block=\"kb-adv-heading25_b72df3-fc\"] mark.kt-highlight{font-style:normal;color:#f76a0c;-webkit-box-decoration-break:clone;box-decoration-break:clone;padding-top:0px;padding-right:0px;padding-bottom:0px;padding-left:0px;}.wp-block-kadence-advancedheading.kt-adv-heading25_b72df3-fc img.kb-inline-image, .wp-block-kadence-advancedheading.kt-adv-heading25_b72df3-fc[data-kb-block=\"kb-adv-heading25_b72df3-fc\"] img.kb-inline-image{width:150px;vertical-align:baseline;}<\/style>\n<h2 class=\"kt-adv-heading25_b72df3-fc wp-block-kadence-advancedheading\" data-kb-block=\"kb-adv-heading25_b72df3-fc\">Het Leprozengesticht op Zaquito<\/h2>\n\n\n\n<h3 class=\"wp-block-heading\">Het Leprozengesticht op Zaquito<\/h3>\n\n\n\n<p class=\"wp-block-paragraph\"><strong>Inleiding<\/strong><\/p>\n\n\n\n<p class=\"wp-block-paragraph\">Lepra of melaatsheid was in de oudheid al bekend. Een andere naam voor deze aandoening was Lazarusziekte. Zichtbare verschijnselen waren o.a. vlekken op de huid, verdikkingen onder de huid, gezwellen en zweren op het gezicht. Lepra kan leiden tot ernstige misvormingen van onder andere de ledematen en het gezicht. Vanwege de besmettelijkheid van de zieken was afzondering van de betrokkene de eerste maatregel die getroffen werd. Dit gebeurde oorspronkelijk in hun eigen omgeving. Op Cura\u00e7ao breidde de ziekte zich meer en meer uit gedurende de tweede helft van de 18de eeuw. In 1770 besloot het bestuur van de Kolonie Cura\u00e7ao om onvermogende lijders af te zonderen in een lazarushuis.       <\/p>\n\n\n\n<p class=\"wp-block-paragraph\"><strong>Het Lazarushuis op het Rif<\/strong><\/p>\n\n\n\n<p class=\"wp-block-paragraph\">Het eerste leprozentehuis op Cura\u00e7ao werd gebouwd op het Rif (1781). Hier werden zowel leprozen als krankzinnigen, in gescheiden afdelingen, gezamenlijk gehuisvest. Het reglement voor het Lazarus- en krankzinnigenhuis trad op 1 januari 1831 in werking en schreef voor dat een ieder, hetzij vrij of slaaf, die met lazarusziekte besmet was in dit gesticht moest worden opgenomen. Dit leprahospitaal had aanvankelijk geen personeel dat structureel voor de zieken zorgde. De gouvernementsarts kwam van tijd tot tijd langs. Het enige permanent aanwezige personeelslid in dit Lazarushuis bestond in eerste instantie uit een vaste oppasser die door het Land betaald werd.     <\/p>\n\n\n\n<p class=\"wp-block-paragraph\">Na een bezoek aan het gesticht door Gouverneur van Lansberge, werd op verzoek van de Koloniale Overheid, de verzorging overgedragen aan de congregatie van de Eerwaarde Zusters van Breda. De Gouverneur was van mening dat de behandeling van de pati\u00ebnten te wensen overliet. In 1856, werden de Zusters van Breda belast met de verpleging van de melaatsen en krankzinnigen. Deze Zusters waren pas op Cura\u00e7ao en hadden zich bij hun vestiging op Cura\u00e7ao, beziggehouden met algemene ziekenverpleging. Het leprozenhuis bleef nog op het Rif gevestigd tot de orkaan van het jaar 1877 het gehele huis wegvaagde. Hierbij kwamen drie zusters om het leven. De melaatsen werden hierna tijdelijk ondergebracht in het krankzinnigengesticht &#8216;Monte Cristo&#8217; aan de Roode weg dat toen al een tijd van de melaatseninrichting was afgescheiden.      <\/p>\n\n\n\n<p class=\"wp-block-paragraph\"><strong>Zaquito<\/strong><\/p>\n\n\n\n<p class=\"wp-block-paragraph\">In 1880 werd een terrein te Otrabanda gekocht om een nieuwe leprozerie te bouwen. Het gebouw werd in 1882 in gebruik genomen. In februari konden 12 pati\u00ebnten worden overgebracht naar het nieuwe gesticht, aan hetzelfde binnenwater gelegen als het St. Elisabeth Hospitaal en het krankzinnigengesticht. Het terrein heette Zaquito en die naam is langzamerhand vereenzelvigd met de inrichting voor de melaatsen op Cura\u00e7ao. De naam Zaquito is afkomstig van de voormalige eigenaar van het land: Isaak Chapman. Deze voornaam Isaak wordt in de omgangstaal afgekort tot \u201cZaqui\u201d of \u201cZaquito\u201d.      <\/p>\n\n\n\n<p class=\"wp-block-paragraph\">Het gebouw te Zaquito was oorspronkelijk in de vorm van een vier (4) gebouwd. De Zusters van Breda waren nog steeds verantwoordelijk voor de zorg van de melaatsen. Voor hen waren er slaapcellen, een eetzaal, een keuken- en strijkinrichting en zelfs een kapel. De mannelijke en vrouwelijke lepralijders verbleven er op enkele meters afstand, gescheiden van elkaar. Er waren 2 aparte zalen waar iedere pati\u00ebnt een bed, een kastje en een stoel had.    <\/p>\n\n\n\n<p class=\"wp-block-paragraph\">Door de geringe afstand tussen de zusters en de lepralijders waren ook de zusters blootgesteld aan besmetting. Zodoende kwamen er uitbreidings- en moderniseringsplannen die eind 1936 werden afgerond. Er kwamen zes nieuwe paviljoens. Een grote vooruitgang voor de pati\u00ebnten was dat na de uitbreiding elke pati\u00ebnt een eigen slaapkamer met wc\/toilet kreeg. De zusters bleven in het oude gebouw, waar ze op veilige afstand van de pati\u00ebnten verbleven. In 1945 bereikte Zaquito, met 35 pati\u00ebnten, het grootste aantal melaatsen. Er waren toen zes verplegende Zusters.      <\/p>\n\n\n\n<p class=\"wp-block-paragraph\"><strong>Sluiting Zaquito<\/strong><\/p>\n\n\n\n<p class=\"wp-block-paragraph\">Met de ontwikkelingen in de medische wereld liep het aantal verpleegden in 1966 sterk terug. Nieuwe medicijnen op het gebied van Leprabehandeling maakten het mogelijk dat deze ziekte redelijk snel genezen kon worden. Ook de veranderde inzichten m.b.t. besmettelijkheid en afzondering als gevolg daarvan, hadden als resultaat dat opsluiting in een speciaal gesticht niet meer noodzakelijk was.  <\/p>\n\n\n\n<p class=\"wp-block-paragraph\">Met de viering van een heilige mis in het kapelletje van de Zusters, werd de leprozeninrichting te Zaquito op 9 november 1966 officieel gesloten. Hiermee kwam een eind aan een belangrijk hoofdstuk in de Cura\u00e7aose geschiedenis. <\/p>\n\n\n\n<p class=\"wp-block-paragraph\"><em>Deze tekst mag alleen worden overgenomen met vermelding van de bron: Nationaal Archief Cura\u00e7ao.<\/em><\/p>\n\n\n\n<h3 class=\"wp-block-heading\">Foto&#8217;s<\/h3>\n\n\n<style>.wp-block-kadence-advancedgallery .kb-gallery-type-grid.kb-gallery-id-25_3da1c0-94{margin:-5px;}.kb-gallery-type-grid.kb-gallery-id-25_3da1c0-94 .kadence-blocks-gallery-item{padding:5px;}.kb-gallery-id-25_3da1c0-94 .kadence-blocks-gallery-item .kb-gal-image-radius, .kb-gallery-id-25_3da1c0-94 .kb-slide-item .kb-gal-image-radius img{border-radius:0px 0px 0px 0px;;}<\/style><div class=\"kb-gallery-wrap-id-25_3da1c0-94 alignnone wp-block-kadence-advancedgallery\"><ul class=\"kb-gallery-ul kb-gallery-non-static kb-gallery-type-grid kb-gallery-id-25_3da1c0-94 kb-gallery-caption-style-bottom-hover kb-gallery-filter-none kb-gallery-magnific-init\" data-image-filter=\"none\" data-item-selector=\".kadence-blocks-gallery-item\" data-lightbox-caption=\"true\" data-columns-xxl=\"5\" data-columns-xl=\"5\" data-columns-md=\"5\" data-columns-sm=\"4\" data-columns-xs=\"4\" data-columns-ss=\"3\"><li class=\"kadence-blocks-gallery-item\"><div class=\"kadence-blocks-gallery-item-inner\"><figure class=\"kb-gallery-figure kb-gallery-item-has-link kadence-blocks-gallery-item-hide-caption\"><a href=\"https:\/\/nationaalarchief.cw\/wp-content\/uploads\/2025\/10\/large_soublette_zaquito_5cb4eafd81e23.jpg\" class=\"kb-gallery-item-link\"   role=\"button\" aria-haspopup=\"dialog\"><div class=\"kb-gal-image-radius\"><div class=\"kb-gallery-image-contain kadence-blocks-gallery-intrinsic kb-gallery-image-ratio-land32 kb-has-image-ratio-land32\" ><img loading=\"lazy\" decoding=\"async\" src=\"https:\/\/nationaalarchief.cw\/wp-content\/uploads\/2025\/10\/large_soublette_zaquito_5cb4eafd81e23-1024x679.jpg\" width=\"1024\" height=\"679\" alt=\"\" data-full-image=\"https:\/\/nationaalarchief.cw\/wp-content\/uploads\/2025\/10\/large_soublette_zaquito_5cb4eafd81e23.jpg\" data-light-image=\"https:\/\/nationaalarchief.cw\/wp-content\/uploads\/2025\/10\/large_soublette_zaquito_5cb4eafd81e23.jpg\" data-id=\"1409\" class=\"wp-image-1409\" srcset=\"https:\/\/nationaalarchief.cw\/wp-content\/uploads\/2025\/10\/large_soublette_zaquito_5cb4eafd81e23-1024x679.jpg 1024w, https:\/\/nationaalarchief.cw\/wp-content\/uploads\/2025\/10\/large_soublette_zaquito_5cb4eafd81e23-300x199.jpg 300w, https:\/\/nationaalarchief.cw\/wp-content\/uploads\/2025\/10\/large_soublette_zaquito_5cb4eafd81e23-768x509.jpg 768w, https:\/\/nationaalarchief.cw\/wp-content\/uploads\/2025\/10\/large_soublette_zaquito_5cb4eafd81e23.jpg 1200w\" sizes=\"auto, (max-width: 1024px) 100vw, 1024px\" \/><\/div><\/div><\/a><\/figure><\/div><\/li><\/ul><\/div><\/div><\/div>\n\n\n\n<div class=\"wp-block-kadence-tab kt-tab-inner-content kt-inner-tab-17 kt-inner-tab25_96578d-41\"><div class=\"kt-tab-inner-content-inner\"><style>.wp-block-kadence-advancedheading.kt-adv-heading25_ba8016-b7, .wp-block-kadence-advancedheading.kt-adv-heading25_ba8016-b7[data-kb-block=\"kb-adv-heading25_ba8016-b7\"]{margin-top:0px;margin-bottom:var(--global-kb-spacing-lg, 3rem);font-style:normal;}.wp-block-kadence-advancedheading.kt-adv-heading25_ba8016-b7 mark.kt-highlight, .wp-block-kadence-advancedheading.kt-adv-heading25_ba8016-b7[data-kb-block=\"kb-adv-heading25_ba8016-b7\"] mark.kt-highlight{font-style:normal;color:#f76a0c;-webkit-box-decoration-break:clone;box-decoration-break:clone;padding-top:0px;padding-right:0px;padding-bottom:0px;padding-left:0px;}.wp-block-kadence-advancedheading.kt-adv-heading25_ba8016-b7 img.kb-inline-image, .wp-block-kadence-advancedheading.kt-adv-heading25_ba8016-b7[data-kb-block=\"kb-adv-heading25_ba8016-b7\"] img.kb-inline-image{width:150px;vertical-align:baseline;}<\/style>\n<h2 class=\"kt-adv-heading25_ba8016-b7 wp-block-kadence-advancedheading\" data-kb-block=\"kb-adv-heading25_ba8016-b7\">1ste Cruise Ship<\/h2>\n\n\n\n<h3 class=\"wp-block-heading\">Het eerste Cruise Schip<\/h3>\n\n\n\n<p class=\"wp-block-paragraph\">De S.S. Prinzessin Victoria Luise<\/p>\n\n\n\n<p class=\"wp-block-paragraph\">De SS Prinzessin Victoria Luise was een passagiersschip van de Hamburg-Amerika Lijn van zo\u2019n 4.409 bruto register ton (BRT). Dit schip staat bekend als het eerste speciaal gebouwde cruiseschip. Het werd op 29 juni 1900 te water gelaten en deed dienst voor de HAPAG rederij, tot 16 december 1906.  <\/p>\n\n\n\n<p class=\"wp-block-paragraph\">De SS Prinzessin Victoria Luise vertrok op 5 januari 1901 voor haar eerste reis vanuit Hamburg, maakte een stop bij Boulogne en Plymouth, om uiteindelijk op 17 januari in New York aan te komen. Op de 26e vertrok ze vanuit New York naar het Caribisch gebied voor haar eerste cruise. In februari bereikte ze de haven van Cura\u00e7ao met 200 passagiers aan boord.  <\/p>\n\n\n\n<p class=\"wp-block-paragraph\">Het schip was helemaal wit geschilderd, het had twee masten, een voor en achtermast, en twee lange, slanke trechters midscheeps. Ze had een afgeronde achtersteven en een rijk versierde boog, met boegspriet, eindigend in een boegbeeld van de Duitse prinses. <br\/><br\/>Het schip bezocht Cura\u00e7ao daarna nog regelmatig, tot 16 december 1906, toen het per ongeluk aan grond raakte bij Jamaica. Op Cura\u00e7ao kregen de passagiers een speciaal gedrukt boekje met handige informatie. De aanbevolen attracties voor de bezoekers waren een bezoek aan de Hato Plantage, waar de eigenaresse rondleidingen verzorgde. Ook een jacht uitstapje naar Groot St. Joris werd aanbevolen. Het huren van een voertuig werd voor $ 2 per uur aangeprezen. Een Engels gesproken gids zou $ 5 per dag kosten.      <br\/><br\/>De eerste cruiseschepen op Cura\u00e7ao werden afgemeerd aan de Kleine Werf in de Annabaai.<\/p>\n\n\n\n<p class=\"wp-block-paragraph\"><strong>meer informatie:<\/strong><br\/><a href=\"http:\/\/www.gjenvick.com\/HistoricalBrochures\/HamburgAmericanLine\/BookOfPhotographs\/NorthlandTrips\/1908\/02-PrinzessinVictoriaLuise.html#axzz4aoOYqExm\" target=\"_blank\" rel=\"noreferrer noopener\">www.gjenvick.com<\/a><\/p>\n\n\n\n<p class=\"wp-block-paragraph\"><strong>Publicatie:<\/strong><br\/>Van Soest: <em>Olie als Water<\/em><br\/><\/p>\n\n\n\n<h2 class=\"wp-block-heading\">First Cruise Ship<\/h2>\n\n\n\n<p class=\"wp-block-paragraph\"><strong>The S.S. Prinzessin Victoria Luise<\/strong><\/p>\n\n\n\n<p class=\"wp-block-paragraph\">The S.S. Prinzessin Victoria Luise was a passenger ship of the Hamburg-America Line of some 4,409 gross register tons (GRT). She is credited with having been the first purpose-built cruise ship. Launched on June 29, 1900 she served with HAPAG until December 16, 1906.  <\/p>\n\n\n\n<p class=\"wp-block-paragraph\">The S.S. Prinzessin Victoria Luise left on her maiden voyage on January 5, 1901 from Hamburg, stopping at Boulogne, Plymouth, and finally reaching New York on January 17. She would depart New York on the 26th to the West Indies for her first cruise. In February she reached the harbor of Cura\u00e7ao with 200 passengers on board.  <\/p>\n\n\n\n<p class=\"wp-block-paragraph\">The ship was painted all white with two masts, one fore and aft, and two tall, slim funnels amidships. She had a rounded stern and a richly decorated clipper bow, with bowsprit, ending in a figurehead of the German princess. <br\/><br\/>The ship visited Cura\u00e7ao regularly after that, till December 16, 1906, after being accidentally grounded off Jamaica. On Cura\u00e7ao the passengers would get a specially printed booklet with handy information. Recommended attractions for the visitors were Hato Plantation, where the owner would give guided tours. A hunting trip to Groot St. Joris was also recommended. Renting a vehicle was set for $2 per hour. An English spoken guide would cost $5 per day.      <br\/><br\/>The first cruise ships on Cura\u00e7ao moored at the Kleine Werf in the Annabay.<\/p>\n\n\n\n<p class=\"wp-block-paragraph\"><strong>meer informatie:<\/strong><br\/><a href=\"http:\/\/www.gjenvick.com\/HistoricalBrochures\/HamburgAmericanLine\/BookOfPhotographs\/NorthlandTrips\/1908\/02-PrinzessinVictoriaLuise.html#axzz4aoOYqExm\" target=\"_blank\" rel=\"noreferrer noopener\">www.gjenvick.com<\/a><\/p>\n\n\n\n<p class=\"wp-block-paragraph\"><strong>Publicatie:<\/strong><br\/>Van Soest, <em>Olie als Water<\/em><\/p>\n\n\n\n<p class=\"wp-block-paragraph\"><em>Deze tekst mag alleen worden overgenomen met vermelding van de bron: Nationaal Archief Cura\u00e7ao.<\/em><\/p>\n<\/div><\/div>\n\n\n\n<div class=\"wp-block-kadence-tab kt-tab-inner-content kt-inner-tab-18 kt-inner-tab25_2ca5af-9c\"><div class=\"kt-tab-inner-content-inner\"><style>.wp-block-kadence-advancedheading.kt-adv-heading25_dbc0fa-72, .wp-block-kadence-advancedheading.kt-adv-heading25_dbc0fa-72[data-kb-block=\"kb-adv-heading25_dbc0fa-72\"]{margin-top:0px;margin-bottom:var(--global-kb-spacing-lg, 3rem);font-style:normal;}.wp-block-kadence-advancedheading.kt-adv-heading25_dbc0fa-72 mark.kt-highlight, .wp-block-kadence-advancedheading.kt-adv-heading25_dbc0fa-72[data-kb-block=\"kb-adv-heading25_dbc0fa-72\"] mark.kt-highlight{font-style:normal;color:#f76a0c;-webkit-box-decoration-break:clone;box-decoration-break:clone;padding-top:0px;padding-right:0px;padding-bottom:0px;padding-left:0px;}.wp-block-kadence-advancedheading.kt-adv-heading25_dbc0fa-72 img.kb-inline-image, .wp-block-kadence-advancedheading.kt-adv-heading25_dbc0fa-72[data-kb-block=\"kb-adv-heading25_dbc0fa-72\"] img.kb-inline-image{width:150px;vertical-align:baseline;}<\/style>\n<h2 class=\"kt-adv-heading25_dbc0fa-72 wp-block-kadence-advancedheading\" data-kb-block=\"kb-adv-heading25_dbc0fa-72\">Charles Lindbergh op Curacao<\/h2>\n\n\n<style>.kb-image25_afee60-0c .kb-image-has-overlay:after{opacity:0.3;}<\/style>\n<figure class=\"wp-block-kadence-image kb-image25_afee60-0c\"><img loading=\"lazy\" decoding=\"async\" width=\"908\" height=\"601\" src=\"https:\/\/nationaalarchief.cw\/wp-content\/uploads\/2025\/10\/format_lindbergh_1_58c17967ef3f2.jpg\" alt=\"\" class=\"kb-img wp-image-1413\" srcset=\"https:\/\/nationaalarchief.cw\/wp-content\/uploads\/2025\/10\/format_lindbergh_1_58c17967ef3f2.jpg 908w, https:\/\/nationaalarchief.cw\/wp-content\/uploads\/2025\/10\/format_lindbergh_1_58c17967ef3f2-300x199.jpg 300w, https:\/\/nationaalarchief.cw\/wp-content\/uploads\/2025\/10\/format_lindbergh_1_58c17967ef3f2-768x508.jpg 768w\" sizes=\"auto, (max-width: 908px) 100vw, 908px\" \/><\/figure>\n\n\n\n<h3 class=\"wp-block-heading\">Charles Lindbergh op Curacao<\/h3>\n\n\n\n<p class=\"wp-block-paragraph\">Op 28 september 1929 landde Charles Lindbergh met een tweemotorig Sikorsky watervliegtuig op het eiland Cura\u00e7ao. De landing was in het oostelijk deel van het Schottegat ter hoogte van het &#8220;Scadta-eiland&#8221;. Het Curacaose familiebedrijf bedrijf S.E.L. Maduro &amp; Sons had toen het agentschap van de Pan American Airways verworven en wilde dit promoten met deze vlucht. Hun directeur van de New York vestiging van Maduro &amp; Sons, S.E.L. Maduro (Momon Lau), had deze vlucht als onderdeel van een publiciteitscampagne geregeld. Charles Lindbergh werd wereldberoemd door zijn overtocht van New York naar Parijs, de eerste transatlantische vlucht in mei 1927. Lindbergh werd verwelkomd door gouverneur Brantjes en S.A.L. (&#8220;Mongui&#8221;) Maduro.     <\/p>\n\n\n\n<p class=\"wp-block-paragraph\"><strong>Meer info op:<\/strong><br\/><a href=\"http:\/\/www.madurolibrary.org\/\">www.madurolibrary.org\/<\/a><\/p>\n\n\n\n<p class=\"wp-block-paragraph\"><strong>Publicatie:<\/strong><br\/><em>De Momon Cyclus<\/em> &#8211; Scriwanek<\/p>\n\n\n\n<h3 class=\"wp-block-heading\"><br\/>Lindbergh<\/h3>\n\n\n\n<p class=\"wp-block-paragraph\">On September 28, 1929 Charles Lindbergh landed a twin-engine Sikorsky on the island of Curacao at the \u201cScadta-Island\u201d (Eastern part of the Schottegat). S.E.L. Maduro &amp; Sons had just recently acquired the agency of Pan American Airways and wanted to promote it with this flight. Their New York director, S.E.L. Maduro (Momon Lau) had arranged this flight as part of a publicity campaign. Charles Lindbergh became world famous for his crossing from New York to Paris, the first transatlantic flight in May 1927. Lindbergh was welcomed by Governor Brantjes and S.A.L. (&#8220;Mongui&#8221;) Maduro.    <\/p>\n\n\n\n<p class=\"wp-block-paragraph\"><strong>More info at:<\/strong><br\/><a href=\"http:\/\/www.madurolibrary.org\/\">www.madurolibrary.org\/<\/a><\/p>\n\n\n\n<p class=\"wp-block-paragraph\"><strong>Publication:<\/strong><br\/><em>De Momon Cyclus<\/em> &#8211; Scriwanek<br\/><br\/><em>Deze tekst mag alleen worden overgenomen met vermelding van de bron: Nationaal Archief Cura\u00e7ao.<\/em><\/p>\n\n\n\n<h3 class=\"wp-block-heading\">Foto&#8217;s<\/h3>\n\n\n<style>.wp-block-kadence-advancedgallery .kb-gallery-type-grid.kb-gallery-id-25_0c586e-c7{margin:-5px;}.kb-gallery-type-grid.kb-gallery-id-25_0c586e-c7 .kadence-blocks-gallery-item{padding:5px;}.kb-gallery-id-25_0c586e-c7 .kadence-blocks-gallery-item .kb-gal-image-radius, .kb-gallery-id-25_0c586e-c7 .kb-slide-item .kb-gal-image-radius img{border-radius:0px 0px 0px 0px;;}<\/style><div class=\"kb-gallery-wrap-id-25_0c586e-c7 alignnone wp-block-kadence-advancedgallery\"><ul class=\"kb-gallery-ul kb-gallery-non-static kb-gallery-type-grid kb-gallery-id-25_0c586e-c7 kb-gallery-caption-style-bottom-hover kb-gallery-filter-none kb-gallery-magnific-init\" data-image-filter=\"none\" data-item-selector=\".kadence-blocks-gallery-item\" data-lightbox-caption=\"true\" data-columns-xxl=\"5\" data-columns-xl=\"5\" data-columns-md=\"5\" data-columns-sm=\"4\" data-columns-xs=\"4\" data-columns-ss=\"3\"><li class=\"kadence-blocks-gallery-item\"><div class=\"kadence-blocks-gallery-item-inner\"><figure class=\"kb-gallery-figure kb-gallery-item-has-link kadence-blocks-gallery-item-hide-caption\"><a href=\"https:\/\/nationaalarchief.cw\/wp-content\/uploads\/2025\/10\/large_lindbergh_1_58c179cd33ac8.jpg\" class=\"kb-gallery-item-link\"   role=\"button\" aria-haspopup=\"dialog\"><div class=\"kb-gal-image-radius\"><div class=\"kb-gallery-image-contain kadence-blocks-gallery-intrinsic kb-gallery-image-ratio-land32 kb-has-image-ratio-land32\" ><img loading=\"lazy\" decoding=\"async\" src=\"https:\/\/nationaalarchief.cw\/wp-content\/uploads\/2025\/10\/large_lindbergh_1_58c179cd33ac8-1024x679.jpg\" width=\"1024\" height=\"679\" alt=\"\" data-full-image=\"https:\/\/nationaalarchief.cw\/wp-content\/uploads\/2025\/10\/large_lindbergh_1_58c179cd33ac8.jpg\" data-light-image=\"https:\/\/nationaalarchief.cw\/wp-content\/uploads\/2025\/10\/large_lindbergh_1_58c179cd33ac8.jpg\" data-id=\"1415\" class=\"wp-image-1415\" srcset=\"https:\/\/nationaalarchief.cw\/wp-content\/uploads\/2025\/10\/large_lindbergh_1_58c179cd33ac8-1024x679.jpg 1024w, https:\/\/nationaalarchief.cw\/wp-content\/uploads\/2025\/10\/large_lindbergh_1_58c179cd33ac8-300x199.jpg 300w, https:\/\/nationaalarchief.cw\/wp-content\/uploads\/2025\/10\/large_lindbergh_1_58c179cd33ac8-768x509.jpg 768w, https:\/\/nationaalarchief.cw\/wp-content\/uploads\/2025\/10\/large_lindbergh_1_58c179cd33ac8.jpg 1200w\" sizes=\"auto, (max-width: 1024px) 100vw, 1024px\" \/><\/div><\/div><\/a><\/figure><\/div><\/li><li class=\"kadence-blocks-gallery-item\"><div class=\"kadence-blocks-gallery-item-inner\"><figure class=\"kb-gallery-figure kb-gallery-item-has-link kadence-blocks-gallery-item-hide-caption\"><a href=\"https:\/\/nationaalarchief.cw\/wp-content\/uploads\/2025\/10\/large_lindbergh_2_58c179cf34f85.jpg\" class=\"kb-gallery-item-link\"   role=\"button\" aria-haspopup=\"dialog\"><div class=\"kb-gal-image-radius\"><div class=\"kb-gallery-image-contain kadence-blocks-gallery-intrinsic kb-gallery-image-ratio-land32 kb-has-image-ratio-land32\" ><img loading=\"lazy\" decoding=\"async\" src=\"https:\/\/nationaalarchief.cw\/wp-content\/uploads\/2025\/10\/large_lindbergh_2_58c179cf34f85-1024x679.jpg\" width=\"1024\" height=\"679\" alt=\"\" data-full-image=\"https:\/\/nationaalarchief.cw\/wp-content\/uploads\/2025\/10\/large_lindbergh_2_58c179cf34f85.jpg\" data-light-image=\"https:\/\/nationaalarchief.cw\/wp-content\/uploads\/2025\/10\/large_lindbergh_2_58c179cf34f85.jpg\" data-id=\"1417\" class=\"wp-image-1417\" srcset=\"https:\/\/nationaalarchief.cw\/wp-content\/uploads\/2025\/10\/large_lindbergh_2_58c179cf34f85-1024x679.jpg 1024w, https:\/\/nationaalarchief.cw\/wp-content\/uploads\/2025\/10\/large_lindbergh_2_58c179cf34f85-300x199.jpg 300w, https:\/\/nationaalarchief.cw\/wp-content\/uploads\/2025\/10\/large_lindbergh_2_58c179cf34f85-768x509.jpg 768w, https:\/\/nationaalarchief.cw\/wp-content\/uploads\/2025\/10\/large_lindbergh_2_58c179cf34f85.jpg 1200w\" sizes=\"auto, (max-width: 1024px) 100vw, 1024px\" \/><\/div><\/div><\/a><\/figure><\/div><\/li><li class=\"kadence-blocks-gallery-item\"><div class=\"kadence-blocks-gallery-item-inner\"><figure class=\"kb-gallery-figure kb-gallery-item-has-link kadence-blocks-gallery-item-hide-caption\"><a href=\"https:\/\/nationaalarchief.cw\/wp-content\/uploads\/2025\/10\/large_lindbergh_3_58c179ccec6c0.jpg\" class=\"kb-gallery-item-link\"   role=\"button\" aria-haspopup=\"dialog\"><div class=\"kb-gal-image-radius\"><div class=\"kb-gallery-image-contain kadence-blocks-gallery-intrinsic kb-gallery-image-ratio-land32 kb-has-image-ratio-land32\" ><img loading=\"lazy\" decoding=\"async\" src=\"https:\/\/nationaalarchief.cw\/wp-content\/uploads\/2025\/10\/large_lindbergh_3_58c179ccec6c0-1024x679.jpg\" width=\"1024\" height=\"679\" alt=\"\" data-full-image=\"https:\/\/nationaalarchief.cw\/wp-content\/uploads\/2025\/10\/large_lindbergh_3_58c179ccec6c0.jpg\" data-light-image=\"https:\/\/nationaalarchief.cw\/wp-content\/uploads\/2025\/10\/large_lindbergh_3_58c179ccec6c0.jpg\" data-id=\"1419\" class=\"wp-image-1419\" srcset=\"https:\/\/nationaalarchief.cw\/wp-content\/uploads\/2025\/10\/large_lindbergh_3_58c179ccec6c0-1024x679.jpg 1024w, https:\/\/nationaalarchief.cw\/wp-content\/uploads\/2025\/10\/large_lindbergh_3_58c179ccec6c0-300x199.jpg 300w, https:\/\/nationaalarchief.cw\/wp-content\/uploads\/2025\/10\/large_lindbergh_3_58c179ccec6c0-768x509.jpg 768w, https:\/\/nationaalarchief.cw\/wp-content\/uploads\/2025\/10\/large_lindbergh_3_58c179ccec6c0.jpg 1200w\" sizes=\"auto, (max-width: 1024px) 100vw, 1024px\" \/><\/div><\/div><\/a><\/figure><\/div><\/li><\/ul><\/div><\/div><\/div>\n\n\n\n<div class=\"wp-block-kadence-tab kt-tab-inner-content kt-inner-tab-19 kt-inner-tab25_a1ad71-3d\"><div class=\"kt-tab-inner-content-inner\"><style>.wp-block-kadence-advancedheading.kt-adv-heading25_bf2e38-98, .wp-block-kadence-advancedheading.kt-adv-heading25_bf2e38-98[data-kb-block=\"kb-adv-heading25_bf2e38-98\"]{margin-top:0px;margin-bottom:var(--global-kb-spacing-lg, 3rem);font-style:normal;}.wp-block-kadence-advancedheading.kt-adv-heading25_bf2e38-98 mark.kt-highlight, .wp-block-kadence-advancedheading.kt-adv-heading25_bf2e38-98[data-kb-block=\"kb-adv-heading25_bf2e38-98\"] mark.kt-highlight{font-style:normal;color:#f76a0c;-webkit-box-decoration-break:clone;box-decoration-break:clone;padding-top:0px;padding-right:0px;padding-bottom:0px;padding-left:0px;}.wp-block-kadence-advancedheading.kt-adv-heading25_bf2e38-98 img.kb-inline-image, .wp-block-kadence-advancedheading.kt-adv-heading25_bf2e38-98[data-kb-block=\"kb-adv-heading25_bf2e38-98\"] img.kb-inline-image{width:150px;vertical-align:baseline;}<\/style>\n<h2 class=\"kt-adv-heading25_bf2e38-98 wp-block-kadence-advancedheading\" data-kb-block=\"kb-adv-heading25_bf2e38-98\">1ste vliegtuig op Curacao<\/h2>\n\n\n\n<p class=\"wp-block-paragraph\">De eerste vliegtuigen die op Cura\u00e7ao landden waren twee Amerikaanse watervliegtuigen die in 1923 in het &#8220;Schottegat&#8221;, de natuurlijke haven van Cura\u00e7ao, landden. In 1925 had de Duitse firma, Sociedad Colombo-Alemana Transportes Aereos (SCADTA), gevestigd in Barranquilla, Colombia, een vergunning aangevraagd om boeien te mogen plaatsen in het zuidoostelijk deel van het &#8220;Schottegat&#8221; (ter hoogte van de latere Amstel Brouwerij). De lokale agent van SCADTA, Edwards, Henriquez &amp; Co had de aanvraag bij het lokale bestuur ingediend en gekregen. De boeien dienden als bakens en ligplaatsen voor watervliegtuigen. SCADTA kocht twee eilanden om daarop luchthaven faciliteiten te bouwen. Dammen verbonden de eilanden met de kust.     <br\/><br\/>Na de bouw van een 700 meter landingsbaan op Hato in 1928, stopte SCADTA haar activiteiten.<br\/><br\/>De Hato landingsbaan werd slechts \u00e9\u00e9n keer gebruikt in 1932 en niet een keer in 1933. KLM begon haar vluchten naar Cura\u00e7ao met de &#8220;Snip&#8221; in 1934. Een demonstratie vlucht van de Nederlander G.W. Schrijns, tussen Aruba en Cura\u00e7ao eindigde in de spoorloze verdwijning van de inzittenden en de vliegtuig op oktober 17, 1931.  <\/p>\n\n\n\n<p class=\"wp-block-paragraph\"><strong>Meer info:<\/strong><br\/><a href=\"http:\/\/www.norberthendrikse.nl\/eerste.pdf\" target=\"_blank\" rel=\"noreferrer noopener\">http:\/\/www.norberthendrikse.nl\/eerste.pdf<\/a><br\/><a href=\"http:\/\/scadta.co\/aircraft-list\/\" target=\"_blank\" rel=\"noreferrer noopener\">http:\/\/scadta.co\/aircraft-list\/<\/a><br\/><br\/><strong>Publicatie:<\/strong><br\/><em>Olie als Water<\/em> &#8211; J. van Soest<br\/><\/p>\n\n\n\n<h3 class=\"wp-block-heading\">First Airplane<\/h3>\n\n\n\n<p class=\"wp-block-paragraph\">In 1923, two American seaplanes landed in \u201cSchottegat\u201d, the natural harbor of Cura\u00e7ao. They are known as the first aircrafts that landed in Cura\u00e7ao. In 1925, the Sociedad Colombo-Alemana Transportes Aereos (SCADTA) from Barranquilla, Colombia, asked for permits through its local agent Edwards, Henriquez &amp; Co. to be allowed to lay buoys in the southeastern part of the \u201cSchottegat\u201d (later the site of Amstel Brewery). These were to serve as beacons and mooring sites for seaplanes. SCADTA bought two islands to build airport facilities. Dams connected the islands to the coast.     <br\/><br\/>After the construction of a 700 meter airstrip at the Hato Plantation in 1928, SCADTA stopped its activities.<br\/><br\/>The Hato airstrip was used only once in 1932 and not once in 1933. KLM started its flights to Cura\u00e7ao with the \u201cSnip\u201d in 1934. A demonstration flight of Duchman G.W. Schrijns between Aruba and Cura\u00e7ao ended in a loss of occupants and aircraft on October, 17, 1931.  <\/p>\n\n\n\n<p class=\"wp-block-paragraph\"><strong>More info:<\/strong><br\/><a href=\"http:\/\/www.norberthendrikse.nl\/eerste.pdf\" target=\"_blank\" rel=\"noreferrer noopener\">http:\/\/www.norberthendrikse.nl\/eerste.pdf<\/a><br\/><a href=\"http:\/\/scadta.co\/aircraft-list\/\" target=\"_blank\" rel=\"noreferrer noopener\">http:\/\/scadta.co\/aircraft-list\/<\/a><\/p>\n\n\n\n<p class=\"wp-block-paragraph\"><strong>Publication:<\/strong><br\/><em>Olie als Water<\/em> &#8211; J. van Soest<\/p>\n<\/div><\/div>\n\n\n\n<div class=\"wp-block-kadence-tab kt-tab-inner-content kt-inner-tab-20 kt-inner-tab25_796db7-5a\"><div class=\"kt-tab-inner-content-inner\"><style>.wp-block-kadence-advancedheading.kt-adv-heading25_8c8483-50, .wp-block-kadence-advancedheading.kt-adv-heading25_8c8483-50[data-kb-block=\"kb-adv-heading25_8c8483-50\"]{margin-top:0px;margin-bottom:var(--global-kb-spacing-lg, 3rem);font-style:normal;}.wp-block-kadence-advancedheading.kt-adv-heading25_8c8483-50 mark.kt-highlight, .wp-block-kadence-advancedheading.kt-adv-heading25_8c8483-50[data-kb-block=\"kb-adv-heading25_8c8483-50\"] mark.kt-highlight{font-style:normal;color:#f76a0c;-webkit-box-decoration-break:clone;box-decoration-break:clone;padding-top:0px;padding-right:0px;padding-bottom:0px;padding-left:0px;}.wp-block-kadence-advancedheading.kt-adv-heading25_8c8483-50 img.kb-inline-image, .wp-block-kadence-advancedheading.kt-adv-heading25_8c8483-50[data-kb-block=\"kb-adv-heading25_8c8483-50\"] img.kb-inline-image{width:150px;vertical-align:baseline;}<\/style>\n<h2 class=\"kt-adv-heading25_8c8483-50 wp-block-kadence-advancedheading\" data-kb-block=\"kb-adv-heading25_8c8483-50\">1ste Carnavalsoptocht<\/h2>\n\n\n<style>.kb-image25_cabef1-f1 .kb-image-has-overlay:after{opacity:0.3;}<\/style>\n<figure class=\"wp-block-kadence-image kb-image25_cabef1-f1 size-full\"><img loading=\"lazy\" decoding=\"async\" width=\"796\" height=\"530\" src=\"https:\/\/nationaalarchief.cw\/wp-content\/uploads\/2025\/10\/format_m_c_a_rojer_1949_1_medium_58c10983ac8fa.jpg\" alt=\"\" class=\"kb-img wp-image-1421\" srcset=\"https:\/\/nationaalarchief.cw\/wp-content\/uploads\/2025\/10\/format_m_c_a_rojer_1949_1_medium_58c10983ac8fa.jpg 796w, https:\/\/nationaalarchief.cw\/wp-content\/uploads\/2025\/10\/format_m_c_a_rojer_1949_1_medium_58c10983ac8fa-300x200.jpg 300w, https:\/\/nationaalarchief.cw\/wp-content\/uploads\/2025\/10\/format_m_c_a_rojer_1949_1_medium_58c10983ac8fa-768x511.jpg 768w\" sizes=\"auto, (max-width: 796px) 100vw, 796px\" \/><\/figure>\n\n\n\n<h3 class=\"wp-block-heading\">De eerste Carnavalsoptocht<\/h3>\n\n\n\n<p class=\"wp-block-paragraph\">De eerste vermelding van de carnavalsviering stamt uit het &#8220;Publicatieblad 1872 nr. 27&#8221;. Deze verordening opende de mogelijkheid om carnavalsoptochten te organiseren en deze te reguleren op openbare plaatsen. <br\/><br\/>&#8220;De Cura\u00e7aosche Courant&#8221; van 22 februari, 1901 geeft aan dat, &#8220;volgens de Latijns-Amerikaanse gewoonten&#8221; carnaval werd gevierd op het eiland. Deze viering was een initiatief van een aantal Venezolaanse burgers die hier tijdelijk woonden. De festiviteiten vonden overdekt plaats in een priv\u00e9-elite club, volgens &#8220;De Cura\u00e7aosche Courant&#8221; in 1901.  <\/p>\n\n\n\n<p class=\"wp-block-paragraph\">Uit mondelinge overlevering blijkt dat &#8220;The Jolly Fellows Society&#8221; werd beschouwd als de drijvende kracht achter de ontwikkeling van het vieren van carnaval op straat. De eerste buiten-optocht vond plaats in 1947. <\/p>\n\n\n\n<p class=\"wp-block-paragraph\">In 1949 werd de stichting &#8220;Stichtingscommissie Carnavalsfeesten&#8221; opgericht om carnaval te vieren met een gekozen &#8220;Prins Carnaval&#8221;. De bedoeling was om de gehele bevolking bij de viering te betrekken. Foto&#8217;s tonen echter aan dat de lokale participatie nog maar mager was. De viering bleef elitair en de interesse vervaagde in de jaren vijftig.   <\/p>\n\n\n\n<p class=\"wp-block-paragraph\">Benjamin Wefer en Elias Bronswinkel wilden de belangstelling in 1961 opnieuw aanwakkeren door de oprichting van het Centraal Comit\u00e9 Carnaval Cura\u00e7ao.<\/p>\n\n\n\n<p class=\"wp-block-paragraph\">In 1971 kreeg Carnaval weer meer populariteit. Het Comit\u00e9 Carnaval Curacao (Komite Karnaval K\u00f2rsou) is opgericht in dat jaar onder leiding van Omalio Merien en de festiviteiten belandden in een nieuwe tijdperk. Het Comit\u00e9 was gericht op deelname van elke nationaliteit en gremio van Curacao. De slogan van de Carnavalsviering van 1971 was &#8220;KARNAVAL PA UN I TUR I PA UNI TUR.&#8221; (&#8220;Carnaval voor iedereen en voor het verenigen van allen&#8221;). Dat jaar werd de Tumba ge\u00efntroduceerd als Roadmarch. Eenvoudige optochten werden ge\u00efntroduceerd in de straten van Curacao. De route begon in Otrobanda en ging vervolgens over de Emmabrug in de richting van Mari Pampoen.      <br\/><br\/>De organiserende commissie werd voorgezeten door illustere namen als Omalio Merien, Felio Colinet, Frank Rosina en Boy Winklaar. In 1981 werd het Jeugd Carnaval ge\u00efntroduceerd. In de jaren negentig werd de Fundashon Karnaval K\u00f2rsou (FKK) opgericht. In deze jaren veranderde de route. Omdat de Emmabrug te kwetsbaar werd beschouwd voor de grote paradebussen, werd de route gewijzigd, zodanig dat deze begon in Santa Maria en eindigde in Otrobanda.    <br\/><br\/>In 1995 werd de Teener Parades toegevoegd aan de festiviteiten.<\/p>\n\n\n\n<p class=\"wp-block-paragraph\"><strong>Meer info:<\/strong><br\/>Nationaal Archief Curacao of kijk op de <a href=\"https:\/\/canoncuracao.cw\/38-carnaval\/\">Canon van Curacao<\/a><br\/><\/p>\n\n\n\n<h3 class=\"wp-block-heading\"><strong>First Carnival Parade<\/strong><\/h3>\n\n\n\n<p class=\"wp-block-paragraph\">Firts mention is the \u201cPublicatieblad 1872 nr. 27\u201d This Ordinance opened the possibility to organize and regulate carnival parades in public places.<br\/><br\/>In 1901 \u201cDe Cura\u00e7aosche Courant\u201d (Februari, 22) indicates that, \u201caccording to Spanish American habits\u201d Carnival was celebrated on the Island. This celebration was an initiative of several Venezuelan citizens who lived here temporarily. The festivities took place in a private elite club, according to \u201cDe Cura\u00e7aosche Courant\u201d in 1901.  <\/p>\n\n\n\n<p class=\"wp-block-paragraph\">Oral History Sources indicate that \u201cThe Jolly Fellows Society\u201d was considered the driving force behind the development of celebrating carnival on the streets for the first time in 1947.<\/p>\n\n\n\n<p class=\"wp-block-paragraph\">In 1949 a foundation \u201cStichtingscommissie Carnavalsfeesten\u201d was created to celebrate Carnival with an elected \u201cPrince Carnival\u201d. The intention was to involve the entire population at the celebration. Photo\u2019s show the local participation was meager though. The celebration remained elitist and interest slowed down in the fifties.   <\/p>\n\n\n\n<p class=\"wp-block-paragraph\">Benjamin Wefer and Elias Bronswinkel wanted to generate interest again in 1961 by the establishment of the Central Carnival Committee Cura\u00e7ao.<\/p>\n\n\n\n<p class=\"wp-block-paragraph\">In 1971 Carnival gained more popularity again. The Committee Carnival Curacao (Komit\u00e9 Karnaval K\u00f2rsou) was founded that year under the guidance of Omalio Merien and the festivities entered a new era. The Committee aimed at participation of every nationality and gremio of Curacao. The slogan of the 1971 Carnival was \u201cKARNAVAL PA UN I TUR I PA UNI TUR.\u201d (\u201cCarnival for one and all and uniting one and all\u201d). That year the Tumba was introduced as roadmarch. Simple marches were introduced in the streets, starting in Otrobanda over the Emmabridge directed to Mari Pampoen.     <br\/><br\/>The organizing committee was presided by illustrious names like Omalio Merien, Felio Colinet, Frank Rosina i Boy Winklaar. In 1981 the Youth Carnival was introduced. In the nineties the Fundashon Karnaval K\u00f2rsou (FKK) was founded. In these years the march changed its route. Because the Emmabridge was considered to fragile for the big paradebusses the route began at Santa Maria and ended in Otrobanda.    <br\/><br\/>In 1995 Teen Parades were added to the festivities.<\/p>\n\n\n\n<p class=\"wp-block-paragraph\"><strong>More info:<\/strong><br\/>National Archives Curacao or <a href=\"https:\/\/canoncuracao.cw\/38-carnaval\/\">Canon Curacao<\/a><\/p>\n\n\n\n<p class=\"wp-block-paragraph\"><em>Deze tekst mag alleen worden overgenomen met vermelding van de bron: Nationaal Archief Cura\u00e7ao.<\/em><\/p>\n\n\n\n<h3 class=\"wp-block-heading\">Foto&#8217;s<\/h3>\n\n\n<style>.wp-block-kadence-advancedgallery .kb-gallery-type-grid.kb-gallery-id-25_e5d0d0-1f{margin:-5px;}.kb-gallery-type-grid.kb-gallery-id-25_e5d0d0-1f .kadence-blocks-gallery-item{padding:5px;}.kb-gallery-id-25_e5d0d0-1f .kadence-blocks-gallery-item .kb-gal-image-radius, .kb-gallery-id-25_e5d0d0-1f .kb-slide-item .kb-gal-image-radius img{border-radius:0px 0px 0px 0px;;}<\/style><div class=\"kb-gallery-wrap-id-25_e5d0d0-1f alignnone wp-block-kadence-advancedgallery\"><ul class=\"kb-gallery-ul kb-gallery-non-static kb-gallery-type-grid kb-gallery-id-25_e5d0d0-1f kb-gallery-caption-style-bottom-hover kb-gallery-filter-none kb-gallery-magnific-init\" data-image-filter=\"none\" data-item-selector=\".kadence-blocks-gallery-item\" data-lightbox-caption=\"true\" data-columns-xxl=\"5\" data-columns-xl=\"5\" data-columns-md=\"5\" data-columns-sm=\"4\" data-columns-xs=\"4\" data-columns-ss=\"3\"><li class=\"kadence-blocks-gallery-item\"><div class=\"kadence-blocks-gallery-item-inner\"><figure class=\"kb-gallery-figure kb-gallery-item-has-link kadence-blocks-gallery-item-hide-caption\"><a href=\"https:\/\/nationaalarchief.cw\/wp-content\/uploads\/2025\/10\/format_m_c_a_rojer_1949_1_medium_58c10983ac8fa.jpg\" class=\"kb-gallery-item-link\"   role=\"button\" aria-haspopup=\"dialog\"><div class=\"kb-gal-image-radius\"><div class=\"kb-gallery-image-contain kadence-blocks-gallery-intrinsic kb-gallery-image-ratio-land32 kb-has-image-ratio-land32\" ><img loading=\"lazy\" decoding=\"async\" src=\"https:\/\/nationaalarchief.cw\/wp-content\/uploads\/2025\/10\/format_m_c_a_rojer_1949_1_medium_58c10983ac8fa.jpg\" width=\"796\" height=\"530\" alt=\"\" data-full-image=\"https:\/\/nationaalarchief.cw\/wp-content\/uploads\/2025\/10\/format_m_c_a_rojer_1949_1_medium_58c10983ac8fa.jpg\" data-light-image=\"https:\/\/nationaalarchief.cw\/wp-content\/uploads\/2025\/10\/format_m_c_a_rojer_1949_1_medium_58c10983ac8fa.jpg\" data-id=\"1421\" class=\"wp-image-1421\" srcset=\"https:\/\/nationaalarchief.cw\/wp-content\/uploads\/2025\/10\/format_m_c_a_rojer_1949_1_medium_58c10983ac8fa.jpg 796w, https:\/\/nationaalarchief.cw\/wp-content\/uploads\/2025\/10\/format_m_c_a_rojer_1949_1_medium_58c10983ac8fa-300x200.jpg 300w, https:\/\/nationaalarchief.cw\/wp-content\/uploads\/2025\/10\/format_m_c_a_rojer_1949_1_medium_58c10983ac8fa-768x511.jpg 768w\" sizes=\"auto, (max-width: 796px) 100vw, 796px\" \/><\/div><\/div><\/a><\/figure><\/div><\/li><li class=\"kadence-blocks-gallery-item\"><div class=\"kadence-blocks-gallery-item-inner\"><figure class=\"kb-gallery-figure kb-gallery-item-has-link kadence-blocks-gallery-item-hide-caption\"><a href=\"https:\/\/nationaalarchief.cw\/wp-content\/uploads\/2025\/10\/large_archivodscn1511_medium_58c108a0ca8c0.jpg\" class=\"kb-gallery-item-link\"   role=\"button\" aria-haspopup=\"dialog\"><div class=\"kb-gal-image-radius\"><div class=\"kb-gallery-image-contain kadence-blocks-gallery-intrinsic kb-gallery-image-ratio-land32 kb-has-image-ratio-land32\" ><img loading=\"lazy\" decoding=\"async\" src=\"https:\/\/nationaalarchief.cw\/wp-content\/uploads\/2025\/10\/large_archivodscn1511_medium_58c108a0ca8c0-1024x679.jpg\" width=\"1024\" height=\"679\" alt=\"\" data-full-image=\"https:\/\/nationaalarchief.cw\/wp-content\/uploads\/2025\/10\/large_archivodscn1511_medium_58c108a0ca8c0.jpg\" data-light-image=\"https:\/\/nationaalarchief.cw\/wp-content\/uploads\/2025\/10\/large_archivodscn1511_medium_58c108a0ca8c0.jpg\" data-id=\"1423\" class=\"wp-image-1423\" srcset=\"https:\/\/nationaalarchief.cw\/wp-content\/uploads\/2025\/10\/large_archivodscn1511_medium_58c108a0ca8c0-1024x679.jpg 1024w, https:\/\/nationaalarchief.cw\/wp-content\/uploads\/2025\/10\/large_archivodscn1511_medium_58c108a0ca8c0-300x199.jpg 300w, https:\/\/nationaalarchief.cw\/wp-content\/uploads\/2025\/10\/large_archivodscn1511_medium_58c108a0ca8c0-768x509.jpg 768w, https:\/\/nationaalarchief.cw\/wp-content\/uploads\/2025\/10\/large_archivodscn1511_medium_58c108a0ca8c0.jpg 1200w\" sizes=\"auto, (max-width: 1024px) 100vw, 1024px\" \/><\/div><\/div><\/a><\/figure><\/div><\/li><li class=\"kadence-blocks-gallery-item\"><div class=\"kadence-blocks-gallery-item-inner\"><figure class=\"kb-gallery-figure kb-gallery-item-has-link kadence-blocks-gallery-item-hide-caption\"><a href=\"https:\/\/nationaalarchief.cw\/wp-content\/uploads\/2025\/10\/large_90erjaren_58c108a253f64.jpg\" class=\"kb-gallery-item-link\"   role=\"button\" aria-haspopup=\"dialog\"><div class=\"kb-gal-image-radius\"><div class=\"kb-gallery-image-contain kadence-blocks-gallery-intrinsic kb-gallery-image-ratio-land32 kb-has-image-ratio-land32\" ><img loading=\"lazy\" decoding=\"async\" src=\"https:\/\/nationaalarchief.cw\/wp-content\/uploads\/2025\/10\/large_90erjaren_58c108a253f64-1024x679.jpg\" width=\"1024\" height=\"679\" alt=\"\" data-full-image=\"https:\/\/nationaalarchief.cw\/wp-content\/uploads\/2025\/10\/large_90erjaren_58c108a253f64.jpg\" data-light-image=\"https:\/\/nationaalarchief.cw\/wp-content\/uploads\/2025\/10\/large_90erjaren_58c108a253f64.jpg\" data-id=\"1425\" class=\"wp-image-1425\" srcset=\"https:\/\/nationaalarchief.cw\/wp-content\/uploads\/2025\/10\/large_90erjaren_58c108a253f64-1024x679.jpg 1024w, https:\/\/nationaalarchief.cw\/wp-content\/uploads\/2025\/10\/large_90erjaren_58c108a253f64-300x199.jpg 300w, https:\/\/nationaalarchief.cw\/wp-content\/uploads\/2025\/10\/large_90erjaren_58c108a253f64-768x509.jpg 768w, https:\/\/nationaalarchief.cw\/wp-content\/uploads\/2025\/10\/large_90erjaren_58c108a253f64.jpg 1200w\" sizes=\"auto, (max-width: 1024px) 100vw, 1024px\" \/><\/div><\/div><\/a><\/figure><\/div><\/li><li class=\"kadence-blocks-gallery-item\"><div class=\"kadence-blocks-gallery-item-inner\"><figure class=\"kb-gallery-figure kb-gallery-item-has-link kadence-blocks-gallery-item-hide-caption\"><a href=\"https:\/\/nationaalarchief.cw\/wp-content\/uploads\/2025\/10\/large_5_17_shon_benchi_1_medium_58c108a52b9fb.jpg\" class=\"kb-gallery-item-link\"   role=\"button\" aria-haspopup=\"dialog\"><div class=\"kb-gal-image-radius\"><div class=\"kb-gallery-image-contain kadence-blocks-gallery-intrinsic kb-gallery-image-ratio-land32 kb-has-image-ratio-land32\" ><img loading=\"lazy\" decoding=\"async\" src=\"https:\/\/nationaalarchief.cw\/wp-content\/uploads\/2025\/10\/large_5_17_shon_benchi_1_medium_58c108a52b9fb-1024x679.jpg\" width=\"1024\" height=\"679\" alt=\"\" data-full-image=\"https:\/\/nationaalarchief.cw\/wp-content\/uploads\/2025\/10\/large_5_17_shon_benchi_1_medium_58c108a52b9fb.jpg\" data-light-image=\"https:\/\/nationaalarchief.cw\/wp-content\/uploads\/2025\/10\/large_5_17_shon_benchi_1_medium_58c108a52b9fb.jpg\" data-id=\"1427\" class=\"wp-image-1427\" srcset=\"https:\/\/nationaalarchief.cw\/wp-content\/uploads\/2025\/10\/large_5_17_shon_benchi_1_medium_58c108a52b9fb-1024x679.jpg 1024w, https:\/\/nationaalarchief.cw\/wp-content\/uploads\/2025\/10\/large_5_17_shon_benchi_1_medium_58c108a52b9fb-300x199.jpg 300w, https:\/\/nationaalarchief.cw\/wp-content\/uploads\/2025\/10\/large_5_17_shon_benchi_1_medium_58c108a52b9fb-768x509.jpg 768w, https:\/\/nationaalarchief.cw\/wp-content\/uploads\/2025\/10\/large_5_17_shon_benchi_1_medium_58c108a52b9fb.jpg 1200w\" sizes=\"auto, (max-width: 1024px) 100vw, 1024px\" \/><\/div><\/div><\/a><\/figure><\/div><\/li><li class=\"kadence-blocks-gallery-item\"><div class=\"kadence-blocks-gallery-item-inner\"><figure class=\"kb-gallery-figure kb-gallery-item-has-link kadence-blocks-gallery-item-hide-caption\"><a href=\"https:\/\/nationaalarchief.cw\/wp-content\/uploads\/2025\/10\/large_carosa_globofoto_uit_independiente1_medium_58c108a76006c.jpg\" class=\"kb-gallery-item-link\"   role=\"button\" aria-haspopup=\"dialog\"><div class=\"kb-gal-image-radius\"><div class=\"kb-gallery-image-contain kadence-blocks-gallery-intrinsic kb-gallery-image-ratio-land32 kb-has-image-ratio-land32\" ><img loading=\"lazy\" decoding=\"async\" src=\"https:\/\/nationaalarchief.cw\/wp-content\/uploads\/2025\/10\/large_carosa_globofoto_uit_independiente1_medium_58c108a76006c-1024x679.jpg\" width=\"1024\" height=\"679\" alt=\"\" data-full-image=\"https:\/\/nationaalarchief.cw\/wp-content\/uploads\/2025\/10\/large_carosa_globofoto_uit_independiente1_medium_58c108a76006c.jpg\" data-light-image=\"https:\/\/nationaalarchief.cw\/wp-content\/uploads\/2025\/10\/large_carosa_globofoto_uit_independiente1_medium_58c108a76006c.jpg\" data-id=\"1429\" class=\"wp-image-1429\" srcset=\"https:\/\/nationaalarchief.cw\/wp-content\/uploads\/2025\/10\/large_carosa_globofoto_uit_independiente1_medium_58c108a76006c-1024x679.jpg 1024w, https:\/\/nationaalarchief.cw\/wp-content\/uploads\/2025\/10\/large_carosa_globofoto_uit_independiente1_medium_58c108a76006c-300x199.jpg 300w, https:\/\/nationaalarchief.cw\/wp-content\/uploads\/2025\/10\/large_carosa_globofoto_uit_independiente1_medium_58c108a76006c-768x509.jpg 768w, https:\/\/nationaalarchief.cw\/wp-content\/uploads\/2025\/10\/large_carosa_globofoto_uit_independiente1_medium_58c108a76006c.jpg 1200w\" sizes=\"auto, (max-width: 1024px) 100vw, 1024px\" \/><\/div><\/div><\/a><\/figure><\/div><\/li><li class=\"kadence-blocks-gallery-item\"><div class=\"kadence-blocks-gallery-item-inner\"><figure class=\"kb-gallery-figure kb-gallery-item-has-link kadence-blocks-gallery-item-hide-caption\"><a href=\"https:\/\/nationaalarchief.cw\/wp-content\/uploads\/2025\/10\/large_rvd_1976_karnaval_foto_no_1_1_medium_58c108b327828.jpg\" class=\"kb-gallery-item-link\"   role=\"button\" aria-haspopup=\"dialog\"><div class=\"kb-gal-image-radius\"><div class=\"kb-gallery-image-contain kadence-blocks-gallery-intrinsic kb-gallery-image-ratio-land32 kb-has-image-ratio-land32\" ><img loading=\"lazy\" decoding=\"async\" src=\"https:\/\/nationaalarchief.cw\/wp-content\/uploads\/2025\/10\/large_rvd_1976_karnaval_foto_no_1_1_medium_58c108b327828-1024x679.jpg\" width=\"1024\" height=\"679\" alt=\"\" data-full-image=\"https:\/\/nationaalarchief.cw\/wp-content\/uploads\/2025\/10\/large_rvd_1976_karnaval_foto_no_1_1_medium_58c108b327828.jpg\" data-light-image=\"https:\/\/nationaalarchief.cw\/wp-content\/uploads\/2025\/10\/large_rvd_1976_karnaval_foto_no_1_1_medium_58c108b327828.jpg\" data-id=\"1431\" class=\"wp-image-1431\" srcset=\"https:\/\/nationaalarchief.cw\/wp-content\/uploads\/2025\/10\/large_rvd_1976_karnaval_foto_no_1_1_medium_58c108b327828-1024x679.jpg 1024w, https:\/\/nationaalarchief.cw\/wp-content\/uploads\/2025\/10\/large_rvd_1976_karnaval_foto_no_1_1_medium_58c108b327828-300x199.jpg 300w, https:\/\/nationaalarchief.cw\/wp-content\/uploads\/2025\/10\/large_rvd_1976_karnaval_foto_no_1_1_medium_58c108b327828-768x509.jpg 768w, https:\/\/nationaalarchief.cw\/wp-content\/uploads\/2025\/10\/large_rvd_1976_karnaval_foto_no_1_1_medium_58c108b327828.jpg 1200w\" sizes=\"auto, (max-width: 1024px) 100vw, 1024px\" \/><\/div><\/div><\/a><\/figure><\/div><\/li><li class=\"kadence-blocks-gallery-item\"><div class=\"kadence-blocks-gallery-item-inner\"><figure class=\"kb-gallery-figure kb-gallery-item-has-link kadence-blocks-gallery-item-hide-caption\"><a href=\"https:\/\/nationaalarchief.cw\/wp-content\/uploads\/2025\/10\/large_energia_medium_58c108a98cb5c.jpg\" class=\"kb-gallery-item-link\"   role=\"button\" aria-haspopup=\"dialog\"><div class=\"kb-gal-image-radius\"><div class=\"kb-gallery-image-contain kadence-blocks-gallery-intrinsic kb-gallery-image-ratio-land32 kb-has-image-ratio-land32\" ><img loading=\"lazy\" decoding=\"async\" src=\"https:\/\/nationaalarchief.cw\/wp-content\/uploads\/2025\/10\/large_energia_medium_58c108a98cb5c-1024x679.jpg\" width=\"1024\" height=\"679\" alt=\"\" data-full-image=\"https:\/\/nationaalarchief.cw\/wp-content\/uploads\/2025\/10\/large_energia_medium_58c108a98cb5c.jpg\" data-light-image=\"https:\/\/nationaalarchief.cw\/wp-content\/uploads\/2025\/10\/large_energia_medium_58c108a98cb5c.jpg\" data-id=\"1433\" class=\"wp-image-1433\" srcset=\"https:\/\/nationaalarchief.cw\/wp-content\/uploads\/2025\/10\/large_energia_medium_58c108a98cb5c-1024x679.jpg 1024w, https:\/\/nationaalarchief.cw\/wp-content\/uploads\/2025\/10\/large_energia_medium_58c108a98cb5c-300x199.jpg 300w, https:\/\/nationaalarchief.cw\/wp-content\/uploads\/2025\/10\/large_energia_medium_58c108a98cb5c-768x509.jpg 768w, https:\/\/nationaalarchief.cw\/wp-content\/uploads\/2025\/10\/large_energia_medium_58c108a98cb5c.jpg 1200w\" sizes=\"auto, (max-width: 1024px) 100vw, 1024px\" \/><\/div><\/div><\/a><\/figure><\/div><\/li><\/ul><\/div><\/div><\/div>\n\n\n\n<div class=\"wp-block-kadence-tab kt-tab-inner-content kt-inner-tab-21 kt-inner-tab25_a6d4c6-8f\"><div class=\"kt-tab-inner-content-inner\"><style>.wp-block-kadence-advancedheading.kt-adv-heading25_ceaa70-23, .wp-block-kadence-advancedheading.kt-adv-heading25_ceaa70-23[data-kb-block=\"kb-adv-heading25_ceaa70-23\"]{margin-top:0px;margin-bottom:var(--global-kb-spacing-lg, 3rem);font-style:normal;}.wp-block-kadence-advancedheading.kt-adv-heading25_ceaa70-23 mark.kt-highlight, .wp-block-kadence-advancedheading.kt-adv-heading25_ceaa70-23[data-kb-block=\"kb-adv-heading25_ceaa70-23\"] mark.kt-highlight{font-style:normal;color:#f76a0c;-webkit-box-decoration-break:clone;box-decoration-break:clone;padding-top:0px;padding-right:0px;padding-bottom:0px;padding-left:0px;}.wp-block-kadence-advancedheading.kt-adv-heading25_ceaa70-23 img.kb-inline-image, .wp-block-kadence-advancedheading.kt-adv-heading25_ceaa70-23[data-kb-block=\"kb-adv-heading25_ceaa70-23\"] img.kb-inline-image{width:150px;vertical-align:baseline;}<\/style>\n<h2 class=\"kt-adv-heading25_ceaa70-23 wp-block-kadence-advancedheading\" data-kb-block=\"kb-adv-heading25_ceaa70-23\">1ste gedrukte krant op Curacao<\/h2>\n\n\n\n<p class=\"wp-block-paragraph\">Het eerste gedrukte nieuwsblad op Cura\u00e7ao verscheen op 11 december 1812 onder de naam \u201cThe Cura\u00e7ao Gazette and Commercial Advertizer\u201d (zie foto in gallery. De ware afmetingen waren 21 x 34 cm). Uitgever was William Lee, die de titel \u201cPrinter to the King\u2019s most excellent Majesty\u201d droeg. Het blad was oorspronkelijk in het Engels uitgegeven met enkele stukken in het Nederlands. Sinds maart 1816 verscheen het blad onder de naam \u201cDe Cura\u00e7aosche Courant\u201d. William Lee was drukker in Caracas, Venezuela in 1812. Op 26 maart van dat jaar werd Venezuela\u2019s hoofdstad getroffen door een zware aardbeving, waarbij naar schatting 12.000 mensen omkwamen.     <br\/><br\/>Het is waarschijnlijk dat William Lee naar aanleiding van deze ramp Venezuela had verlaten. Tevens is het mogelijk dat de nederlaag van de \u201cIndependientes\u201d in Caracas, in 1812, er voor hebben gezorgd dat Lee naar Cura\u00e7ao is vertrokken. In 1812 stond Cura\u00e7ao onder Engels gezag, en het was voor Lee een veilig heenkomen. Na Lee\u2019s dood in 1823 nam zijn weduwe de leiding van de drukkerij op zich. De drukkerij ging over naar diverse eigenaren, zoals de families Neuman en Gorsira. Tegenwoordig is de drukkerij eigendom van P. Elisabeth.     <\/p>\n\n\n\n<p class=\"wp-block-paragraph\">Zie ook de <a href=\"https:\/\/canoncuracao.cw\/50-media\/\">Canon van Curacao<\/a><\/p>\n\n\n\n<p class=\"wp-block-paragraph\"><strong>Publicatie:<\/strong><br\/>J. Hartog:<em> Journalistiek leven in Cura\u00e7ao. 1944.<\/em><\/p>\n\n\n\n<p class=\"wp-block-paragraph\"><br\/>The first printed newspaper in Curacao was published on December 11, 1812 under the name &#8220;The Cura\u00e7ao Gazette and Commercial Advertizer&#8221; (see picture in adjacent gallery). Publisher was William Lee, who bore the title of &#8220;Printer to the King&#8217;s most excellent Majesty.&#8221; The paper was originally published in English with a few pieces in Dutch. Since March 1816 the magazine was published under the name &#8220;The Cura\u00e7aosche Courant.&#8221; William Lee had his printing office in Caracas, Venezuela in 1812. On March 26th of that year, Venezuela&#8217;s capital was hit by a severe earthquake, with an estimated 12,000 casualties. It is likely that William Lee in response to this disaster had left Venezuela. It is also possible that the defeat of the &#8220;Independientes&#8221; in Caracas, in 1812, forced Lee to emigrate to Cura\u00e7ao. In 1812 Cura\u00e7ao was under English control, and it was a safe haven for Lee. After Lee&#8217;s death in 1823, his widow took charge of the printing office. The office changed ownership various times. Nowadays, the printing company is owned by P. Elisabeth.           <\/p>\n\n\n\n<p class=\"wp-block-paragraph\">More info at <a href=\"https:\/\/canoncuracao.cw\/50-media\/\">Canon Curacao<\/a><\/p>\n\n\n\n<p class=\"wp-block-paragraph\"><strong>Publication:<\/strong><br\/>J. Hartog: <em>Journalistiek leven in Cura\u00e7ao<\/em>. 1944.<\/p>\n\n\n\n<p class=\"wp-block-paragraph\"> <em>Deze tekst mag alleen worden overgenomen met vermelding van de bron: Nationaal Archief Cura\u00e7ao.<\/em><\/p>\n\n\n\n<h3 class=\"wp-block-heading\">Foto&#8217;s<\/h3>\n\n\n<style>.wp-block-kadence-advancedgallery .kb-gallery-type-grid.kb-gallery-id-25_d49ebf-45{margin:-5px;}.kb-gallery-type-grid.kb-gallery-id-25_d49ebf-45 .kadence-blocks-gallery-item{padding:5px;}.kb-gallery-id-25_d49ebf-45 .kadence-blocks-gallery-item .kb-gal-image-radius, .kb-gallery-id-25_d49ebf-45 .kb-slide-item .kb-gal-image-radius img{border-radius:0px 0px 0px 0px;;}<\/style><div class=\"kb-gallery-wrap-id-25_d49ebf-45 alignnone wp-block-kadence-advancedgallery\"><ul class=\"kb-gallery-ul kb-gallery-non-static kb-gallery-type-grid kb-gallery-id-25_d49ebf-45 kb-gallery-caption-style-bottom-hover kb-gallery-filter-none kb-gallery-magnific-init\" data-image-filter=\"none\" data-item-selector=\".kadence-blocks-gallery-item\" data-lightbox-caption=\"true\" data-columns-xxl=\"5\" data-columns-xl=\"5\" data-columns-md=\"5\" data-columns-sm=\"4\" data-columns-xs=\"4\" data-columns-ss=\"3\"><li class=\"kadence-blocks-gallery-item\"><div class=\"kadence-blocks-gallery-item-inner\"><figure class=\"kb-gallery-figure kb-gallery-item-has-link kadence-blocks-gallery-item-hide-caption\"><a href=\"https:\/\/nationaalarchief.cw\/wp-content\/uploads\/2025\/10\/large_cc002x_58c17302d486d.jpg\" class=\"kb-gallery-item-link\"   role=\"button\" aria-haspopup=\"dialog\"><div class=\"kb-gal-image-radius\"><div class=\"kb-gallery-image-contain kadence-blocks-gallery-intrinsic kb-gallery-image-ratio-land32 kb-has-image-ratio-land32\" ><img loading=\"lazy\" decoding=\"async\" src=\"https:\/\/nationaalarchief.cw\/wp-content\/uploads\/2025\/10\/large_cc002x_58c17302d486d-1024x679.jpg\" width=\"1024\" height=\"679\" alt=\"\" data-full-image=\"https:\/\/nationaalarchief.cw\/wp-content\/uploads\/2025\/10\/large_cc002x_58c17302d486d.jpg\" data-light-image=\"https:\/\/nationaalarchief.cw\/wp-content\/uploads\/2025\/10\/large_cc002x_58c17302d486d.jpg\" data-id=\"1435\" class=\"wp-image-1435\" srcset=\"https:\/\/nationaalarchief.cw\/wp-content\/uploads\/2025\/10\/large_cc002x_58c17302d486d-1024x679.jpg 1024w, https:\/\/nationaalarchief.cw\/wp-content\/uploads\/2025\/10\/large_cc002x_58c17302d486d-300x199.jpg 300w, https:\/\/nationaalarchief.cw\/wp-content\/uploads\/2025\/10\/large_cc002x_58c17302d486d-768x509.jpg 768w, https:\/\/nationaalarchief.cw\/wp-content\/uploads\/2025\/10\/large_cc002x_58c17302d486d.jpg 1200w\" sizes=\"auto, (max-width: 1024px) 100vw, 1024px\" \/><\/div><\/div><\/a><\/figure><\/div><\/li><\/ul><\/div><\/div><\/div>\n\n\n\n<div class=\"wp-block-kadence-tab kt-tab-inner-content kt-inner-tab-22 kt-inner-tab25_4aa314-b5\"><div class=\"kt-tab-inner-content-inner\"><style>.wp-block-kadence-advancedheading.kt-adv-heading25_4d331f-a4, .wp-block-kadence-advancedheading.kt-adv-heading25_4d331f-a4[data-kb-block=\"kb-adv-heading25_4d331f-a4\"]{margin-top:0px;margin-bottom:var(--global-kb-spacing-lg, 3rem);font-style:normal;}.wp-block-kadence-advancedheading.kt-adv-heading25_4d331f-a4 mark.kt-highlight, .wp-block-kadence-advancedheading.kt-adv-heading25_4d331f-a4[data-kb-block=\"kb-adv-heading25_4d331f-a4\"] mark.kt-highlight{font-style:normal;color:#f76a0c;-webkit-box-decoration-break:clone;box-decoration-break:clone;padding-top:0px;padding-right:0px;padding-bottom:0px;padding-left:0px;}.wp-block-kadence-advancedheading.kt-adv-heading25_4d331f-a4 img.kb-inline-image, .wp-block-kadence-advancedheading.kt-adv-heading25_4d331f-a4[data-kb-block=\"kb-adv-heading25_4d331f-a4\"] img.kb-inline-image{width:150px;vertical-align:baseline;}<\/style>\n<h2 class=\"kt-adv-heading25_4d331f-a4 wp-block-kadence-advancedheading\" data-kb-block=\"kb-adv-heading25_4d331f-a4\">Digital Library CBC<\/h2>\n\n\n\n<p class=\"wp-block-paragraph\">Voor historische statistische onderzoeksgegevens, bezoek de website van het CBS <a href=\"http:\/\/digitallibrary.cbs.cw\">Digital Library CBS<\/a>.<\/p>\n<\/div><\/div>\n\n\n\n<div class=\"wp-block-kadence-tab kt-tab-inner-content kt-inner-tab-23 kt-inner-tab25_5005dc-0b\"><div class=\"kt-tab-inner-content-inner\"><style>.wp-block-kadence-advancedheading.kt-adv-heading25_449c46-8d, .wp-block-kadence-advancedheading.kt-adv-heading25_449c46-8d[data-kb-block=\"kb-adv-heading25_449c46-8d\"]{margin-top:0px;margin-bottom:var(--global-kb-spacing-lg, 3rem);font-style:normal;}.wp-block-kadence-advancedheading.kt-adv-heading25_449c46-8d mark.kt-highlight, .wp-block-kadence-advancedheading.kt-adv-heading25_449c46-8d[data-kb-block=\"kb-adv-heading25_449c46-8d\"] mark.kt-highlight{font-style:normal;color:#f76a0c;-webkit-box-decoration-break:clone;box-decoration-break:clone;padding-top:0px;padding-right:0px;padding-bottom:0px;padding-left:0px;}.wp-block-kadence-advancedheading.kt-adv-heading25_449c46-8d img.kb-inline-image, .wp-block-kadence-advancedheading.kt-adv-heading25_449c46-8d[data-kb-block=\"kb-adv-heading25_449c46-8d\"] img.kb-inline-image{width:150px;vertical-align:baseline;}<\/style>\n<h2 class=\"kt-adv-heading25_449c46-8d wp-block-kadence-advancedheading\" data-kb-block=\"kb-adv-heading25_449c46-8d\">Flow-Sponsor Educatieprojecten Nationaal Archief<\/h2>\n\n\n<style>.kb-image25_4a5fe2-9e .kb-image-has-overlay:after{opacity:0.3;}<\/style>\n<figure class=\"wp-block-kadence-image kb-image25_4a5fe2-9e size-full\"><img loading=\"lazy\" decoding=\"async\" width=\"1024\" height=\"1024\" src=\"https:\/\/nationaalarchief.cw\/wp-content\/uploads\/2025\/10\/format_flow_curacao_internet_logo_5fc8f6143d4c0.jpg\" alt=\"\" class=\"kb-img wp-image-1437\" srcset=\"https:\/\/nationaalarchief.cw\/wp-content\/uploads\/2025\/10\/format_flow_curacao_internet_logo_5fc8f6143d4c0.jpg 1024w, https:\/\/nationaalarchief.cw\/wp-content\/uploads\/2025\/10\/format_flow_curacao_internet_logo_5fc8f6143d4c0-300x300.jpg 300w, https:\/\/nationaalarchief.cw\/wp-content\/uploads\/2025\/10\/format_flow_curacao_internet_logo_5fc8f6143d4c0-150x150.jpg 150w, https:\/\/nationaalarchief.cw\/wp-content\/uploads\/2025\/10\/format_flow_curacao_internet_logo_5fc8f6143d4c0-768x768.jpg 768w\" sizes=\"auto, (max-width: 1024px) 100vw, 1024px\" \/><\/figure>\n\n\n\n<p class=\"wp-block-paragraph\">Sinds 2012 is Flow Curacao &#8211; Columbus Communications- sponsor van het Nationaal Archief. Educatieve projecten die via onze online fiber optic verbinding gaan zijn mogenlijk gemaakt dankzij de ondersteuning van <a href=\"https:\/\/thecuracaoisland.com\/flow-curacao-internet-broadband-tv\/\">Flow Curacao<\/a> <\/p>\n<\/div><\/div>\n<\/div><\/div><\/div>\n<\/div><\/div>\n\n<\/div><\/div><style>.kb-row-layout-id25_f80c32-22 > .kt-row-column-wrap{align-content:start;}:where(.kb-row-layout-id25_f80c32-22 > .kt-row-column-wrap) > .wp-block-kadence-column{justify-content:start;}.kb-row-layout-id25_f80c32-22 > .kt-row-column-wrap{column-gap:64px;row-gap:var(--global-kb-gap-md, 2rem);max-width:var( --global-content-width, 1700px );padding-left:var(--global-content-edge-padding);padding-right:var(--global-content-edge-padding);padding-top:var(--global-kb-spacing-3xl, 6.5rem);padding-bottom:var(--global-kb-spacing-3xl, 6.5rem);grid-template-columns:minmax(0, calc(40% - ((64px * 1 )\/2)))minmax(0, calc(60% - ((64px * 1 )\/2)));}.kb-row-layout-id25_f80c32-22{background-image:url('https:\/\/nationaalarchief.cw\/wp-content\/uploads\/2025\/07\/3dc7e9023eabb538aea083ca7a3611e91e56d46b-scaled.jpg');background-size:cover;background-position:center center;background-attachment:scroll;background-repeat:no-repeat;}.kb-row-layout-id25_f80c32-22 > .kt-row-layout-overlay{opacity:1;background:linear-gradient(0deg,rgba(0,35,59,0.5) 0%,rgba(0,35,59,0.5) 100%);}@media all and (min-width: 1025px){.kb-row-layout-id25_f80c32-22{display:none !important;}}@media all and (max-width: 1024px){.kb-row-layout-id25_f80c32-22 > .kt-row-column-wrap{padding-top:var(--global-kb-spacing-xxl, 5rem);padding-bottom:var(--global-kb-spacing-xxl, 5rem);grid-template-columns:repeat(2, minmax(0, 1fr));}}@media all and (min-width: 768px) and (max-width: 1024px){.kb-row-layout-id25_f80c32-22{display:none !important;}}@media all and (max-width: 767px){.kb-row-layout-id25_f80c32-22 > .kt-row-column-wrap{grid-template-columns:minmax(0, 1fr);}.kb-row-layout-id25_f80c32-22{display:none !important;}}<\/style><div class=\"kb-row-layout-wrap kb-row-layout-id25_f80c32-22 alignnone kb-v-lg-hidden kb-v-md-hidden kb-v-sm-hidden kt-row-has-bg wp-block-kadence-rowlayout\"><div class=\"kt-row-layout-overlay kt-row-overlay-gradient\"><\/div><div class=\"kt-row-column-wrap kt-has-2-columns kt-row-layout-equal kt-tab-layout-inherit kt-mobile-layout-row kt-row-valign-top kb-theme-content-width\">\n<style>.kadence-column25_9ce705-3f > .kt-inside-inner-col,.kadence-column25_9ce705-3f > .kt-inside-inner-col:before{border-top-left-radius:0px;border-top-right-radius:0px;border-bottom-right-radius:0px;border-bottom-left-radius:0px;}.kadence-column25_9ce705-3f > .kt-inside-inner-col{column-gap:var(--global-kb-gap-sm, 1rem);}.kadence-column25_9ce705-3f > .kt-inside-inner-col{flex-direction:column;}.kadence-column25_9ce705-3f > .kt-inside-inner-col > .aligncenter{width:100%;}.kadence-column25_9ce705-3f > .kt-inside-inner-col:before{opacity:0.3;}.kadence-column25_9ce705-3f{position:relative;}@media all and (max-width: 1024px){.kadence-column25_9ce705-3f > .kt-inside-inner-col{flex-direction:column;justify-content:center;}}@media all and (max-width: 767px){.kadence-column25_9ce705-3f > .kt-inside-inner-col{flex-direction:column;justify-content:center;}}<\/style>\n<div class=\"wp-block-kadence-column kadence-column25_9ce705-3f\"><div class=\"kt-inside-inner-col\"><style>.wp-block-kadence-advancedheading.kt-adv-heading25_a1616f-94, .wp-block-kadence-advancedheading.kt-adv-heading25_a1616f-94[data-kb-block=\"kb-adv-heading25_a1616f-94\"]{font-style:normal;}.wp-block-kadence-advancedheading.kt-adv-heading25_a1616f-94 mark.kt-highlight, .wp-block-kadence-advancedheading.kt-adv-heading25_a1616f-94[data-kb-block=\"kb-adv-heading25_a1616f-94\"] mark.kt-highlight{font-style:normal;color:#f76a0c;-webkit-box-decoration-break:clone;box-decoration-break:clone;padding-top:0px;padding-right:0px;padding-bottom:0px;padding-left:0px;}.wp-block-kadence-advancedheading.kt-adv-heading25_a1616f-94 img.kb-inline-image, .wp-block-kadence-advancedheading.kt-adv-heading25_a1616f-94[data-kb-block=\"kb-adv-heading25_a1616f-94\"] img.kb-inline-image{width:150px;vertical-align:baseline;}<\/style>\n<h2 class=\"kt-adv-heading25_a1616f-94 wp-block-kadence-advancedheading has-theme-palette-9-color has-text-color\" data-kb-block=\"kb-adv-heading25_a1616f-94\">Book a tour<\/h2>\n<\/div><\/div>\n\n\n<style>.kadence-column25_f80a0d-14 > .kt-inside-inner-col,.kadence-column25_f80a0d-14 > .kt-inside-inner-col:before{border-top-left-radius:0px;border-top-right-radius:0px;border-bottom-right-radius:0px;border-bottom-left-radius:0px;}.kadence-column25_f80a0d-14 > .kt-inside-inner-col{column-gap:var(--global-kb-gap-sm, 1rem);}.kadence-column25_f80a0d-14 > .kt-inside-inner-col{flex-direction:column;}.kadence-column25_f80a0d-14 > .kt-inside-inner-col > .aligncenter{width:100%;}.kadence-column25_f80a0d-14 > .kt-inside-inner-col:before{opacity:0.3;}.kadence-column25_f80a0d-14{position:relative;}@media all and (max-width: 1024px){.kadence-column25_f80a0d-14 > .kt-inside-inner-col{flex-direction:column;justify-content:center;}}@media all and (max-width: 767px){.kadence-column25_f80a0d-14 > .kt-inside-inner-col{flex-direction:column;justify-content:center;}}<\/style>\n<div class=\"wp-block-kadence-column kadence-column25_f80a0d-14\"><div class=\"kt-inside-inner-col\"><style>.wp-block-kadence-advancedbtn.kb-btns25_afaff3-ab{gap:var(--global-kb-gap-xs, 0.5rem );justify-content:flex-start;align-items:center;}.kt-btns25_afaff3-ab .kt-button{font-weight:normal;font-style:normal;}.kt-btns25_afaff3-ab .kt-btn-wrap-0{margin-right:5px;}.wp-block-kadence-advancedbtn.kt-btns25_afaff3-ab .kt-btn-wrap-0 .kt-button{color:#555555;border-color:#555555;}.wp-block-kadence-advancedbtn.kt-btns25_afaff3-ab .kt-btn-wrap-0 .kt-button:hover, .wp-block-kadence-advancedbtn.kt-btns25_afaff3-ab .kt-btn-wrap-0 .kt-button:focus{color:#ffffff;border-color:#444444;}.wp-block-kadence-advancedbtn.kt-btns25_afaff3-ab .kt-btn-wrap-0 .kt-button::before{display:none;}.wp-block-kadence-advancedbtn.kt-btns25_afaff3-ab .kt-btn-wrap-0 .kt-button:hover, .wp-block-kadence-advancedbtn.kt-btns25_afaff3-ab .kt-btn-wrap-0 .kt-button:focus{background:#444444;}<\/style>\n<div class=\"wp-block-kadence-advancedbtn kb-buttons-wrap kb-btns25_afaff3-ab\"><style>ul.menu .wp-block-kadence-advancedbtn .kb-btn25_e1c4ad-9a.kb-button{width:initial;}.wp-block-kadence-advancedbtn .kb-btn25_e1c4ad-9a.kb-button{background:var(--global-palette1, #3182CE);margin-top:var(--global-kb-spacing-xs, 1rem);}<\/style><a class=\"kb-button kt-button button kb-btn25_e1c4ad-9a kt-btn-size-standard kt-btn-width-type-auto kb-btn-global-inherit kt-btn-has-text-true kt-btn-has-svg-false wp-block-button__link wp-block-kadence-singlebtn\" href=\"https:\/\/nationaalarchief.cw\/en\/education\/guided-tour\/\"><span class=\"kt-btn-inner-text\">Schedule a tour<\/span><\/a><\/div>\n<\/div><\/div>\n\n<\/div><\/div>","protected":false},"excerpt":{"rendered":"<p>Book a tour<\/p>\n","protected":false},"author":2,"featured_media":304,"parent":2658,"menu_order":0,"comment_status":"closed","ping_status":"closed","template":"","meta":{"_acf_changed":false,"_kad_blocks_custom_css":"","_kad_blocks_head_custom_js":"","_kad_blocks_body_custom_js":"","_kad_blocks_footer_custom_js":"","_kad_post_transparent":"","_kad_post_title":"hide","_kad_post_layout":"","_kad_post_sidebar_id":"","_kad_post_content_style":"","_kad_post_vertical_padding":"","_kad_post_feature":"","_kad_post_feature_position":"","_kad_post_header":false,"_kad_post_footer":false,"_kad_post_classname":"","footnotes":""},"class_list":["post-2396","page","type-page","status-publish","has-post-thumbnail","hentry"],"acf":[],"yoast_head":"<!-- This site is optimized with the Yoast SEO plugin v28.2 - https:\/\/yoast.com\/product\/yoast-seo-wordpress\/ -->\n<title>Education Folders - Nationaal Archief Cura\u00e7ao<\/title>\n<meta name=\"robots\" content=\"index, follow, max-snippet:-1, max-image-preview:large, max-video-preview:-1\" \/>\n<link rel=\"canonical\" href=\"https:\/\/nationaalarchief.cw\/en\/education\/education-folders\/\" \/>\n<meta property=\"og:locale\" content=\"en_US\" \/>\n<meta property=\"og:type\" content=\"article\" \/>\n<meta property=\"og:title\" content=\"Education Folders - Nationaal Archief Cura\u00e7ao\" \/>\n<meta property=\"og:description\" content=\"Book a tour\" \/>\n<meta property=\"og:url\" content=\"https:\/\/nationaalarchief.cw\/en\/education\/education-folders\/\" \/>\n<meta property=\"og:site_name\" content=\"Nationaal Archief Cura\u00e7ao\" \/>\n<meta property=\"article:modified_time\" content=\"2026-06-17T10:41:28+00:00\" \/>\n<meta property=\"og:image\" content=\"https:\/\/nationaalarchief.cw\/wp-content\/uploads\/2025\/10\/format_magic_weddingcake_6213cc8b39d62.jpg\" \/>\n\t<meta property=\"og:image:width\" content=\"1780\" \/>\n\t<meta property=\"og:image:height\" content=\"2068\" \/>\n\t<meta property=\"og:image:type\" content=\"image\/jpeg\" \/>\n<meta name=\"twitter:card\" content=\"summary_large_image\" \/>\n<meta name=\"twitter:label1\" content=\"Est. reading time\" \/>\n\t<meta name=\"twitter:data1\" content=\"84 minutes\" \/>\n<script type=\"application\/ld+json\" class=\"yoast-schema-graph\">{\"@context\":\"https:\\\/\\\/schema.org\",\"@graph\":[{\"@type\":\"WebPage\",\"@id\":\"https:\\\/\\\/nationaalarchief.cw\\\/en\\\/education\\\/education-folders\\\/\",\"url\":\"https:\\\/\\\/nationaalarchief.cw\\\/en\\\/education\\\/education-folders\\\/\",\"name\":\"Education Folders - Nationaal Archief Cura\u00e7ao\",\"isPartOf\":{\"@id\":\"https:\\\/\\\/nationaalarchief.cw\\\/en\\\/#website\"},\"primaryImageOfPage\":{\"@id\":\"https:\\\/\\\/nationaalarchief.cw\\\/en\\\/education\\\/education-folders\\\/#primaryimage\"},\"image\":{\"@id\":\"https:\\\/\\\/nationaalarchief.cw\\\/en\\\/education\\\/education-folders\\\/#primaryimage\"},\"thumbnailUrl\":\"https:\\\/\\\/nationaalarchief.cw\\\/wp-content\\\/uploads\\\/2025\\\/07\\\/0185066863e390a2e1ee4427974e2a4801738ce1-scaled.jpg\",\"datePublished\":\"2025-07-09T09:37:59+00:00\",\"dateModified\":\"2026-06-17T10:41:28+00:00\",\"breadcrumb\":{\"@id\":\"https:\\\/\\\/nationaalarchief.cw\\\/en\\\/education\\\/education-folders\\\/#breadcrumb\"},\"inLanguage\":\"en-US\",\"potentialAction\":[{\"@type\":\"ReadAction\",\"target\":[\"https:\\\/\\\/nationaalarchief.cw\\\/en\\\/education\\\/education-folders\\\/\"]}]},{\"@type\":\"ImageObject\",\"inLanguage\":\"en-US\",\"@id\":\"https:\\\/\\\/nationaalarchief.cw\\\/en\\\/education\\\/education-folders\\\/#primaryimage\",\"url\":\"https:\\\/\\\/nationaalarchief.cw\\\/wp-content\\\/uploads\\\/2025\\\/07\\\/0185066863e390a2e1ee4427974e2a4801738ce1-scaled.jpg\",\"contentUrl\":\"https:\\\/\\\/nationaalarchief.cw\\\/wp-content\\\/uploads\\\/2025\\\/07\\\/0185066863e390a2e1ee4427974e2a4801738ce1-scaled.jpg\",\"width\":2049,\"height\":2560},{\"@type\":\"BreadcrumbList\",\"@id\":\"https:\\\/\\\/nationaalarchief.cw\\\/en\\\/education\\\/education-folders\\\/#breadcrumb\",\"itemListElement\":[{\"@type\":\"ListItem\",\"position\":1,\"name\":\"Home\",\"item\":\"https:\\\/\\\/nationaalarchief.cw\\\/en\\\/\"},{\"@type\":\"ListItem\",\"position\":2,\"name\":\"Education\",\"item\":\"https:\\\/\\\/nationaalarchief.cw\\\/en\\\/education\\\/\"},{\"@type\":\"ListItem\",\"position\":3,\"name\":\"Education Folders\"}]},{\"@type\":\"WebSite\",\"@id\":\"https:\\\/\\\/nationaalarchief.cw\\\/en\\\/#website\",\"url\":\"https:\\\/\\\/nationaalarchief.cw\\\/en\\\/\",\"name\":\"Nationaal Archief Cura\u00e7ao\",\"description\":\"\",\"publisher\":{\"@id\":\"https:\\\/\\\/nationaalarchief.cw\\\/en\\\/#organization\"},\"potentialAction\":[{\"@type\":\"SearchAction\",\"target\":{\"@type\":\"EntryPoint\",\"urlTemplate\":\"https:\\\/\\\/nationaalarchief.cw\\\/en\\\/?s={search_term_string}\"},\"query-input\":{\"@type\":\"PropertyValueSpecification\",\"valueRequired\":true,\"valueName\":\"search_term_string\"}}],\"inLanguage\":\"en-US\"},{\"@type\":\"Organization\",\"@id\":\"https:\\\/\\\/nationaalarchief.cw\\\/en\\\/#organization\",\"name\":\"Nationaal Archief Cura\u00e7ao\",\"url\":\"https:\\\/\\\/nationaalarchief.cw\\\/en\\\/\",\"logo\":{\"@type\":\"ImageObject\",\"inLanguage\":\"en-US\",\"@id\":\"https:\\\/\\\/nationaalarchief.cw\\\/en\\\/#\\\/schema\\\/logo\\\/image\\\/\",\"url\":\"https:\\\/\\\/nationaalarchief.cw\\\/wp-content\\\/uploads\\\/2025\\\/07\\\/Logo-Nationaal-Archief-2024-1.svg\",\"contentUrl\":\"https:\\\/\\\/nationaalarchief.cw\\\/wp-content\\\/uploads\\\/2025\\\/07\\\/Logo-Nationaal-Archief-2024-1.svg\",\"caption\":\"Nationaal Archief Cura\u00e7ao\"},\"image\":{\"@id\":\"https:\\\/\\\/nationaalarchief.cw\\\/en\\\/#\\\/schema\\\/logo\\\/image\\\/\"}}]}<\/script>\n<!-- \/ Yoast SEO plugin. -->","yoast_head_json":{"title":"Education Folders - Nationaal Archief Cura\u00e7ao","robots":{"index":"index","follow":"follow","max-snippet":"max-snippet:-1","max-image-preview":"max-image-preview:large","max-video-preview":"max-video-preview:-1"},"canonical":"https:\/\/nationaalarchief.cw\/en\/education\/education-folders\/","og_locale":"en_US","og_type":"article","og_title":"Education Folders - Nationaal Archief Cura\u00e7ao","og_description":"Book a tour","og_url":"https:\/\/nationaalarchief.cw\/en\/education\/education-folders\/","og_site_name":"Nationaal Archief Cura\u00e7ao","article_modified_time":"2026-06-17T10:41:28+00:00","og_image":[{"width":1780,"height":2068,"url":"https:\/\/nationaalarchief.cw\/wp-content\/uploads\/2025\/10\/format_magic_weddingcake_6213cc8b39d62.jpg","type":"image\/jpeg"}],"twitter_card":"summary_large_image","twitter_misc":{"Est. reading time":"84 minutes"},"schema":{"@context":"https:\/\/schema.org","@graph":[{"@type":"WebPage","@id":"https:\/\/nationaalarchief.cw\/en\/education\/education-folders\/","url":"https:\/\/nationaalarchief.cw\/en\/education\/education-folders\/","name":"Education Folders - Nationaal Archief Cura\u00e7ao","isPartOf":{"@id":"https:\/\/nationaalarchief.cw\/en\/#website"},"primaryImageOfPage":{"@id":"https:\/\/nationaalarchief.cw\/en\/education\/education-folders\/#primaryimage"},"image":{"@id":"https:\/\/nationaalarchief.cw\/en\/education\/education-folders\/#primaryimage"},"thumbnailUrl":"https:\/\/nationaalarchief.cw\/wp-content\/uploads\/2025\/07\/0185066863e390a2e1ee4427974e2a4801738ce1-scaled.jpg","datePublished":"2025-07-09T09:37:59+00:00","dateModified":"2026-06-17T10:41:28+00:00","breadcrumb":{"@id":"https:\/\/nationaalarchief.cw\/en\/education\/education-folders\/#breadcrumb"},"inLanguage":"en-US","potentialAction":[{"@type":"ReadAction","target":["https:\/\/nationaalarchief.cw\/en\/education\/education-folders\/"]}]},{"@type":"ImageObject","inLanguage":"en-US","@id":"https:\/\/nationaalarchief.cw\/en\/education\/education-folders\/#primaryimage","url":"https:\/\/nationaalarchief.cw\/wp-content\/uploads\/2025\/07\/0185066863e390a2e1ee4427974e2a4801738ce1-scaled.jpg","contentUrl":"https:\/\/nationaalarchief.cw\/wp-content\/uploads\/2025\/07\/0185066863e390a2e1ee4427974e2a4801738ce1-scaled.jpg","width":2049,"height":2560},{"@type":"BreadcrumbList","@id":"https:\/\/nationaalarchief.cw\/en\/education\/education-folders\/#breadcrumb","itemListElement":[{"@type":"ListItem","position":1,"name":"Home","item":"https:\/\/nationaalarchief.cw\/en\/"},{"@type":"ListItem","position":2,"name":"Education","item":"https:\/\/nationaalarchief.cw\/en\/education\/"},{"@type":"ListItem","position":3,"name":"Education Folders"}]},{"@type":"WebSite","@id":"https:\/\/nationaalarchief.cw\/en\/#website","url":"https:\/\/nationaalarchief.cw\/en\/","name":"Nationaal Archief Cura\u00e7ao","description":"","publisher":{"@id":"https:\/\/nationaalarchief.cw\/en\/#organization"},"potentialAction":[{"@type":"SearchAction","target":{"@type":"EntryPoint","urlTemplate":"https:\/\/nationaalarchief.cw\/en\/?s={search_term_string}"},"query-input":{"@type":"PropertyValueSpecification","valueRequired":true,"valueName":"search_term_string"}}],"inLanguage":"en-US"},{"@type":"Organization","@id":"https:\/\/nationaalarchief.cw\/en\/#organization","name":"Nationaal Archief Cura\u00e7ao","url":"https:\/\/nationaalarchief.cw\/en\/","logo":{"@type":"ImageObject","inLanguage":"en-US","@id":"https:\/\/nationaalarchief.cw\/en\/#\/schema\/logo\/image\/","url":"https:\/\/nationaalarchief.cw\/wp-content\/uploads\/2025\/07\/Logo-Nationaal-Archief-2024-1.svg","contentUrl":"https:\/\/nationaalarchief.cw\/wp-content\/uploads\/2025\/07\/Logo-Nationaal-Archief-2024-1.svg","caption":"Nationaal Archief Cura\u00e7ao"},"image":{"@id":"https:\/\/nationaalarchief.cw\/en\/#\/schema\/logo\/image\/"}}]}},"taxonomy_info":[],"featured_image_src_large":["https:\/\/nationaalarchief.cw\/wp-content\/uploads\/2025\/07\/0185066863e390a2e1ee4427974e2a4801738ce1-820x1024.jpg",820,1024,true],"author_info":{"display_name":"h.masri@profoundprojects.com","author_link":"https:\/\/nationaalarchief.cw\/en\/author\/h-masriprofoundprojects-com\/"},"comment_info":0,"jetpack_sharing_enabled":true,"_links":{"self":[{"href":"https:\/\/nationaalarchief.cw\/en\/wp-json\/wp\/v2\/pages\/2396","targetHints":{"allow":["GET"]}}],"collection":[{"href":"https:\/\/nationaalarchief.cw\/en\/wp-json\/wp\/v2\/pages"}],"about":[{"href":"https:\/\/nationaalarchief.cw\/en\/wp-json\/wp\/v2\/types\/page"}],"author":[{"embeddable":true,"href":"https:\/\/nationaalarchief.cw\/en\/wp-json\/wp\/v2\/users\/2"}],"replies":[{"embeddable":true,"href":"https:\/\/nationaalarchief.cw\/en\/wp-json\/wp\/v2\/comments?post=2396"}],"version-history":[{"count":21,"href":"https:\/\/nationaalarchief.cw\/en\/wp-json\/wp\/v2\/pages\/2396\/revisions"}],"predecessor-version":[{"id":3209,"href":"https:\/\/nationaalarchief.cw\/en\/wp-json\/wp\/v2\/pages\/2396\/revisions\/3209"}],"up":[{"embeddable":true,"href":"https:\/\/nationaalarchief.cw\/en\/wp-json\/wp\/v2\/pages\/2658"}],"wp:attachment":[{"href":"https:\/\/nationaalarchief.cw\/en\/wp-json\/wp\/v2\/media?parent=2396"}],"curies":[{"name":"wp","href":"https:\/\/api.w.org\/{rel}","templated":true}]}}